

{"id":44378,"date":"2019-01-29T09:39:36","date_gmt":"2019-01-29T08:39:36","guid":{"rendered":"https:\/\/www.amanprana.eu\/philosophie\/herkunft-qualitat\/"},"modified":"2021-09-20T12:59:54","modified_gmt":"2021-09-20T10:59:54","slug":"herkunft-qualitat","status":"publish","type":"page","link":"https:\/\/www.amanprana.eu\/de\/philosophie\/herkunft-qualitat\/","title":{"rendered":"Herkunft &amp; Qualit\u00e4t"},"content":{"rendered":"\n<div class=\"wp-block-image\"><figure class=\"alignright size-full\"><img decoding=\"async\" width=\"480\" height=\"480\" src=\"https:\/\/www.amanprana.eu\/wp-content\/uploads\/dekseletiket-aapjes.png\" alt=\"Kokosn&#xFC;sse ohne Ernteaffen\" class=\"wp-image-56294\" srcset=\"https:\/\/www.amanprana.eu\/wp-content\/uploads\/dekseletiket-aapjes.png 480w, https:\/\/www.amanprana.eu\/wp-content\/uploads\/dekseletiket-aapjes-300x300.png 300w, https:\/\/www.amanprana.eu\/wp-content\/uploads\/dekseletiket-aapjes-250x250.png 250w, https:\/\/www.amanprana.eu\/wp-content\/uploads\/dekseletiket-aapjes-75x75.png 75w, https:\/\/www.amanprana.eu\/wp-content\/uploads\/dekseletiket-aapjes-100x100.png 100w\" sizes=\"(max-width: 480px) 100vw, 480px\" \/><\/figure><\/div>\n\n<p>Herkunft von Amanprana Fair Trade und extra vergine Kokos\u00f6l aus Sri Lanka. Amanprana Kokos\u00f6l ist von bester Qualit\u00e4t. Das Amanprana Kokos\u00f6l stammt aus Plantagen in der Region Puttalam in Sri Lanka. Puttalam liegt in der Mitte des Kokos-Dreiecks (Kurunegala, Puttalam und Colombo). Der Geschmack und die Qualit\u00e4t des Kokos\u00f6ls h\u00e4ngen nat\u00fcrlich zum Teil von der Region ab, in der die Kokosn\u00fcsse wachsen, und ein qualitativer Boden und optimale Wetterbedingungen sind die ersten S\u00e4ulen f\u00fcr ein <em>k\u00f6stliches Kokos\u00f6l<\/em>.<\/p>\n\n<h3 class=\"wp-block-heading\">Wie wird das Amanprana Kokos\u00f6l hergestellt?<\/h3>\n\n<p><p>Die Kokosn\u00fcsse werden zun\u00e4chst per Hand von den B\u00e4umen geholt. Danach werden sie gesch\u00e4lt; das Kokoswasser wird aus der Nuss gezapft und die harte braune Haut entfernt. Auf diese Weise bleibt das wei\u00dfe Fleisch der Kokosnuss erhalten. Daraus wird das Kokos\u00f6l mechanisch kaltgepresst. Danach wird das Kokos\u00f6l gefiltert und verpackt. Unser Kokos\u00f6l ist <em><a href=\"https:\/\/www.amanprana.eu\/de\/philosophie\/\">100 % rein nat\u00fcrlich<\/a><\/em>, ohne irgendwelche anderen Verarbeitungen oder Zusatzstoffe.<\/p><\/p>\n\n<h3 class=\"wp-block-heading\">Amanprana Kokos\u00f6l ist Fair Trade, biologisch und nachhaltig<\/h3>\n\n<p>Bei Amanprana finden wir es wichtig, etwas als Gegenleistung f\u00fcr Mensch und Erde zu geben. Das Kokos\u00f6l von Amanprana ist Fair Trade. Mehr als 300 Familien aus den Philippinen und Sri Lanka sind dank der eigenen Fair-Trade-Charta von Amanprana besch\u00e4ftigt. Was wir fr\u00fcher an offizielle Kontrollorganisationen gezahlt haben, investieren wir jetzt zus\u00e4tzlich in den Fair Trade Fonds. 5% statt der bisherigen 3% der Kokosnussk\u00e4ufe gehen an den Fonds.<\/p>\n\n<p>Das von Amanprana zur Verf\u00fcgung gestellte Geld wird f\u00fcr Bildung, Gesundheitsversorgung, Umwelt, Infrastruktur, Produktionsmittel f\u00fcr Landwirte, Arbeitnehmer und Lieferanten verwendet. Familien k\u00f6nnen auf einen garantierten Mindestpreis z\u00e4hlen, um alle Kosten einer nachhaltigen Produktion zu decken.<\/p>\n\n<p>.<\/p>\n\n<h2 class=\"wp-block-heading\">Herkunft Amanprana nachhaltiges rotes Palm\u00f6l aus Kolumbien<\/h2>\n\n<div class=\"wp-block-image size-medium wp-image-31642\"><figure class=\"alignright\"><img decoding=\"async\" width=\"296\" height=\"300\" src=\"https:\/\/www.amanprana.eu\/wp-content\/uploads\/\/RSPO_Trademark_Logo-296x300.png\" alt=\"\" class=\"wp-image-31642\" srcset=\"https:\/\/www.amanprana.eu\/wp-content\/uploads\/RSPO_Trademark_Logo-296x300.png 296w, https:\/\/www.amanprana.eu\/wp-content\/uploads\/RSPO_Trademark_Logo-768x778.png 768w, https:\/\/www.amanprana.eu\/wp-content\/uploads\/RSPO_Trademark_Logo-1011x1024.png 1011w, https:\/\/www.amanprana.eu\/wp-content\/uploads\/RSPO_Trademark_Logo-75x75.png 75w, https:\/\/www.amanprana.eu\/wp-content\/uploads\/RSPO_Trademark_Logo-100x101.png 100w, https:\/\/www.amanprana.eu\/wp-content\/uploads\/RSPO_Trademark_Logo-862x873.png 862w, https:\/\/www.amanprana.eu\/wp-content\/uploads\/RSPO_Trademark_Logo-1170x1185.png 1170w\" sizes=\"(max-width: 296px) 100vw, 296px\" \/><figcaption>RSPO Zertifikat 2016 Lizenznummer: 9-1443-16-100-00<\/figcaption><\/figure><\/div>\n\n<p>Unser rotes Palm\u00f6l stammt von Familien kleiner Palmz\u00fcchtern in der Region Magdalena und Bolivar in Kolumbien. Unser Rotes Palm\u00f6l wurde mit dem Qualit\u00e4tssiegel RSPO (Roundtable for Sustainable Palm Oil) Lizenznummer: 9-1443-16-100-00 f\u00fcr nachhaltiges Palm\u00f6l ausgezeichnet. Durch WorldLandTrust und ProAves spendet Amanprana im kolumbianischen Regenwald auch einen Baum pro Liter verkaufte^s rotes Palm\u00f6l.&#13;\n&#13;\n<\/p>\n\n<h3 class=\"wp-block-heading\">Amanprana stellt das erste nachhaltige und ethische rote Palm\u00f6l vor.<\/h3>\n\n<p>In ihrem Buch \u201eFar Beauty\u201c oder mit dem italienischen Originaltitel \u201eL\u2019arte Del Corpo\u201c fotografierten Bertie und Dos Winkel den Einzelnen voll integriert in seine Umgebung. Ein Individuum, das ohne seine Gruppe nicht existieren kann. Isolierte St\u00e4mme laufen Gefahr, durch westliche Einfl\u00fcsse verloren zu gehen. So wie die Biodiversit\u00e4t Gefahr l\u00e4uft, durch Monokulturen verloren zu gehen. Aus Respekt vor den lokalen Ritualen und um dem Westen bewusst zu machen, dass er seine erstickende Einheitlichkeit nicht der Vielfalt der Kulturen aufzwingen sollte. Deshalb verwendet Amanprana eines der Fotos aus diesem sch\u00f6nen Buch, um mehr Aufmerksamkeit auf diese Herausforderung zu lenken: die Biodiversit\u00e4t zwischen Menschen, Kulturen und St\u00e4mmen zu erhalten und zu respektieren. So gibt es beispielsweise mehr als 600 Palmenarten, die aufgrund von Monokulturen f\u00fcr die Palm\u00f6lproduktion vom Verschwinden bedroht sind.&#13;\n&#13;\n<\/p>\n\n<h3 class=\"wp-block-heading\">Rettet den Regenwald und die Biodiversit\u00e4t in Kolumbien.<\/h3>\n\n<p>Amanprana unterst\u00fctzt \u00fcber den World Land Trust die kolumbianische Umweltorganisation ProAves. Damit wird der Lebensraum von vom Aussterben bedrohten V\u00f6geln (z.B. dem Gelbohrsittich) und Amphibien gesch\u00fctzt. Ziel ist, die nat\u00fcrlichen Ressourcen und die biologische Vielfalt Kolumbiens zu erhalten, indem Wildrodung und die Entwaldung gestoppt werden. Besuchen Sie die\u00a0<a href=\"http:\/\/www.proaves.org\/\" target=\"_blank\" rel=\"noopener\">Website<\/a>\u00a0von ProAves f\u00fcr mehr Informationen.<\/p>\n\n<h3 class=\"wp-block-heading\">1 Liter Red Palm kaufen = 1 Regenwaldbaum retten<\/h3>\n\n<p>Unter der Schirmherrschaft von Sir David Attenborough engagiert sich der World Land Trust (WLT) f\u00fcr den Schutz des Regenwaldes und seiner 10 Millionen Pflanzen und Tiere. Pro Liter verkauftem Liter Red Palm von Amanprana wird ein Baum gerettet. Dank Amanprana und seinen Fans konnte ProAves 39 Hektar kolumbianischen Regenwald (ca. 80 Fu\u00dfballfelder) kaufen.&#13;\n&#13;\n<\/p>\n\n<h3 class=\"wp-block-heading\">Unterst\u00fctzen Sie die Menschenrechte in Kolumbien<\/h3>\n\n<p>Rotes Palm\u00f6l von Amanprana stammt von Familien kleiner kolumbianischer Palmenz\u00fcchter in der Region Magdalena und Bolivar. Dank der Nachfrage von Amanprana erhielten sie ein Bio-Zertifikat. Die kleinen \u201eAllianzen f\u00fcr den Frieden\u201c sind ein Modell f\u00fcr die wirtschaftliche Entwicklung armer Gemeinschaften.&#13;\n&#13;\n<\/p>\n\n<h3 class=\"wp-block-heading\">Qualit\u00e4t und Nachhaltigkeit gehen Hand in Hand.<\/h3>\n\n<p>Die Allianzen erhalten eine Pr\u00e4mie f\u00fcr Bio, Bildung, Gesundheit und Nachhaltigkeit. Die Palmfrucht gelangt von kleinen Allianzen nach Daabon, wo es nach allen Regeln der Kunst gepresst wird. Kurz gesagt: Alle gl\u00fccklich: Sie, die Z\u00fcchter und Amanprana.&#13;\n&#13;\n<\/p>\n\n<h3 class=\"wp-block-heading\">Rotes Palm\u00f6l: gesund oder ungesund? Nachhaltig oder nicht nachhaltig?<\/h3>\n\n<p>Laut Amanprana und vielen anderen ist wei\u00dfes Palm\u00f6l in organischen und nicht-biologischen Produkten ein ungesundes \u00d6l. Das Gesunde wurde aus dem \u00d6l so wie viele Carotine und verschiedene Vitamine E raffiniert. Palm\u00f6l ist von Natur aus orange-rot. Unserer Meinung nach sind 95% des gesamten Palm\u00f6ls, das in biologischen und nicht-biologischen Lebensmitteln verwendet wird, nicht nachhaltig. Wir glauben auch, dass das RSPO-Label nicht von ausreichender Nachhaltigkeit zeugt.&#13;\n&#13;\n<\/p>\n\n<p><\/p>\n","protected":false},"excerpt":{"rendered":"<p>Herkunft von Amanprana Fair Trade und extra vergine Kokos\u00f6l aus Sri Lanka. Amanprana Kokos\u00f6l ist von bester Qualit\u00e4t. Das Amanprana Kokos\u00f6l stammt aus Plantagen in der Region Puttalam in Sri &#8230;<\/p>\n","protected":false},"author":9,"featured_media":0,"parent":42112,"menu_order":74,"comment_status":"closed","ping_status":"closed","template":"","meta":{"_acf_changed":false,"rating_form_position":"","rating_results_position":"","mr_structured_data_type":"","footnotes":""},"class_list":["post-44378","page","type-page","status-publish","hentry","no-post-thumbnail"],"acf":[],"yoast_head":"<!-- This site is optimized with the Yoast SEO plugin v24.7 - https:\/\/yoast.com\/wordpress\/plugins\/seo\/ -->\n<title>Herkunft Fair Trade Kokos\u00f6l von Amanprana<\/title>\n<meta name=\"description\" content=\"Woher stammt das Amanprana extra vergine und Fair Trade Kokos\u00f6l? Hier entdecken Sie die Herkunft des Kokos\u00f6ls und finden Informationen \u00fcber das Fair-Trade-Projekt.\" \/>\n<meta name=\"robots\" content=\"index, follow, max-snippet:-1, max-image-preview:large, max-video-preview:-1\" \/>\n<link rel=\"canonical\" href=\"https:\/\/www.amanprana.eu\/de\/philosophie\/herkunft-qualitat\/\" \/>\n<meta property=\"og:locale\" content=\"de_DE\" \/>\n<meta property=\"og:type\" content=\"article\" \/>\n<meta property=\"og:title\" content=\"Herkunft Fair Trade Kokos\u00f6l von Amanprana\" \/>\n<meta property=\"og:description\" content=\"Woher stammt das Amanprana extra vergine und Fair Trade Kokos\u00f6l? Hier entdecken Sie die Herkunft des Kokos\u00f6ls und finden Informationen \u00fcber das Fair-Trade-Projekt.\" \/>\n<meta property=\"og:url\" content=\"https:\/\/www.amanprana.eu\/de\/philosophie\/herkunft-qualitat\/\" \/>\n<meta property=\"og:site_name\" content=\"Amanprana\" \/>\n<meta property=\"article:publisher\" content=\"https:\/\/www.facebook.com\/Amanpranaproducts\/\" \/>\n<meta property=\"article:modified_time\" content=\"2021-09-20T10:59:54+00:00\" \/>\n<meta property=\"og:image\" content=\"https:\/\/www.amanprana.eu\/wp-content\/uploads\/dekseletiket-aapjes.png\" \/>\n<meta name=\"twitter:card\" content=\"summary_large_image\" \/>\n<meta name=\"twitter:label1\" content=\"Gesch\u00e4tzte Lesezeit\" \/>\n\t<meta name=\"twitter:data1\" content=\"4\u00a0Minuten\" \/>\n<script type=\"application\/ld+json\" class=\"yoast-schema-graph\">{\"@context\":\"https:\/\/schema.org\",\"@graph\":[{\"@type\":\"WebPage\",\"@id\":\"https:\/\/www.amanprana.eu\/de\/philosophie\/herkunft-qualitat\/\",\"url\":\"https:\/\/www.amanprana.eu\/de\/philosophie\/herkunft-qualitat\/\",\"name\":\"Herkunft Fair Trade Kokos\u00f6l von Amanprana\",\"isPartOf\":{\"@id\":\"https:\/\/www.amanprana.eu\/de\/#website\"},\"primaryImageOfPage\":{\"@id\":\"https:\/\/www.amanprana.eu\/de\/philosophie\/herkunft-qualitat\/#primaryimage\"},\"image\":{\"@id\":\"https:\/\/www.amanprana.eu\/de\/philosophie\/herkunft-qualitat\/#primaryimage\"},\"thumbnailUrl\":\"https:\/\/www.amanprana.eu\/wp-content\/uploads\/dekseletiket-aapjes.png\",\"datePublished\":\"2019-01-29T08:39:36+00:00\",\"dateModified\":\"2021-09-20T10:59:54+00:00\",\"description\":\"Woher stammt das Amanprana extra vergine und Fair Trade Kokos\u00f6l? Hier entdecken Sie die Herkunft des Kokos\u00f6ls und finden Informationen \u00fcber das Fair-Trade-Projekt.\",\"breadcrumb\":{\"@id\":\"https:\/\/www.amanprana.eu\/de\/philosophie\/herkunft-qualitat\/#breadcrumb\"},\"inLanguage\":\"de\",\"potentialAction\":[{\"@type\":\"ReadAction\",\"target\":[\"https:\/\/www.amanprana.eu\/de\/philosophie\/herkunft-qualitat\/\"]}]},{\"@type\":\"ImageObject\",\"inLanguage\":\"de\",\"@id\":\"https:\/\/www.amanprana.eu\/de\/philosophie\/herkunft-qualitat\/#primaryimage\",\"url\":\"https:\/\/www.amanprana.eu\/wp-content\/uploads\/dekseletiket-aapjes.png\",\"contentUrl\":\"https:\/\/www.amanprana.eu\/wp-content\/uploads\/dekseletiket-aapjes.png\"},{\"@type\":\"BreadcrumbList\",\"@id\":\"https:\/\/www.amanprana.eu\/de\/philosophie\/herkunft-qualitat\/#breadcrumb\",\"itemListElement\":[{\"@type\":\"ListItem\",\"position\":1,\"name\":\"Amanprana.eu\",\"item\":\"https:\/\/www.amanprana.eu\/de\/\"},{\"@type\":\"ListItem\",\"position\":2,\"name\":\"Philosophie\",\"item\":\"https:\/\/www.amanprana.eu\/de\/philosophie\/\"},{\"@type\":\"ListItem\",\"position\":3,\"name\":\"Herkunft &amp; Qualit\u00e4t\"}]},{\"@type\":\"WebSite\",\"@id\":\"https:\/\/www.amanprana.eu\/de\/#website\",\"url\":\"https:\/\/www.amanprana.eu\/de\/\",\"name\":\"Amanprana\",\"description\":\"Serene levenskracht\",\"publisher\":{\"@id\":\"https:\/\/www.amanprana.eu\/de\/#organization\"},\"potentialAction\":[{\"@type\":\"SearchAction\",\"target\":{\"@type\":\"EntryPoint\",\"urlTemplate\":\"https:\/\/www.amanprana.eu\/de\/?s={search_term_string}\"},\"query-input\":{\"@type\":\"PropertyValueSpecification\",\"valueRequired\":true,\"valueName\":\"search_term_string\"}}],\"inLanguage\":\"de\"},{\"@type\":\"Organization\",\"@id\":\"https:\/\/www.amanprana.eu\/de\/#organization\",\"name\":\"Amanprana\",\"url\":\"https:\/\/www.amanprana.eu\/de\/\",\"logo\":{\"@type\":\"ImageObject\",\"inLanguage\":\"de\",\"@id\":\"https:\/\/www.amanprana.eu\/de\/#\/schema\/logo\/image\/\",\"url\":\"https:\/\/www.amanprana.eu\/wp-content\/uploads\/webres-amanprana-logo.jpg\",\"contentUrl\":\"https:\/\/www.amanprana.eu\/wp-content\/uploads\/webres-amanprana-logo.jpg\",\"width\":300,\"height\":300,\"caption\":\"Amanprana\"},\"image\":{\"@id\":\"https:\/\/www.amanprana.eu\/de\/#\/schema\/logo\/image\/\"},\"sameAs\":[\"https:\/\/www.facebook.com\/Amanpranaproducts\/\",\"https:\/\/www.instagram.com\/amanprana\/\",\"https:\/\/nl.pinterest.com\/amanprana\/pins\/\"]}]}<\/script>\n<!-- \/ Yoast SEO plugin. -->","yoast_head_json":{"title":"Herkunft Fair Trade Kokos\u00f6l von Amanprana","description":"Woher stammt das Amanprana extra vergine und Fair Trade Kokos\u00f6l? Hier entdecken Sie die Herkunft des Kokos\u00f6ls und finden Informationen \u00fcber das Fair-Trade-Projekt.","robots":{"index":"index","follow":"follow","max-snippet":"max-snippet:-1","max-image-preview":"max-image-preview:large","max-video-preview":"max-video-preview:-1"},"canonical":"https:\/\/www.amanprana.eu\/de\/philosophie\/herkunft-qualitat\/","og_locale":"de_DE","og_type":"article","og_title":"Herkunft Fair Trade Kokos\u00f6l von Amanprana","og_description":"Woher stammt das Amanprana extra vergine und Fair Trade Kokos\u00f6l? Hier entdecken Sie die Herkunft des Kokos\u00f6ls und finden Informationen \u00fcber das Fair-Trade-Projekt.","og_url":"https:\/\/www.amanprana.eu\/de\/philosophie\/herkunft-qualitat\/","og_site_name":"Amanprana","article_publisher":"https:\/\/www.facebook.com\/Amanpranaproducts\/","article_modified_time":"2021-09-20T10:59:54+00:00","og_image":[{"url":"https:\/\/www.amanprana.eu\/wp-content\/uploads\/dekseletiket-aapjes.png","type":"","width":"","height":""}],"twitter_card":"summary_large_image","twitter_misc":{"Gesch\u00e4tzte Lesezeit":"4\u00a0Minuten"},"schema":{"@context":"https:\/\/schema.org","@graph":[{"@type":"WebPage","@id":"https:\/\/www.amanprana.eu\/de\/philosophie\/herkunft-qualitat\/","url":"https:\/\/www.amanprana.eu\/de\/philosophie\/herkunft-qualitat\/","name":"Herkunft Fair Trade Kokos\u00f6l von Amanprana","isPartOf":{"@id":"https:\/\/www.amanprana.eu\/de\/#website"},"primaryImageOfPage":{"@id":"https:\/\/www.amanprana.eu\/de\/philosophie\/herkunft-qualitat\/#primaryimage"},"image":{"@id":"https:\/\/www.amanprana.eu\/de\/philosophie\/herkunft-qualitat\/#primaryimage"},"thumbnailUrl":"https:\/\/www.amanprana.eu\/wp-content\/uploads\/dekseletiket-aapjes.png","datePublished":"2019-01-29T08:39:36+00:00","dateModified":"2021-09-20T10:59:54+00:00","description":"Woher stammt das Amanprana extra vergine und Fair Trade Kokos\u00f6l? Hier entdecken Sie die Herkunft des Kokos\u00f6ls und finden Informationen \u00fcber das Fair-Trade-Projekt.","breadcrumb":{"@id":"https:\/\/www.amanprana.eu\/de\/philosophie\/herkunft-qualitat\/#breadcrumb"},"inLanguage":"de","potentialAction":[{"@type":"ReadAction","target":["https:\/\/www.amanprana.eu\/de\/philosophie\/herkunft-qualitat\/"]}]},{"@type":"ImageObject","inLanguage":"de","@id":"https:\/\/www.amanprana.eu\/de\/philosophie\/herkunft-qualitat\/#primaryimage","url":"https:\/\/www.amanprana.eu\/wp-content\/uploads\/dekseletiket-aapjes.png","contentUrl":"https:\/\/www.amanprana.eu\/wp-content\/uploads\/dekseletiket-aapjes.png"},{"@type":"BreadcrumbList","@id":"https:\/\/www.amanprana.eu\/de\/philosophie\/herkunft-qualitat\/#breadcrumb","itemListElement":[{"@type":"ListItem","position":1,"name":"Amanprana.eu","item":"https:\/\/www.amanprana.eu\/de\/"},{"@type":"ListItem","position":2,"name":"Philosophie","item":"https:\/\/www.amanprana.eu\/de\/philosophie\/"},{"@type":"ListItem","position":3,"name":"Herkunft &amp; Qualit\u00e4t"}]},{"@type":"WebSite","@id":"https:\/\/www.amanprana.eu\/de\/#website","url":"https:\/\/www.amanprana.eu\/de\/","name":"Amanprana","description":"Serene levenskracht","publisher":{"@id":"https:\/\/www.amanprana.eu\/de\/#organization"},"potentialAction":[{"@type":"SearchAction","target":{"@type":"EntryPoint","urlTemplate":"https:\/\/www.amanprana.eu\/de\/?s={search_term_string}"},"query-input":{"@type":"PropertyValueSpecification","valueRequired":true,"valueName":"search_term_string"}}],"inLanguage":"de"},{"@type":"Organization","@id":"https:\/\/www.amanprana.eu\/de\/#organization","name":"Amanprana","url":"https:\/\/www.amanprana.eu\/de\/","logo":{"@type":"ImageObject","inLanguage":"de","@id":"https:\/\/www.amanprana.eu\/de\/#\/schema\/logo\/image\/","url":"https:\/\/www.amanprana.eu\/wp-content\/uploads\/webres-amanprana-logo.jpg","contentUrl":"https:\/\/www.amanprana.eu\/wp-content\/uploads\/webres-amanprana-logo.jpg","width":300,"height":300,"caption":"Amanprana"},"image":{"@id":"https:\/\/www.amanprana.eu\/de\/#\/schema\/logo\/image\/"},"sameAs":["https:\/\/www.facebook.com\/Amanpranaproducts\/","https:\/\/www.instagram.com\/amanprana\/","https:\/\/nl.pinterest.com\/amanprana\/pins\/"]}]}},"multi-rating":{"mr_rating_results":[]},"_links":{"self":[{"href":"https:\/\/www.amanprana.eu\/de\/wp-json\/wp\/v2\/pages\/44378","targetHints":{"allow":["GET"]}}],"collection":[{"href":"https:\/\/www.amanprana.eu\/de\/wp-json\/wp\/v2\/pages"}],"about":[{"href":"https:\/\/www.amanprana.eu\/de\/wp-json\/wp\/v2\/types\/page"}],"author":[{"embeddable":true,"href":"https:\/\/www.amanprana.eu\/de\/wp-json\/wp\/v2\/users\/9"}],"replies":[{"embeddable":true,"href":"https:\/\/www.amanprana.eu\/de\/wp-json\/wp\/v2\/comments?post=44378"}],"version-history":[{"count":4,"href":"https:\/\/www.amanprana.eu\/de\/wp-json\/wp\/v2\/pages\/44378\/revisions"}],"predecessor-version":[{"id":63502,"href":"https:\/\/www.amanprana.eu\/de\/wp-json\/wp\/v2\/pages\/44378\/revisions\/63502"}],"up":[{"embeddable":true,"href":"https:\/\/www.amanprana.eu\/de\/wp-json\/wp\/v2\/pages\/42112"}],"wp:attachment":[{"href":"https:\/\/www.amanprana.eu\/de\/wp-json\/wp\/v2\/media?parent=44378"}],"curies":[{"name":"wp","href":"https:\/\/api.w.org\/{rel}","templated":true}]}}