

{"id":62118,"date":"2021-02-20T18:23:28","date_gmt":"2021-02-20T17:23:28","guid":{"rendered":"https:\/\/www.amanprana.eu\/?page_id=62118"},"modified":"2025-04-09T16:04:19","modified_gmt":"2025-04-09T14:04:19","slug":"grosshandler","status":"publish","type":"page","link":"https:\/\/www.amanprana.eu\/de\/grosshandler\/","title":{"rendered":"Handelsvertreter &#038; Gro\u00dfh\u00e4ndler"},"content":{"rendered":"\n<div style=\"height:40px\" aria-hidden=\"true\" class=\"wp-block-spacer\"><\/div>\n\n<p>Nachfolgend finden Sie eine \u00dcbersicht aller Gro\u00dfh\u00e4ndler pro Land, die unsere Amanprana-Produkte verkaufen. Bei weiteren Fragen zu unseren Bio-Produkten k\u00f6nnen Sie sich an den Vertreter des jeweiligen Landes wenden oder Sie kontaktieren uns \u00fcber <a href=\"mailto:info@amanprana.eu\">info@amanprana.eu.<\/a><\/p>\n\n<div style=\"height:20px\" aria-hidden=\"true\" class=\"wp-block-spacer\"><\/div>\n\n<h2 class=\"wp-block-heading\">Unsere Gro\u00dfh\u00e4ndler<\/h2>\n\n<p>Klicken Sie unten auf das Land, in dem Sie einen Gro\u00dfh\u00e4ndler suchen, oder scrollen Sie auf dieser Seite nach unten.<\/p>\n\n<div style=\"height:20px\" aria-hidden=\"true\" class=\"wp-block-spacer\"><\/div>\n\n<div class=\"wp-block-columns is-layout-flex wp-container-core-columns-is-layout-1 wp-block-columns-is-layout-flex\">\n<div class=\"wp-block-column is-layout-flow wp-block-column-is-layout-flow\">\n<p><strong><a href=\"https:\/\/www.amanprana.eu\/wp-admin\/post.php?post=61987&amp;action=edit#groothandels-belgie\">Gro\u00dfh\u00e4ndler in Belgien \u25bc<\/a><\/strong><br\/><br\/>\u00a0<\/p>\n<\/div>\n\n\n\n<div class=\"wp-block-column is-layout-flow wp-block-column-is-layout-flow\">\n<p><strong><a href=\"https:\/\/www.amanprana.eu\/wp-admin\/post.php?post=61987&amp;action=edit#groothandels-duitsland\">Gro\u00dfh\u00e4ndler in Deutschland \u25bc<\/a><\/strong><\/p>\n<\/div>\n\n\n\n<div class=\"wp-block-column is-layout-flow wp-block-column-is-layout-flow\">\n<p><strong><a href=\"https:\/\/www.amanprana.eu\/wp-admin\/post.php?post=61987&amp;action=edit#groothandels-luxemburg\">Gro\u00dfh\u00e4ndler in Luxemburg \u25bc<\/a><\/strong><br\/><br\/>\u00a0<\/p>\n<\/div>\n<\/div>\n\n<div class=\"wp-block-columns is-layout-flex wp-container-core-columns-is-layout-2 wp-block-columns-is-layout-flex\">\n<div class=\"wp-block-column is-layout-flow wp-block-column-is-layout-flow\">\n<p><strong><a href=\"https:\/\/www.amanprana.eu\/wp-admin\/post.php?post=61987&amp;action=edit#groothandels-nederland\">Gro\u00dfh\u00e4ndler in den Niederlanden \u25bc<\/a><\/strong><br\/><br\/>\u00a0<\/p>\n<\/div>\n\n\n\n<div class=\"wp-block-column is-layout-flow wp-block-column-is-layout-flow\">\n<p><strong><a href=\"https:\/\/www.amanprana.eu\/wp-admin\/post.php?post=61987&amp;action=edit#groothandels-oostenrijk\">Gro\u00dfh\u00e4ndler in \u00d6sterreich \u25bc<\/a><\/strong><br\/><br\/>\u00a0<\/p>\n<\/div>\n\n\n\n<div class=\"wp-block-column is-layout-flow wp-block-column-is-layout-flow\">\n<p><\/p>\n<\/div>\n<\/div>\n\n<div style=\"height:20px\" aria-hidden=\"true\" class=\"wp-block-spacer\"><\/div>\n\n<h2 class=\"wp-block-heading\" id=\"groothandels-belgie\">Gro\u00dfh\u00e4ndler Belgien<\/h2>\n\n<div class=\"wp-block-columns is-layout-flex wp-container-core-columns-is-layout-3 wp-block-columns-is-layout-flex\">\n<div class=\"wp-block-column is-layout-flow wp-block-column-is-layout-flow\">\n<p><strong>Mannavita<\/strong><br\/><br\/>Zuidstraat 10, 8560 WEVELGEM<br\/><br\/>t:\u00a0<a href=\"tel:\" target=\"_blank\" rel=\"noreferrer noopener\">+32 (0)56 43 98 5<\/a><br\/><br\/><a href=\"mailto:info@mannavita.be\" target=\"_blank\" rel=\"noreferrer noopener\">info@mannavita.be<\/a><br\/><br\/><a href=\"http:\/\/www.mannavita.be\/\" target=\"_blank\" rel=\"noreferrer noopener\">www.mannavita.be<\/a><\/p>\n<\/div>\n\n\n\n<div class=\"wp-block-column is-layout-flow wp-block-column-is-layout-flow\"><\/div>\n\n\n\n<div class=\"wp-block-column is-layout-flow wp-block-column-is-layout-flow\"><\/div>\n<\/div>\n\n<p><\/p>\n\n<div style=\"height:20px\" aria-hidden=\"true\" class=\"wp-block-spacer\"><\/div>\n\n<h2 class=\"wp-block-heading\" id=\"groothandels-duitsland\">Gro\u00dfh\u00e4ndler Deutschland<\/h2>\n\n<div class=\"wp-block-columns is-layout-flex wp-container-core-columns-is-layout-4 wp-block-columns-is-layout-flex\">\n<div class=\"wp-block-column is-layout-flow wp-block-column-is-layout-flow\">\n<p><strong>Amanvida\u00a0<\/strong>(Online-Gro\u00dfh\u00e4ndler)<br\/><br\/>Brechtsebaan 42 Unit 70, BE-2900 Schoten<br\/><br\/>t:\u00a0<a href=\"tel:+32 3 620 27 12\" target=\"_blank\" rel=\"noreferrer noopener\">+32 3 620 27 12<\/a><br\/><br\/><a href=\"mailto:info@amanvida.eu\">info@amanvida.eu<\/a><br\/><br\/><a href=\"https:\/\/www.amanvida.eu\/nl\/\" target=\"_blank\" rel=\"noreferrer noopener\">www.amanvida.eu<\/a><\/p>\n<\/div>\n\n\n\n<div class=\"wp-block-column is-layout-flow wp-block-column-is-layout-flow\">\n<p><strong>Biogarten Naturkost &amp; Naturwaren<\/strong><br\/><br\/>Liebigstrasse 1a \u2013 5, 40721 Hilden<br\/><br\/>t:\u00a0<a href=\"tel:+49 210 39 50 30\" target=\"_blank\" rel=\"noreferrer noopener\">+49 210 39 50 30<\/a><br\/><br\/>f:\u00a0<a href=\"fax:+49 21 03 95 03 51\" target=\"_blank\" rel=\"noreferrer noopener\">+49 21 03 95 03 51<\/a><br\/><br\/><a href=\"mailto:service@biogarten.de\">service@biogarten.d<\/a><br\/><br\/><a href=\"https:\/\/www.biogarten.de\/\" target=\"_blank\" rel=\"noreferrer noopener\">www.biogarten.de<\/a><\/p>\n<\/div>\n\n\n\n<div class=\"wp-block-column is-layout-flow wp-block-column-is-layout-flow\">\n<p><strong>Quintessence Naturprodukte GmbH&amp;CoKG<\/strong><br\/><br\/>Wolfegger Stra\u00dfe 6, D-88267 Vogt<br\/><br\/>t:\u00a0<a href=\"tel:+49 75 29 97 37 30\" target=\"_blank\" rel=\"noreferrer noopener\">+49 75 29 97 37 30<\/a><br\/><br\/><a href=\"mailto:info@natuerlich-quintessence.de\">info@natuerlich-quintessence.de<\/a><br\/><br\/><a href=\"https:\/\/www.natuerlich-quintessence.de\/\" target=\"_blank\" rel=\"noreferrer noopener\">www.natuerlich-quintessence.de\/<\/a><\/p>\n<\/div>\n<\/div>\n\n<h3 class=\"wp-block-heading\">Pural Vertriebs GmbH<\/h3>\n\n<div class=\"wp-block-columns is-layout-flex wp-container-core-columns-is-layout-5 wp-block-columns-is-layout-flex\">\n<div class=\"wp-block-column is-layout-flow wp-block-column-is-layout-flow\">\n<p><strong>Pural Hauptquartier<\/strong><br\/><br\/>Kiefernstr. 11, 76532 Baden-Baden<br\/><br\/><a href=\"mailto:info@pural.de\">info@pural.de<\/a><br\/><br\/><a href=\"https:\/\/www.pural.de\/\">ww.pural.de<\/a><\/p>\n<\/div>\n\n\n\n<div class=\"wp-block-column is-layout-flow wp-block-column-is-layout-flow\">\n<p><strong>PLZ 0, 9, 8 \u2013 87<\/strong><br\/><br\/>Clemens Fischer<br\/><br\/>t:\u00a0<a href=\"tel:+491735394292\" target=\"_blank\" rel=\"noreferrer noopener\">+491735394292<\/a><br\/><br\/>f:\u00a0<a href=\"fax:+49173505394292\" target=\"_blank\" rel=\"noreferrer noopener\">+49173505394292<\/a><br\/><br\/>Sachbearbeiterin: Birgit Kreutz<br\/><br\/>t:\u00a0<a href=\"tel:+49 72 21 50 96 42\" target=\"_blank\" rel=\"noreferrer noopener\">+49 72 21 50 96 42<\/a><br\/><br\/><a href=\"mailto:birgit.kreutz@pural.de\">birgit.kreutz@pural.de<\/a><\/p>\n<\/div>\n\n\n\n<div class=\"wp-block-column is-layout-flow wp-block-column-is-layout-flow\">\n<p><strong>PLZ 1, 20 \u2013 32, 38 \u2013 39<\/strong><br\/><br\/>Ronald St\u00fcben<br\/><br\/>t:\u00a0<a href=\"tel:+49 407 50 90 73\" target=\"_blank\" rel=\"noreferrer noopener\">+49 407 50 90 73<\/a><br\/><br\/>f\u00a0:\u00a0<a href=\"fax:+49 407 54 44 46\" target=\"_blank\" rel=\"noreferrer noopener\">+49 407 54 44 46<\/a><br\/><br\/>Sachbearbeiterin: Sabrina Snoeren<br\/><br\/>t.:\u00a0<a href=\"tel:+49 72 21 50 96 43\" target=\"_blank\" rel=\"noreferrer noopener\">+49 72 21 50 96 43<\/a><br\/><br\/><a href=\"mailto:sabrina.snoeren@pural.de\">sabrina.snoeren@pural.de<\/a><\/p>\n<\/div>\n<\/div>\n\n<div class=\"wp-block-columns is-layout-flex wp-container-core-columns-is-layout-6 wp-block-columns-is-layout-flex\">\n<div class=\"wp-block-column is-layout-flow wp-block-column-is-layout-flow\">\n<p><strong>PLZ 33 \u2013 37, 4 \u2013 5<\/strong><br\/><br\/>Michael Schmidt<br\/><br\/>t\u00a0:\u00a0<a href=\"tel:+49 20 99 83 21 10\" target=\"_blank\" rel=\"noreferrer noopener\">+49 20 99 83 21 10<\/a><br\/><br\/>f\u00a0:\u00a0<a href=\"fax:+49 20 99 83 21 11\" target=\"_blank\" rel=\"noreferrer noopener\">+49 20 99 83 21 11<\/a><br\/><br\/>Sachbearbeiterin: Bianka Herrmann<br\/><br\/>t\u00a0:\u00a0<a href=\"tel:+49 72 21 50 96 41\" target=\"_blank\" rel=\"noreferrer noopener\">+49 72 21 50 96 41<\/a><br\/><br\/><a href=\"mailto:bianka.herrmann@pural.de\">bianka.herrmann@pural.de<\/a><\/p>\n<\/div>\n\n\n\n<div class=\"wp-block-column is-layout-flow wp-block-column-is-layout-flow\">\n<p><strong>PLZ, 60 \u2013 69<\/strong><br\/><br\/>Christopher Zirngibl<br\/><br\/>t:\u00a0<a href=\"tel:+49 16 28 98 67 53\" target=\"_blank\" rel=\"noreferrer noopener\">+49 16 28 98 67 53<\/a><br\/><br\/>f\u00a0:\u00a0<a href=\"fax:+49 78 41 68 13 78\" target=\"_blank\" rel=\"noreferrer noopener\">+49 78 41 68 13 78<\/a><br\/><br\/>Sachbearbeiterin: Birgit Kreutz<br\/><br\/>t\u00a0:\u00a0<a href=\"tel:+49 72 21 50 96 42\" target=\"_blank\" rel=\"noreferrer noopener\">+49 72 21 50 96 42<\/a><br\/><br\/><a href=\"mailto:birgit.kreutz@pural.de\">birgit.kreutz@pural.de<\/a><\/p>\n<\/div>\n\n\n\n<div class=\"wp-block-column is-layout-flow wp-block-column-is-layout-flow\">\n<p><strong>PLZ, 70 \u2013 80, 88, 89<\/strong><br\/><br\/>Christopher Zirngibl<br\/><br\/>t:\u00a0<a href=\"tel:+49 16 28 98 67 53\" target=\"_blank\" rel=\"noreferrer noopener\">+49 16 28 98 67 53<\/a><br\/><br\/>f:\u00a0<a href=\"fax:+49 78 41 68 13 78\" target=\"_blank\" rel=\"noreferrer noopener\">+49 78 41 68 13 78<\/a><br\/><br\/>Sachbearbeiterin: Natalie W\u00f6rle<br\/><br\/>t:\u00a0<a href=\"tel:+49 72 21 50 96 63\" target=\"_blank\" rel=\"noreferrer noopener\">+49 72 21 50 96 63<\/a><br\/><br\/><a href=\"mailto:natalie.woerle@claus-gmbh.de\">natalie.woerle@claus-gmbh.de<\/a><\/p>\n<\/div>\n<\/div>\n\n<h3 class=\"wp-block-heading\">Regionale Gro\u00dfhandels:<\/h3>\n\n<div class=\"wp-block-columns is-layout-flex wp-container-core-columns-is-layout-7 wp-block-columns-is-layout-flex\">\n<div class=\"wp-block-column is-layout-flow wp-block-column-is-layout-flow\">\n<p><strong>Bodan<\/strong><br\/><br\/>Zum Degenhardt 26, 88662 \u00dcberlingen<br\/><br\/>t:\u00a0<a href=\"tel:+49 755 19 47 90\" target=\"_blank\" rel=\"noreferrer noopener\">+49 755 19 47 90<\/a><br\/><br\/>f:\u00a0<a href=\"fax:+49 755 19 47 92 22\" target=\"_blank\" rel=\"noreferrer noopener\">+49 755 19 47 92 22<\/a><br\/><br\/><a href=\"mailto:info@bodan.de\">info@bodan.de<\/a><br\/><br\/><a href=\"https:\/\/www.bodan.de\/\" target=\"_blank\" rel=\"noreferrer noopener\">www.bodan.de<\/a><\/p>\n<\/div>\n\n\n\n<div class=\"wp-block-column is-layout-flow wp-block-column-is-layout-flow\"><\/div>\n<\/div>\n\n<div style=\"height:20px\" aria-hidden=\"true\" class=\"wp-block-spacer\"><\/div>\n\n<h2 class=\"wp-block-heading\" id=\"groothandels-luxemburg\">Gro\u00dfh\u00e4ndler Luxemburg<\/h2>\n\n<div class=\"wp-block-columns is-layout-flex wp-container-core-columns-is-layout-8 wp-block-columns-is-layout-flex\">\n<div class=\"wp-block-column is-layout-flow wp-block-column-is-layout-flow\">\n<p><strong>Amanvida\u00a0<\/strong>(Online-Gro\u00dfh\u00e4ndler)<br\/><br\/>Brechtsebaan 42 Unit 70, BE-2900 Schoten<br\/><br\/>t:\u00a0<a href=\"tel:\">+32 3 620 27 12<\/a><br\/><br\/><a href=\"mailto:info@amanvida.eu\" target=\"_blank\" rel=\"noreferrer noopener\">info@amanvida.eu<\/a><br\/><br\/><a href=\"http:\/\/www.amanvida.eu\/\" target=\"_blank\" rel=\"noreferrer noopener\">www.amanvida.eu<\/a><\/p>\n<\/div>\n\n\n\n<div class=\"wp-block-column is-layout-flow wp-block-column-is-layout-flow\">\n<p><strong>Biogros<\/strong><br\/><br\/>13, rue Gabriel Lippmann, L-5265 Munsbach<br\/><br\/>t:\u00a0<a href=\"https:\/\/www.google.com\/search?q=Biogros&amp;oq=Biogros&amp;aqs=chrome..69i57.311j0j1&amp;sourceid=chrome&amp;ie=UTF-8#\">+352 26 15 19 21 0<\/a><br\/><br\/><a href=\"mailto:info@biogros.lu\" target=\"_blank\" rel=\"noreferrer noopener\">info@biogros.lu<\/a><br\/><br\/><a href=\"https:\/\/www.biogros.lu\/\" target=\"_blank\" rel=\"noreferrer noopener\">www.biogros.lu<\/a><\/p>\n<\/div>\n\n\n\n<div class=\"wp-block-column is-layout-flow wp-block-column-is-layout-flow\"><\/div>\n<\/div>\n\n<div style=\"height:20px\" aria-hidden=\"true\" class=\"wp-block-spacer\"><\/div>\n\n<h2 class=\"wp-block-heading\" id=\"groothandels-nederland\">Gro\u00dfh\u00e4ndler Niederlande<\/h2>\n\n<div class=\"wp-block-columns is-layout-flex wp-container-core-columns-is-layout-9 wp-block-columns-is-layout-flex\">\n<div class=\"wp-block-column is-layout-flow wp-block-column-is-layout-flow\">\n<p><strong>Amanvida\u00a0<\/strong>(Online-Gro\u00dfh\u00e4ndler)<br\/><br\/>Brechtsebaan 42 Unit 70, BE-2900 SCHOTEN<br\/><br\/>t:\u00a0<a href=\"tel:\">+32 3 620 27 12<\/a><br\/><br\/><a href=\"mailto:info@amanvida.eu\" target=\"_blank\" rel=\"noreferrer noopener\">info@amanvida.eu<\/a><br\/><br\/><a href=\"http:\/\/www.amanvida.eu\/\" target=\"_blank\" rel=\"noreferrer noopener\">www.amanvida.eu<\/a><\/p>\n<\/div>\n\n\n\n<div class=\"wp-block-column is-layout-flow wp-block-column-is-layout-flow\">\n<p><strong>HOLLANDPharma<\/strong><br\/><br\/>Bosberg 41, 7271 LE BORCULO<br\/><br\/>t:\u00a0<a href=\"tel:\" target=\"_blank\" rel=\"noreferrer noopener\">+31 889 90 86 00<\/a><br\/><br\/><a href=\"mailto:verkoop@hollandpharma.nl\" target=\"_blank\" rel=\"noreferrer noopener\">verkoop@hollandpharma.nl<\/a><br\/><br\/><a href=\"http:\/\/www.hollandpharma.nl\/\" target=\"_blank\" rel=\"noreferrer noopener\">www.hollandpharma.nl<\/a><\/p>\n<\/div>\n\n\n\n<div class=\"wp-block-column is-layout-flow wp-block-column-is-layout-flow\">\n<p><strong>Udea<\/strong><br\/><br\/>Doornhoek 4040, 5465 TD VEGHEL<br\/><br\/>t:\u00a0<a href=\"tel:\" target=\"_blank\" rel=\"noreferrer noopener\">+31 413 25 67 00<\/a><br\/><br\/><a href=\"mailto:info@udea.nl\" target=\"_blank\" rel=\"noreferrer noopener\">info@udea.nl<\/a><br\/><br\/><a href=\"http:\/\/www.udea.nl\/\" target=\"_blank\" rel=\"noreferrer noopener\">www.udea.nl<\/a><\/p>\n<\/div>\n<\/div>\n\n<div class=\"wp-block-columns is-layout-flex wp-container-core-columns-is-layout-10 wp-block-columns-is-layout-flex\">\n<div class=\"wp-block-column is-layout-flow wp-block-column-is-layout-flow\">\n<p><strong>UniPharma<\/strong><br\/><br\/>Ramsburgerwerg 2-12, 4332 SG MIDDELBURG<br\/><br\/>t:\u00a0<a href=\"tel:\" target=\"_blank\" rel=\"noreferrer noopener\">+31 118 43 44 00<\/a><br\/><br\/><a href=\"mailto:verkoop@unipharma.nl\" target=\"_blank\" rel=\"noreferrer noopener\">verkoop@unipharma.nl<\/a><br\/><br\/><a href=\"http:\/\/www.unipharma.nl\/\" target=\"_blank\" rel=\"noreferrer noopener\">www.unipharma.nl<\/a><\/p>\n<\/div>\n\n\n\n<div class=\"wp-block-column is-layout-flow wp-block-column-is-layout-flow\"><\/div>\n\n\n\n<div class=\"wp-block-column is-layout-flow wp-block-column-is-layout-flow\"><\/div>\n<\/div>\n\n<div style=\"height:20px\" aria-hidden=\"true\" class=\"wp-block-spacer\"><\/div>\n\n<h2 class=\"wp-block-heading\" id=\"groothandels-oostenrijk\">Gro\u00dfh\u00e4ndler \u00d6sterreich<\/h2>\n\n<div class=\"wp-block-columns is-layout-flex wp-container-core-columns-is-layout-11 wp-block-columns-is-layout-flex\">\n<div class=\"wp-block-column is-layout-flow wp-block-column-is-layout-flow\">\n<p><strong>Amanvida\u00a0<\/strong>(Online-Gro\u00dfh\u00e4ndler)<br\/><br\/>Brechtsebaan 42 Unit 70, BE-2900 Schoten<br\/><br\/>t:\u00a0<a href=\"tel:+32 3 620 27 12\" target=\"_blank\" rel=\"noreferrer noopener\">+32 3 620 27 12<\/a><br\/><br\/><a href=\"mailto:info@amanvida.eu\">info@amanvida.eu<\/a><br\/><br\/><a href=\"https:\/\/www.amanvida.eu\/nl\/\" target=\"_blank\" rel=\"noreferrer noopener\">www.amanvida.eu<\/a><\/p>\n<\/div>\n\n\n\n<div class=\"wp-block-column is-layout-flow wp-block-column-is-layout-flow\">\n<p><strong>BioGast GmbH<\/strong><br\/><br\/>Baldassgasse 3, A-1210 Wien<br\/><br\/>t:\u00a0<a href=\"tel:+43 125 62 34 30\" target=\"_blank\" rel=\"noreferrer noopener\">+43 125 62 34 30<\/a><br\/><br\/>f:\u00a0<a href=\"fax:+43 12 56 23 43 33\" target=\"_blank\" rel=\"noreferrer noopener\">+43 12 56 23 43 33<\/a><br\/><br\/><a href=\"mailto:uwe.rustenbeck@biogast.at\">uwe.rustenbeck@biogast.at<\/a><br\/><br\/><a href=\"https:\/\/www.biogast.at\/\" target=\"_blank\" rel=\"noreferrer noopener\">www.biogast.at<\/a><\/p>\n<\/div>\n\n\n\n<div class=\"wp-block-column is-layout-flow wp-block-column-is-layout-flow\">\n<p><strong>Waltraud Stefan e. U.<\/strong><br\/><br\/>Grossmaierhof 15, A-3242 Texing<br\/><br\/>t:\u00a0<a href=\"tel:+43 27 55 74 04\" target=\"_blank\" rel=\"noreferrer noopener\">+43 27 55 74 04<\/a><br\/><br\/>f:\u00a0<a href=\"fax:+43 27 55 77 74\" target=\"_blank\" rel=\"noreferrer noopener\">+43 27 55 77 74<\/a><br\/><br\/><a href=\"mailto:schmecktgut@khoysan.com\">schmecktgut@khoysan.com<\/a><br\/><br\/><a href=\"https:\/\/www.khoysan.com\/\" target=\"_blank\" rel=\"noreferrer noopener\">www.khoysan.com<\/a><\/p>\n<\/div>\n<\/div>\n\n<div class=\"wp-block-columns is-layout-flex wp-container-core-columns-is-layout-12 wp-block-columns-is-layout-flex\">\n<div class=\"wp-block-column is-layout-flow wp-block-column-is-layout-flow\"><\/div>\n<\/div>\n","protected":false},"excerpt":{"rendered":"<p>Nachfolgend finden Sie eine \u00dcbersicht aller Gro\u00dfh\u00e4ndler pro Land, die unsere Amanprana-Produkte verkaufen. Bei weiteren Fragen zu unseren Bio-Produkten k\u00f6nnen Sie sich an den Vertreter des jeweiligen Landes wenden oder &#8230;<\/p>\n","protected":false},"author":12,"featured_media":0,"parent":0,"menu_order":115,"comment_status":"closed","ping_status":"closed","template":"","meta":{"_acf_changed":false,"rating_form_position":"","rating_results_position":"","mr_structured_data_type":"","footnotes":""},"class_list":["post-62118","page","type-page","status-publish","hentry","no-post-thumbnail"],"acf":[],"yoast_head":"<!-- This site is optimized with the Yoast SEO plugin v24.7 - https:\/\/yoast.com\/wordpress\/plugins\/seo\/ -->\n<title>Handelsvertreter &amp; Gro\u00dfh\u00e4ndler - Amanprana<\/title>\n<meta name=\"description\" content=\"Hier finden Sie eine \u00dcbersicht aller Gro\u00dfh\u00e4ndler, die Amanprana-Produkte verkaufen. Hast du Fragen? Bitte wenden Sie sich an unsere Vertreter.\" \/>\n<meta name=\"robots\" content=\"index, follow, max-snippet:-1, max-image-preview:large, max-video-preview:-1\" \/>\n<link rel=\"canonical\" href=\"https:\/\/www.amanprana.eu\/de\/grosshandler\/\" \/>\n<meta property=\"og:locale\" content=\"de_DE\" \/>\n<meta property=\"og:type\" content=\"article\" \/>\n<meta property=\"og:title\" content=\"Handelsvertreter &amp; Gro\u00dfh\u00e4ndler - Amanprana\" \/>\n<meta property=\"og:description\" content=\"Hier finden Sie eine \u00dcbersicht aller Gro\u00dfh\u00e4ndler, die Amanprana-Produkte verkaufen. Hast du Fragen? Bitte wenden Sie sich an unsere Vertreter.\" \/>\n<meta property=\"og:url\" content=\"https:\/\/www.amanprana.eu\/de\/grosshandler\/\" \/>\n<meta property=\"og:site_name\" content=\"Amanprana\" \/>\n<meta property=\"article:publisher\" content=\"https:\/\/www.facebook.com\/Amanpranaproducts\/\" \/>\n<meta property=\"article:modified_time\" content=\"2025-04-09T14:04:19+00:00\" \/>\n<meta property=\"og:image\" content=\"https:\/\/www.amanprana.eu\/wp-content\/uploads\/hires-amanprana-logo.jpg\" \/>\n\t<meta property=\"og:image:width\" content=\"2362\" \/>\n\t<meta property=\"og:image:height\" content=\"2362\" \/>\n\t<meta property=\"og:image:type\" content=\"image\/jpeg\" \/>\n<meta name=\"twitter:card\" content=\"summary_large_image\" \/>\n<meta name=\"twitter:label1\" content=\"Gesch\u00e4tzte Lesezeit\" \/>\n\t<meta name=\"twitter:data1\" content=\"2\u00a0Minuten\" \/>\n<script type=\"application\/ld+json\" class=\"yoast-schema-graph\">{\"@context\":\"https:\/\/schema.org\",\"@graph\":[{\"@type\":\"WebPage\",\"@id\":\"https:\/\/www.amanprana.eu\/de\/grosshandler\/\",\"url\":\"https:\/\/www.amanprana.eu\/de\/grosshandler\/\",\"name\":\"Handelsvertreter & Gro\u00dfh\u00e4ndler - Amanprana\",\"isPartOf\":{\"@id\":\"https:\/\/www.amanprana.eu\/de\/#website\"},\"datePublished\":\"2021-02-20T17:23:28+00:00\",\"dateModified\":\"2025-04-09T14:04:19+00:00\",\"description\":\"Hier finden Sie eine \u00dcbersicht aller Gro\u00dfh\u00e4ndler, die Amanprana-Produkte verkaufen. Hast du Fragen? Bitte wenden Sie sich an unsere Vertreter.\",\"breadcrumb\":{\"@id\":\"https:\/\/www.amanprana.eu\/de\/grosshandler\/#breadcrumb\"},\"inLanguage\":\"de\",\"potentialAction\":[{\"@type\":\"ReadAction\",\"target\":[\"https:\/\/www.amanprana.eu\/de\/grosshandler\/\"]}]},{\"@type\":\"BreadcrumbList\",\"@id\":\"https:\/\/www.amanprana.eu\/de\/grosshandler\/#breadcrumb\",\"itemListElement\":[{\"@type\":\"ListItem\",\"position\":1,\"name\":\"Amanprana.eu\",\"item\":\"https:\/\/www.amanprana.eu\/de\/\"},{\"@type\":\"ListItem\",\"position\":2,\"name\":\"Handelsvertreter &#038; Gro\u00dfh\u00e4ndler\"}]},{\"@type\":\"WebSite\",\"@id\":\"https:\/\/www.amanprana.eu\/de\/#website\",\"url\":\"https:\/\/www.amanprana.eu\/de\/\",\"name\":\"Amanprana\",\"description\":\"Serene levenskracht\",\"publisher\":{\"@id\":\"https:\/\/www.amanprana.eu\/de\/#organization\"},\"potentialAction\":[{\"@type\":\"SearchAction\",\"target\":{\"@type\":\"EntryPoint\",\"urlTemplate\":\"https:\/\/www.amanprana.eu\/de\/?s={search_term_string}\"},\"query-input\":{\"@type\":\"PropertyValueSpecification\",\"valueRequired\":true,\"valueName\":\"search_term_string\"}}],\"inLanguage\":\"de\"},{\"@type\":\"Organization\",\"@id\":\"https:\/\/www.amanprana.eu\/de\/#organization\",\"name\":\"Amanprana\",\"url\":\"https:\/\/www.amanprana.eu\/de\/\",\"logo\":{\"@type\":\"ImageObject\",\"inLanguage\":\"de\",\"@id\":\"https:\/\/www.amanprana.eu\/de\/#\/schema\/logo\/image\/\",\"url\":\"https:\/\/www.amanprana.eu\/wp-content\/uploads\/webres-amanprana-logo.jpg\",\"contentUrl\":\"https:\/\/www.amanprana.eu\/wp-content\/uploads\/webres-amanprana-logo.jpg\",\"width\":300,\"height\":300,\"caption\":\"Amanprana\"},\"image\":{\"@id\":\"https:\/\/www.amanprana.eu\/de\/#\/schema\/logo\/image\/\"},\"sameAs\":[\"https:\/\/www.facebook.com\/Amanpranaproducts\/\",\"https:\/\/www.instagram.com\/amanprana\/\",\"https:\/\/nl.pinterest.com\/amanprana\/pins\/\"]}]}<\/script>\n<!-- \/ Yoast SEO plugin. -->","yoast_head_json":{"title":"Handelsvertreter & Gro\u00dfh\u00e4ndler - Amanprana","description":"Hier finden Sie eine \u00dcbersicht aller Gro\u00dfh\u00e4ndler, die Amanprana-Produkte verkaufen. Hast du Fragen? Bitte wenden Sie sich an unsere Vertreter.","robots":{"index":"index","follow":"follow","max-snippet":"max-snippet:-1","max-image-preview":"max-image-preview:large","max-video-preview":"max-video-preview:-1"},"canonical":"https:\/\/www.amanprana.eu\/de\/grosshandler\/","og_locale":"de_DE","og_type":"article","og_title":"Handelsvertreter & Gro\u00dfh\u00e4ndler - Amanprana","og_description":"Hier finden Sie eine \u00dcbersicht aller Gro\u00dfh\u00e4ndler, die Amanprana-Produkte verkaufen. Hast du Fragen? Bitte wenden Sie sich an unsere Vertreter.","og_url":"https:\/\/www.amanprana.eu\/de\/grosshandler\/","og_site_name":"Amanprana","article_publisher":"https:\/\/www.facebook.com\/Amanpranaproducts\/","article_modified_time":"2025-04-09T14:04:19+00:00","og_image":[{"width":2362,"height":2362,"url":"https:\/\/www.amanprana.eu\/wp-content\/uploads\/hires-amanprana-logo.jpg","type":"image\/jpeg"}],"twitter_card":"summary_large_image","twitter_misc":{"Gesch\u00e4tzte Lesezeit":"2\u00a0Minuten"},"schema":{"@context":"https:\/\/schema.org","@graph":[{"@type":"WebPage","@id":"https:\/\/www.amanprana.eu\/de\/grosshandler\/","url":"https:\/\/www.amanprana.eu\/de\/grosshandler\/","name":"Handelsvertreter & Gro\u00dfh\u00e4ndler - Amanprana","isPartOf":{"@id":"https:\/\/www.amanprana.eu\/de\/#website"},"datePublished":"2021-02-20T17:23:28+00:00","dateModified":"2025-04-09T14:04:19+00:00","description":"Hier finden Sie eine \u00dcbersicht aller Gro\u00dfh\u00e4ndler, die Amanprana-Produkte verkaufen. Hast du Fragen? Bitte wenden Sie sich an unsere Vertreter.","breadcrumb":{"@id":"https:\/\/www.amanprana.eu\/de\/grosshandler\/#breadcrumb"},"inLanguage":"de","potentialAction":[{"@type":"ReadAction","target":["https:\/\/www.amanprana.eu\/de\/grosshandler\/"]}]},{"@type":"BreadcrumbList","@id":"https:\/\/www.amanprana.eu\/de\/grosshandler\/#breadcrumb","itemListElement":[{"@type":"ListItem","position":1,"name":"Amanprana.eu","item":"https:\/\/www.amanprana.eu\/de\/"},{"@type":"ListItem","position":2,"name":"Handelsvertreter &#038; Gro\u00dfh\u00e4ndler"}]},{"@type":"WebSite","@id":"https:\/\/www.amanprana.eu\/de\/#website","url":"https:\/\/www.amanprana.eu\/de\/","name":"Amanprana","description":"Serene levenskracht","publisher":{"@id":"https:\/\/www.amanprana.eu\/de\/#organization"},"potentialAction":[{"@type":"SearchAction","target":{"@type":"EntryPoint","urlTemplate":"https:\/\/www.amanprana.eu\/de\/?s={search_term_string}"},"query-input":{"@type":"PropertyValueSpecification","valueRequired":true,"valueName":"search_term_string"}}],"inLanguage":"de"},{"@type":"Organization","@id":"https:\/\/www.amanprana.eu\/de\/#organization","name":"Amanprana","url":"https:\/\/www.amanprana.eu\/de\/","logo":{"@type":"ImageObject","inLanguage":"de","@id":"https:\/\/www.amanprana.eu\/de\/#\/schema\/logo\/image\/","url":"https:\/\/www.amanprana.eu\/wp-content\/uploads\/webres-amanprana-logo.jpg","contentUrl":"https:\/\/www.amanprana.eu\/wp-content\/uploads\/webres-amanprana-logo.jpg","width":300,"height":300,"caption":"Amanprana"},"image":{"@id":"https:\/\/www.amanprana.eu\/de\/#\/schema\/logo\/image\/"},"sameAs":["https:\/\/www.facebook.com\/Amanpranaproducts\/","https:\/\/www.instagram.com\/amanprana\/","https:\/\/nl.pinterest.com\/amanprana\/pins\/"]}]}},"multi-rating":{"mr_rating_results":[]},"_links":{"self":[{"href":"https:\/\/www.amanprana.eu\/de\/wp-json\/wp\/v2\/pages\/62118","targetHints":{"allow":["GET"]}}],"collection":[{"href":"https:\/\/www.amanprana.eu\/de\/wp-json\/wp\/v2\/pages"}],"about":[{"href":"https:\/\/www.amanprana.eu\/de\/wp-json\/wp\/v2\/types\/page"}],"author":[{"embeddable":true,"href":"https:\/\/www.amanprana.eu\/de\/wp-json\/wp\/v2\/users\/12"}],"replies":[{"embeddable":true,"href":"https:\/\/www.amanprana.eu\/de\/wp-json\/wp\/v2\/comments?post=62118"}],"version-history":[{"count":4,"href":"https:\/\/www.amanprana.eu\/de\/wp-json\/wp\/v2\/pages\/62118\/revisions"}],"predecessor-version":[{"id":121785,"href":"https:\/\/www.amanprana.eu\/de\/wp-json\/wp\/v2\/pages\/62118\/revisions\/121785"}],"wp:attachment":[{"href":"https:\/\/www.amanprana.eu\/de\/wp-json\/wp\/v2\/media?parent=62118"}],"curies":[{"name":"wp","href":"https:\/\/api.w.org\/{rel}","templated":true}]}}