

{"id":42999,"date":"2019-01-03T15:46:23","date_gmt":"2019-01-03T14:46:23","guid":{"rendered":"https:\/\/www.amanprana.eu\/red_de_zee\/tonnen-plastikmull-bei-sommerfestivals\/"},"modified":"2022-05-30T21:45:48","modified_gmt":"2022-05-30T19:45:48","slug":"tonnen-plastikmull-bei-sommerfestivals","status":"publish","type":"red_de_zee","link":"https:\/\/www.amanprana.eu\/de\/rettet-das-meer\/tonnen-plastikmull-bei-sommerfestivals\/","title":{"rendered":"Was passiert mit dem Abfall von Festivals in Belgien?"},"content":{"rendered":"<p>Was passiert mit den Tonnen (Plastik) M\u00fcll vom Festival Rock Werchter in Belgien und anderen Festivals?<\/p>\n<p>Trotz aller Bewusstseinsaktionen lagen die Campingpl\u00e4tze vom Festival Rock Werchter voll mit 200 Tonnen M\u00fcll, unter anderem mit Riesenbergen Plastik. Auf dem Festivalgel\u00e4nde blieben nach Ende der Konzerte ebenfalls tausende Plastikflaschen und Plastikbecher \u00fcbrig. Das passiert auch auf den meisten anderen Festivals.<\/p>\n<div>\n<div>\n<h2>Was passiert mit dem Plastikm\u00fcll?<\/h2>\n<p>Die Mitarbeiter von Rock Werchter sammelten w\u00e4hrend des Festivals bereits ungef\u00e4hr 15 Tonnen Plastikflaschen ein. Eine gute Initiative, auch weil damit \u20ac 23.000 f\u00fcr einen Wohlt\u00e4tigkeitszweck eingesammelt wurde: Trinkwasser in Togo. Leider werden Plastikflaschen nur zu 50 % recycelt. Eine recycelte Flasche wird auch nie wieder eine Flasche und bei jeder Recyclingrunde wird das Plastik minderwertiger. Letztendlich wird das Plastik irgendwo abgelagert und verschmutzt den Boden, das Meer und die Luft, die wir dann wieder einatmen.<\/p>\n<h2>Stopp die Verwendung von Plastik so weit wie m\u00f6glich!<\/h2>\n<p>Verringere deinen \u00f6kologischen Fu\u00dfabdruck, indem du Glas verwendest.<br \/>\nHeutzutage finden wir durch unseren enormen Plastikkonsum sehr viel Plastik als Mikroteilchen in unserem Wasser, unserer Nahrung, auf den Str\u00e4nden, in der Luft und \u00fcberall in der Natur. In den letzten 30 Jahren ist die Verwendung von Plastik praktisch explodiert! Im Jahre 1950 produzierten wir nur 1,5 Millionen Tonnen Plastik. Im Jahr 2012 bereits 288 Millionen Tonnen Plastik und diese beunruhigenden Zahlen steigen j\u00e4hrlich! Den Plastikberg kann man vergleichen mit einem Stau auf 7 Fahrbahnen rund um den \u00c4quator mit Lastwagen, die eine Ladung Plastik transportieren. Die gigantischen Bereiche mit Plastiksuppe, die jetzt im Meer treiben, sind gegenw\u00e4rtig ungef\u00e4hr 7 Millionen Quadratkilometer gro\u00df. Manche Informationsquellen behaupten sogar, sie seien doppelt so gro\u00df. Der menschliche K\u00f6rper nimmt dadurch durchschnittlich 0,5 g Plastik und 0,085 Nanogramm PCB durch den Konsum von Schalentieren auf.<\/p>\n<p>\u201cWir dachten immer, dass \u2018gen\u00fcgend verd\u00fcnnen\u2019 die L\u00f6sung f\u00fcr jegliche Verschmutzung ist und dass die Weltmeere das perfekt k\u00f6nnen. Die Zeit ist vorbei!\u201d Bart Maes und Maurice Le Clef .<\/p>\n<h2>Nach Meinung der IUCN sind \u00dcberfischung und Umweltverschmutzung durch Plastikm\u00fcll die gr\u00f6\u00dfte Bedrohung f\u00fcr die Korallenriffe.<\/h2>\n<p>\u201cSind die karibischen Korallenriffe innerhalb der n\u00e4chsten 20 Jahre verschwunden?\u201c<\/p>\n<p>Nach Aussagen eines best\u00fcrzenden Rapports des International Union for the Conservation of Nature (IUCN) ist es nicht ausgeschlossen, dass die karibischen Korallenriffe innerhalb der n\u00e4chsten 20 Jahre verschwunden sind. Seit den siebziger Jahren sind die Korallenriffe in diesem Gebiet auf dramatische Weise halbiert, meldet die BBC. Die Autoren des Rapports untersuchten Daten \u00fcber 90 Korallenriffe und mehr als 35000 Messungen zwischen 1970 und 2012. Viele Korallenriffe auf den karibischen Inseln wurden einer dramatischen Transformation von farbenreichen K\u00f6nigreichen unter Wasser mit einer gro\u00dfen Diversit\u00e4t an Sorten zu toten Orten mit vielen erstickenden Algen ausgesetzt. Die Anzahl der Korallenriffe ist seit den siebziger Jahren mit 50% verringert. Nach Meinung der Forscher sind \u00dcberfischung und Verschmutzung die ausschlaggebenden Gr\u00fcnde f\u00fcr dieses Elend. Dadurch verschwanden auch einige der prominentesten Bewohner der Meere. In den achtziger Jahren wurden sehr viele Seeigel durch Verschmutzung get\u00f6tet. Die Verschmutzung stammt vermutlich aus dem Panamakanal. \u00dcberfischung war haupts\u00e4chlich f\u00fcr Seepapageien t\u00f6dlich.<\/p>\n<div>\n<h2>Algen nehmen jeglichen Sauerstoff weg und versticken das Korallenriff. Der Seeigel ist das gr\u00f6\u00dfte Opfer.<\/h2>\n<p>Die Seeigel und Seepapageien ern\u00e4hren sich durch die Riffe. Ohne die Fische bleiben nur Algen \u00fcbrig. &#8222;Nach einiger Zeit verschwinden relativ viele Korallenriffe. \u00dcbrig bleiben Algenriffe mit einer viel kleineren Biodiversit\u00e4t &#8222;, sagt Carl Gustaf Lundin, Direktor des Global Marine and Polar Program der IUCN. Er nennt den Befund alarmierend. &#8222;Die Korallenriffe sind nicht nur pr\u00e4chtige und wunderbare Orte. Sie sind auch die Lebensgrundlage diverser L\u00e4nder und dessen Bev\u00f6lkerung (Tourismus).\u201d<\/p>\n<div>\n<h2>Hoffnung auf Regeneration des Korallenriffs. Denke an die Umwelt: verwende kein Plastik.<\/h2>\n<p>Es gibt trotzdem Hoffnung: nach Aussagen des Rapports gibt es einen Beweis, dass die gesch\u00e4digten Riffe sich erholen k\u00f6nnen, wenn sie gesch\u00fctzt werden. &#8222;Wir sahen einige F\u00e4lle gesch\u00e4digter Riffe, die sich selber regenerierten&#8220;, sagt Lundin. &#8222;Wir m\u00fcssen also die Hoffnung nicht aufgeben, sondern handeln. Die karibischen Inseln sind nicht das einzige Gebiet mit einem Verlust der Korallenriffe. Korallenriffe sind weltweit bedroht. Nach Meinung diverser Natursch\u00fctzer sind die steigenden Temperaturen der Weltmeere auch ein Grund. Wenn die Temperatur steigt, sterben die sehr kleinen in den Korallen lebenden Algen ab. Dadurch werden die Korallen wei\u00df.&#8220;<\/p>\n<div>\n<div>\n<h2>Standpunkt von Amanprana f\u00fcr den Schutz der Weltmeere, Korallenriffe und die Bewohner der Meere: Stopp die Verwendung von Plastik so weit wie m\u00f6glich!<\/h2>\n<p>Ein erster Schritt in die gute Richtung: Stopp die Verwendung von kleinen Plastikflaschen. Trinke kein Wasser mehr aus Plastikflaschen! Verwende Glasflaschen oder eine gl\u00e4serne Trinkflasche, die nachgef\u00fcllt werden kann. Glas verschmutzt die Natur niemals. Glas kann unendlich recycelt werden und ist \u201ccradle to cradle\u201d.<\/p>\n<h2>Hilf dem Festival Rock Werchter und damit auch unseren Weltmeeren. Nimm Abschied vom Plastikm\u00fcll.<\/h2>\n<p>Eine bessere Welt beginnt bei dir selber. Plastikflaschen sind unheimlich gro\u00dfe Verschmutzer. Die Eco Respekt Flasche von Amanprana ist eine perfekte Alternative f\u00fcr eine Plastikflasche. Sie ist eine reine Glasflasche mit einer bio dynamischen Vortex. Sie hat eine H\u00fclle aus recyceltem Schaumstoff und einen Naturkorken. Die Vortex gibt dem Inhalt neue Energie. Die H\u00fclle aus Schaumstoff sch\u00fctzt die Flasche gegen Glasbruch.<\/p>\n<h2>Mach mit, rette das Meer!<\/h2>\n<p>Minimal 5% des Firmengewinns von Amanprana wird bereits seit vielen Jahren an diverse Aktionen mit dem Motto \u00a0&#8218;Rettet das Meer&#8216; gespendet. Darum war \u00a0Amanprana auch Sponsor des\u00a0Wereld Oceaan Dag Nederland 2014\u00a0in Scheveningen am 8. Juni 2014. Darum ist \u00a0Amanprana auch Hauptsponsor der zweiten\u00a0North Sea Challenge\u00a0am 13. September 2014.<\/p>\n<p>Unterst\u00fctze die Weltmeere mit den \u2018<a title=\"Eco-Respekt Trinkflaschen\" href=\"https:\/\/www.noble-house.tk\/de\/produkte\/non-food\/eco-respekt-trinkflaschen\" target=\"_blank\" rel=\"nofollow noopener\">Ec<\/a>o<a title=\"Eco-Respekt Trinkflaschen\" href=\"https:\/\/www.noble-house.tk\/de\/produkte\/non-food\/eco-respekt-trinkflaschen\" target=\"_blank\" rel=\"nofollow noopener\"> Respekt<\/a>\u2019 Trinkflaschen von Amanprana. Dabei wird 100% des Gewinns vom Verkauf der Eco Respekt Flaschen den \u2018Rettet das Meer\u2018-Aktionen gespendet.<\/p>\n<\/div>\n<div><\/div>\n<\/div>\n<\/div>\n<\/div>\n<\/div>\n<\/div>\n","protected":false},"featured_media":42995,"menu_order":154,"template":"","format":"standard","class_list":["post-42999","red_de_zee","type-red_de_zee","status-publish","format-standard","has-post-thumbnail","hentry","red_de_zee_categorieen-verschmutzung-der-ozeane"],"acf":[],"yoast_head":"<!-- This site is optimized with the Yoast SEO plugin v24.7 - https:\/\/yoast.com\/wordpress\/plugins\/seo\/ -->\n<title>Was passiert mit den tonnenweise Abfall vom Rock Werchter Festival?<\/title>\n<meta name=\"description\" content=\"Was passiert mit den Tonnen (Plastik) M\u00fcll vom Festival Rock Werchter in Belgien und anderen Festivals? Trotz aller Bewusstseinsaktionen lagen die\" \/>\n<meta name=\"robots\" content=\"index, follow, max-snippet:-1, max-image-preview:large, max-video-preview:-1\" \/>\n<link rel=\"canonical\" href=\"https:\/\/www.amanprana.eu\/de\/rettet-das-meer\/tonnen-plastikmull-bei-sommerfestivals\/\" \/>\n<meta property=\"og:locale\" content=\"de_DE\" \/>\n<meta property=\"og:type\" content=\"article\" \/>\n<meta property=\"og:title\" content=\"Was passiert mit den tonnenweise Abfall vom Rock Werchter Festival?\" \/>\n<meta property=\"og:description\" content=\"Was passiert mit den Tonnen (Plastik) M\u00fcll vom Festival Rock Werchter in Belgien und anderen Festivals? Trotz aller Bewusstseinsaktionen lagen die\" \/>\n<meta property=\"og:url\" content=\"https:\/\/www.amanprana.eu\/de\/rettet-das-meer\/tonnen-plastikmull-bei-sommerfestivals\/\" \/>\n<meta property=\"og:site_name\" content=\"Amanprana\" \/>\n<meta property=\"article:publisher\" content=\"https:\/\/www.facebook.com\/Amanpranaproducts\/\" \/>\n<meta property=\"article:modified_time\" content=\"2022-05-30T19:45:48+00:00\" \/>\n<meta property=\"og:image\" content=\"https:\/\/www.amanprana.eu\/wp-content\/uploads\/Het-duurt-jaren-voor-een-plastic-flesje-afgebroken-wordt-.png\" \/>\n\t<meta property=\"og:image:width\" content=\"312\" \/>\n\t<meta property=\"og:image:height\" content=\"224\" \/>\n\t<meta property=\"og:image:type\" content=\"image\/png\" \/>\n<meta name=\"twitter:card\" content=\"summary_large_image\" \/>\n<meta name=\"twitter:label1\" content=\"Gesch\u00e4tzte Lesezeit\" \/>\n\t<meta name=\"twitter:data1\" content=\"5\u00a0Minuten\" \/>\n<script type=\"application\/ld+json\" class=\"yoast-schema-graph\">{\"@context\":\"https:\/\/schema.org\",\"@graph\":[{\"@type\":\"WebPage\",\"@id\":\"https:\/\/www.amanprana.eu\/de\/rettet-das-meer\/tonnen-plastikmull-bei-sommerfestivals\/\",\"url\":\"https:\/\/www.amanprana.eu\/de\/rettet-das-meer\/tonnen-plastikmull-bei-sommerfestivals\/\",\"name\":\"Was passiert mit den tonnenweise Abfall vom Rock Werchter Festival?\",\"isPartOf\":{\"@id\":\"https:\/\/www.amanprana.eu\/de\/#website\"},\"primaryImageOfPage\":{\"@id\":\"https:\/\/www.amanprana.eu\/de\/rettet-das-meer\/tonnen-plastikmull-bei-sommerfestivals\/#primaryimage\"},\"image\":{\"@id\":\"https:\/\/www.amanprana.eu\/de\/rettet-das-meer\/tonnen-plastikmull-bei-sommerfestivals\/#primaryimage\"},\"thumbnailUrl\":\"https:\/\/www.amanprana.eu\/wp-content\/uploads\/Het-duurt-jaren-voor-een-plastic-flesje-afgebroken-wordt-.png\",\"datePublished\":\"2019-01-03T14:46:23+00:00\",\"dateModified\":\"2022-05-30T19:45:48+00:00\",\"description\":\"Was passiert mit den Tonnen (Plastik) M\u00fcll vom Festival Rock Werchter in Belgien und anderen Festivals? Trotz aller Bewusstseinsaktionen lagen die\",\"breadcrumb\":{\"@id\":\"https:\/\/www.amanprana.eu\/de\/rettet-das-meer\/tonnen-plastikmull-bei-sommerfestivals\/#breadcrumb\"},\"inLanguage\":\"de\",\"potentialAction\":[{\"@type\":\"ReadAction\",\"target\":[\"https:\/\/www.amanprana.eu\/de\/rettet-das-meer\/tonnen-plastikmull-bei-sommerfestivals\/\"]}]},{\"@type\":\"ImageObject\",\"inLanguage\":\"de\",\"@id\":\"https:\/\/www.amanprana.eu\/de\/rettet-das-meer\/tonnen-plastikmull-bei-sommerfestivals\/#primaryimage\",\"url\":\"https:\/\/www.amanprana.eu\/wp-content\/uploads\/Het-duurt-jaren-voor-een-plastic-flesje-afgebroken-wordt-.png\",\"contentUrl\":\"https:\/\/www.amanprana.eu\/wp-content\/uploads\/Het-duurt-jaren-voor-een-plastic-flesje-afgebroken-wordt-.png\",\"width\":312,\"height\":224},{\"@type\":\"BreadcrumbList\",\"@id\":\"https:\/\/www.amanprana.eu\/de\/rettet-das-meer\/tonnen-plastikmull-bei-sommerfestivals\/#breadcrumb\",\"itemListElement\":[{\"@type\":\"ListItem\",\"position\":1,\"name\":\"Amanprana.eu\",\"item\":\"https:\/\/www.amanprana.eu\/de\/\"},{\"@type\":\"ListItem\",\"position\":2,\"name\":\"RDM - berichten\",\"item\":\"https:\/\/www.amanprana.eu\/de\/rettet-das-meer\/\"},{\"@type\":\"ListItem\",\"position\":3,\"name\":\"Verschmutzung der Ozeane\",\"item\":\"https:\/\/www.amanprana.eu\/de\/red_de_zee_categorieen\/verschmutzung-der-ozeane\/\"},{\"@type\":\"ListItem\",\"position\":4,\"name\":\"Was passiert mit dem Abfall von Festivals in Belgien?\"}]},{\"@type\":\"WebSite\",\"@id\":\"https:\/\/www.amanprana.eu\/de\/#website\",\"url\":\"https:\/\/www.amanprana.eu\/de\/\",\"name\":\"Amanprana\",\"description\":\"Serene levenskracht\",\"publisher\":{\"@id\":\"https:\/\/www.amanprana.eu\/de\/#organization\"},\"potentialAction\":[{\"@type\":\"SearchAction\",\"target\":{\"@type\":\"EntryPoint\",\"urlTemplate\":\"https:\/\/www.amanprana.eu\/de\/?s={search_term_string}\"},\"query-input\":{\"@type\":\"PropertyValueSpecification\",\"valueRequired\":true,\"valueName\":\"search_term_string\"}}],\"inLanguage\":\"de\"},{\"@type\":\"Organization\",\"@id\":\"https:\/\/www.amanprana.eu\/de\/#organization\",\"name\":\"Amanprana\",\"url\":\"https:\/\/www.amanprana.eu\/de\/\",\"logo\":{\"@type\":\"ImageObject\",\"inLanguage\":\"de\",\"@id\":\"https:\/\/www.amanprana.eu\/de\/#\/schema\/logo\/image\/\",\"url\":\"https:\/\/www.amanprana.eu\/wp-content\/uploads\/webres-amanprana-logo.jpg\",\"contentUrl\":\"https:\/\/www.amanprana.eu\/wp-content\/uploads\/webres-amanprana-logo.jpg\",\"width\":300,\"height\":300,\"caption\":\"Amanprana\"},\"image\":{\"@id\":\"https:\/\/www.amanprana.eu\/de\/#\/schema\/logo\/image\/\"},\"sameAs\":[\"https:\/\/www.facebook.com\/Amanpranaproducts\/\",\"https:\/\/www.instagram.com\/amanprana\/\",\"https:\/\/nl.pinterest.com\/amanprana\/pins\/\"]}]}<\/script>\n<!-- \/ Yoast SEO plugin. -->","yoast_head_json":{"title":"Was passiert mit den tonnenweise Abfall vom Rock Werchter Festival?","description":"Was passiert mit den Tonnen (Plastik) M\u00fcll vom Festival Rock Werchter in Belgien und anderen Festivals? Trotz aller Bewusstseinsaktionen lagen die","robots":{"index":"index","follow":"follow","max-snippet":"max-snippet:-1","max-image-preview":"max-image-preview:large","max-video-preview":"max-video-preview:-1"},"canonical":"https:\/\/www.amanprana.eu\/de\/rettet-das-meer\/tonnen-plastikmull-bei-sommerfestivals\/","og_locale":"de_DE","og_type":"article","og_title":"Was passiert mit den tonnenweise Abfall vom Rock Werchter Festival?","og_description":"Was passiert mit den Tonnen (Plastik) M\u00fcll vom Festival Rock Werchter in Belgien und anderen Festivals? Trotz aller Bewusstseinsaktionen lagen die","og_url":"https:\/\/www.amanprana.eu\/de\/rettet-das-meer\/tonnen-plastikmull-bei-sommerfestivals\/","og_site_name":"Amanprana","article_publisher":"https:\/\/www.facebook.com\/Amanpranaproducts\/","article_modified_time":"2022-05-30T19:45:48+00:00","og_image":[{"width":312,"height":224,"url":"https:\/\/www.amanprana.eu\/wp-content\/uploads\/Het-duurt-jaren-voor-een-plastic-flesje-afgebroken-wordt-.png","type":"image\/png"}],"twitter_card":"summary_large_image","twitter_misc":{"Gesch\u00e4tzte Lesezeit":"5\u00a0Minuten"},"schema":{"@context":"https:\/\/schema.org","@graph":[{"@type":"WebPage","@id":"https:\/\/www.amanprana.eu\/de\/rettet-das-meer\/tonnen-plastikmull-bei-sommerfestivals\/","url":"https:\/\/www.amanprana.eu\/de\/rettet-das-meer\/tonnen-plastikmull-bei-sommerfestivals\/","name":"Was passiert mit den tonnenweise Abfall vom Rock Werchter Festival?","isPartOf":{"@id":"https:\/\/www.amanprana.eu\/de\/#website"},"primaryImageOfPage":{"@id":"https:\/\/www.amanprana.eu\/de\/rettet-das-meer\/tonnen-plastikmull-bei-sommerfestivals\/#primaryimage"},"image":{"@id":"https:\/\/www.amanprana.eu\/de\/rettet-das-meer\/tonnen-plastikmull-bei-sommerfestivals\/#primaryimage"},"thumbnailUrl":"https:\/\/www.amanprana.eu\/wp-content\/uploads\/Het-duurt-jaren-voor-een-plastic-flesje-afgebroken-wordt-.png","datePublished":"2019-01-03T14:46:23+00:00","dateModified":"2022-05-30T19:45:48+00:00","description":"Was passiert mit den Tonnen (Plastik) M\u00fcll vom Festival Rock Werchter in Belgien und anderen Festivals? Trotz aller Bewusstseinsaktionen lagen die","breadcrumb":{"@id":"https:\/\/www.amanprana.eu\/de\/rettet-das-meer\/tonnen-plastikmull-bei-sommerfestivals\/#breadcrumb"},"inLanguage":"de","potentialAction":[{"@type":"ReadAction","target":["https:\/\/www.amanprana.eu\/de\/rettet-das-meer\/tonnen-plastikmull-bei-sommerfestivals\/"]}]},{"@type":"ImageObject","inLanguage":"de","@id":"https:\/\/www.amanprana.eu\/de\/rettet-das-meer\/tonnen-plastikmull-bei-sommerfestivals\/#primaryimage","url":"https:\/\/www.amanprana.eu\/wp-content\/uploads\/Het-duurt-jaren-voor-een-plastic-flesje-afgebroken-wordt-.png","contentUrl":"https:\/\/www.amanprana.eu\/wp-content\/uploads\/Het-duurt-jaren-voor-een-plastic-flesje-afgebroken-wordt-.png","width":312,"height":224},{"@type":"BreadcrumbList","@id":"https:\/\/www.amanprana.eu\/de\/rettet-das-meer\/tonnen-plastikmull-bei-sommerfestivals\/#breadcrumb","itemListElement":[{"@type":"ListItem","position":1,"name":"Amanprana.eu","item":"https:\/\/www.amanprana.eu\/de\/"},{"@type":"ListItem","position":2,"name":"RDM - berichten","item":"https:\/\/www.amanprana.eu\/de\/rettet-das-meer\/"},{"@type":"ListItem","position":3,"name":"Verschmutzung der Ozeane","item":"https:\/\/www.amanprana.eu\/de\/red_de_zee_categorieen\/verschmutzung-der-ozeane\/"},{"@type":"ListItem","position":4,"name":"Was passiert mit dem Abfall von Festivals in Belgien?"}]},{"@type":"WebSite","@id":"https:\/\/www.amanprana.eu\/de\/#website","url":"https:\/\/www.amanprana.eu\/de\/","name":"Amanprana","description":"Serene levenskracht","publisher":{"@id":"https:\/\/www.amanprana.eu\/de\/#organization"},"potentialAction":[{"@type":"SearchAction","target":{"@type":"EntryPoint","urlTemplate":"https:\/\/www.amanprana.eu\/de\/?s={search_term_string}"},"query-input":{"@type":"PropertyValueSpecification","valueRequired":true,"valueName":"search_term_string"}}],"inLanguage":"de"},{"@type":"Organization","@id":"https:\/\/www.amanprana.eu\/de\/#organization","name":"Amanprana","url":"https:\/\/www.amanprana.eu\/de\/","logo":{"@type":"ImageObject","inLanguage":"de","@id":"https:\/\/www.amanprana.eu\/de\/#\/schema\/logo\/image\/","url":"https:\/\/www.amanprana.eu\/wp-content\/uploads\/webres-amanprana-logo.jpg","contentUrl":"https:\/\/www.amanprana.eu\/wp-content\/uploads\/webres-amanprana-logo.jpg","width":300,"height":300,"caption":"Amanprana"},"image":{"@id":"https:\/\/www.amanprana.eu\/de\/#\/schema\/logo\/image\/"},"sameAs":["https:\/\/www.facebook.com\/Amanpranaproducts\/","https:\/\/www.instagram.com\/amanprana\/","https:\/\/nl.pinterest.com\/amanprana\/pins\/"]}]}},"multi-rating":{"mr_rating_results":[]},"_links":{"self":[{"href":"https:\/\/www.amanprana.eu\/de\/wp-json\/wp\/v2\/red_de_zee\/42999","targetHints":{"allow":["GET"]}}],"collection":[{"href":"https:\/\/www.amanprana.eu\/de\/wp-json\/wp\/v2\/red_de_zee"}],"about":[{"href":"https:\/\/www.amanprana.eu\/de\/wp-json\/wp\/v2\/types\/red_de_zee"}],"version-history":[{"count":1,"href":"https:\/\/www.amanprana.eu\/de\/wp-json\/wp\/v2\/red_de_zee\/42999\/revisions"}],"predecessor-version":[{"id":79214,"href":"https:\/\/www.amanprana.eu\/de\/wp-json\/wp\/v2\/red_de_zee\/42999\/revisions\/79214"}],"wp:featuredmedia":[{"embeddable":true,"href":"https:\/\/www.amanprana.eu\/de\/wp-json\/wp\/v2\/media\/42995"}],"wp:attachment":[{"href":"https:\/\/www.amanprana.eu\/de\/wp-json\/wp\/v2\/media?parent=42999"}],"curies":[{"name":"wp","href":"https:\/\/api.w.org\/{rel}","templated":true}]}}