

{"id":43009,"date":"2019-01-03T15:52:09","date_gmt":"2019-01-03T14:52:09","guid":{"rendered":"https:\/\/www.amanprana.eu\/red_de_zee\/gemeinsam-konnen-wir-die-weltmeere-schutzen\/"},"modified":"2022-05-30T21:57:51","modified_gmt":"2022-05-30T19:57:51","slug":"weltmeere-schutzen","status":"publish","type":"red_de_zee","link":"https:\/\/www.amanprana.eu\/de\/rettet-das-meer\/weltmeere-schutzen\/","title":{"rendered":"Gemeinsam k\u00f6nnen wir die Weltmeere sch\u00fctzen"},"content":{"rendered":"<div class=\"main\">\n<p>Kleine Initiativen k\u00f6nnen den Unterschied bedeuten. Viele kleine Initiativen k\u00f6nnen einen gro\u00dfen Unterschied bedeuten. Gemeinsam k\u00f6nnen wir die Weltmeere und Gew\u00e4sser vor weiterer Verschmutzung sch\u00fctzen und beim Erhalt der ernstlich bedrohten Tiersorten helfen. Vermeide so weit wie m\u00f6glich Plastikm\u00fcll. Sortier und recycel. Unterst\u00fctze positive Initiativen. Mach mit und rette das Meer!<\/p>\n<p>Einige positive Berichte in der Presse:<\/p>\n<p><strong>&#8211;\u00a0<\/strong><strong>Das Ocean Plastic Project von Ecover:<br \/>\n<\/strong><strong>eine saubere Geschirrw\u00e4sche und ein sauberer Ozean.<\/strong><\/p>\n<p>Ozeanplastik ist nicht nur ein enormes Problem f\u00fcr unsere Weltmeere, sondern auch f\u00fcr jeden See, jeden Fluss und jegliches Gew\u00e4sser auf unserem Planeten. Das Plastik wird zu kleinen Plastikst\u00fcckchen (Mikroplastik) abgebrochen und wird auf diese Weise unerw\u00fcnscht zu Nahrung f\u00fcr Fische und andere Meerestiere. Und\u2026 Plastik in unserem Fisch bedeutet auch Plastik in unserem Essen. Plastik ist giftig und Plastik t\u00f6tet viele Tiersorten. Je weniger Ozeanplastik, je besser: f\u00fcr die Fische, f\u00fcr den Menschen und f\u00fcr das ganze Leben \u00fcber und unter Wasser.<\/p>\n<p>Ecover teilt diese Meinung. Darum weckt Ecover bei den Menschen das Bewusstsein \u00fcber Ozeanplastik und bem\u00fcht sich, Ozeanplastik zu vermeiden oder zu recyceln. Ein erster Schritt: die \u2018special edition\u2019-Sp\u00fclmittelflasche, genau gesagt die \u201cEcover Oceaan Plastic Flasche\u201d aus 100% recyceltem Plastik, mit einem Anteil Ozeanplastik von 10%.<\/p>\n<p><strong>&#8211; Plastikt\u00fcten verboten in Los Angeles<\/strong><\/p>\n<p>In Los Angeles m\u00fcssen jetzt auch kleinere Gesch\u00e4fte Papiert\u00fcten oder andere wiederverwendbare T\u00fcten f\u00fcr10 Cent statt der gratis Plastikt\u00fcten anbieten. Das Ziel dieser Aktion ist die Verminderung des M\u00fclls auf M\u00fcllhalden, in Gew\u00e4ssern und den Weltmeeren.<\/p>\n<p><strong>&#8211; Diese essbare Wasserflasche k\u00f6nnte Plastikflaschen ersetzen<\/strong><\/p>\n<p>Gibt es eine L\u00f6sung f\u00fcr das stets gr\u00f6\u00dfer werdende Problem mit dem Plastikm\u00fcll? Drei spanische Designstudenten erfanden die \u2018essbare Wasserflasche\u2019. Die Designer Rodrigo Garc\u00eda Gonz\u00e1lez, Couche Guillaume und Pierre Paslier nannten ihre Kreation &#8222;Ooho&#8220;. Sie besteht aus einer Gelee-Membran, die den Wasserinhalt wie eine Blase einkapselt. Hast du Durst? Dann durchbohrst du die Membran und trinkst du einfach. Die aus Braunalgen und Kalziumchlorid hergestellte Membran ist essbar, hygienisch und biologisch abbaubar.<\/p>\n<p><strong>&#8211; Lampen an den Fischersnetzen sind die Rettung f\u00fcr Schildkr\u00f6ten<\/strong><\/p>\n<p>Amerikanische Meeresbiologen befestigten kleine Led-Lampen an den Fischersnetzen, damit weniger Meeresschildkr\u00f6ten sich in den Netzen der Fischer verwickeln. Die Lampen sind f\u00fcr viele Schildkr\u00f6tenarten sichtbar, f\u00fcr die meisten Fische jedoch nicht. Bei Experimenten wurde deutlich, dass sich dadurch 40% weniger gr\u00fcne Meeresschildkr\u00f6ten in den Netzen verwickelten. Der Ertrag des Fischfangs blieb gleich.<\/p>\n<p><strong>&#8211; Seit dem Sonarverbot strandeten die Wahlfische nicht mehr<br \/>\n<\/strong><strong>auf den kanarischen Inseln<\/strong><\/p>\n<p>Im Jahre 2004 gab es noch ein Massensterben der Walfische vor den K\u00fcsten von Fuertaventura und Lanzarote. Walfische reagieren sehr empfindlich auf Sonarapparatur. Das f\u00fchrt bei Walfischen zu Schmerzen, die mit der Dekompressionskrankheit bei Tauchern, die zu schnell nach oben kommen, vergleichbar ist.<br \/>\nSeit dem Verbot auf die Verwendung von Sonarapparaten bei der Marine im Jahr 2004 gab es keine massenhaften Strandungen der Walfische mehr auf den kanarischen Inseln. Eine richtige Entscheidung. Hoffentlich schlie\u00dfen sich andere L\u00e4nder schnell an das spanische Beispiel an\u2026<\/p>\n<\/div>\n<div class=\"banners\"><\/div>\n","protected":false},"featured_media":43004,"menu_order":153,"template":"","format":"standard","class_list":["post-43009","red_de_zee","type-red_de_zee","status-publish","format-standard","has-post-thumbnail","hentry","red_de_zee_categorieen-verschmutzung-der-ozeane"],"acf":[],"yoast_head":"<!-- This site is optimized with the Yoast SEO plugin v24.7 - https:\/\/yoast.com\/wordpress\/plugins\/seo\/ -->\n<title>Gemeinsam k\u00f6nnen wir die Weltmeere sch\u00fctzen: einige positive Initiativen<\/title>\n<meta name=\"description\" content=\"Kleine Initiativen k\u00f6nnen den Unterschied bedeuten. Viele kleine Initiativen k\u00f6nnen einen gro\u00dfen Unterschied bedeuten. Gemeinsam k\u00f6nnen wir die Weltmeere\" \/>\n<meta name=\"robots\" content=\"index, follow, max-snippet:-1, max-image-preview:large, max-video-preview:-1\" \/>\n<link rel=\"canonical\" href=\"https:\/\/www.amanprana.eu\/de\/rettet-das-meer\/weltmeere-schutzen\/\" \/>\n<meta property=\"og:locale\" content=\"de_DE\" \/>\n<meta property=\"og:type\" content=\"article\" \/>\n<meta property=\"og:title\" content=\"Gemeinsam k\u00f6nnen wir die Weltmeere sch\u00fctzen: einige positive Initiativen\" \/>\n<meta property=\"og:description\" content=\"Kleine Initiativen k\u00f6nnen den Unterschied bedeuten. Viele kleine Initiativen k\u00f6nnen einen gro\u00dfen Unterschied bedeuten. Gemeinsam k\u00f6nnen wir die Weltmeere\" \/>\n<meta property=\"og:url\" content=\"https:\/\/www.amanprana.eu\/de\/rettet-das-meer\/weltmeere-schutzen\/\" \/>\n<meta property=\"og:site_name\" content=\"Amanprana\" \/>\n<meta property=\"article:publisher\" content=\"https:\/\/www.facebook.com\/Amanpranaproducts\/\" \/>\n<meta property=\"article:modified_time\" content=\"2022-05-30T19:57:51+00:00\" \/>\n<meta property=\"og:image\" content=\"https:\/\/www.amanprana.eu\/wp-content\/uploads\/Met-goede-initiatieven-kunnen-we-samen-de-oceanen-beschermen.jpg\" \/>\n\t<meta property=\"og:image:width\" content=\"640\" \/>\n\t<meta property=\"og:image:height\" content=\"319\" \/>\n\t<meta property=\"og:image:type\" content=\"image\/jpeg\" \/>\n<meta name=\"twitter:card\" content=\"summary_large_image\" \/>\n<meta name=\"twitter:label1\" content=\"Gesch\u00e4tzte Lesezeit\" \/>\n\t<meta name=\"twitter:data1\" content=\"3\u00a0Minuten\" \/>\n<script type=\"application\/ld+json\" class=\"yoast-schema-graph\">{\"@context\":\"https:\/\/schema.org\",\"@graph\":[{\"@type\":\"WebPage\",\"@id\":\"https:\/\/www.amanprana.eu\/de\/rettet-das-meer\/weltmeere-schutzen\/\",\"url\":\"https:\/\/www.amanprana.eu\/de\/rettet-das-meer\/weltmeere-schutzen\/\",\"name\":\"Gemeinsam k\u00f6nnen wir die Weltmeere sch\u00fctzen: einige positive Initiativen\",\"isPartOf\":{\"@id\":\"https:\/\/www.amanprana.eu\/de\/#website\"},\"primaryImageOfPage\":{\"@id\":\"https:\/\/www.amanprana.eu\/de\/rettet-das-meer\/weltmeere-schutzen\/#primaryimage\"},\"image\":{\"@id\":\"https:\/\/www.amanprana.eu\/de\/rettet-das-meer\/weltmeere-schutzen\/#primaryimage\"},\"thumbnailUrl\":\"https:\/\/www.amanprana.eu\/wp-content\/uploads\/Met-goede-initiatieven-kunnen-we-samen-de-oceanen-beschermen.jpg\",\"datePublished\":\"2019-01-03T14:52:09+00:00\",\"dateModified\":\"2022-05-30T19:57:51+00:00\",\"description\":\"Kleine Initiativen k\u00f6nnen den Unterschied bedeuten. Viele kleine Initiativen k\u00f6nnen einen gro\u00dfen Unterschied bedeuten. Gemeinsam k\u00f6nnen wir die Weltmeere\",\"breadcrumb\":{\"@id\":\"https:\/\/www.amanprana.eu\/de\/rettet-das-meer\/weltmeere-schutzen\/#breadcrumb\"},\"inLanguage\":\"de\",\"potentialAction\":[{\"@type\":\"ReadAction\",\"target\":[\"https:\/\/www.amanprana.eu\/de\/rettet-das-meer\/weltmeere-schutzen\/\"]}]},{\"@type\":\"ImageObject\",\"inLanguage\":\"de\",\"@id\":\"https:\/\/www.amanprana.eu\/de\/rettet-das-meer\/weltmeere-schutzen\/#primaryimage\",\"url\":\"https:\/\/www.amanprana.eu\/wp-content\/uploads\/Met-goede-initiatieven-kunnen-we-samen-de-oceanen-beschermen.jpg\",\"contentUrl\":\"https:\/\/www.amanprana.eu\/wp-content\/uploads\/Met-goede-initiatieven-kunnen-we-samen-de-oceanen-beschermen.jpg\",\"width\":640,\"height\":319},{\"@type\":\"BreadcrumbList\",\"@id\":\"https:\/\/www.amanprana.eu\/de\/rettet-das-meer\/weltmeere-schutzen\/#breadcrumb\",\"itemListElement\":[{\"@type\":\"ListItem\",\"position\":1,\"name\":\"Amanprana.eu\",\"item\":\"https:\/\/www.amanprana.eu\/de\/\"},{\"@type\":\"ListItem\",\"position\":2,\"name\":\"RDM - berichten\",\"item\":\"https:\/\/www.amanprana.eu\/de\/rettet-das-meer\/\"},{\"@type\":\"ListItem\",\"position\":3,\"name\":\"Verschmutzung der Ozeane\",\"item\":\"https:\/\/www.amanprana.eu\/de\/red_de_zee_categorieen\/verschmutzung-der-ozeane\/\"},{\"@type\":\"ListItem\",\"position\":4,\"name\":\"Gemeinsam k\u00f6nnen wir die Weltmeere sch\u00fctzen\"}]},{\"@type\":\"WebSite\",\"@id\":\"https:\/\/www.amanprana.eu\/de\/#website\",\"url\":\"https:\/\/www.amanprana.eu\/de\/\",\"name\":\"Amanprana\",\"description\":\"Serene levenskracht\",\"publisher\":{\"@id\":\"https:\/\/www.amanprana.eu\/de\/#organization\"},\"potentialAction\":[{\"@type\":\"SearchAction\",\"target\":{\"@type\":\"EntryPoint\",\"urlTemplate\":\"https:\/\/www.amanprana.eu\/de\/?s={search_term_string}\"},\"query-input\":{\"@type\":\"PropertyValueSpecification\",\"valueRequired\":true,\"valueName\":\"search_term_string\"}}],\"inLanguage\":\"de\"},{\"@type\":\"Organization\",\"@id\":\"https:\/\/www.amanprana.eu\/de\/#organization\",\"name\":\"Amanprana\",\"url\":\"https:\/\/www.amanprana.eu\/de\/\",\"logo\":{\"@type\":\"ImageObject\",\"inLanguage\":\"de\",\"@id\":\"https:\/\/www.amanprana.eu\/de\/#\/schema\/logo\/image\/\",\"url\":\"https:\/\/www.amanprana.eu\/wp-content\/uploads\/webres-amanprana-logo.jpg\",\"contentUrl\":\"https:\/\/www.amanprana.eu\/wp-content\/uploads\/webres-amanprana-logo.jpg\",\"width\":300,\"height\":300,\"caption\":\"Amanprana\"},\"image\":{\"@id\":\"https:\/\/www.amanprana.eu\/de\/#\/schema\/logo\/image\/\"},\"sameAs\":[\"https:\/\/www.facebook.com\/Amanpranaproducts\/\",\"https:\/\/www.instagram.com\/amanprana\/\",\"https:\/\/nl.pinterest.com\/amanprana\/pins\/\"]}]}<\/script>\n<!-- \/ Yoast SEO plugin. -->","yoast_head_json":{"title":"Gemeinsam k\u00f6nnen wir die Weltmeere sch\u00fctzen: einige positive Initiativen","description":"Kleine Initiativen k\u00f6nnen den Unterschied bedeuten. Viele kleine Initiativen k\u00f6nnen einen gro\u00dfen Unterschied bedeuten. Gemeinsam k\u00f6nnen wir die Weltmeere","robots":{"index":"index","follow":"follow","max-snippet":"max-snippet:-1","max-image-preview":"max-image-preview:large","max-video-preview":"max-video-preview:-1"},"canonical":"https:\/\/www.amanprana.eu\/de\/rettet-das-meer\/weltmeere-schutzen\/","og_locale":"de_DE","og_type":"article","og_title":"Gemeinsam k\u00f6nnen wir die Weltmeere sch\u00fctzen: einige positive Initiativen","og_description":"Kleine Initiativen k\u00f6nnen den Unterschied bedeuten. Viele kleine Initiativen k\u00f6nnen einen gro\u00dfen Unterschied bedeuten. Gemeinsam k\u00f6nnen wir die Weltmeere","og_url":"https:\/\/www.amanprana.eu\/de\/rettet-das-meer\/weltmeere-schutzen\/","og_site_name":"Amanprana","article_publisher":"https:\/\/www.facebook.com\/Amanpranaproducts\/","article_modified_time":"2022-05-30T19:57:51+00:00","og_image":[{"width":640,"height":319,"url":"https:\/\/www.amanprana.eu\/wp-content\/uploads\/Met-goede-initiatieven-kunnen-we-samen-de-oceanen-beschermen.jpg","type":"image\/jpeg"}],"twitter_card":"summary_large_image","twitter_misc":{"Gesch\u00e4tzte Lesezeit":"3\u00a0Minuten"},"schema":{"@context":"https:\/\/schema.org","@graph":[{"@type":"WebPage","@id":"https:\/\/www.amanprana.eu\/de\/rettet-das-meer\/weltmeere-schutzen\/","url":"https:\/\/www.amanprana.eu\/de\/rettet-das-meer\/weltmeere-schutzen\/","name":"Gemeinsam k\u00f6nnen wir die Weltmeere sch\u00fctzen: einige positive Initiativen","isPartOf":{"@id":"https:\/\/www.amanprana.eu\/de\/#website"},"primaryImageOfPage":{"@id":"https:\/\/www.amanprana.eu\/de\/rettet-das-meer\/weltmeere-schutzen\/#primaryimage"},"image":{"@id":"https:\/\/www.amanprana.eu\/de\/rettet-das-meer\/weltmeere-schutzen\/#primaryimage"},"thumbnailUrl":"https:\/\/www.amanprana.eu\/wp-content\/uploads\/Met-goede-initiatieven-kunnen-we-samen-de-oceanen-beschermen.jpg","datePublished":"2019-01-03T14:52:09+00:00","dateModified":"2022-05-30T19:57:51+00:00","description":"Kleine Initiativen k\u00f6nnen den Unterschied bedeuten. Viele kleine Initiativen k\u00f6nnen einen gro\u00dfen Unterschied bedeuten. Gemeinsam k\u00f6nnen wir die Weltmeere","breadcrumb":{"@id":"https:\/\/www.amanprana.eu\/de\/rettet-das-meer\/weltmeere-schutzen\/#breadcrumb"},"inLanguage":"de","potentialAction":[{"@type":"ReadAction","target":["https:\/\/www.amanprana.eu\/de\/rettet-das-meer\/weltmeere-schutzen\/"]}]},{"@type":"ImageObject","inLanguage":"de","@id":"https:\/\/www.amanprana.eu\/de\/rettet-das-meer\/weltmeere-schutzen\/#primaryimage","url":"https:\/\/www.amanprana.eu\/wp-content\/uploads\/Met-goede-initiatieven-kunnen-we-samen-de-oceanen-beschermen.jpg","contentUrl":"https:\/\/www.amanprana.eu\/wp-content\/uploads\/Met-goede-initiatieven-kunnen-we-samen-de-oceanen-beschermen.jpg","width":640,"height":319},{"@type":"BreadcrumbList","@id":"https:\/\/www.amanprana.eu\/de\/rettet-das-meer\/weltmeere-schutzen\/#breadcrumb","itemListElement":[{"@type":"ListItem","position":1,"name":"Amanprana.eu","item":"https:\/\/www.amanprana.eu\/de\/"},{"@type":"ListItem","position":2,"name":"RDM - berichten","item":"https:\/\/www.amanprana.eu\/de\/rettet-das-meer\/"},{"@type":"ListItem","position":3,"name":"Verschmutzung der Ozeane","item":"https:\/\/www.amanprana.eu\/de\/red_de_zee_categorieen\/verschmutzung-der-ozeane\/"},{"@type":"ListItem","position":4,"name":"Gemeinsam k\u00f6nnen wir die Weltmeere sch\u00fctzen"}]},{"@type":"WebSite","@id":"https:\/\/www.amanprana.eu\/de\/#website","url":"https:\/\/www.amanprana.eu\/de\/","name":"Amanprana","description":"Serene levenskracht","publisher":{"@id":"https:\/\/www.amanprana.eu\/de\/#organization"},"potentialAction":[{"@type":"SearchAction","target":{"@type":"EntryPoint","urlTemplate":"https:\/\/www.amanprana.eu\/de\/?s={search_term_string}"},"query-input":{"@type":"PropertyValueSpecification","valueRequired":true,"valueName":"search_term_string"}}],"inLanguage":"de"},{"@type":"Organization","@id":"https:\/\/www.amanprana.eu\/de\/#organization","name":"Amanprana","url":"https:\/\/www.amanprana.eu\/de\/","logo":{"@type":"ImageObject","inLanguage":"de","@id":"https:\/\/www.amanprana.eu\/de\/#\/schema\/logo\/image\/","url":"https:\/\/www.amanprana.eu\/wp-content\/uploads\/webres-amanprana-logo.jpg","contentUrl":"https:\/\/www.amanprana.eu\/wp-content\/uploads\/webres-amanprana-logo.jpg","width":300,"height":300,"caption":"Amanprana"},"image":{"@id":"https:\/\/www.amanprana.eu\/de\/#\/schema\/logo\/image\/"},"sameAs":["https:\/\/www.facebook.com\/Amanpranaproducts\/","https:\/\/www.instagram.com\/amanprana\/","https:\/\/nl.pinterest.com\/amanprana\/pins\/"]}]}},"multi-rating":{"mr_rating_results":[]},"_links":{"self":[{"href":"https:\/\/www.amanprana.eu\/de\/wp-json\/wp\/v2\/red_de_zee\/43009","targetHints":{"allow":["GET"]}}],"collection":[{"href":"https:\/\/www.amanprana.eu\/de\/wp-json\/wp\/v2\/red_de_zee"}],"about":[{"href":"https:\/\/www.amanprana.eu\/de\/wp-json\/wp\/v2\/types\/red_de_zee"}],"version-history":[{"count":1,"href":"https:\/\/www.amanprana.eu\/de\/wp-json\/wp\/v2\/red_de_zee\/43009\/revisions"}],"predecessor-version":[{"id":79234,"href":"https:\/\/www.amanprana.eu\/de\/wp-json\/wp\/v2\/red_de_zee\/43009\/revisions\/79234"}],"wp:featuredmedia":[{"embeddable":true,"href":"https:\/\/www.amanprana.eu\/de\/wp-json\/wp\/v2\/media\/43004"}],"wp:attachment":[{"href":"https:\/\/www.amanprana.eu\/de\/wp-json\/wp\/v2\/media?parent=43009"}],"curies":[{"name":"wp","href":"https:\/\/api.w.org\/{rel}","templated":true}]}}