

{"id":43020,"date":"2019-01-03T16:02:06","date_gmt":"2019-01-03T15:02:06","guid":{"rendered":"https:\/\/www.amanprana.eu\/red_de_zee\/plastiktuten-werden-zu-plastiksuppe-massnahmen-der-eu\/"},"modified":"2019-01-03T16:02:06","modified_gmt":"2019-01-03T15:02:06","slug":"plastiktuten-werden-zu-plastiksuppe-massnahmen-der-eu","status":"publish","type":"red_de_zee","link":"https:\/\/www.amanprana.eu\/de\/rettet-das-meer\/plastiktuten-werden-zu-plastiksuppe-massnahmen-der-eu\/","title":{"rendered":"Positiv: Plastikt\u00fcten nicht mehr selbstverst\u00e4ndlich. EU geht gegen Plastiksuppe vor"},"content":{"rendered":"<div class=\"main\">\n<p>Wie viele Plastikt\u00fcten verwenden Sie? Ein durchschnittlicher Europ\u00e4er verbraucht 200 Plastikt\u00fcten im Jahr. Dies f\u00fchrt zu einem\u00a0<a title=\"gigantischen Abfallberg\" href=\"https:\/\/www.noble-house.tk\/de\/rettet-das-meer-mit-amanprana\/tonnen-plastikmull-bei-sommerfestivals\" target=\"_blank\" rel=\"nofollow noopener\"><em>gigantischen Abfallberg<\/em><\/a>. Die Abf\u00e4lle landen in unseren Fl\u00fcssen, Meeren und letztendlich im Magen der Fische, V\u00f6gel und in unserem eigenen Magen. Zwar nicht in Form einer Plastikt\u00fcte, aber in Form von Mikroplastikteilchen. Jedes Jahr landen mehr als 8 Milliarden Plastikt\u00fcten in der Natur. Eine betr\u00e4chtliche Zahl; 7 Millionen dieser T\u00fcten wurden nur ein einziges Mal verwendet, mit desastr\u00f6sen Folgen f\u00fcr die Umwelt und somit auch f\u00fcr die menschliche Gesundheit.<\/p>\n<h2>Plastikt\u00fcten verschmutzen die Umwelt, Gegenma\u00dfnahmen notwendig<\/h2>\n<p>Es ist h\u00e4ufig sehr einfach, eine Plastikt\u00fcte zu verwenden, zu kaufen oder beim Einkaufen zu verlangen. Eine bessere Alternative ist allerdings, eine mehrfach verwendbare Baumwolltasche mitzunehmen. Gl\u00fccklicherweise ist sich auch die Europ\u00e4ische Union der immensen Verschmutzung bewusst, die Plastikt\u00fcten mit sich bringen. Sie ist deshalb der Ansicht, dass der Gebrauch von industriellen Plastikt\u00fcten einged\u00e4mmt werden muss. Eine gute Sache, wie wir finden.<\/p>\n<h2>Plastikt\u00fcten verschwinden, nachhaltige T\u00fcten aus Bio-Plastik oder Bio-Baumwolle sind die Zukunft<\/h2>\n<p>Es wird Zeit f\u00fcr eine neue Art des Einkaufens: selbst T\u00fcten mitnehmen, T\u00fcten nachhaltiger machen und T\u00fcten h\u00e4ufiger verwenden, das ist der richtige Weg, den wir gehen m\u00fcssen. In K\u00fcrze (zum 1. Januar 2016) wird es in den Niederlanden keine kostenlosen Plastikt\u00fcten an Supermarktkassen mehr geben. Dies passt zu den Pl\u00e4nen der EU, den Gebrauch von Plastikt\u00fcten innerhalb von f\u00fcnf Jahren um 80 % zu verringern. Daneben m\u00fcssen die T\u00fcten, die noch verwendet werden, nachhaltiger und umweltfreundlicher sein; sie m\u00fcssen zum Beispiel aus Bioplastik oder sogar\u00a0<em>Biobaumwolle<\/em>\u00a0bestehen. Untersuchungen zufolge kann die Zahl der verwendeten Plastikt\u00fcten reduziert werden, indem Geld f\u00fcr die T\u00fcten verlangt wird. Welche weiteren Ma\u00dfnahmen die EU noch treffen wird, muss sich noch zeigen.<\/p>\n<\/div>\n","protected":false},"featured_media":43014,"menu_order":88,"template":"","format":"standard","class_list":["post-43020","red_de_zee","type-red_de_zee","status-publish","format-standard","has-post-thumbnail","hentry","red_de_zee_categorieen-verschmutzung-der-ozeane"],"acf":[],"yoast_head":"<!-- This site is optimized with the Yoast SEO plugin v24.7 - https:\/\/yoast.com\/wordpress\/plugins\/seo\/ -->\n<title>Positiv: Plastikt\u00fcten nicht mehr selbstverst\u00e4ndlich. EU geht gegen Plastiksuppe vor - Amanprana<\/title>\n<meta name=\"description\" content=\"Wie viele Plastikt\u00fcten verwenden Sie? Ein durchschnittlicher Europ\u00e4er verbraucht 200 Plastikt\u00fcten im Jahr. Dies f\u00fchrt zu einem\u00a0gigantischen Abfallberg.\" \/>\n<meta name=\"robots\" content=\"index, follow, max-snippet:-1, max-image-preview:large, max-video-preview:-1\" \/>\n<link rel=\"canonical\" href=\"https:\/\/www.amanprana.eu\/de\/rettet-das-meer\/plastiktuten-werden-zu-plastiksuppe-massnahmen-der-eu\/\" \/>\n<meta property=\"og:locale\" content=\"de_DE\" \/>\n<meta property=\"og:type\" content=\"article\" \/>\n<meta property=\"og:title\" content=\"Positiv: Plastikt\u00fcten nicht mehr selbstverst\u00e4ndlich. EU geht gegen Plastiksuppe vor - Amanprana\" \/>\n<meta property=\"og:description\" content=\"Wie viele Plastikt\u00fcten verwenden Sie? Ein durchschnittlicher Europ\u00e4er verbraucht 200 Plastikt\u00fcten im Jahr. Dies f\u00fchrt zu einem\u00a0gigantischen Abfallberg.\" \/>\n<meta property=\"og:url\" content=\"https:\/\/www.amanprana.eu\/de\/rettet-das-meer\/plastiktuten-werden-zu-plastiksuppe-massnahmen-der-eu\/\" \/>\n<meta property=\"og:site_name\" content=\"Amanprana\" \/>\n<meta property=\"article:publisher\" content=\"https:\/\/www.facebook.com\/Amanpranaproducts\/\" \/>\n<meta property=\"og:image\" content=\"https:\/\/www.amanprana.eu\/wp-content\/uploads\/Een-plastic-tasje-zakje-in-het-zeewater.jpg\" \/>\n\t<meta property=\"og:image:width\" content=\"454\" \/>\n\t<meta property=\"og:image:height\" content=\"341\" \/>\n\t<meta property=\"og:image:type\" content=\"image\/jpeg\" \/>\n<meta name=\"twitter:card\" content=\"summary_large_image\" \/>\n<meta name=\"twitter:label1\" content=\"Gesch\u00e4tzte Lesezeit\" \/>\n\t<meta name=\"twitter:data1\" content=\"2\u00a0Minuten\" \/>\n<script type=\"application\/ld+json\" class=\"yoast-schema-graph\">{\"@context\":\"https:\/\/schema.org\",\"@graph\":[{\"@type\":\"WebPage\",\"@id\":\"https:\/\/www.amanprana.eu\/de\/rettet-das-meer\/plastiktuten-werden-zu-plastiksuppe-massnahmen-der-eu\/\",\"url\":\"https:\/\/www.amanprana.eu\/de\/rettet-das-meer\/plastiktuten-werden-zu-plastiksuppe-massnahmen-der-eu\/\",\"name\":\"Positiv: Plastikt\u00fcten nicht mehr selbstverst\u00e4ndlich. EU geht gegen Plastiksuppe vor - Amanprana\",\"isPartOf\":{\"@id\":\"https:\/\/www.amanprana.eu\/de\/#website\"},\"primaryImageOfPage\":{\"@id\":\"https:\/\/www.amanprana.eu\/de\/rettet-das-meer\/plastiktuten-werden-zu-plastiksuppe-massnahmen-der-eu\/#primaryimage\"},\"image\":{\"@id\":\"https:\/\/www.amanprana.eu\/de\/rettet-das-meer\/plastiktuten-werden-zu-plastiksuppe-massnahmen-der-eu\/#primaryimage\"},\"thumbnailUrl\":\"https:\/\/www.amanprana.eu\/wp-content\/uploads\/Een-plastic-tasje-zakje-in-het-zeewater.jpg\",\"datePublished\":\"2019-01-03T15:02:06+00:00\",\"description\":\"Wie viele Plastikt\u00fcten verwenden Sie? Ein durchschnittlicher Europ\u00e4er verbraucht 200 Plastikt\u00fcten im Jahr. Dies f\u00fchrt zu einem\u00a0gigantischen Abfallberg.\",\"breadcrumb\":{\"@id\":\"https:\/\/www.amanprana.eu\/de\/rettet-das-meer\/plastiktuten-werden-zu-plastiksuppe-massnahmen-der-eu\/#breadcrumb\"},\"inLanguage\":\"de\",\"potentialAction\":[{\"@type\":\"ReadAction\",\"target\":[\"https:\/\/www.amanprana.eu\/de\/rettet-das-meer\/plastiktuten-werden-zu-plastiksuppe-massnahmen-der-eu\/\"]}]},{\"@type\":\"ImageObject\",\"inLanguage\":\"de\",\"@id\":\"https:\/\/www.amanprana.eu\/de\/rettet-das-meer\/plastiktuten-werden-zu-plastiksuppe-massnahmen-der-eu\/#primaryimage\",\"url\":\"https:\/\/www.amanprana.eu\/wp-content\/uploads\/Een-plastic-tasje-zakje-in-het-zeewater.jpg\",\"contentUrl\":\"https:\/\/www.amanprana.eu\/wp-content\/uploads\/Een-plastic-tasje-zakje-in-het-zeewater.jpg\",\"width\":454,\"height\":341},{\"@type\":\"BreadcrumbList\",\"@id\":\"https:\/\/www.amanprana.eu\/de\/rettet-das-meer\/plastiktuten-werden-zu-plastiksuppe-massnahmen-der-eu\/#breadcrumb\",\"itemListElement\":[{\"@type\":\"ListItem\",\"position\":1,\"name\":\"Amanprana.eu\",\"item\":\"https:\/\/www.amanprana.eu\/de\/\"},{\"@type\":\"ListItem\",\"position\":2,\"name\":\"RDM - berichten\",\"item\":\"https:\/\/www.amanprana.eu\/de\/rettet-das-meer\/\"},{\"@type\":\"ListItem\",\"position\":3,\"name\":\"Verschmutzung der Ozeane\",\"item\":\"https:\/\/www.amanprana.eu\/de\/red_de_zee_categorieen\/verschmutzung-der-ozeane\/\"},{\"@type\":\"ListItem\",\"position\":4,\"name\":\"Positiv: Plastikt\u00fcten nicht mehr selbstverst\u00e4ndlich. EU geht gegen Plastiksuppe vor\"}]},{\"@type\":\"WebSite\",\"@id\":\"https:\/\/www.amanprana.eu\/de\/#website\",\"url\":\"https:\/\/www.amanprana.eu\/de\/\",\"name\":\"Amanprana\",\"description\":\"Serene levenskracht\",\"publisher\":{\"@id\":\"https:\/\/www.amanprana.eu\/de\/#organization\"},\"potentialAction\":[{\"@type\":\"SearchAction\",\"target\":{\"@type\":\"EntryPoint\",\"urlTemplate\":\"https:\/\/www.amanprana.eu\/de\/?s={search_term_string}\"},\"query-input\":{\"@type\":\"PropertyValueSpecification\",\"valueRequired\":true,\"valueName\":\"search_term_string\"}}],\"inLanguage\":\"de\"},{\"@type\":\"Organization\",\"@id\":\"https:\/\/www.amanprana.eu\/de\/#organization\",\"name\":\"Amanprana\",\"url\":\"https:\/\/www.amanprana.eu\/de\/\",\"logo\":{\"@type\":\"ImageObject\",\"inLanguage\":\"de\",\"@id\":\"https:\/\/www.amanprana.eu\/de\/#\/schema\/logo\/image\/\",\"url\":\"https:\/\/www.amanprana.eu\/wp-content\/uploads\/webres-amanprana-logo.jpg\",\"contentUrl\":\"https:\/\/www.amanprana.eu\/wp-content\/uploads\/webres-amanprana-logo.jpg\",\"width\":300,\"height\":300,\"caption\":\"Amanprana\"},\"image\":{\"@id\":\"https:\/\/www.amanprana.eu\/de\/#\/schema\/logo\/image\/\"},\"sameAs\":[\"https:\/\/www.facebook.com\/Amanpranaproducts\/\",\"https:\/\/www.instagram.com\/amanprana\/\",\"https:\/\/nl.pinterest.com\/amanprana\/pins\/\"]}]}<\/script>\n<!-- \/ Yoast SEO plugin. -->","yoast_head_json":{"title":"Positiv: Plastikt\u00fcten nicht mehr selbstverst\u00e4ndlich. EU geht gegen Plastiksuppe vor - Amanprana","description":"Wie viele Plastikt\u00fcten verwenden Sie? Ein durchschnittlicher Europ\u00e4er verbraucht 200 Plastikt\u00fcten im Jahr. Dies f\u00fchrt zu einem\u00a0gigantischen Abfallberg.","robots":{"index":"index","follow":"follow","max-snippet":"max-snippet:-1","max-image-preview":"max-image-preview:large","max-video-preview":"max-video-preview:-1"},"canonical":"https:\/\/www.amanprana.eu\/de\/rettet-das-meer\/plastiktuten-werden-zu-plastiksuppe-massnahmen-der-eu\/","og_locale":"de_DE","og_type":"article","og_title":"Positiv: Plastikt\u00fcten nicht mehr selbstverst\u00e4ndlich. EU geht gegen Plastiksuppe vor - Amanprana","og_description":"Wie viele Plastikt\u00fcten verwenden Sie? Ein durchschnittlicher Europ\u00e4er verbraucht 200 Plastikt\u00fcten im Jahr. Dies f\u00fchrt zu einem\u00a0gigantischen Abfallberg.","og_url":"https:\/\/www.amanprana.eu\/de\/rettet-das-meer\/plastiktuten-werden-zu-plastiksuppe-massnahmen-der-eu\/","og_site_name":"Amanprana","article_publisher":"https:\/\/www.facebook.com\/Amanpranaproducts\/","og_image":[{"width":454,"height":341,"url":"https:\/\/www.amanprana.eu\/wp-content\/uploads\/Een-plastic-tasje-zakje-in-het-zeewater.jpg","type":"image\/jpeg"}],"twitter_card":"summary_large_image","twitter_misc":{"Gesch\u00e4tzte Lesezeit":"2\u00a0Minuten"},"schema":{"@context":"https:\/\/schema.org","@graph":[{"@type":"WebPage","@id":"https:\/\/www.amanprana.eu\/de\/rettet-das-meer\/plastiktuten-werden-zu-plastiksuppe-massnahmen-der-eu\/","url":"https:\/\/www.amanprana.eu\/de\/rettet-das-meer\/plastiktuten-werden-zu-plastiksuppe-massnahmen-der-eu\/","name":"Positiv: Plastikt\u00fcten nicht mehr selbstverst\u00e4ndlich. EU geht gegen Plastiksuppe vor - Amanprana","isPartOf":{"@id":"https:\/\/www.amanprana.eu\/de\/#website"},"primaryImageOfPage":{"@id":"https:\/\/www.amanprana.eu\/de\/rettet-das-meer\/plastiktuten-werden-zu-plastiksuppe-massnahmen-der-eu\/#primaryimage"},"image":{"@id":"https:\/\/www.amanprana.eu\/de\/rettet-das-meer\/plastiktuten-werden-zu-plastiksuppe-massnahmen-der-eu\/#primaryimage"},"thumbnailUrl":"https:\/\/www.amanprana.eu\/wp-content\/uploads\/Een-plastic-tasje-zakje-in-het-zeewater.jpg","datePublished":"2019-01-03T15:02:06+00:00","description":"Wie viele Plastikt\u00fcten verwenden Sie? Ein durchschnittlicher Europ\u00e4er verbraucht 200 Plastikt\u00fcten im Jahr. Dies f\u00fchrt zu einem\u00a0gigantischen Abfallberg.","breadcrumb":{"@id":"https:\/\/www.amanprana.eu\/de\/rettet-das-meer\/plastiktuten-werden-zu-plastiksuppe-massnahmen-der-eu\/#breadcrumb"},"inLanguage":"de","potentialAction":[{"@type":"ReadAction","target":["https:\/\/www.amanprana.eu\/de\/rettet-das-meer\/plastiktuten-werden-zu-plastiksuppe-massnahmen-der-eu\/"]}]},{"@type":"ImageObject","inLanguage":"de","@id":"https:\/\/www.amanprana.eu\/de\/rettet-das-meer\/plastiktuten-werden-zu-plastiksuppe-massnahmen-der-eu\/#primaryimage","url":"https:\/\/www.amanprana.eu\/wp-content\/uploads\/Een-plastic-tasje-zakje-in-het-zeewater.jpg","contentUrl":"https:\/\/www.amanprana.eu\/wp-content\/uploads\/Een-plastic-tasje-zakje-in-het-zeewater.jpg","width":454,"height":341},{"@type":"BreadcrumbList","@id":"https:\/\/www.amanprana.eu\/de\/rettet-das-meer\/plastiktuten-werden-zu-plastiksuppe-massnahmen-der-eu\/#breadcrumb","itemListElement":[{"@type":"ListItem","position":1,"name":"Amanprana.eu","item":"https:\/\/www.amanprana.eu\/de\/"},{"@type":"ListItem","position":2,"name":"RDM - berichten","item":"https:\/\/www.amanprana.eu\/de\/rettet-das-meer\/"},{"@type":"ListItem","position":3,"name":"Verschmutzung der Ozeane","item":"https:\/\/www.amanprana.eu\/de\/red_de_zee_categorieen\/verschmutzung-der-ozeane\/"},{"@type":"ListItem","position":4,"name":"Positiv: Plastikt\u00fcten nicht mehr selbstverst\u00e4ndlich. EU geht gegen Plastiksuppe vor"}]},{"@type":"WebSite","@id":"https:\/\/www.amanprana.eu\/de\/#website","url":"https:\/\/www.amanprana.eu\/de\/","name":"Amanprana","description":"Serene levenskracht","publisher":{"@id":"https:\/\/www.amanprana.eu\/de\/#organization"},"potentialAction":[{"@type":"SearchAction","target":{"@type":"EntryPoint","urlTemplate":"https:\/\/www.amanprana.eu\/de\/?s={search_term_string}"},"query-input":{"@type":"PropertyValueSpecification","valueRequired":true,"valueName":"search_term_string"}}],"inLanguage":"de"},{"@type":"Organization","@id":"https:\/\/www.amanprana.eu\/de\/#organization","name":"Amanprana","url":"https:\/\/www.amanprana.eu\/de\/","logo":{"@type":"ImageObject","inLanguage":"de","@id":"https:\/\/www.amanprana.eu\/de\/#\/schema\/logo\/image\/","url":"https:\/\/www.amanprana.eu\/wp-content\/uploads\/webres-amanprana-logo.jpg","contentUrl":"https:\/\/www.amanprana.eu\/wp-content\/uploads\/webres-amanprana-logo.jpg","width":300,"height":300,"caption":"Amanprana"},"image":{"@id":"https:\/\/www.amanprana.eu\/de\/#\/schema\/logo\/image\/"},"sameAs":["https:\/\/www.facebook.com\/Amanpranaproducts\/","https:\/\/www.instagram.com\/amanprana\/","https:\/\/nl.pinterest.com\/amanprana\/pins\/"]}]}},"multi-rating":{"mr_rating_results":[]},"_links":{"self":[{"href":"https:\/\/www.amanprana.eu\/de\/wp-json\/wp\/v2\/red_de_zee\/43020","targetHints":{"allow":["GET"]}}],"collection":[{"href":"https:\/\/www.amanprana.eu\/de\/wp-json\/wp\/v2\/red_de_zee"}],"about":[{"href":"https:\/\/www.amanprana.eu\/de\/wp-json\/wp\/v2\/types\/red_de_zee"}],"version-history":[{"count":0,"href":"https:\/\/www.amanprana.eu\/de\/wp-json\/wp\/v2\/red_de_zee\/43020\/revisions"}],"wp:featuredmedia":[{"embeddable":true,"href":"https:\/\/www.amanprana.eu\/de\/wp-json\/wp\/v2\/media\/43014"}],"wp:attachment":[{"href":"https:\/\/www.amanprana.eu\/de\/wp-json\/wp\/v2\/media?parent=43020"}],"curies":[{"name":"wp","href":"https:\/\/api.w.org\/{rel}","templated":true}]}}