

{"id":43029,"date":"2019-01-03T16:05:59","date_gmt":"2019-01-03T15:05:59","guid":{"rendered":"https:\/\/www.amanprana.eu\/red_de_zee\/biodiversitat-ozeane-meere\/"},"modified":"2022-05-30T22:24:15","modified_gmt":"2022-05-30T20:24:15","slug":"biodiversitat-ozeane-meere","status":"publish","type":"red_de_zee","link":"https:\/\/www.amanprana.eu\/de\/rettet-das-meer\/biodiversitat-ozeane-meere\/","title":{"rendered":"Schutz der Ozeane, Meere und Biodiversit\u00e4t kommt nicht voran"},"content":{"rendered":"<div>\n<p>Aus einer Studie des Instituts f\u00fcr Ozeane und Fischerei der Universit\u00e4t von British Columbia (UBC) geht hervor, dass nur 4\u00a0% der Ozeane gesch\u00fctzt werden.<br \/>\nDas ist ziemlich wenig. Es gibt also noch viel zu tun. Die Ergebnisse der Studie zeigen, dass noch viel Arbeit vor uns liegt, wenn wir auch nur das Minimalziel erreichen wollen, um den Untergang der Biodiversit\u00e4t aufzuhalten.<\/p>\n<h2>Aichi-Ziele f\u00fcr Schutz und Wiederherstellung der Biodiversit\u00e4t<\/h2>\n<p>Die Ziele wurden in 2010 formuliert. Damals kamen im japanischen Nagoya fast 200 L\u00e4ndern zusammen. Bei diesem Treffen wurden die\u00a0<a title=\"Aichi-Ziele\" href=\"https:\/\/www.cbd.int\/sp\/targets\/\" target=\"_blank\" rel=\"nofollow noopener\">Aichi-Ziele<\/a>\u00a0vereinbart, die den Verlust der Biodiversit\u00e4t weltweit, also nicht nur in den Ozeanen, vermeiden sollen. Es wurde vereinbart, dass bis 2020 mindestens 10\u00a0% der Ozeane als Meeresschutzgebiete ausgewiesen werden sollen. Momentan fehlen hierf\u00fcr also noch 6\u00a0%.<br \/>\nDar\u00fcber hinaus wurden selbstverst\u00e4ndlich noch weitere Vereinbarungen getroffen. Die Schutzgebiete m\u00fcssen nachhaltig verwaltet werden und au\u00dferdem \u00f6kologisch repr\u00e4sentativ sein. So kann nicht nur der Schutz der Natur, sondern auch der Erhalt von Lebensr\u00e4umen gesichert werden.<\/p>\n<h2>No-Take-Zonen in den Ozeanen<\/h2>\n<p>Die Staaten sind daf\u00fcr verantwortlich Meeresschutzgebiete zu schaffen. Au\u00dferdem m\u00fcssen sogenannte No-Take-Zonen eingerichtet werden. In diesen Zonen ist das entfernen jeglicher Organismen verboten. Das bezieht sich also auf Fische, Tang oder Schalentiere. Au\u00dferdem d\u00fcrfen keine nicht-lebenden Ressourcen abgebaut werden. Dazu geh\u00f6ren zum Beispiel \u00d6l und Gas. Momentan sind nur 16\u00a0% der Meeresschutzgebiete (0,5\u00a0% der gesamten Gew\u00e4sser) als No-Take-Zonen ausgewiesen.<\/p>\n<h2>Informieren Sie sich \u00fcber Google Earth Oceans<\/h2>\n<p>Sie m\u00f6chten mal einen Blick in unsere Ozeane werfen? Google bietet einen Service an, mit dem Sie in verschiedene Meeresgebiete und besondere Lebensr\u00e4ume unserer Ozeane abtauchen k\u00f6nnen:\u00a0<a title=\"Google Earth Oceans\" href=\"http:\/\/www.google.be\/intl\/de\/earth\/explore\/showcase\/ocean.html\" target=\"_blank\" rel=\"nofollow noopener\">Google Earth Oceans<\/a>. Das ist nicht nur interessant f\u00fcr die Nutzer, sondern kann auch dazu beitragen, dass die Ver\u00e4nderungen im Laufe der Jahre studiert werden k\u00f6nnen.<\/p>\n<\/div>\n","protected":false},"featured_media":43025,"menu_order":145,"template":"","format":"standard","class_list":["post-43029","red_de_zee","type-red_de_zee","status-publish","format-standard","has-post-thumbnail","hentry","red_de_zee_categorieen-verschmutzung-der-ozeane"],"acf":[],"yoast_head":"<!-- This site is optimized with the Yoast SEO plugin v24.7 - https:\/\/yoast.com\/wordpress\/plugins\/seo\/ -->\n<title>Der Schutz der Ozeane, Meere und der Biodiversit\u00e4t hinkt hinterher<\/title>\n<meta name=\"description\" content=\"Aus einer Studie des Instituts f\u00fcr Ozeane und Fischerei der Universit\u00e4t von British Columbia (UBC) geht hervor, dass nur 4\u00a0% der Ozeane gesch\u00fctzt werden.\" \/>\n<meta name=\"robots\" content=\"index, follow, max-snippet:-1, max-image-preview:large, max-video-preview:-1\" \/>\n<link rel=\"canonical\" href=\"https:\/\/www.amanprana.eu\/de\/rettet-das-meer\/biodiversitat-ozeane-meere\/\" \/>\n<meta property=\"og:locale\" content=\"de_DE\" \/>\n<meta property=\"og:type\" content=\"article\" \/>\n<meta property=\"og:title\" content=\"Der Schutz der Ozeane, Meere und der Biodiversit\u00e4t hinkt hinterher\" \/>\n<meta property=\"og:description\" content=\"Aus einer Studie des Instituts f\u00fcr Ozeane und Fischerei der Universit\u00e4t von British Columbia (UBC) geht hervor, dass nur 4\u00a0% der Ozeane gesch\u00fctzt werden.\" \/>\n<meta property=\"og:url\" content=\"https:\/\/www.amanprana.eu\/de\/rettet-das-meer\/biodiversitat-ozeane-meere\/\" \/>\n<meta property=\"og:site_name\" content=\"Amanprana\" \/>\n<meta property=\"article:publisher\" content=\"https:\/\/www.facebook.com\/Amanpranaproducts\/\" \/>\n<meta property=\"article:modified_time\" content=\"2022-05-30T20:24:15+00:00\" \/>\n<meta property=\"og:image\" content=\"https:\/\/www.amanprana.eu\/wp-content\/uploads\/De-oceanen.jpg\" \/>\n\t<meta property=\"og:image:width\" content=\"1420\" \/>\n\t<meta property=\"og:image:height\" content=\"604\" \/>\n\t<meta property=\"og:image:type\" content=\"image\/jpeg\" \/>\n<meta name=\"twitter:card\" content=\"summary_large_image\" \/>\n<meta name=\"twitter:label1\" content=\"Gesch\u00e4tzte Lesezeit\" \/>\n\t<meta name=\"twitter:data1\" content=\"2\u00a0Minuten\" \/>\n<script type=\"application\/ld+json\" class=\"yoast-schema-graph\">{\"@context\":\"https:\/\/schema.org\",\"@graph\":[{\"@type\":\"WebPage\",\"@id\":\"https:\/\/www.amanprana.eu\/de\/rettet-das-meer\/biodiversitat-ozeane-meere\/\",\"url\":\"https:\/\/www.amanprana.eu\/de\/rettet-das-meer\/biodiversitat-ozeane-meere\/\",\"name\":\"Der Schutz der Ozeane, Meere und der Biodiversit\u00e4t hinkt hinterher\",\"isPartOf\":{\"@id\":\"https:\/\/www.amanprana.eu\/de\/#website\"},\"primaryImageOfPage\":{\"@id\":\"https:\/\/www.amanprana.eu\/de\/rettet-das-meer\/biodiversitat-ozeane-meere\/#primaryimage\"},\"image\":{\"@id\":\"https:\/\/www.amanprana.eu\/de\/rettet-das-meer\/biodiversitat-ozeane-meere\/#primaryimage\"},\"thumbnailUrl\":\"https:\/\/www.amanprana.eu\/wp-content\/uploads\/De-oceanen.jpg\",\"datePublished\":\"2019-01-03T15:05:59+00:00\",\"dateModified\":\"2022-05-30T20:24:15+00:00\",\"description\":\"Aus einer Studie des Instituts f\u00fcr Ozeane und Fischerei der Universit\u00e4t von British Columbia (UBC) geht hervor, dass nur 4\u00a0% der Ozeane gesch\u00fctzt werden.\",\"breadcrumb\":{\"@id\":\"https:\/\/www.amanprana.eu\/de\/rettet-das-meer\/biodiversitat-ozeane-meere\/#breadcrumb\"},\"inLanguage\":\"de\",\"potentialAction\":[{\"@type\":\"ReadAction\",\"target\":[\"https:\/\/www.amanprana.eu\/de\/rettet-das-meer\/biodiversitat-ozeane-meere\/\"]}]},{\"@type\":\"ImageObject\",\"inLanguage\":\"de\",\"@id\":\"https:\/\/www.amanprana.eu\/de\/rettet-das-meer\/biodiversitat-ozeane-meere\/#primaryimage\",\"url\":\"https:\/\/www.amanprana.eu\/wp-content\/uploads\/De-oceanen.jpg\",\"contentUrl\":\"https:\/\/www.amanprana.eu\/wp-content\/uploads\/De-oceanen.jpg\",\"width\":1420,\"height\":604},{\"@type\":\"BreadcrumbList\",\"@id\":\"https:\/\/www.amanprana.eu\/de\/rettet-das-meer\/biodiversitat-ozeane-meere\/#breadcrumb\",\"itemListElement\":[{\"@type\":\"ListItem\",\"position\":1,\"name\":\"Amanprana.eu\",\"item\":\"https:\/\/www.amanprana.eu\/de\/\"},{\"@type\":\"ListItem\",\"position\":2,\"name\":\"RDM - berichten\",\"item\":\"https:\/\/www.amanprana.eu\/de\/rettet-das-meer\/\"},{\"@type\":\"ListItem\",\"position\":3,\"name\":\"Verschmutzung der Ozeane\",\"item\":\"https:\/\/www.amanprana.eu\/de\/red_de_zee_categorieen\/verschmutzung-der-ozeane\/\"},{\"@type\":\"ListItem\",\"position\":4,\"name\":\"Schutz der Ozeane, Meere und Biodiversit\u00e4t kommt nicht voran\"}]},{\"@type\":\"WebSite\",\"@id\":\"https:\/\/www.amanprana.eu\/de\/#website\",\"url\":\"https:\/\/www.amanprana.eu\/de\/\",\"name\":\"Amanprana\",\"description\":\"Serene levenskracht\",\"publisher\":{\"@id\":\"https:\/\/www.amanprana.eu\/de\/#organization\"},\"potentialAction\":[{\"@type\":\"SearchAction\",\"target\":{\"@type\":\"EntryPoint\",\"urlTemplate\":\"https:\/\/www.amanprana.eu\/de\/?s={search_term_string}\"},\"query-input\":{\"@type\":\"PropertyValueSpecification\",\"valueRequired\":true,\"valueName\":\"search_term_string\"}}],\"inLanguage\":\"de\"},{\"@type\":\"Organization\",\"@id\":\"https:\/\/www.amanprana.eu\/de\/#organization\",\"name\":\"Amanprana\",\"url\":\"https:\/\/www.amanprana.eu\/de\/\",\"logo\":{\"@type\":\"ImageObject\",\"inLanguage\":\"de\",\"@id\":\"https:\/\/www.amanprana.eu\/de\/#\/schema\/logo\/image\/\",\"url\":\"https:\/\/www.amanprana.eu\/wp-content\/uploads\/webres-amanprana-logo.jpg\",\"contentUrl\":\"https:\/\/www.amanprana.eu\/wp-content\/uploads\/webres-amanprana-logo.jpg\",\"width\":300,\"height\":300,\"caption\":\"Amanprana\"},\"image\":{\"@id\":\"https:\/\/www.amanprana.eu\/de\/#\/schema\/logo\/image\/\"},\"sameAs\":[\"https:\/\/www.facebook.com\/Amanpranaproducts\/\",\"https:\/\/www.instagram.com\/amanprana\/\",\"https:\/\/nl.pinterest.com\/amanprana\/pins\/\"]}]}<\/script>\n<!-- \/ Yoast SEO plugin. -->","yoast_head_json":{"title":"Der Schutz der Ozeane, Meere und der Biodiversit\u00e4t hinkt hinterher","description":"Aus einer Studie des Instituts f\u00fcr Ozeane und Fischerei der Universit\u00e4t von British Columbia (UBC) geht hervor, dass nur 4\u00a0% der Ozeane gesch\u00fctzt werden.","robots":{"index":"index","follow":"follow","max-snippet":"max-snippet:-1","max-image-preview":"max-image-preview:large","max-video-preview":"max-video-preview:-1"},"canonical":"https:\/\/www.amanprana.eu\/de\/rettet-das-meer\/biodiversitat-ozeane-meere\/","og_locale":"de_DE","og_type":"article","og_title":"Der Schutz der Ozeane, Meere und der Biodiversit\u00e4t hinkt hinterher","og_description":"Aus einer Studie des Instituts f\u00fcr Ozeane und Fischerei der Universit\u00e4t von British Columbia (UBC) geht hervor, dass nur 4\u00a0% der Ozeane gesch\u00fctzt werden.","og_url":"https:\/\/www.amanprana.eu\/de\/rettet-das-meer\/biodiversitat-ozeane-meere\/","og_site_name":"Amanprana","article_publisher":"https:\/\/www.facebook.com\/Amanpranaproducts\/","article_modified_time":"2022-05-30T20:24:15+00:00","og_image":[{"width":1420,"height":604,"url":"https:\/\/www.amanprana.eu\/wp-content\/uploads\/De-oceanen.jpg","type":"image\/jpeg"}],"twitter_card":"summary_large_image","twitter_misc":{"Gesch\u00e4tzte Lesezeit":"2\u00a0Minuten"},"schema":{"@context":"https:\/\/schema.org","@graph":[{"@type":"WebPage","@id":"https:\/\/www.amanprana.eu\/de\/rettet-das-meer\/biodiversitat-ozeane-meere\/","url":"https:\/\/www.amanprana.eu\/de\/rettet-das-meer\/biodiversitat-ozeane-meere\/","name":"Der Schutz der Ozeane, Meere und der Biodiversit\u00e4t hinkt hinterher","isPartOf":{"@id":"https:\/\/www.amanprana.eu\/de\/#website"},"primaryImageOfPage":{"@id":"https:\/\/www.amanprana.eu\/de\/rettet-das-meer\/biodiversitat-ozeane-meere\/#primaryimage"},"image":{"@id":"https:\/\/www.amanprana.eu\/de\/rettet-das-meer\/biodiversitat-ozeane-meere\/#primaryimage"},"thumbnailUrl":"https:\/\/www.amanprana.eu\/wp-content\/uploads\/De-oceanen.jpg","datePublished":"2019-01-03T15:05:59+00:00","dateModified":"2022-05-30T20:24:15+00:00","description":"Aus einer Studie des Instituts f\u00fcr Ozeane und Fischerei der Universit\u00e4t von British Columbia (UBC) geht hervor, dass nur 4\u00a0% der Ozeane gesch\u00fctzt werden.","breadcrumb":{"@id":"https:\/\/www.amanprana.eu\/de\/rettet-das-meer\/biodiversitat-ozeane-meere\/#breadcrumb"},"inLanguage":"de","potentialAction":[{"@type":"ReadAction","target":["https:\/\/www.amanprana.eu\/de\/rettet-das-meer\/biodiversitat-ozeane-meere\/"]}]},{"@type":"ImageObject","inLanguage":"de","@id":"https:\/\/www.amanprana.eu\/de\/rettet-das-meer\/biodiversitat-ozeane-meere\/#primaryimage","url":"https:\/\/www.amanprana.eu\/wp-content\/uploads\/De-oceanen.jpg","contentUrl":"https:\/\/www.amanprana.eu\/wp-content\/uploads\/De-oceanen.jpg","width":1420,"height":604},{"@type":"BreadcrumbList","@id":"https:\/\/www.amanprana.eu\/de\/rettet-das-meer\/biodiversitat-ozeane-meere\/#breadcrumb","itemListElement":[{"@type":"ListItem","position":1,"name":"Amanprana.eu","item":"https:\/\/www.amanprana.eu\/de\/"},{"@type":"ListItem","position":2,"name":"RDM - berichten","item":"https:\/\/www.amanprana.eu\/de\/rettet-das-meer\/"},{"@type":"ListItem","position":3,"name":"Verschmutzung der Ozeane","item":"https:\/\/www.amanprana.eu\/de\/red_de_zee_categorieen\/verschmutzung-der-ozeane\/"},{"@type":"ListItem","position":4,"name":"Schutz der Ozeane, Meere und Biodiversit\u00e4t kommt nicht voran"}]},{"@type":"WebSite","@id":"https:\/\/www.amanprana.eu\/de\/#website","url":"https:\/\/www.amanprana.eu\/de\/","name":"Amanprana","description":"Serene levenskracht","publisher":{"@id":"https:\/\/www.amanprana.eu\/de\/#organization"},"potentialAction":[{"@type":"SearchAction","target":{"@type":"EntryPoint","urlTemplate":"https:\/\/www.amanprana.eu\/de\/?s={search_term_string}"},"query-input":{"@type":"PropertyValueSpecification","valueRequired":true,"valueName":"search_term_string"}}],"inLanguage":"de"},{"@type":"Organization","@id":"https:\/\/www.amanprana.eu\/de\/#organization","name":"Amanprana","url":"https:\/\/www.amanprana.eu\/de\/","logo":{"@type":"ImageObject","inLanguage":"de","@id":"https:\/\/www.amanprana.eu\/de\/#\/schema\/logo\/image\/","url":"https:\/\/www.amanprana.eu\/wp-content\/uploads\/webres-amanprana-logo.jpg","contentUrl":"https:\/\/www.amanprana.eu\/wp-content\/uploads\/webres-amanprana-logo.jpg","width":300,"height":300,"caption":"Amanprana"},"image":{"@id":"https:\/\/www.amanprana.eu\/de\/#\/schema\/logo\/image\/"},"sameAs":["https:\/\/www.facebook.com\/Amanpranaproducts\/","https:\/\/www.instagram.com\/amanprana\/","https:\/\/nl.pinterest.com\/amanprana\/pins\/"]}]}},"multi-rating":{"mr_rating_results":[]},"_links":{"self":[{"href":"https:\/\/www.amanprana.eu\/de\/wp-json\/wp\/v2\/red_de_zee\/43029","targetHints":{"allow":["GET"]}}],"collection":[{"href":"https:\/\/www.amanprana.eu\/de\/wp-json\/wp\/v2\/red_de_zee"}],"about":[{"href":"https:\/\/www.amanprana.eu\/de\/wp-json\/wp\/v2\/types\/red_de_zee"}],"version-history":[{"count":1,"href":"https:\/\/www.amanprana.eu\/de\/wp-json\/wp\/v2\/red_de_zee\/43029\/revisions"}],"predecessor-version":[{"id":79275,"href":"https:\/\/www.amanprana.eu\/de\/wp-json\/wp\/v2\/red_de_zee\/43029\/revisions\/79275"}],"wp:featuredmedia":[{"embeddable":true,"href":"https:\/\/www.amanprana.eu\/de\/wp-json\/wp\/v2\/media\/43025"}],"wp:attachment":[{"href":"https:\/\/www.amanprana.eu\/de\/wp-json\/wp\/v2\/media?parent=43029"}],"curies":[{"name":"wp","href":"https:\/\/api.w.org\/{rel}","templated":true}]}}