

{"id":43081,"date":"2019-01-03T16:33:40","date_gmt":"2019-01-03T15:33:40","guid":{"rendered":"https:\/\/www.amanprana.eu\/red_de_zee\/amanprana-und-sea-shepherd-stopp-den-walfang\/"},"modified":"2019-01-03T16:33:40","modified_gmt":"2019-01-03T15:33:40","slug":"amanprana-und-sea-shepherd-stopp-den-walfang","status":"publish","type":"red_de_zee","link":"https:\/\/www.amanprana.eu\/de\/rettet-das-meer\/amanprana-und-sea-shepherd-stopp-den-walfang\/","title":{"rendered":"Stopp den Walfang"},"content":{"rendered":"<p>Am 12 September 2010 fand in Amsterdam &#8218;A Night for the Oceans&#8216; statt. Diese &#8218;Nacht der Ozeane&#8216; war eine Spendenaktion mit Hilfe von Noble-House f\u00fcr die Organisation Sea Shepherd, um die Weltmeere zu sch\u00fctzen und zu erhalten. Diese Nacht wurde unter anderem durch Dr. Bronner, dem Hersteller von biologisch abbaubaren, biologischen und Fair Trade-K\u00f6rperpflegeprodukten &amp; Seifen, gesponsort. Stopp den Walfang. Sea Shepherd, AmanPrana, Rutger Hauer, Dr. Bronner, HempHoodLamb und noch viele andere Personen und Unternehmen fordern ein totales Verbot des Walfangs.<\/p>\n<p><strong><img decoding=\"async\" class=\"size-medium wp-image-43047 alignleft\" src=\"https:\/\/www.amanprana.eu\/wp-content\/uploads\/\/Paul_Watson_is_de_kapitein_van_Sea_Shepherd-199x300.jpg\" alt=\"Paul Watson is de kapitein van Sea Shepherd\" width=\"199\" height=\"300\" srcset=\"https:\/\/www.amanprana.eu\/wp-content\/uploads\/Paul_Watson_is_de_kapitein_van_Sea_Shepherd-199x300.jpg 199w, https:\/\/www.amanprana.eu\/wp-content\/uploads\/Paul_Watson_is_de_kapitein_van_Sea_Shepherd-100x151.jpg 100w, https:\/\/www.amanprana.eu\/wp-content\/uploads\/Paul_Watson_is_de_kapitein_van_Sea_Shepherd.jpg 397w\" sizes=\"(max-width: 199px) 100vw, 199px\" \/><\/strong><\/p>\n<p><strong>Paul Watson<\/strong>, Kapit\u00e4n von Sea Shepherd, sprach in der Nacht sehr passioniert. Paul Watson verglich die Tiere und Menschen auf der Erde mit einem Schiff. Die Tiere sind das Team, die Menschen sind die Passagiere. Wenn das Team nicht gut funktioniert, geht es den Passagieren auch nicht gut, sagte Paul Watson. Wir m\u00fcssen gut f\u00fcr die Natur sorgen. Im 21. Jahrhundert gibt es keinen Platz mehr f\u00fcr Massaker und Brutalit\u00e4t. Der Walfang muss ganz gestoppt werden. Japan und einige andere L\u00e4nder m\u00fcssen sich f\u00fcgen und den Walfang stoppen. Kleine Organisationen, wie zum Beispiel Sea Shepherd, k\u00f6nnen laut Paul Watson helfen, einen wichtigen Unterschied zu machen. Japan muss sich f\u00fcgen. Im Jahr 2009 konnte Sea Shepherd mehr Wale sch\u00fctzen, als Japan t\u00f6ten konnte. Sea Shepherd ist ein Symbol f\u00fcr den Schutz aller Meerestiere und ihrer Lebensr\u00e4ume, der Weltmeere.<\/p>\n<p><strong>Mitsubishi<\/strong>, der gr\u00f6\u00dfte H\u00e4ndler von Blauflossenthunfisch, hat momentan eine Gefrierzelle mit einem Vorrat Blauflossenthunfisch f\u00fcr 4 Jahre. Mitsubishi hat die Absicht, diesen Vorrat zu vergr\u00f6\u00dfern, auf 15 Jahre. Mitsubishi will demn\u00e4chst das Monopol f\u00fcr Blauflossenthunfisch haben, wenn er nicht mehr gefangen werden darf. Mitsubishi muss ebenfalls stoppen, den stark bedrohten Blauflossenthunfisch zu vermarkten. Wenn die Meere sterben, sterben laut Paul Watson auch die Menschen. Der Mensch kommt aus dem Meer. Ohne das Meer kann der Mensch nicht \u00fcberleben. &#8222;Wir m\u00fcssen gemeinsam die Weltmeere und Biodiversit\u00e4t sch\u00fctzen&#8220;, sagte Watson.<\/p>\n<div class=\"figurewrap pull-left\">\n<p>&nbsp;<\/p>\n<div id='gallery-1' class='gallery galleryid-43081 gallery-columns-2 gallery-size-medium'><dl class='gallery-item'>\n\t\t\t<dt class='gallery-icon portrait'>\n\t\t\t\t<img decoding=\"async\" width=\"199\" height=\"300\" src=\"https:\/\/www.amanprana.eu\/wp-content\/uploads\/Rutger-Hauer_en_vrouw_Sea_Shepherd_night_of_the_oceans_2010-199x300.jpg\" class=\"attachment-medium size-medium\" alt=\"Rutger Hauer und Frau Sea sheperd &quot;Night of the oceans 2010&quot;\" srcset=\"https:\/\/www.amanprana.eu\/wp-content\/uploads\/Rutger-Hauer_en_vrouw_Sea_Shepherd_night_of_the_oceans_2010-199x300.jpg 199w, https:\/\/www.amanprana.eu\/wp-content\/uploads\/Rutger-Hauer_en_vrouw_Sea_Shepherd_night_of_the_oceans_2010-100x151.jpg 100w, https:\/\/www.amanprana.eu\/wp-content\/uploads\/Rutger-Hauer_en_vrouw_Sea_Shepherd_night_of_the_oceans_2010.jpg 397w\" sizes=\"(max-width: 199px) 100vw, 199px\" \/>\n\t\t\t<\/dt><\/dl><dl class='gallery-item'>\n\t\t\t<dt class='gallery-icon portrait'>\n\t\t\t\t<img decoding=\"async\" width=\"199\" height=\"300\" src=\"https:\/\/www.amanprana.eu\/wp-content\/uploads\/Rutger_Hauer_steunt_reeds_20_jaar_Sea_Shepherd-199x300.jpg\" class=\"attachment-medium size-medium\" alt=\"Rutger Hauer und Frau Sea sheperd &quot;Night of the oceans 2010&quot;\" srcset=\"https:\/\/www.amanprana.eu\/wp-content\/uploads\/Rutger_Hauer_steunt_reeds_20_jaar_Sea_Shepherd-199x300.jpg 199w, https:\/\/www.amanprana.eu\/wp-content\/uploads\/Rutger_Hauer_steunt_reeds_20_jaar_Sea_Shepherd-100x150.jpg 100w, https:\/\/www.amanprana.eu\/wp-content\/uploads\/Rutger_Hauer_steunt_reeds_20_jaar_Sea_Shepherd.jpg 397w\" sizes=\"(max-width: 199px) 100vw, 199px\" \/>\n\t\t\t<\/dt><\/dl>\n\t\t<\/div>\n\n<div class=\"figurewrap pull-left\">\n<p>&nbsp;<\/p>\n<p><strong>Rutger Hauer<\/strong>\u00a0unterst\u00fctzt Sea Shepherd bereits seit 20 Jahren. Der 66-j\u00e4hrige Rutger Hauer teilte den Besuchern mit: &#8222;Ich habe nicht den Mut und die Kraft, um zu erreichen, was Sea Shepherd wohl m\u00f6glich macht. Ich liebe diese Organisation bereits seit 20 Jahren mit meinem ganzen Herzen. Ich liebe die Natur. Der Walfang muss gestoppt werden. Wenn jemand das erreichen kann, ist es Paul Watson und sein Sea Shepherd.&#8220; Er sorgte in dieser Nacht mit seiner Initiative &#8222;K\u00fcnstler f\u00fcr Sea Shepherd&#8220; f\u00fcr einen gelungenen Abend. Helfen Sie mit, die Weltmeere zu sch\u00fctzen.<br \/>\nSpenden Sie an Sea Shepherd: www.SeaShepherd.org oder http:\/\/www.seashepherd.org\/deutschland\/<\/p>\n<p><strong>Was ist Sea Shepherd?<\/strong><br \/>\nSea Shepherd ist eine weltweite Non-Profit Organisation mit dem Ziel, das Leben in den Weltmeeren zu sch\u00fctzen. Sea Shepherd wurde in 1977 gegr\u00fcndet. Sea Shepherd fordert den Stopp der Schlachtung von Meerestieren und Zerst\u00f6rung ihrer Lebensr\u00e4ume. Sea Shepherd versucht, die marinen \u00d6kosysteme und dessen Bewohner zu sch\u00fctzen. Sea Shepherd verwendet daf\u00fcr direkte Aktionstechniken auf den Weltmeeren, stellt Dokumentationen zur Verf\u00fcgung und sorgt f\u00fcr das Bewusstsein der Menschen. Sea Shepherd handelt bei rechtswidrigen Handlungen im Meer. Sea Shepherd will die Artenvielfalt der marinen \u00d6kosysteme f\u00fcr die n\u00e4chsten Generationen erhalten.<br \/>\nSpenden Sie jetzt: www.SeaShepherd.org oder http:\/\/www.seashepherd.org\/deutschland\/<\/p>\n<div class=\"figurewrap pull-left\"><\/div>\n<div id='gallery-2' class='gallery galleryid-43081 gallery-columns-2 gallery-size-medium'><dl class='gallery-item'>\n\t\t\t<dt class='gallery-icon portrait'>\n\t\t\t\t<img decoding=\"async\" width=\"199\" height=\"300\" src=\"https:\/\/www.amanprana.eu\/wp-content\/uploads\/HempHoodLamb_Sea_Shepherd_collectie_2010-2011_night_of_the_oceans-199x300.jpg\" class=\"attachment-medium size-medium\" alt=\"HempHoodLamb Sea Shepherd Collection 2010-2011 Night of the oceans&quot;\" aria-describedby=\"gallery-2-43070\" srcset=\"https:\/\/www.amanprana.eu\/wp-content\/uploads\/HempHoodLamb_Sea_Shepherd_collectie_2010-2011_night_of_the_oceans-199x300.jpg 199w, https:\/\/www.amanprana.eu\/wp-content\/uploads\/HempHoodLamb_Sea_Shepherd_collectie_2010-2011_night_of_the_oceans-100x151.jpg 100w, https:\/\/www.amanprana.eu\/wp-content\/uploads\/HempHoodLamb_Sea_Shepherd_collectie_2010-2011_night_of_the_oceans.jpg 397w\" sizes=\"(max-width: 199px) 100vw, 199px\" \/>\n\t\t\t<\/dt>\n\t\t\t\t<dd class='wp-caption-text gallery-caption' id='gallery-2-43070'>\n\t\t\t\tHempHoodLamb Sea Shepherd Collection 2010-2011 Night of the oceans&#8220;\n\t\t\t\t<\/dd><\/dl><dl class='gallery-item'>\n\t\t\t<dt class='gallery-icon portrait'>\n\t\t\t\t<img decoding=\"async\" width=\"199\" height=\"300\" src=\"https:\/\/www.amanprana.eu\/wp-content\/uploads\/HempHoodLamb_modeshow_night_of_the_oceans_Sea_Shepherd_plastiek-199x300.jpg\" class=\"attachment-medium size-medium\" alt=\"HempHoodLamb Night of the oceans Sea shepherd &#039;Kunststoff &#039; 2010\" aria-describedby=\"gallery-2-43075\" srcset=\"https:\/\/www.amanprana.eu\/wp-content\/uploads\/HempHoodLamb_modeshow_night_of_the_oceans_Sea_Shepherd_plastiek-199x300.jpg 199w, https:\/\/www.amanprana.eu\/wp-content\/uploads\/HempHoodLamb_modeshow_night_of_the_oceans_Sea_Shepherd_plastiek-100x151.jpg 100w, https:\/\/www.amanprana.eu\/wp-content\/uploads\/HempHoodLamb_modeshow_night_of_the_oceans_Sea_Shepherd_plastiek.jpg 397w\" sizes=\"(max-width: 199px) 100vw, 199px\" \/>\n\t\t\t<\/dt>\n\t\t\t\t<dd class='wp-caption-text gallery-caption' id='gallery-2-43075'>\n\t\t\t\tHempHoodLamb Night of the oceans Sea shepherd &#8218;Kunststoff &#8218; 2010\n\t\t\t\t<\/dd><\/dl>\n\t\t<\/div>\n\n<\/div>\n<div class=\"figurewrap pull-left\">\n<div class=\"figurewrap pull-left\"><\/div>\n<\/div>\n<\/div>\n","protected":false},"featured_media":43055,"menu_order":79,"template":"","format":"standard","class_list":["post-43081","red_de_zee","type-red_de_zee","status-publish","format-standard","has-post-thumbnail","hentry","red_de_zee_categorieen-uberfischung"],"acf":[],"yoast_head":"<!-- This site is optimized with the Yoast SEO plugin v24.7 - https:\/\/yoast.com\/wordpress\/plugins\/seo\/ -->\n<title>Stopp den Walfang - Amanprana<\/title>\n<meta name=\"description\" content=\"Am 12 September 2010 fand in Amsterdam &#039;A Night for the Oceans&#039; statt. Diese &#039;Nacht der Ozeane&#039; war eine Spendenaktion mit Hilfe von Noble-House f\u00fcr die\" \/>\n<meta name=\"robots\" content=\"index, follow, max-snippet:-1, max-image-preview:large, max-video-preview:-1\" \/>\n<link rel=\"canonical\" href=\"https:\/\/www.amanprana.eu\/de\/rettet-das-meer\/amanprana-und-sea-shepherd-stopp-den-walfang\/\" \/>\n<meta property=\"og:locale\" content=\"de_DE\" \/>\n<meta property=\"og:type\" content=\"article\" \/>\n<meta property=\"og:title\" content=\"Stopp den Walfang - Amanprana\" \/>\n<meta property=\"og:description\" content=\"Am 12 September 2010 fand in Amsterdam &#039;A Night for the Oceans&#039; statt. Diese &#039;Nacht der Ozeane&#039; war eine Spendenaktion mit Hilfe von Noble-House f\u00fcr die\" \/>\n<meta property=\"og:url\" content=\"https:\/\/www.amanprana.eu\/de\/rettet-das-meer\/amanprana-und-sea-shepherd-stopp-den-walfang\/\" \/>\n<meta property=\"og:site_name\" content=\"Amanprana\" \/>\n<meta property=\"article:publisher\" content=\"https:\/\/www.facebook.com\/Amanpranaproducts\/\" \/>\n<meta property=\"og:image\" content=\"https:\/\/www.amanprana.eu\/wp-content\/uploads\/Sea_Shepherd_logo_als_symbool_voor_de_beschermers_van_de_oceanen.jpg\" \/>\n\t<meta property=\"og:image:width\" content=\"922\" \/>\n\t<meta property=\"og:image:height\" content=\"450\" \/>\n\t<meta property=\"og:image:type\" content=\"image\/jpeg\" \/>\n<meta name=\"twitter:card\" content=\"summary_large_image\" \/>\n<meta name=\"twitter:label1\" content=\"Gesch\u00e4tzte Lesezeit\" \/>\n\t<meta name=\"twitter:data1\" content=\"3\u00a0Minuten\" \/>\n<script type=\"application\/ld+json\" class=\"yoast-schema-graph\">{\"@context\":\"https:\/\/schema.org\",\"@graph\":[{\"@type\":\"WebPage\",\"@id\":\"https:\/\/www.amanprana.eu\/de\/rettet-das-meer\/amanprana-und-sea-shepherd-stopp-den-walfang\/\",\"url\":\"https:\/\/www.amanprana.eu\/de\/rettet-das-meer\/amanprana-und-sea-shepherd-stopp-den-walfang\/\",\"name\":\"Stopp den Walfang - Amanprana\",\"isPartOf\":{\"@id\":\"https:\/\/www.amanprana.eu\/de\/#website\"},\"primaryImageOfPage\":{\"@id\":\"https:\/\/www.amanprana.eu\/de\/rettet-das-meer\/amanprana-und-sea-shepherd-stopp-den-walfang\/#primaryimage\"},\"image\":{\"@id\":\"https:\/\/www.amanprana.eu\/de\/rettet-das-meer\/amanprana-und-sea-shepherd-stopp-den-walfang\/#primaryimage\"},\"thumbnailUrl\":\"https:\/\/www.amanprana.eu\/wp-content\/uploads\/Sea_Shepherd_logo_als_symbool_voor_de_beschermers_van_de_oceanen.jpg\",\"datePublished\":\"2019-01-03T15:33:40+00:00\",\"description\":\"Am 12 September 2010 fand in Amsterdam 'A Night for the Oceans' statt. Diese 'Nacht der Ozeane' war eine Spendenaktion mit Hilfe von Noble-House f\u00fcr die\",\"breadcrumb\":{\"@id\":\"https:\/\/www.amanprana.eu\/de\/rettet-das-meer\/amanprana-und-sea-shepherd-stopp-den-walfang\/#breadcrumb\"},\"inLanguage\":\"de\",\"potentialAction\":[{\"@type\":\"ReadAction\",\"target\":[\"https:\/\/www.amanprana.eu\/de\/rettet-das-meer\/amanprana-und-sea-shepherd-stopp-den-walfang\/\"]}]},{\"@type\":\"ImageObject\",\"inLanguage\":\"de\",\"@id\":\"https:\/\/www.amanprana.eu\/de\/rettet-das-meer\/amanprana-und-sea-shepherd-stopp-den-walfang\/#primaryimage\",\"url\":\"https:\/\/www.amanprana.eu\/wp-content\/uploads\/Sea_Shepherd_logo_als_symbool_voor_de_beschermers_van_de_oceanen.jpg\",\"contentUrl\":\"https:\/\/www.amanprana.eu\/wp-content\/uploads\/Sea_Shepherd_logo_als_symbool_voor_de_beschermers_van_de_oceanen.jpg\",\"width\":922,\"height\":450},{\"@type\":\"BreadcrumbList\",\"@id\":\"https:\/\/www.amanprana.eu\/de\/rettet-das-meer\/amanprana-und-sea-shepherd-stopp-den-walfang\/#breadcrumb\",\"itemListElement\":[{\"@type\":\"ListItem\",\"position\":1,\"name\":\"Amanprana.eu\",\"item\":\"https:\/\/www.amanprana.eu\/de\/\"},{\"@type\":\"ListItem\",\"position\":2,\"name\":\"RDM - berichten\",\"item\":\"https:\/\/www.amanprana.eu\/de\/rettet-das-meer\/\"},{\"@type\":\"ListItem\",\"position\":3,\"name\":\"\u00dcberfischung\",\"item\":\"https:\/\/www.amanprana.eu\/de\/red_de_zee_categorieen\/uberfischung\/\"},{\"@type\":\"ListItem\",\"position\":4,\"name\":\"Stopp den Walfang\"}]},{\"@type\":\"WebSite\",\"@id\":\"https:\/\/www.amanprana.eu\/de\/#website\",\"url\":\"https:\/\/www.amanprana.eu\/de\/\",\"name\":\"Amanprana\",\"description\":\"Serene levenskracht\",\"publisher\":{\"@id\":\"https:\/\/www.amanprana.eu\/de\/#organization\"},\"potentialAction\":[{\"@type\":\"SearchAction\",\"target\":{\"@type\":\"EntryPoint\",\"urlTemplate\":\"https:\/\/www.amanprana.eu\/de\/?s={search_term_string}\"},\"query-input\":{\"@type\":\"PropertyValueSpecification\",\"valueRequired\":true,\"valueName\":\"search_term_string\"}}],\"inLanguage\":\"de\"},{\"@type\":\"Organization\",\"@id\":\"https:\/\/www.amanprana.eu\/de\/#organization\",\"name\":\"Amanprana\",\"url\":\"https:\/\/www.amanprana.eu\/de\/\",\"logo\":{\"@type\":\"ImageObject\",\"inLanguage\":\"de\",\"@id\":\"https:\/\/www.amanprana.eu\/de\/#\/schema\/logo\/image\/\",\"url\":\"https:\/\/www.amanprana.eu\/wp-content\/uploads\/webres-amanprana-logo.jpg\",\"contentUrl\":\"https:\/\/www.amanprana.eu\/wp-content\/uploads\/webres-amanprana-logo.jpg\",\"width\":300,\"height\":300,\"caption\":\"Amanprana\"},\"image\":{\"@id\":\"https:\/\/www.amanprana.eu\/de\/#\/schema\/logo\/image\/\"},\"sameAs\":[\"https:\/\/www.facebook.com\/Amanpranaproducts\/\",\"https:\/\/www.instagram.com\/amanprana\/\",\"https:\/\/nl.pinterest.com\/amanprana\/pins\/\"]}]}<\/script>\n<!-- \/ Yoast SEO plugin. -->","yoast_head_json":{"title":"Stopp den Walfang - Amanprana","description":"Am 12 September 2010 fand in Amsterdam 'A Night for the Oceans' statt. Diese 'Nacht der Ozeane' war eine Spendenaktion mit Hilfe von Noble-House f\u00fcr die","robots":{"index":"index","follow":"follow","max-snippet":"max-snippet:-1","max-image-preview":"max-image-preview:large","max-video-preview":"max-video-preview:-1"},"canonical":"https:\/\/www.amanprana.eu\/de\/rettet-das-meer\/amanprana-und-sea-shepherd-stopp-den-walfang\/","og_locale":"de_DE","og_type":"article","og_title":"Stopp den Walfang - Amanprana","og_description":"Am 12 September 2010 fand in Amsterdam 'A Night for the Oceans' statt. Diese 'Nacht der Ozeane' war eine Spendenaktion mit Hilfe von Noble-House f\u00fcr die","og_url":"https:\/\/www.amanprana.eu\/de\/rettet-das-meer\/amanprana-und-sea-shepherd-stopp-den-walfang\/","og_site_name":"Amanprana","article_publisher":"https:\/\/www.facebook.com\/Amanpranaproducts\/","og_image":[{"width":922,"height":450,"url":"https:\/\/www.amanprana.eu\/wp-content\/uploads\/Sea_Shepherd_logo_als_symbool_voor_de_beschermers_van_de_oceanen.jpg","type":"image\/jpeg"}],"twitter_card":"summary_large_image","twitter_misc":{"Gesch\u00e4tzte Lesezeit":"3\u00a0Minuten"},"schema":{"@context":"https:\/\/schema.org","@graph":[{"@type":"WebPage","@id":"https:\/\/www.amanprana.eu\/de\/rettet-das-meer\/amanprana-und-sea-shepherd-stopp-den-walfang\/","url":"https:\/\/www.amanprana.eu\/de\/rettet-das-meer\/amanprana-und-sea-shepherd-stopp-den-walfang\/","name":"Stopp den Walfang - Amanprana","isPartOf":{"@id":"https:\/\/www.amanprana.eu\/de\/#website"},"primaryImageOfPage":{"@id":"https:\/\/www.amanprana.eu\/de\/rettet-das-meer\/amanprana-und-sea-shepherd-stopp-den-walfang\/#primaryimage"},"image":{"@id":"https:\/\/www.amanprana.eu\/de\/rettet-das-meer\/amanprana-und-sea-shepherd-stopp-den-walfang\/#primaryimage"},"thumbnailUrl":"https:\/\/www.amanprana.eu\/wp-content\/uploads\/Sea_Shepherd_logo_als_symbool_voor_de_beschermers_van_de_oceanen.jpg","datePublished":"2019-01-03T15:33:40+00:00","description":"Am 12 September 2010 fand in Amsterdam 'A Night for the Oceans' statt. Diese 'Nacht der Ozeane' war eine Spendenaktion mit Hilfe von Noble-House f\u00fcr die","breadcrumb":{"@id":"https:\/\/www.amanprana.eu\/de\/rettet-das-meer\/amanprana-und-sea-shepherd-stopp-den-walfang\/#breadcrumb"},"inLanguage":"de","potentialAction":[{"@type":"ReadAction","target":["https:\/\/www.amanprana.eu\/de\/rettet-das-meer\/amanprana-und-sea-shepherd-stopp-den-walfang\/"]}]},{"@type":"ImageObject","inLanguage":"de","@id":"https:\/\/www.amanprana.eu\/de\/rettet-das-meer\/amanprana-und-sea-shepherd-stopp-den-walfang\/#primaryimage","url":"https:\/\/www.amanprana.eu\/wp-content\/uploads\/Sea_Shepherd_logo_als_symbool_voor_de_beschermers_van_de_oceanen.jpg","contentUrl":"https:\/\/www.amanprana.eu\/wp-content\/uploads\/Sea_Shepherd_logo_als_symbool_voor_de_beschermers_van_de_oceanen.jpg","width":922,"height":450},{"@type":"BreadcrumbList","@id":"https:\/\/www.amanprana.eu\/de\/rettet-das-meer\/amanprana-und-sea-shepherd-stopp-den-walfang\/#breadcrumb","itemListElement":[{"@type":"ListItem","position":1,"name":"Amanprana.eu","item":"https:\/\/www.amanprana.eu\/de\/"},{"@type":"ListItem","position":2,"name":"RDM - berichten","item":"https:\/\/www.amanprana.eu\/de\/rettet-das-meer\/"},{"@type":"ListItem","position":3,"name":"\u00dcberfischung","item":"https:\/\/www.amanprana.eu\/de\/red_de_zee_categorieen\/uberfischung\/"},{"@type":"ListItem","position":4,"name":"Stopp den Walfang"}]},{"@type":"WebSite","@id":"https:\/\/www.amanprana.eu\/de\/#website","url":"https:\/\/www.amanprana.eu\/de\/","name":"Amanprana","description":"Serene levenskracht","publisher":{"@id":"https:\/\/www.amanprana.eu\/de\/#organization"},"potentialAction":[{"@type":"SearchAction","target":{"@type":"EntryPoint","urlTemplate":"https:\/\/www.amanprana.eu\/de\/?s={search_term_string}"},"query-input":{"@type":"PropertyValueSpecification","valueRequired":true,"valueName":"search_term_string"}}],"inLanguage":"de"},{"@type":"Organization","@id":"https:\/\/www.amanprana.eu\/de\/#organization","name":"Amanprana","url":"https:\/\/www.amanprana.eu\/de\/","logo":{"@type":"ImageObject","inLanguage":"de","@id":"https:\/\/www.amanprana.eu\/de\/#\/schema\/logo\/image\/","url":"https:\/\/www.amanprana.eu\/wp-content\/uploads\/webres-amanprana-logo.jpg","contentUrl":"https:\/\/www.amanprana.eu\/wp-content\/uploads\/webres-amanprana-logo.jpg","width":300,"height":300,"caption":"Amanprana"},"image":{"@id":"https:\/\/www.amanprana.eu\/de\/#\/schema\/logo\/image\/"},"sameAs":["https:\/\/www.facebook.com\/Amanpranaproducts\/","https:\/\/www.instagram.com\/amanprana\/","https:\/\/nl.pinterest.com\/amanprana\/pins\/"]}]}},"multi-rating":{"mr_rating_results":[]},"_links":{"self":[{"href":"https:\/\/www.amanprana.eu\/de\/wp-json\/wp\/v2\/red_de_zee\/43081","targetHints":{"allow":["GET"]}}],"collection":[{"href":"https:\/\/www.amanprana.eu\/de\/wp-json\/wp\/v2\/red_de_zee"}],"about":[{"href":"https:\/\/www.amanprana.eu\/de\/wp-json\/wp\/v2\/types\/red_de_zee"}],"version-history":[{"count":0,"href":"https:\/\/www.amanprana.eu\/de\/wp-json\/wp\/v2\/red_de_zee\/43081\/revisions"}],"wp:featuredmedia":[{"embeddable":true,"href":"https:\/\/www.amanprana.eu\/de\/wp-json\/wp\/v2\/media\/43055"}],"wp:attachment":[{"href":"https:\/\/www.amanprana.eu\/de\/wp-json\/wp\/v2\/media?parent=43081"}],"curies":[{"name":"wp","href":"https:\/\/api.w.org\/{rel}","templated":true}]}}