

{"id":46200,"date":"2019-04-16T12:59:09","date_gmt":"2019-04-16T10:59:09","guid":{"rendered":"https:\/\/www.amanprana.eu\/?post_type=red_de_zee&#038;p=46200"},"modified":"2019-10-16T18:04:23","modified_gmt":"2019-10-16T16:04:23","slug":"plastikmenge-ozeanen-hat-sich-in-den-letzten-10-jahren-verdreifacht","status":"publish","type":"red_de_zee","link":"https:\/\/www.amanprana.eu\/de\/rettet-das-meer\/plastikmenge-ozeanen-hat-sich-in-den-letzten-10-jahren-verdreifacht\/","title":{"rendered":"Die Plastikmenge in den Ozeanen hat sich in den letzten 10 Jahren verdreifacht."},"content":{"rendered":"<p><strong>Es wird erwartet, dass sich dieser Plastikm\u00fcll in den n\u00e4chsten 10 Jahren verdreifachen wird.<\/strong><\/p>\n<p>Die vorausblickende Zukunft warnt vor einem &#8222;aus den Augen, aus dem Sinn&#8220; des Plastikproblems. Wir denken, dass das Bewusstsein f\u00fcr die vom Plastik ausgehenden Sch\u00e4den in den letzten Jahren zugenommen hat, aber nichts ist weniger wahr. Wir alle trinken auch weiterhin aus Plastikflaschen. Jedes Jahr immer mehr.<\/p>\n<div id=\"attachment_46121\" style=\"width: 1034px\" class=\"wp-caption aligncenter\"><img decoding=\"async\" aria-describedby=\"caption-attachment-46121\" class=\"size-full wp-image-46121\" src=\"https:\/\/www.amanprana.eu\/wp-content\/uploads\/garbage-2369821_1280.jpg\" alt=\"Greenpeace roept op voor een krachtig signaal. We moeten onze relatie met wegwerpplastic be\u00ebindigen.\" width=\"1024\" height=\"767\" srcset=\"https:\/\/www.amanprana.eu\/wp-content\/uploads\/garbage-2369821_1280.jpg 1024w, https:\/\/www.amanprana.eu\/wp-content\/uploads\/garbage-2369821_1280-300x225.jpg 300w, https:\/\/www.amanprana.eu\/wp-content\/uploads\/garbage-2369821_1280-768x575.jpg 768w, https:\/\/www.amanprana.eu\/wp-content\/uploads\/garbage-2369821_1280-100x75.jpg 100w, https:\/\/www.amanprana.eu\/wp-content\/uploads\/garbage-2369821_1280-862x646.jpg 862w\" sizes=\"(max-width: 1024px) 100vw, 1024px\" \/><p id=\"caption-attachment-46121\" class=\"wp-caption-text\">Wir m\u00fcssen unsere Verbindung zu Einwegplastik beenden!<\/p><\/div>\n<p>Experten warnen davor, dass Plastik einer der gr\u00f6\u00dften Bedrohungen f\u00fcr die Welt darstellt. Die Erde leidet bereits unter vielen Problemen wie dem steigendem Meeresspiegel, globaler Erw\u00e4rmung, Versauerung des Wassers, toxischen Schwermetallen und chemischer Verschmutzung. Experten warnen, dass wir JETZT Ma\u00dfnahmen ergreifen m\u00fcssen. Denn ein Leben auf dem Mond ist unm\u00f6glich. Wir haben keinen Plan B.<\/p>\n<div id=\"attachment_46013\" style=\"width: 1034px\" class=\"wp-caption aligncenter\"><img decoding=\"async\" aria-describedby=\"caption-attachment-46013\" class=\"size-full wp-image-46013\" src=\"https:\/\/www.amanprana.eu\/wp-content\/uploads\/Overvolle-vuilinis-container.jpg\" alt=\"Overvolle vuilniscontainer vol wegwerp plastic en blikjes.\" width=\"1024\" height=\"768\" srcset=\"https:\/\/www.amanprana.eu\/wp-content\/uploads\/Overvolle-vuilinis-container.jpg 1024w, https:\/\/www.amanprana.eu\/wp-content\/uploads\/Overvolle-vuilinis-container-300x225.jpg 300w, https:\/\/www.amanprana.eu\/wp-content\/uploads\/Overvolle-vuilinis-container-768x576.jpg 768w, https:\/\/www.amanprana.eu\/wp-content\/uploads\/Overvolle-vuilinis-container-100x75.jpg 100w, https:\/\/www.amanprana.eu\/wp-content\/uploads\/Overvolle-vuilinis-container-862x647.jpg 862w\" sizes=\"(max-width: 1024px) 100vw, 1024px\" \/><p id=\"caption-attachment-46013\" class=\"wp-caption-text\">Plastik als eine der gr\u00f6\u00dften Bedrohungen f\u00fcr unsere Erde.<\/p><\/div>\n<h2>Worin besteht der Unterschied zwischen Mikro- und Makroplastikverschmutzung?<\/h2>\n<p>Wir sprechen \u00fcber Mikroplastik- und Makroplastikverschmutzung, aber worin besteht der Unterschied?<br \/>\nPlastikflaschen schwimmen in unseren Gew\u00e4ssern herum, das nennen wir makroplastische Verschmutzung. Sehr langsam, aber sicher zerfallen diese Plastikflaschen und dann wir sprechen von Mikroplastik. Diese Partikel sind mit blo\u00dfem Auge nicht mehr sichtbar, aber sie sind extrem gesundheitssch\u00e4dlich.<\/p>\n<p>Greenpeace fordert ein starkes Signal. Wir m\u00fcssen unsere Verbindung zu Einwegplastik beenden.<\/p>\n<div id=\"attachment_46055\" style=\"width: 1034px\" class=\"wp-caption aligncenter\"><img decoding=\"async\" aria-describedby=\"caption-attachment-46055\" class=\"size-full wp-image-46055\" src=\"https:\/\/www.amanprana.eu\/wp-content\/uploads\/Wegwerp-plastic.jpg\" alt=\"Greenpeace roept op voor een krachtig signaal. We moeten onze relatie met wegwerpplastic be\u00ebindigen.\" width=\"1024\" height=\"767\"><p id=\"caption-attachment-46055\" class=\"wp-caption-text\">Wir m\u00fcssen unsere Verbindung zu Einwegplastik beenden!<\/p><\/div>\n<h2><span lang=\"NL-BE\">Was k\u00f6nnen Sie selbst tun, um Einwegplastik aus Ihrem Leben zu verbannen?<\/span><\/h2>\n<ol>\n<li style=\"list-style-type: none;\">\n<ol>\n<li><strong>Benutzen Sie keine Plastikflaschen mehr.<\/strong><br \/>\nF\u00fcr die Plastik-Einwegflasche gibt es inzwischen eine ganze Reihe von Alternativen.<br \/>\nLehnen Sie Plastikbecher, Strohhalme und Gl\u00e4ser ab.<br \/>\n<div id='gallery-1' class='gallery galleryid-46200 gallery-columns-2 gallery-size-large'><dl class='gallery-item'>\n\t\t\t<dt class='gallery-icon portrait'>\n\t\t\t\t<img decoding=\"async\" width=\"768\" height=\"1024\" src=\"https:\/\/www.amanprana.eu\/wp-content\/uploads\/Wegwerp-flesje-768x1024.jpg\" class=\"attachment-large size-large\" alt=\"Het plastic wegwerp flesje zoals we hem kennen. Kies voor een duurzaam alternatief!\" srcset=\"https:\/\/www.amanprana.eu\/wp-content\/uploads\/Wegwerp-flesje.jpg 768w, https:\/\/www.amanprana.eu\/wp-content\/uploads\/Wegwerp-flesje-225x300.jpg 225w, https:\/\/www.amanprana.eu\/wp-content\/uploads\/Wegwerp-flesje-100x133.jpg 100w\" sizes=\"(max-width: 768px) 100vw, 768px\" \/>\n\t\t\t<\/dt><\/dl><dl class='gallery-item'>\n\t\t\t<dt class='gallery-icon portrait'>\n\t\t\t\t<img decoding=\"async\" width=\"768\" height=\"1024\" src=\"https:\/\/www.amanprana.eu\/wp-content\/uploads\/Glazen-drinkfles-768x1024.jpg\" class=\"attachment-large size-large\" alt=\"ban wegwerp plastic uit je leven en kies voor de herbruikbare en duurzame drinkfles van Amanprana.\" srcset=\"https:\/\/www.amanprana.eu\/wp-content\/uploads\/Glazen-drinkfles.jpg 768w, https:\/\/www.amanprana.eu\/wp-content\/uploads\/Glazen-drinkfles-225x300.jpg 225w, https:\/\/www.amanprana.eu\/wp-content\/uploads\/Glazen-drinkfles-100x133.jpg 100w\" sizes=\"(max-width: 768px) 100vw, 768px\" \/>\n\t\t\t<\/dt><\/dl>\n\t\t<\/div>\n<\/li>\n<li><strong>Verbannen Sie Plastiktaschen aus Ihrem Leben.<\/strong><br \/>\nAchten Sie darauf, dass Sie immer eine Mehrwegtasche bei sich haben. Am Anfang braucht es etwas Gew\u00f6hnung, aber es braucht etwas Ausdauer und wenn Sie einkaufen gehen ist es genauso ein Automatismus wie das Mitnehmen Ihrer Bankkarte. Sie haben Ihre Mehrwegtasche trotzdem vergessen? Die meisten Superm\u00e4rkte haben einen Beh\u00e4lter, in den sie Kartons legen.<br \/>\n<div id='gallery-2' class='gallery galleryid-46200 gallery-columns-2 gallery-size-full'><dl class='gallery-item'>\n\t\t\t<dt class='gallery-icon portrait'>\n\t\t\t\t<img decoding=\"async\" width=\"500\" height=\"666\" src=\"https:\/\/www.amanprana.eu\/wp-content\/uploads\/Herbruikbare-tas.jpg\" class=\"attachment-full size-full\" alt=\"Herbruikbare shopper een milieuvriendelijk alternatief voor wegwerp plastic zakjes.\" srcset=\"https:\/\/www.amanprana.eu\/wp-content\/uploads\/Herbruikbare-tas.jpg 500w, https:\/\/www.amanprana.eu\/wp-content\/uploads\/Herbruikbare-tas-225x300.jpg 225w, https:\/\/www.amanprana.eu\/wp-content\/uploads\/Herbruikbare-tas-100x133.jpg 100w\" sizes=\"(max-width: 500px) 100vw, 500px\" \/>\n\t\t\t<\/dt><\/dl><dl class='gallery-item'>\n\t\t\t<dt class='gallery-icon portrait'>\n\t\t\t\t<img decoding=\"async\" width=\"500\" height=\"665\" src=\"https:\/\/www.amanprana.eu\/wp-content\/uploads\/Plastic-tas.jpg\" class=\"attachment-full size-full\" alt=\"Ban plastic wegwerp tasjes uit je leven.\" srcset=\"https:\/\/www.amanprana.eu\/wp-content\/uploads\/Plastic-tas.jpg 500w, https:\/\/www.amanprana.eu\/wp-content\/uploads\/Plastic-tas-226x300.jpg 226w, https:\/\/www.amanprana.eu\/wp-content\/uploads\/Plastic-tas-100x133.jpg 100w\" sizes=\"(max-width: 500px) 100vw, 500px\" \/>\n\t\t\t<\/dt><\/dl>\n\t\t<\/div>\n<\/li>\n<li><strong>Kaufen Sie Bekleidung aus nat\u00fcrlichen Materialien.<\/strong><br \/>\nIn synthetischer Bekleidung befindet sich Mikroplastik. Bei jeder W\u00e4sche wird das Abwasser mit diesen Kunststoffen verunreinigt. Mikroplastik l\u00e4sst sich nicht aus dem Wasser filtern und landet daher wieder in unseren Gew\u00e4ssern.<br \/>\n<div id='gallery-3' class='gallery galleryid-46200 gallery-columns-2 gallery-size-large'><dl class='gallery-item'>\n\t\t\t<dt class='gallery-icon landscape'>\n\t\t\t\t<img decoding=\"async\" width=\"862\" height=\"647\" src=\"https:\/\/www.amanprana.eu\/wp-content\/uploads\/Duurzame-kleding-1024x768.jpg\" class=\"attachment-large size-large\" alt=\"Duurzame kleding van Hempage bevat geen microplastics die in ons water terecht kunnen komen.\" srcset=\"https:\/\/www.amanprana.eu\/wp-content\/uploads\/Duurzame-kleding.jpg 1024w, https:\/\/www.amanprana.eu\/wp-content\/uploads\/Duurzame-kleding-300x225.jpg 300w, https:\/\/www.amanprana.eu\/wp-content\/uploads\/Duurzame-kleding-768x576.jpg 768w, https:\/\/www.amanprana.eu\/wp-content\/uploads\/Duurzame-kleding-100x75.jpg 100w, https:\/\/www.amanprana.eu\/wp-content\/uploads\/Duurzame-kleding-862x647.jpg 862w\" sizes=\"(max-width: 862px) 100vw, 862px\" \/>\n\t\t\t<\/dt><\/dl><dl class='gallery-item'>\n\t\t\t<dt class='gallery-icon landscape'>\n\t\t\t\t<img decoding=\"async\" width=\"862\" height=\"645\" src=\"https:\/\/www.amanprana.eu\/wp-content\/uploads\/massa-kleding-1024x766.jpg\" class=\"attachment-large size-large\" alt=\"Kleding die in massa wordt geproduceerd vind je vaak microplastics.\" srcset=\"https:\/\/www.amanprana.eu\/wp-content\/uploads\/massa-kleding.jpg 1024w, https:\/\/www.amanprana.eu\/wp-content\/uploads\/massa-kleding-300x224.jpg 300w, https:\/\/www.amanprana.eu\/wp-content\/uploads\/massa-kleding-768x575.jpg 768w, https:\/\/www.amanprana.eu\/wp-content\/uploads\/massa-kleding-100x75.jpg 100w, https:\/\/www.amanprana.eu\/wp-content\/uploads\/massa-kleding-862x645.jpg 862w\" sizes=\"(max-width: 862px) 100vw, 862px\" \/>\n\t\t\t<\/dt><\/dl>\n\t\t<\/div>\n<\/li>\n<li><strong>\u00dcberzeugen Sie Ihren Supermarkt, plastikfrei zu werden.<\/strong>\n<div id=\"attachment_46037\" style=\"width: 1034px\" class=\"wp-caption aligncenter\"><img decoding=\"async\" aria-describedby=\"caption-attachment-46037\" class=\"size-full wp-image-46037\" src=\"https:\/\/www.amanprana.eu\/wp-content\/uploads\/Supermarkten-ook-plastic-vrij.jpg\" alt=\"Supermarkt karretjes\" width=\"1024\" height=\"768\" srcset=\"https:\/\/www.amanprana.eu\/wp-content\/uploads\/Supermarkten-ook-plastic-vrij.jpg 1024w, https:\/\/www.amanprana.eu\/wp-content\/uploads\/Supermarkten-ook-plastic-vrij-300x225.jpg 300w, https:\/\/www.amanprana.eu\/wp-content\/uploads\/Supermarkten-ook-plastic-vrij-768x576.jpg 768w, https:\/\/www.amanprana.eu\/wp-content\/uploads\/Supermarkten-ook-plastic-vrij-100x75.jpg 100w, https:\/\/www.amanprana.eu\/wp-content\/uploads\/Supermarkten-ook-plastic-vrij-862x647.jpg 862w\" sizes=\"(max-width: 1024px) 100vw, 1024px\" \/><p id=\"caption-attachment-46037\" class=\"wp-caption-text\">\u00dcberzeugen Sie Ihren Supermarkt, plastikfrei zu werden.<\/p><\/div><\/li>\n<li><strong>Lassen Sie von sich h\u00f6ren. \u00dcberzeugen Sie Politiker. Nehmen Sie an Demonstrationen f\u00fcr die Umwelt teil.<\/strong>\n<div id=\"attachment_46001\" style=\"width: 510px\" class=\"wp-caption alignnone\"><img decoding=\"async\" aria-describedby=\"caption-attachment-46001\" class=\"size-full wp-image-46001\" src=\"https:\/\/www.amanprana.eu\/wp-content\/uploads\/Milieu-spijbelen.jpg\" alt=\"Jongeren die spijbelen voor ons milieu!\" width=\"500\" height=\"375\" srcset=\"https:\/\/www.amanprana.eu\/wp-content\/uploads\/Milieu-spijbelen.jpg 500w, https:\/\/www.amanprana.eu\/wp-content\/uploads\/Milieu-spijbelen-300x225.jpg 300w, https:\/\/www.amanprana.eu\/wp-content\/uploads\/Milieu-spijbelen-100x75.jpg 100w\" sizes=\"(max-width: 500px) 100vw, 500px\" \/><p id=\"caption-attachment-46001\" class=\"wp-caption-text\">Lassen Sie von sich h\u00f6ren! Demonstrieren f\u00fcr unsere Umwelt.<\/p><\/div><\/li>\n<li><strong>Verwenden Sie keine synthetischen Windeln oder feuchte synthetische T\u00fccher.<\/strong><br \/>\n<div id='gallery-4' class='gallery galleryid-46200 gallery-columns-2 gallery-size-full'><dl class='gallery-item'>\n\t\t\t<dt class='gallery-icon portrait'>\n\t\t\t\t<img decoding=\"async\" width=\"360\" height=\"480\" src=\"https:\/\/www.amanprana.eu\/wp-content\/uploads\/All-in-One-Easyfit-Star-Pippin-ecologische-pamper.jpg\" class=\"attachment-full size-full\" alt=\"Blauwe ecologische pamper van het mert Pippin voor een betere wereld\" srcset=\"https:\/\/www.amanprana.eu\/wp-content\/uploads\/All-in-One-Easyfit-Star-Pippin-ecologische-pamper.jpg 360w, https:\/\/www.amanprana.eu\/wp-content\/uploads\/All-in-One-Easyfit-Star-Pippin-ecologische-pamper-225x300.jpg 225w, https:\/\/www.amanprana.eu\/wp-content\/uploads\/All-in-One-Easyfit-Star-Pippin-ecologische-pamper-100x133.jpg 100w\" sizes=\"(max-width: 360px) 100vw, 360px\" \/>\n\t\t\t<\/dt><\/dl><dl class='gallery-item'>\n\t\t\t<dt class='gallery-icon portrait'>\n\t\t\t\t<img decoding=\"async\" width=\"360\" height=\"480\" src=\"https:\/\/www.amanprana.eu\/wp-content\/uploads\/Wegwerp-pampers.jpg\" class=\"attachment-full size-full\" alt=\"Wegwerp pampers\" srcset=\"https:\/\/www.amanprana.eu\/wp-content\/uploads\/Wegwerp-pampers.jpg 360w, https:\/\/www.amanprana.eu\/wp-content\/uploads\/Wegwerp-pampers-225x300.jpg 225w, https:\/\/www.amanprana.eu\/wp-content\/uploads\/Wegwerp-pampers-100x133.jpg 100w\" sizes=\"(max-width: 360px) 100vw, 360px\" \/>\n\t\t\t<\/dt><\/dl>\n\t\t<\/div>\n<\/li>\n<li><strong>Entscheiden Sie sich f\u00fcr eine biologische K\u00f6rperpflege ohne Mikrokunststoffe und Chemikalien, und zwar vorzugsweise in Glasverpackungen.<\/strong>\n<div id=\"attachment_45989\" style=\"width: 709px\" class=\"wp-caption aligncenter\"><img decoding=\"async\" aria-describedby=\"caption-attachment-45989\" class=\"size-full wp-image-45989\" src=\"https:\/\/www.amanprana.eu\/wp-content\/uploads\/Lichaamsverzorging-in-glas.jpg\" alt=\"Kies voor de biologische lichaamsverzorging van Cime zonder microplastics en chemicali\u00ebn in glazen verpakking.\" width=\"699\" height=\"525\" srcset=\"https:\/\/www.amanprana.eu\/wp-content\/uploads\/Lichaamsverzorging-in-glas.jpg 699w, https:\/\/www.amanprana.eu\/wp-content\/uploads\/Lichaamsverzorging-in-glas-300x225.jpg 300w, https:\/\/www.amanprana.eu\/wp-content\/uploads\/Lichaamsverzorging-in-glas-100x75.jpg 100w\" sizes=\"(max-width: 699px) 100vw, 699px\" \/><p id=\"caption-attachment-45989\" class=\"wp-caption-text\">W\u00e4hlen Sie eine organische K\u00f6rperpflege in Glasverpackungen.<\/p><\/div><\/li>\n<li><strong>Bereiten Sie sich Ihr eigenes Mittagessen vor und nehmen Sie es in einer Mehrwegbox oder einer Verpackung aus Bio-Baumwolle mit.<\/strong><br \/>\n<div id='gallery-5' class='gallery galleryid-46200 gallery-columns-2 gallery-size-large'><dl class='gallery-item'>\n\t\t\t<dt class='gallery-icon landscape'>\n\t\t\t\t<img decoding=\"async\" width=\"400\" height=\"399\" src=\"https:\/\/www.amanprana.eu\/wp-content\/uploads\/Herbruikbare-lunch-zakje-Hi-fluf.jpg\" class=\"attachment-large size-large\" alt=\"Kies voor herbruikbare lunchzakjes van Fluf in plaats van een plastic boterhamzakje\" srcset=\"https:\/\/www.amanprana.eu\/wp-content\/uploads\/Herbruikbare-lunch-zakje-Hi-fluf.jpg 400w, https:\/\/www.amanprana.eu\/wp-content\/uploads\/Herbruikbare-lunch-zakje-Hi-fluf-250x250.jpg 250w, https:\/\/www.amanprana.eu\/wp-content\/uploads\/Herbruikbare-lunch-zakje-Hi-fluf-300x300.jpg 300w, https:\/\/www.amanprana.eu\/wp-content\/uploads\/Herbruikbare-lunch-zakje-Hi-fluf-75x75.jpg 75w, https:\/\/www.amanprana.eu\/wp-content\/uploads\/Herbruikbare-lunch-zakje-Hi-fluf-100x100.jpg 100w\" sizes=\"(max-width: 400px) 100vw, 400px\" \/>\n\t\t\t<\/dt><\/dl><dl class='gallery-item'>\n\t\t\t<dt class='gallery-icon landscape'>\n\t\t\t\t<img decoding=\"async\" width=\"400\" height=\"400\" src=\"https:\/\/www.amanprana.eu\/wp-content\/uploads\/Herbruikbare-lunch-box-rvs.jpg\" class=\"attachment-large size-large\" alt=\"Maak je eigen lunch klaar en neem deze mee in een herbruikbare lunchbox.\" srcset=\"https:\/\/www.amanprana.eu\/wp-content\/uploads\/Herbruikbare-lunch-box-rvs.jpg 400w, https:\/\/www.amanprana.eu\/wp-content\/uploads\/Herbruikbare-lunch-box-rvs-250x250.jpg 250w, https:\/\/www.amanprana.eu\/wp-content\/uploads\/Herbruikbare-lunch-box-rvs-300x300.jpg 300w, https:\/\/www.amanprana.eu\/wp-content\/uploads\/Herbruikbare-lunch-box-rvs-75x75.jpg 75w, https:\/\/www.amanprana.eu\/wp-content\/uploads\/Herbruikbare-lunch-box-rvs-100x100.jpg 100w\" sizes=\"(max-width: 400px) 100vw, 400px\" \/>\n\t\t\t<\/dt><\/dl>\n\t\t<\/div>\n<\/li>\n<li><strong>Nehmen Sie Glas und Glasverpackungen wieder in Ihrem Leben auf.<br \/>\n<\/strong>Vervang plastic filters door houtskool.<\/p>\n<div id=\"attachment_46007\" style=\"width: 777px\" class=\"wp-caption alignnone\"><img decoding=\"async\" aria-describedby=\"caption-attachment-46007\" class=\"wp-image-46007 size-large\" src=\"https:\/\/www.amanprana.eu\/wp-content\/uploads\/\/Milieuvriendelijke-verpakking-767x1024.jpg\" alt=\"De milieu vriendelijke verpakking van de kokosolie van Amanprana is van glas.\" width=\"767\" height=\"1024\" srcset=\"https:\/\/www.amanprana.eu\/wp-content\/uploads\/Milieuvriendelijke-verpakking.jpg 767w, https:\/\/www.amanprana.eu\/wp-content\/uploads\/Milieuvriendelijke-verpakking-225x300.jpg 225w, https:\/\/www.amanprana.eu\/wp-content\/uploads\/Milieuvriendelijke-verpakking-100x134.jpg 100w\" sizes=\"(max-width: 767px) 100vw, 767px\" \/><p id=\"caption-attachment-46007\" class=\"wp-caption-text\">Lassen Sie die Glasverpackung wieder in Ihr Leben zur\u00fcckkehren.<\/p><\/div><\/li>\n<li><strong>Ersetzen Sie den Rasierschaum durch Rasier\u00f6l.<\/strong>\n<div id=\"attachment_46031\" style=\"width: 1034px\" class=\"wp-caption aligncenter\"><img decoding=\"async\" aria-describedby=\"caption-attachment-46031\" class=\"size-full wp-image-46031\" src=\"https:\/\/www.amanprana.eu\/wp-content\/uploads\/Scheerolie-in-glas.jpg\" alt=\"Vervang scheerschuim door scheerolie van Amanprana in een glazen verpakking niet alleen beter voor onze aarde, maar ook voor je lichaam.\" width=\"1024\" height=\"768\" srcset=\"https:\/\/www.amanprana.eu\/wp-content\/uploads\/Scheerolie-in-glas.jpg 1024w, https:\/\/www.amanprana.eu\/wp-content\/uploads\/Scheerolie-in-glas-300x225.jpg 300w, https:\/\/www.amanprana.eu\/wp-content\/uploads\/Scheerolie-in-glas-768x576.jpg 768w, https:\/\/www.amanprana.eu\/wp-content\/uploads\/Scheerolie-in-glas-100x75.jpg 100w, https:\/\/www.amanprana.eu\/wp-content\/uploads\/Scheerolie-in-glas-862x647.jpg 862w\" sizes=\"(max-width: 1024px) 100vw, 1024px\" \/><p id=\"caption-attachment-46031\" class=\"wp-caption-text\">Ersetzen Sie Rasierschaum durch Rasier\u00f6l.<\/p><\/div><\/li>\n<li><strong>Lesen Sie mehr \u00fcber das Cradle to Cradle-Prinzip.&nbsp;<\/strong><br \/>\nDieses Prinzip stellt sicher, dass alles, was wir konsumieren, kompostiert oder wiederverwendet werden kann. Dann gibt es einen unendlichen \u00dcberschuss von allem m\u00f6glichem auf der Welt und keine Verschmutzung.<\/p>\n<div id=\"attachment_45953\" style=\"width: 1034px\" class=\"wp-caption aligncenter\"><img decoding=\"async\" aria-describedby=\"caption-attachment-45953\" class=\"size-full wp-image-45953\" src=\"https:\/\/www.amanprana.eu\/wp-content\/uploads\/cradle-to-cradle-voor-een-betere-wereld.jpg\" alt=\"Cradle to cradle principe is alles wat we verbruiken composteren of opnieuw gebruiken. Beter voor onze wereld.\" width=\"1024\" height=\"767\" srcset=\"https:\/\/www.amanprana.eu\/wp-content\/uploads\/cradle-to-cradle-voor-een-betere-wereld.jpg 1024w, https:\/\/www.amanprana.eu\/wp-content\/uploads\/cradle-to-cradle-voor-een-betere-wereld-300x225.jpg 300w, https:\/\/www.amanprana.eu\/wp-content\/uploads\/cradle-to-cradle-voor-een-betere-wereld-768x575.jpg 768w, https:\/\/www.amanprana.eu\/wp-content\/uploads\/cradle-to-cradle-voor-een-betere-wereld-100x75.jpg 100w, https:\/\/www.amanprana.eu\/wp-content\/uploads\/cradle-to-cradle-voor-een-betere-wereld-862x646.jpg 862w\" sizes=\"(max-width: 1024px) 100vw, 1024px\" \/><p id=\"caption-attachment-45953\" class=\"wp-caption-text\">Cradle to Cradle &#8211; alles, was wir verbrauchen, kompostieren oder wieder verwenden.<\/p><\/div><\/li>\n<\/ol>\n<\/li>\n<\/ol>\n","protected":false},"featured_media":0,"menu_order":39,"template":"","format":"standard","class_list":["post-46200","red_de_zee","type-red_de_zee","status-publish","format-standard","hentry","red_de_zee_categorieen-verschmutzung-der-ozeane","no-post-thumbnail"],"acf":[],"yoast_head":"<!-- This site is optimized with the Yoast SEO plugin v24.7 - https:\/\/yoast.com\/wordpress\/plugins\/seo\/ -->\n<title>Plastikmenge in Ozeanen ist in den letzten 10 Jahren verdreifacht.<\/title>\n<meta name=\"description\" content=\"Es wird erwartet, dass sich dieser Plastikm\u00fcll in den n\u00e4chsten 10 Jahren verdreifachen wird. Die vorausblickende Zukunft warnt vor einem &quot;aus den Augen,\" \/>\n<meta name=\"robots\" content=\"index, follow, max-snippet:-1, max-image-preview:large, max-video-preview:-1\" \/>\n<link rel=\"canonical\" href=\"https:\/\/www.amanprana.eu\/de\/rettet-das-meer\/plastikmenge-ozeanen-hat-sich-in-den-letzten-10-jahren-verdreifacht\/\" \/>\n<meta property=\"og:locale\" content=\"de_DE\" \/>\n<meta property=\"og:type\" content=\"article\" \/>\n<meta property=\"og:title\" content=\"Plastikmenge in Ozeanen ist in den letzten 10 Jahren verdreifacht.\" \/>\n<meta property=\"og:description\" content=\"Es wird erwartet, dass sich dieser Plastikm\u00fcll in den n\u00e4chsten 10 Jahren verdreifachen wird. Die vorausblickende Zukunft warnt vor einem &quot;aus den Augen,\" \/>\n<meta property=\"og:url\" content=\"https:\/\/www.amanprana.eu\/de\/rettet-das-meer\/plastikmenge-ozeanen-hat-sich-in-den-letzten-10-jahren-verdreifacht\/\" \/>\n<meta property=\"og:site_name\" content=\"Amanprana\" \/>\n<meta property=\"article:publisher\" content=\"https:\/\/www.facebook.com\/Amanpranaproducts\/\" \/>\n<meta property=\"article:modified_time\" content=\"2019-10-16T16:04:23+00:00\" \/>\n<meta property=\"og:image\" content=\"https:\/\/www.amanprana.eu\/wp-content\/uploads\/Wegwerp-flesje-768x1024.jpg\" \/>\n<meta name=\"twitter:card\" content=\"summary_large_image\" \/>\n<meta name=\"twitter:label1\" content=\"Gesch\u00e4tzte Lesezeit\" \/>\n\t<meta name=\"twitter:data1\" content=\"3\u00a0Minuten\" \/>\n<script type=\"application\/ld+json\" class=\"yoast-schema-graph\">{\"@context\":\"https:\/\/schema.org\",\"@graph\":[{\"@type\":\"WebPage\",\"@id\":\"https:\/\/www.amanprana.eu\/de\/rettet-das-meer\/plastikmenge-ozeanen-hat-sich-in-den-letzten-10-jahren-verdreifacht\/\",\"url\":\"https:\/\/www.amanprana.eu\/de\/rettet-das-meer\/plastikmenge-ozeanen-hat-sich-in-den-letzten-10-jahren-verdreifacht\/\",\"name\":\"Plastikmenge in Ozeanen ist in den letzten 10 Jahren verdreifacht.\",\"isPartOf\":{\"@id\":\"https:\/\/www.amanprana.eu\/de\/#website\"},\"primaryImageOfPage\":{\"@id\":\"https:\/\/www.amanprana.eu\/de\/rettet-das-meer\/plastikmenge-ozeanen-hat-sich-in-den-letzten-10-jahren-verdreifacht\/#primaryimage\"},\"image\":{\"@id\":\"https:\/\/www.amanprana.eu\/de\/rettet-das-meer\/plastikmenge-ozeanen-hat-sich-in-den-letzten-10-jahren-verdreifacht\/#primaryimage\"},\"thumbnailUrl\":\"https:\/\/www.amanprana.eu\/wp-content\/uploads\/garbage-2369821_1280.jpg\",\"datePublished\":\"2019-04-16T10:59:09+00:00\",\"dateModified\":\"2019-10-16T16:04:23+00:00\",\"description\":\"Es wird erwartet, dass sich dieser Plastikm\u00fcll in den n\u00e4chsten 10 Jahren verdreifachen wird. Die vorausblickende Zukunft warnt vor einem \\\"aus den Augen,\",\"breadcrumb\":{\"@id\":\"https:\/\/www.amanprana.eu\/de\/rettet-das-meer\/plastikmenge-ozeanen-hat-sich-in-den-letzten-10-jahren-verdreifacht\/#breadcrumb\"},\"inLanguage\":\"de\",\"potentialAction\":[{\"@type\":\"ReadAction\",\"target\":[\"https:\/\/www.amanprana.eu\/de\/rettet-das-meer\/plastikmenge-ozeanen-hat-sich-in-den-letzten-10-jahren-verdreifacht\/\"]}]},{\"@type\":\"ImageObject\",\"inLanguage\":\"de\",\"@id\":\"https:\/\/www.amanprana.eu\/de\/rettet-das-meer\/plastikmenge-ozeanen-hat-sich-in-den-letzten-10-jahren-verdreifacht\/#primaryimage\",\"url\":\"https:\/\/www.amanprana.eu\/wp-content\/uploads\/garbage-2369821_1280.jpg\",\"contentUrl\":\"https:\/\/www.amanprana.eu\/wp-content\/uploads\/garbage-2369821_1280.jpg\"},{\"@type\":\"BreadcrumbList\",\"@id\":\"https:\/\/www.amanprana.eu\/de\/rettet-das-meer\/plastikmenge-ozeanen-hat-sich-in-den-letzten-10-jahren-verdreifacht\/#breadcrumb\",\"itemListElement\":[{\"@type\":\"ListItem\",\"position\":1,\"name\":\"Amanprana.eu\",\"item\":\"https:\/\/www.amanprana.eu\/de\/\"},{\"@type\":\"ListItem\",\"position\":2,\"name\":\"RDM - berichten\",\"item\":\"https:\/\/www.amanprana.eu\/de\/rettet-das-meer\/\"},{\"@type\":\"ListItem\",\"position\":3,\"name\":\"Verschmutzung der Ozeane\",\"item\":\"https:\/\/www.amanprana.eu\/de\/red_de_zee_categorieen\/verschmutzung-der-ozeane\/\"},{\"@type\":\"ListItem\",\"position\":4,\"name\":\"Die Plastikmenge in den Ozeanen hat sich in den letzten 10 Jahren verdreifacht.\"}]},{\"@type\":\"WebSite\",\"@id\":\"https:\/\/www.amanprana.eu\/de\/#website\",\"url\":\"https:\/\/www.amanprana.eu\/de\/\",\"name\":\"Amanprana\",\"description\":\"Serene levenskracht\",\"publisher\":{\"@id\":\"https:\/\/www.amanprana.eu\/de\/#organization\"},\"potentialAction\":[{\"@type\":\"SearchAction\",\"target\":{\"@type\":\"EntryPoint\",\"urlTemplate\":\"https:\/\/www.amanprana.eu\/de\/?s={search_term_string}\"},\"query-input\":{\"@type\":\"PropertyValueSpecification\",\"valueRequired\":true,\"valueName\":\"search_term_string\"}}],\"inLanguage\":\"de\"},{\"@type\":\"Organization\",\"@id\":\"https:\/\/www.amanprana.eu\/de\/#organization\",\"name\":\"Amanprana\",\"url\":\"https:\/\/www.amanprana.eu\/de\/\",\"logo\":{\"@type\":\"ImageObject\",\"inLanguage\":\"de\",\"@id\":\"https:\/\/www.amanprana.eu\/de\/#\/schema\/logo\/image\/\",\"url\":\"https:\/\/www.amanprana.eu\/wp-content\/uploads\/webres-amanprana-logo.jpg\",\"contentUrl\":\"https:\/\/www.amanprana.eu\/wp-content\/uploads\/webres-amanprana-logo.jpg\",\"width\":300,\"height\":300,\"caption\":\"Amanprana\"},\"image\":{\"@id\":\"https:\/\/www.amanprana.eu\/de\/#\/schema\/logo\/image\/\"},\"sameAs\":[\"https:\/\/www.facebook.com\/Amanpranaproducts\/\",\"https:\/\/www.instagram.com\/amanprana\/\",\"https:\/\/nl.pinterest.com\/amanprana\/pins\/\"]}]}<\/script>\n<!-- \/ Yoast SEO plugin. -->","yoast_head_json":{"title":"Plastikmenge in Ozeanen ist in den letzten 10 Jahren verdreifacht.","description":"Es wird erwartet, dass sich dieser Plastikm\u00fcll in den n\u00e4chsten 10 Jahren verdreifachen wird. Die vorausblickende Zukunft warnt vor einem \"aus den Augen,","robots":{"index":"index","follow":"follow","max-snippet":"max-snippet:-1","max-image-preview":"max-image-preview:large","max-video-preview":"max-video-preview:-1"},"canonical":"https:\/\/www.amanprana.eu\/de\/rettet-das-meer\/plastikmenge-ozeanen-hat-sich-in-den-letzten-10-jahren-verdreifacht\/","og_locale":"de_DE","og_type":"article","og_title":"Plastikmenge in Ozeanen ist in den letzten 10 Jahren verdreifacht.","og_description":"Es wird erwartet, dass sich dieser Plastikm\u00fcll in den n\u00e4chsten 10 Jahren verdreifachen wird. Die vorausblickende Zukunft warnt vor einem \"aus den Augen,","og_url":"https:\/\/www.amanprana.eu\/de\/rettet-das-meer\/plastikmenge-ozeanen-hat-sich-in-den-letzten-10-jahren-verdreifacht\/","og_site_name":"Amanprana","article_publisher":"https:\/\/www.facebook.com\/Amanpranaproducts\/","article_modified_time":"2019-10-16T16:04:23+00:00","og_image":[{"url":"https:\/\/www.amanprana.eu\/wp-content\/uploads\/Wegwerp-flesje-768x1024.jpg","type":"","width":"","height":""}],"twitter_card":"summary_large_image","twitter_misc":{"Gesch\u00e4tzte Lesezeit":"3\u00a0Minuten"},"schema":{"@context":"https:\/\/schema.org","@graph":[{"@type":"WebPage","@id":"https:\/\/www.amanprana.eu\/de\/rettet-das-meer\/plastikmenge-ozeanen-hat-sich-in-den-letzten-10-jahren-verdreifacht\/","url":"https:\/\/www.amanprana.eu\/de\/rettet-das-meer\/plastikmenge-ozeanen-hat-sich-in-den-letzten-10-jahren-verdreifacht\/","name":"Plastikmenge in Ozeanen ist in den letzten 10 Jahren verdreifacht.","isPartOf":{"@id":"https:\/\/www.amanprana.eu\/de\/#website"},"primaryImageOfPage":{"@id":"https:\/\/www.amanprana.eu\/de\/rettet-das-meer\/plastikmenge-ozeanen-hat-sich-in-den-letzten-10-jahren-verdreifacht\/#primaryimage"},"image":{"@id":"https:\/\/www.amanprana.eu\/de\/rettet-das-meer\/plastikmenge-ozeanen-hat-sich-in-den-letzten-10-jahren-verdreifacht\/#primaryimage"},"thumbnailUrl":"https:\/\/www.amanprana.eu\/wp-content\/uploads\/garbage-2369821_1280.jpg","datePublished":"2019-04-16T10:59:09+00:00","dateModified":"2019-10-16T16:04:23+00:00","description":"Es wird erwartet, dass sich dieser Plastikm\u00fcll in den n\u00e4chsten 10 Jahren verdreifachen wird. Die vorausblickende Zukunft warnt vor einem \"aus den Augen,","breadcrumb":{"@id":"https:\/\/www.amanprana.eu\/de\/rettet-das-meer\/plastikmenge-ozeanen-hat-sich-in-den-letzten-10-jahren-verdreifacht\/#breadcrumb"},"inLanguage":"de","potentialAction":[{"@type":"ReadAction","target":["https:\/\/www.amanprana.eu\/de\/rettet-das-meer\/plastikmenge-ozeanen-hat-sich-in-den-letzten-10-jahren-verdreifacht\/"]}]},{"@type":"ImageObject","inLanguage":"de","@id":"https:\/\/www.amanprana.eu\/de\/rettet-das-meer\/plastikmenge-ozeanen-hat-sich-in-den-letzten-10-jahren-verdreifacht\/#primaryimage","url":"https:\/\/www.amanprana.eu\/wp-content\/uploads\/garbage-2369821_1280.jpg","contentUrl":"https:\/\/www.amanprana.eu\/wp-content\/uploads\/garbage-2369821_1280.jpg"},{"@type":"BreadcrumbList","@id":"https:\/\/www.amanprana.eu\/de\/rettet-das-meer\/plastikmenge-ozeanen-hat-sich-in-den-letzten-10-jahren-verdreifacht\/#breadcrumb","itemListElement":[{"@type":"ListItem","position":1,"name":"Amanprana.eu","item":"https:\/\/www.amanprana.eu\/de\/"},{"@type":"ListItem","position":2,"name":"RDM - berichten","item":"https:\/\/www.amanprana.eu\/de\/rettet-das-meer\/"},{"@type":"ListItem","position":3,"name":"Verschmutzung der Ozeane","item":"https:\/\/www.amanprana.eu\/de\/red_de_zee_categorieen\/verschmutzung-der-ozeane\/"},{"@type":"ListItem","position":4,"name":"Die Plastikmenge in den Ozeanen hat sich in den letzten 10 Jahren verdreifacht."}]},{"@type":"WebSite","@id":"https:\/\/www.amanprana.eu\/de\/#website","url":"https:\/\/www.amanprana.eu\/de\/","name":"Amanprana","description":"Serene levenskracht","publisher":{"@id":"https:\/\/www.amanprana.eu\/de\/#organization"},"potentialAction":[{"@type":"SearchAction","target":{"@type":"EntryPoint","urlTemplate":"https:\/\/www.amanprana.eu\/de\/?s={search_term_string}"},"query-input":{"@type":"PropertyValueSpecification","valueRequired":true,"valueName":"search_term_string"}}],"inLanguage":"de"},{"@type":"Organization","@id":"https:\/\/www.amanprana.eu\/de\/#organization","name":"Amanprana","url":"https:\/\/www.amanprana.eu\/de\/","logo":{"@type":"ImageObject","inLanguage":"de","@id":"https:\/\/www.amanprana.eu\/de\/#\/schema\/logo\/image\/","url":"https:\/\/www.amanprana.eu\/wp-content\/uploads\/webres-amanprana-logo.jpg","contentUrl":"https:\/\/www.amanprana.eu\/wp-content\/uploads\/webres-amanprana-logo.jpg","width":300,"height":300,"caption":"Amanprana"},"image":{"@id":"https:\/\/www.amanprana.eu\/de\/#\/schema\/logo\/image\/"},"sameAs":["https:\/\/www.facebook.com\/Amanpranaproducts\/","https:\/\/www.instagram.com\/amanprana\/","https:\/\/nl.pinterest.com\/amanprana\/pins\/"]}]}},"multi-rating":{"mr_rating_results":[]},"_links":{"self":[{"href":"https:\/\/www.amanprana.eu\/de\/wp-json\/wp\/v2\/red_de_zee\/46200","targetHints":{"allow":["GET"]}}],"collection":[{"href":"https:\/\/www.amanprana.eu\/de\/wp-json\/wp\/v2\/red_de_zee"}],"about":[{"href":"https:\/\/www.amanprana.eu\/de\/wp-json\/wp\/v2\/types\/red_de_zee"}],"version-history":[{"count":1,"href":"https:\/\/www.amanprana.eu\/de\/wp-json\/wp\/v2\/red_de_zee\/46200\/revisions"}],"predecessor-version":[{"id":52003,"href":"https:\/\/www.amanprana.eu\/de\/wp-json\/wp\/v2\/red_de_zee\/46200\/revisions\/52003"}],"wp:attachment":[{"href":"https:\/\/www.amanprana.eu\/de\/wp-json\/wp\/v2\/media?parent=46200"}],"curies":[{"name":"wp","href":"https:\/\/api.w.org\/{rel}","templated":true}]}}