

{"id":47021,"date":"2019-05-16T10:44:11","date_gmt":"2019-05-16T08:44:11","guid":{"rendered":"https:\/\/www.amanprana.eu\/?post_type=red_de_zee&#038;p=47021"},"modified":"2019-05-16T10:44:11","modified_gmt":"2019-05-16T08:44:11","slug":"ueber-den-klimawandel-und-die-auswirkungen-auf-unsere-ozeane","status":"publish","type":"red_de_zee","link":"https:\/\/www.amanprana.eu\/de\/rettet-das-meer\/ueber-den-klimawandel-und-die-auswirkungen-auf-unsere-ozeane\/","title":{"rendered":"\u00dcber den Klimawandel und die Auswirkungen auf unsere Ozeane."},"content":{"rendered":"<p><strong>Klimam\u00e4rsche ziehen durch die Stra\u00dfen, Schule schw\u00e4nzen f\u00fcr unsere Zukunft.<\/strong><\/p>\n<h2>Klimaschulschw\u00e4nzer in vielen St\u00e4dten Europas<\/h2>\n<div id='gallery-1' class='gallery galleryid-47021 gallery-columns-2 gallery-size-full'><dl class='gallery-item'>\n\t\t\t<dt class='gallery-icon landscape'>\n\t\t\t\t<img decoding=\"async\" width=\"1100\" height=\"732\" src=\"https:\/\/www.amanprana.eu\/wp-content\/uploads\/Fridays-for-future.jpg\" class=\"attachment-full size-full\" alt=\"Fridays for future ist eine italienische Initiative f\u00fcr den Klimaschutz.\" aria-describedby=\"gallery-1-46839\" srcset=\"https:\/\/www.amanprana.eu\/wp-content\/uploads\/Fridays-for-future.jpg 1100w, https:\/\/www.amanprana.eu\/wp-content\/uploads\/Fridays-for-future-300x200.jpg 300w, https:\/\/www.amanprana.eu\/wp-content\/uploads\/Fridays-for-future-768x511.jpg 768w, https:\/\/www.amanprana.eu\/wp-content\/uploads\/Fridays-for-future-1024x681.jpg 1024w, https:\/\/www.amanprana.eu\/wp-content\/uploads\/Fridays-for-future-100x67.jpg 100w, https:\/\/www.amanprana.eu\/wp-content\/uploads\/Fridays-for-future-862x574.jpg 862w\" sizes=\"(max-width: 1100px) 100vw, 1100px\" \/>\n\t\t\t<\/dt>\n\t\t\t\t<dd class='wp-caption-text gallery-caption' id='gallery-1-46839'>\n\t\t\t\tHandle jetzt oder schwimme sp\u00e4ter\n\t\t\t\t<\/dd><\/dl><dl class='gallery-item'>\n\t\t\t<dt class='gallery-icon landscape'>\n\t\t\t\t<img decoding=\"async\" width=\"1200\" height=\"799\" src=\"https:\/\/www.amanprana.eu\/wp-content\/uploads\/klimaatspijbelaars.jpg\" class=\"attachment-full size-full\" alt=\"Das Klima ver\u00e4ndert sich, warum wir nicht?\" aria-describedby=\"gallery-1-46845\" srcset=\"https:\/\/www.amanprana.eu\/wp-content\/uploads\/klimaatspijbelaars.jpg 1200w, https:\/\/www.amanprana.eu\/wp-content\/uploads\/klimaatspijbelaars-300x200.jpg 300w, https:\/\/www.amanprana.eu\/wp-content\/uploads\/klimaatspijbelaars-768x511.jpg 768w, https:\/\/www.amanprana.eu\/wp-content\/uploads\/klimaatspijbelaars-1024x682.jpg 1024w, https:\/\/www.amanprana.eu\/wp-content\/uploads\/klimaatspijbelaars-100x67.jpg 100w, https:\/\/www.amanprana.eu\/wp-content\/uploads\/klimaatspijbelaars-862x574.jpg 862w, https:\/\/www.amanprana.eu\/wp-content\/uploads\/klimaatspijbelaars-1170x779.jpg 1170w\" sizes=\"(max-width: 1200px) 100vw, 1200px\" \/>\n\t\t\t<\/dt>\n\t\t\t\t<dd class='wp-caption-text gallery-caption' id='gallery-1-46845'>\n\t\t\t\tDas Klima ver\u00e4ndert sich, warum wir nicht?\n\t\t\t\t<\/dd><\/dl>\n\t\t<\/div>\n\n<blockquote><p>&#8222;Wir verdienen einen gr\u00fcnen Planeten, eine sichere Zukunft und Politiker, die Verantwortung f\u00fcr Ma\u00dfnahmen zur Bek\u00e4mpfung der globalen Erw\u00e4rmung \u00fcbernehmen, und wir werden weiterhin als eine junge Generation daf\u00fcr k\u00e4mpfen.&#8220;<br \/>\nAnuna De Wever, 17-j\u00e4hrige belgische Klimaaktivistin aus Mortsel.<\/p><\/blockquote>\n<div id=\"attachment_46852\" style=\"width: 1227px\" class=\"wp-caption aligncenter\"><img decoding=\"async\" aria-describedby=\"caption-attachment-46852\" class=\"size-full wp-image-46849\" src=\"https:\/\/www.amanprana.eu\/wp-content\/uploads\/school-strike-4-climate.jpg\" alt=\"Wenn sich Politiker wie Kinder verhalten, werden die Kinder zu Politikern.\" width=\"1217\" height=\"812\" srcset=\"https:\/\/www.amanprana.eu\/wp-content\/uploads\/school-strike-4-climate.jpg 1217w, https:\/\/www.amanprana.eu\/wp-content\/uploads\/school-strike-4-climate-300x200.jpg 300w, https:\/\/www.amanprana.eu\/wp-content\/uploads\/school-strike-4-climate-768x512.jpg 768w, https:\/\/www.amanprana.eu\/wp-content\/uploads\/school-strike-4-climate-1024x683.jpg 1024w, https:\/\/www.amanprana.eu\/wp-content\/uploads\/school-strike-4-climate-391x260.jpg 391w, https:\/\/www.amanprana.eu\/wp-content\/uploads\/school-strike-4-climate-100x67.jpg 100w, https:\/\/www.amanprana.eu\/wp-content\/uploads\/school-strike-4-climate-862x575.jpg 862w, https:\/\/www.amanprana.eu\/wp-content\/uploads\/school-strike-4-climate-1170x781.jpg 1170w\" sizes=\"(max-width: 1217px) 100vw, 1217px\" \/><p id=\"caption-attachment-46852\" class=\"wp-caption-text\">Wenn sich Politiker wie Kinder verhalten, werden die Kinder zu Politikern.<\/p><\/div>\n<h3>Klimaschutz: Schulschw\u00e4nzen mit Greta Thunberg und Anuna De Wever gegen den Klimawandel<\/h3>\n<p>Im April 2019 gingen in Rom 25 Tausend Menschen f\u00fcr den Klimaschutz auf die Stra\u00dfe. Mit den Worten von Martin Luther King sprach Anuna zu der Menge: &#8222;Ich habe den Leuten gesagt, dass es wichtig ist, dass wir weitermachen. Das ist auch die Botschaft, die ich an die jungen Menschen in Belgien habe, dass wir bis zu den Wahlen weitermachen m\u00fcssen.&#8220;<\/p>\n<p>Fridays for future ist eine italienische Initiative f\u00fcr den Klimaschutz. Junge italienische Aktivisten fordern Aktionen f\u00fcr das Klima. Fridays for future hat viele Anh\u00e4nger. Die Aktivisten fordern ein vollst\u00e4ndiges Verbot der klimasch\u00e4dlichen Verbrennung von Kohle, \u00d6l und Gas und dass mehr in nachhaltige Energieerzeugung wie Wind- und Solarenergie investiert wird.<\/p>\n<div id=\"attachment_46859\" style=\"width: 1210px\" class=\"wp-caption aligncenter\"><img decoding=\"async\" aria-describedby=\"caption-attachment-46859\" class=\"size-full wp-image-46856\" src=\"https:\/\/www.amanprana.eu\/wp-content\/uploads\/belang-van-de-oceanen.jpg\" alt=\"Die Bedeutung des Ozeans f\u00fcr das globale Klima ist nicht zu untersch\u00e4tzen.\" width=\"1200\" height=\"797\" srcset=\"https:\/\/www.amanprana.eu\/wp-content\/uploads\/belang-van-de-oceanen.jpg 1200w, https:\/\/www.amanprana.eu\/wp-content\/uploads\/belang-van-de-oceanen-300x199.jpg 300w, https:\/\/www.amanprana.eu\/wp-content\/uploads\/belang-van-de-oceanen-768x510.jpg 768w, https:\/\/www.amanprana.eu\/wp-content\/uploads\/belang-van-de-oceanen-1024x680.jpg 1024w, https:\/\/www.amanprana.eu\/wp-content\/uploads\/belang-van-de-oceanen-391x260.jpg 391w, https:\/\/www.amanprana.eu\/wp-content\/uploads\/belang-van-de-oceanen-100x66.jpg 100w, https:\/\/www.amanprana.eu\/wp-content\/uploads\/belang-van-de-oceanen-862x573.jpg 862w, https:\/\/www.amanprana.eu\/wp-content\/uploads\/belang-van-de-oceanen-1170x777.jpg 1170w\" sizes=\"(max-width: 1200px) 100vw, 1200px\" \/><p id=\"caption-attachment-46859\" class=\"wp-caption-text\">&#8222;\u00c4ndere deine Meinung, nicht das Klima&#8220;<\/p><\/div>\n<h3>&#8222;\u00c4ndere deine Meinung, nicht das Klima&#8220;, Unesco.<\/h3>\n<p>Die Bedeutung des Ozeans f\u00fcr das globale Klima ist nicht zu untersch\u00e4tzen. Es absorbiert einen erheblichen Anteil an Kohlenstoff und einen \u00fcberw\u00e4ltigenden Anteil der \u00fcbersch\u00fcssigen W\u00e4rme. Eine w\u00e4rmere Atmosph\u00e4re und eine zunehmende Konzentration von Treibhausgasen \u00fcben jedoch enormen Druck auf die F\u00e4higkeit des Ozeans aus, das Klima zu regulieren.<\/p>\n<div id=\"attachment_46866\" style=\"width: 1210px\" class=\"wp-caption aligncenter\"><img decoding=\"async\" aria-describedby=\"caption-attachment-46866\" class=\"size-full wp-image-46863\" src=\"https:\/\/www.amanprana.eu\/wp-content\/uploads\/Golven.jpg\" alt=\"Die Ozeane und Gew\u00e4sser entlang unserer K\u00fcsten verlieren ihren Sauerstoff.\" width=\"1200\" height=\"675\" srcset=\"https:\/\/www.amanprana.eu\/wp-content\/uploads\/Golven.jpg 1200w, https:\/\/www.amanprana.eu\/wp-content\/uploads\/Golven-300x169.jpg 300w, https:\/\/www.amanprana.eu\/wp-content\/uploads\/Golven-768x432.jpg 768w, https:\/\/www.amanprana.eu\/wp-content\/uploads\/Golven-1024x576.jpg 1024w, https:\/\/www.amanprana.eu\/wp-content\/uploads\/Golven-100x56.jpg 100w, https:\/\/www.amanprana.eu\/wp-content\/uploads\/Golven-862x485.jpg 862w, https:\/\/www.amanprana.eu\/wp-content\/uploads\/Golven-1170x658.jpg 1170w\" sizes=\"(max-width: 1200px) 100vw, 1200px\" \/><p id=\"caption-attachment-46866\" class=\"wp-caption-text\">Die Ozeane und Gew\u00e4sser entlang unserer K\u00fcsten verlieren ihren Sauerstoff.<\/p><\/div>\n<h2>Die Ozeane und Gew\u00e4sser entlang unserer K\u00fcsten verlieren ihren Sauerstoff. 11 Dinge, die Sie wissen sollten:<\/h2>\n<ol>\n<li>Sauerstoff ist sehr bedenklich f\u00fcr die Ozeane, und zwar sowohl f\u00fcr die Pflanzen als auch f\u00fcr die Tiere.<\/li>\n<li>Seit 1960 hat sich die sauerstoffarme Fl\u00e4che des Ozeans um 4,5 Millionen km\u00b2 vergr\u00f6\u00dfert.<\/li>\n<li>Der Mensch ist die Hauptursache f\u00fcr den R\u00fcckgang des Sauerstoffgehalts in den Ozeanen. Verbrennung von fossilen Brennstoffen, menschliche Abf\u00e4lle, industrielle Verschmutzung und landwirtschaftliche Verschmutzung. Dies f\u00fchrt zu mehr Stickstoff, mehr Phosphor und weniger Sauerstoff in den Ozeanen.<\/li>\n<li>Weniger Sauerstoff bedeutet reduziertes Wachstum, erh\u00f6hte Anzahl von Krankheiten, Ver\u00e4nderung des Verhaltens und Absterben des Lebens im Ozean.<\/li>\n<li>Die globale Erw\u00e4rmung verbraucht Sauerstoff aus den Ozeanen.<\/li>\n<li>Zuchtfische verschmutzen die K\u00fcstengew\u00e4sser und tragen wesentlich zur Reduzierung des Sauerstoffgehalts in den K\u00fcstengew\u00e4ssern bei.<\/li>\n<li>Vor allem Fische mit Flossen und Schalentiere sind extrem empfindlich gegen\u00fcber reduziertem Sauerstoff in den Ozeanen.<\/li>\n<li>Reduzierter Sauerstoffgehalt in den Ozeanen wiederum tr\u00e4gt zur globalen Erw\u00e4rmung bei.<\/li>\n<li>Treibhausgase werden im 21. Jahrhundert die Meere und die Erde erw\u00e4rmen und den Sauerstoff reduzieren.<\/li>\n<li>Die Ozeane werden nicht nur von reduziertem Sauerstoff getroffen. Die Ozeane sind auch von \u00dcberfischung, der Zerst\u00f6rung nat\u00fcrlicher Lebensr\u00e4ume und der Versauerung durch das Bev\u00f6lkerungswachstum betroffen.<\/li>\n<li>Schritte zur Verbesserung des Sauerstoffgehalts in den Ozeanen werden sich auf die menschliche Bev\u00f6lkerung auswirken.<\/li>\n<\/ol>\n","protected":false},"featured_media":46833,"menu_order":37,"template":"","format":"standard","class_list":["post-47021","red_de_zee","type-red_de_zee","status-publish","format-standard","has-post-thumbnail","hentry","red_de_zee_categorieen-klimawandel"],"acf":[],"yoast_head":"<!-- This site is optimized with the Yoast SEO plugin v24.7 - https:\/\/yoast.com\/wordpress\/plugins\/seo\/ -->\n<title>Klimaschulschw\u00e4nzer protestieren gegen den Klimawandel - Amanprana<\/title>\n<meta name=\"description\" content=\"Klimam\u00e4rsche mit Klimaschulschw\u00e4nzern gegen den Klimawandel. Greta Thunberg und Anuna De Wever fordern einen Stopp des Klimawandels.\" \/>\n<meta name=\"robots\" content=\"index, follow, max-snippet:-1, max-image-preview:large, max-video-preview:-1\" \/>\n<link rel=\"canonical\" href=\"https:\/\/www.amanprana.eu\/de\/rettet-das-meer\/ueber-den-klimawandel-und-die-auswirkungen-auf-unsere-ozeane\/\" \/>\n<meta property=\"og:locale\" content=\"de_DE\" \/>\n<meta property=\"og:type\" content=\"article\" \/>\n<meta property=\"og:title\" content=\"Klimaschulschw\u00e4nzer protestieren gegen den Klimawandel - Amanprana\" \/>\n<meta property=\"og:description\" content=\"Klimam\u00e4rsche mit Klimaschulschw\u00e4nzern gegen den Klimawandel. Greta Thunberg und Anuna De Wever fordern einen Stopp des Klimawandels.\" \/>\n<meta property=\"og:url\" content=\"https:\/\/www.amanprana.eu\/de\/rettet-das-meer\/ueber-den-klimawandel-und-die-auswirkungen-auf-unsere-ozeane\/\" \/>\n<meta property=\"og:site_name\" content=\"Amanprana\" \/>\n<meta property=\"article:publisher\" content=\"https:\/\/www.facebook.com\/Amanpranaproducts\/\" \/>\n<meta property=\"og:image\" content=\"https:\/\/www.amanprana.eu\/wp-content\/uploads\/Geen-planeet-B.jpg\" \/>\n\t<meta property=\"og:image:width\" content=\"1200\" \/>\n\t<meta property=\"og:image:height\" content=\"675\" \/>\n\t<meta property=\"og:image:type\" content=\"image\/jpeg\" \/>\n<meta name=\"twitter:card\" content=\"summary_large_image\" \/>\n<meta name=\"twitter:label1\" content=\"Gesch\u00e4tzte Lesezeit\" \/>\n\t<meta name=\"twitter:data1\" content=\"3\u00a0Minuten\" \/>\n<script type=\"application\/ld+json\" class=\"yoast-schema-graph\">{\"@context\":\"https:\/\/schema.org\",\"@graph\":[{\"@type\":\"WebPage\",\"@id\":\"https:\/\/www.amanprana.eu\/de\/rettet-das-meer\/ueber-den-klimawandel-und-die-auswirkungen-auf-unsere-ozeane\/\",\"url\":\"https:\/\/www.amanprana.eu\/de\/rettet-das-meer\/ueber-den-klimawandel-und-die-auswirkungen-auf-unsere-ozeane\/\",\"name\":\"Klimaschulschw\u00e4nzer protestieren gegen den Klimawandel - Amanprana\",\"isPartOf\":{\"@id\":\"https:\/\/www.amanprana.eu\/de\/#website\"},\"primaryImageOfPage\":{\"@id\":\"https:\/\/www.amanprana.eu\/de\/rettet-das-meer\/ueber-den-klimawandel-und-die-auswirkungen-auf-unsere-ozeane\/#primaryimage\"},\"image\":{\"@id\":\"https:\/\/www.amanprana.eu\/de\/rettet-das-meer\/ueber-den-klimawandel-und-die-auswirkungen-auf-unsere-ozeane\/#primaryimage\"},\"thumbnailUrl\":\"https:\/\/www.amanprana.eu\/wp-content\/uploads\/Geen-planeet-B.jpg\",\"datePublished\":\"2019-05-16T08:44:11+00:00\",\"description\":\"Klimam\u00e4rsche mit Klimaschulschw\u00e4nzern gegen den Klimawandel. Greta Thunberg und Anuna De Wever fordern einen Stopp des Klimawandels.\",\"breadcrumb\":{\"@id\":\"https:\/\/www.amanprana.eu\/de\/rettet-das-meer\/ueber-den-klimawandel-und-die-auswirkungen-auf-unsere-ozeane\/#breadcrumb\"},\"inLanguage\":\"de\",\"potentialAction\":[{\"@type\":\"ReadAction\",\"target\":[\"https:\/\/www.amanprana.eu\/de\/rettet-das-meer\/ueber-den-klimawandel-und-die-auswirkungen-auf-unsere-ozeane\/\"]}]},{\"@type\":\"ImageObject\",\"inLanguage\":\"de\",\"@id\":\"https:\/\/www.amanprana.eu\/de\/rettet-das-meer\/ueber-den-klimawandel-und-die-auswirkungen-auf-unsere-ozeane\/#primaryimage\",\"url\":\"https:\/\/www.amanprana.eu\/wp-content\/uploads\/Geen-planeet-B.jpg\",\"contentUrl\":\"https:\/\/www.amanprana.eu\/wp-content\/uploads\/Geen-planeet-B.jpg\",\"width\":1200,\"height\":675,\"caption\":\"Es gibt keinen Plan B f\u00fcr unseren Planeten\"},{\"@type\":\"BreadcrumbList\",\"@id\":\"https:\/\/www.amanprana.eu\/de\/rettet-das-meer\/ueber-den-klimawandel-und-die-auswirkungen-auf-unsere-ozeane\/#breadcrumb\",\"itemListElement\":[{\"@type\":\"ListItem\",\"position\":1,\"name\":\"Amanprana.eu\",\"item\":\"https:\/\/www.amanprana.eu\/de\/\"},{\"@type\":\"ListItem\",\"position\":2,\"name\":\"RDM - berichten\",\"item\":\"https:\/\/www.amanprana.eu\/de\/rettet-das-meer\/\"},{\"@type\":\"ListItem\",\"position\":3,\"name\":\"Klimawandel\",\"item\":\"https:\/\/www.amanprana.eu\/de\/red_de_zee_categorieen\/klimawandel\/\"},{\"@type\":\"ListItem\",\"position\":4,\"name\":\"\u00dcber den Klimawandel und die Auswirkungen auf unsere Ozeane.\"}]},{\"@type\":\"WebSite\",\"@id\":\"https:\/\/www.amanprana.eu\/de\/#website\",\"url\":\"https:\/\/www.amanprana.eu\/de\/\",\"name\":\"Amanprana\",\"description\":\"Serene levenskracht\",\"publisher\":{\"@id\":\"https:\/\/www.amanprana.eu\/de\/#organization\"},\"potentialAction\":[{\"@type\":\"SearchAction\",\"target\":{\"@type\":\"EntryPoint\",\"urlTemplate\":\"https:\/\/www.amanprana.eu\/de\/?s={search_term_string}\"},\"query-input\":{\"@type\":\"PropertyValueSpecification\",\"valueRequired\":true,\"valueName\":\"search_term_string\"}}],\"inLanguage\":\"de\"},{\"@type\":\"Organization\",\"@id\":\"https:\/\/www.amanprana.eu\/de\/#organization\",\"name\":\"Amanprana\",\"url\":\"https:\/\/www.amanprana.eu\/de\/\",\"logo\":{\"@type\":\"ImageObject\",\"inLanguage\":\"de\",\"@id\":\"https:\/\/www.amanprana.eu\/de\/#\/schema\/logo\/image\/\",\"url\":\"https:\/\/www.amanprana.eu\/wp-content\/uploads\/webres-amanprana-logo.jpg\",\"contentUrl\":\"https:\/\/www.amanprana.eu\/wp-content\/uploads\/webres-amanprana-logo.jpg\",\"width\":300,\"height\":300,\"caption\":\"Amanprana\"},\"image\":{\"@id\":\"https:\/\/www.amanprana.eu\/de\/#\/schema\/logo\/image\/\"},\"sameAs\":[\"https:\/\/www.facebook.com\/Amanpranaproducts\/\",\"https:\/\/www.instagram.com\/amanprana\/\",\"https:\/\/nl.pinterest.com\/amanprana\/pins\/\"]}]}<\/script>\n<!-- \/ Yoast SEO plugin. -->","yoast_head_json":{"title":"Klimaschulschw\u00e4nzer protestieren gegen den Klimawandel - Amanprana","description":"Klimam\u00e4rsche mit Klimaschulschw\u00e4nzern gegen den Klimawandel. Greta Thunberg und Anuna De Wever fordern einen Stopp des Klimawandels.","robots":{"index":"index","follow":"follow","max-snippet":"max-snippet:-1","max-image-preview":"max-image-preview:large","max-video-preview":"max-video-preview:-1"},"canonical":"https:\/\/www.amanprana.eu\/de\/rettet-das-meer\/ueber-den-klimawandel-und-die-auswirkungen-auf-unsere-ozeane\/","og_locale":"de_DE","og_type":"article","og_title":"Klimaschulschw\u00e4nzer protestieren gegen den Klimawandel - Amanprana","og_description":"Klimam\u00e4rsche mit Klimaschulschw\u00e4nzern gegen den Klimawandel. Greta Thunberg und Anuna De Wever fordern einen Stopp des Klimawandels.","og_url":"https:\/\/www.amanprana.eu\/de\/rettet-das-meer\/ueber-den-klimawandel-und-die-auswirkungen-auf-unsere-ozeane\/","og_site_name":"Amanprana","article_publisher":"https:\/\/www.facebook.com\/Amanpranaproducts\/","og_image":[{"width":1200,"height":675,"url":"https:\/\/www.amanprana.eu\/wp-content\/uploads\/Geen-planeet-B.jpg","type":"image\/jpeg"}],"twitter_card":"summary_large_image","twitter_misc":{"Gesch\u00e4tzte Lesezeit":"3\u00a0Minuten"},"schema":{"@context":"https:\/\/schema.org","@graph":[{"@type":"WebPage","@id":"https:\/\/www.amanprana.eu\/de\/rettet-das-meer\/ueber-den-klimawandel-und-die-auswirkungen-auf-unsere-ozeane\/","url":"https:\/\/www.amanprana.eu\/de\/rettet-das-meer\/ueber-den-klimawandel-und-die-auswirkungen-auf-unsere-ozeane\/","name":"Klimaschulschw\u00e4nzer protestieren gegen den Klimawandel - Amanprana","isPartOf":{"@id":"https:\/\/www.amanprana.eu\/de\/#website"},"primaryImageOfPage":{"@id":"https:\/\/www.amanprana.eu\/de\/rettet-das-meer\/ueber-den-klimawandel-und-die-auswirkungen-auf-unsere-ozeane\/#primaryimage"},"image":{"@id":"https:\/\/www.amanprana.eu\/de\/rettet-das-meer\/ueber-den-klimawandel-und-die-auswirkungen-auf-unsere-ozeane\/#primaryimage"},"thumbnailUrl":"https:\/\/www.amanprana.eu\/wp-content\/uploads\/Geen-planeet-B.jpg","datePublished":"2019-05-16T08:44:11+00:00","description":"Klimam\u00e4rsche mit Klimaschulschw\u00e4nzern gegen den Klimawandel. Greta Thunberg und Anuna De Wever fordern einen Stopp des Klimawandels.","breadcrumb":{"@id":"https:\/\/www.amanprana.eu\/de\/rettet-das-meer\/ueber-den-klimawandel-und-die-auswirkungen-auf-unsere-ozeane\/#breadcrumb"},"inLanguage":"de","potentialAction":[{"@type":"ReadAction","target":["https:\/\/www.amanprana.eu\/de\/rettet-das-meer\/ueber-den-klimawandel-und-die-auswirkungen-auf-unsere-ozeane\/"]}]},{"@type":"ImageObject","inLanguage":"de","@id":"https:\/\/www.amanprana.eu\/de\/rettet-das-meer\/ueber-den-klimawandel-und-die-auswirkungen-auf-unsere-ozeane\/#primaryimage","url":"https:\/\/www.amanprana.eu\/wp-content\/uploads\/Geen-planeet-B.jpg","contentUrl":"https:\/\/www.amanprana.eu\/wp-content\/uploads\/Geen-planeet-B.jpg","width":1200,"height":675,"caption":"Es gibt keinen Plan B f\u00fcr unseren Planeten"},{"@type":"BreadcrumbList","@id":"https:\/\/www.amanprana.eu\/de\/rettet-das-meer\/ueber-den-klimawandel-und-die-auswirkungen-auf-unsere-ozeane\/#breadcrumb","itemListElement":[{"@type":"ListItem","position":1,"name":"Amanprana.eu","item":"https:\/\/www.amanprana.eu\/de\/"},{"@type":"ListItem","position":2,"name":"RDM - berichten","item":"https:\/\/www.amanprana.eu\/de\/rettet-das-meer\/"},{"@type":"ListItem","position":3,"name":"Klimawandel","item":"https:\/\/www.amanprana.eu\/de\/red_de_zee_categorieen\/klimawandel\/"},{"@type":"ListItem","position":4,"name":"\u00dcber den Klimawandel und die Auswirkungen auf unsere Ozeane."}]},{"@type":"WebSite","@id":"https:\/\/www.amanprana.eu\/de\/#website","url":"https:\/\/www.amanprana.eu\/de\/","name":"Amanprana","description":"Serene levenskracht","publisher":{"@id":"https:\/\/www.amanprana.eu\/de\/#organization"},"potentialAction":[{"@type":"SearchAction","target":{"@type":"EntryPoint","urlTemplate":"https:\/\/www.amanprana.eu\/de\/?s={search_term_string}"},"query-input":{"@type":"PropertyValueSpecification","valueRequired":true,"valueName":"search_term_string"}}],"inLanguage":"de"},{"@type":"Organization","@id":"https:\/\/www.amanprana.eu\/de\/#organization","name":"Amanprana","url":"https:\/\/www.amanprana.eu\/de\/","logo":{"@type":"ImageObject","inLanguage":"de","@id":"https:\/\/www.amanprana.eu\/de\/#\/schema\/logo\/image\/","url":"https:\/\/www.amanprana.eu\/wp-content\/uploads\/webres-amanprana-logo.jpg","contentUrl":"https:\/\/www.amanprana.eu\/wp-content\/uploads\/webres-amanprana-logo.jpg","width":300,"height":300,"caption":"Amanprana"},"image":{"@id":"https:\/\/www.amanprana.eu\/de\/#\/schema\/logo\/image\/"},"sameAs":["https:\/\/www.facebook.com\/Amanpranaproducts\/","https:\/\/www.instagram.com\/amanprana\/","https:\/\/nl.pinterest.com\/amanprana\/pins\/"]}]}},"multi-rating":{"mr_rating_results":[]},"_links":{"self":[{"href":"https:\/\/www.amanprana.eu\/de\/wp-json\/wp\/v2\/red_de_zee\/47021","targetHints":{"allow":["GET"]}}],"collection":[{"href":"https:\/\/www.amanprana.eu\/de\/wp-json\/wp\/v2\/red_de_zee"}],"about":[{"href":"https:\/\/www.amanprana.eu\/de\/wp-json\/wp\/v2\/types\/red_de_zee"}],"version-history":[{"count":0,"href":"https:\/\/www.amanprana.eu\/de\/wp-json\/wp\/v2\/red_de_zee\/47021\/revisions"}],"wp:featuredmedia":[{"embeddable":true,"href":"https:\/\/www.amanprana.eu\/de\/wp-json\/wp\/v2\/media\/46833"}],"wp:attachment":[{"href":"https:\/\/www.amanprana.eu\/de\/wp-json\/wp\/v2\/media?parent=47021"}],"curies":[{"name":"wp","href":"https:\/\/api.w.org\/{rel}","templated":true}]}}