

{"id":47014,"date":"2019-05-16T10:45:56","date_gmt":"2019-05-16T08:45:56","guid":{"rendered":"https:\/\/www.amanprana.eu\/?post_type=red_de_zee&#038;p=47014"},"modified":"2019-05-16T10:45:56","modified_gmt":"2019-05-16T08:45:56","slug":"acerca-del-cambio-climatico-y-la-influencia-sobre-nuestros-oceanos","status":"publish","type":"red_de_zee","link":"https:\/\/www.amanprana.eu\/es\/salvar-el-mar\/acerca-del-cambio-climatico-y-la-influencia-sobre-nuestros-oceanos\/","title":{"rendered":"Acerca del cambio clim\u00e1tico y la influencia sobre nuestros oc\u00e9anos."},"content":{"rendered":"<p><strong>Marchas por el clima avanzan por las calles, nos fugamos de clase por nuestro futuro.<\/strong><\/p>\n<h2>fugados de clase por el clima en muchas ciudades europeas<\/h2>\n<div id='gallery-1' class='gallery galleryid-47014 gallery-columns-2 gallery-size-full'><dl class='gallery-item'>\n\t\t\t<dt class='gallery-icon landscape'>\n\t\t\t\t<img decoding=\"async\" width=\"1100\" height=\"732\" src=\"https:\/\/www.amanprana.eu\/wp-content\/uploads\/Fridays-for-future.jpg\" class=\"attachment-full size-full\" alt=\"Fridays for future es una iniciativa italiana para la acci\u00f3n clim\u00e1tica.\" aria-describedby=\"gallery-1-46841\" srcset=\"https:\/\/www.amanprana.eu\/wp-content\/uploads\/Fridays-for-future.jpg 1100w, https:\/\/www.amanprana.eu\/wp-content\/uploads\/Fridays-for-future-300x200.jpg 300w, https:\/\/www.amanprana.eu\/wp-content\/uploads\/Fridays-for-future-768x511.jpg 768w, https:\/\/www.amanprana.eu\/wp-content\/uploads\/Fridays-for-future-1024x681.jpg 1024w, https:\/\/www.amanprana.eu\/wp-content\/uploads\/Fridays-for-future-100x67.jpg 100w, https:\/\/www.amanprana.eu\/wp-content\/uploads\/Fridays-for-future-862x574.jpg 862w\" sizes=\"(max-width: 1100px) 100vw, 1100px\" \/>\n\t\t\t<\/dt>\n\t\t\t\t<dd class='wp-caption-text gallery-caption' id='gallery-1-46841'>\n\t\t\t\tHaz algo ahora o nada m\u00e1s adelante\n\t\t\t\t<\/dd><\/dl><dl class='gallery-item'>\n\t\t\t<dt class='gallery-icon landscape'>\n\t\t\t\t<img decoding=\"async\" width=\"1200\" height=\"799\" src=\"https:\/\/www.amanprana.eu\/wp-content\/uploads\/klimaatspijbelaars.jpg\" class=\"attachment-full size-full\" alt=\"El clima est\u00e1 cambiando, \u00bfpor qu\u00e9 no nosotros?\" aria-describedby=\"gallery-1-46847\" srcset=\"https:\/\/www.amanprana.eu\/wp-content\/uploads\/klimaatspijbelaars.jpg 1200w, https:\/\/www.amanprana.eu\/wp-content\/uploads\/klimaatspijbelaars-300x200.jpg 300w, https:\/\/www.amanprana.eu\/wp-content\/uploads\/klimaatspijbelaars-768x511.jpg 768w, https:\/\/www.amanprana.eu\/wp-content\/uploads\/klimaatspijbelaars-1024x682.jpg 1024w, https:\/\/www.amanprana.eu\/wp-content\/uploads\/klimaatspijbelaars-100x67.jpg 100w, https:\/\/www.amanprana.eu\/wp-content\/uploads\/klimaatspijbelaars-862x574.jpg 862w, https:\/\/www.amanprana.eu\/wp-content\/uploads\/klimaatspijbelaars-1170x779.jpg 1170w\" sizes=\"(max-width: 1200px) 100vw, 1200px\" \/>\n\t\t\t<\/dt>\n\t\t\t\t<dd class='wp-caption-text gallery-caption' id='gallery-1-46847'>\n\t\t\t\tEl clima est\u00e1 cambiando, \u00bfpor qu\u00e9 no nosotros?\n\t\t\t\t<\/dd><\/dl>\n\t\t<\/div>\n\n<blockquote><p>\u201cNos merecemos un planeta verde, un futuro seguro y pol\u00edticos que se responsabilicen por las medidas que toman en contra del calentamiento clim\u00e1tico y seguiremos luchando por esto como una sola generaci\u00f3n joven\u201d<br \/>\nAnuna De Wever, activista por el clima de 17 a\u00f1os, proveniente de Mortsel en B\u00e9lgica.<\/p><\/blockquote>\n<div id=\"attachment_46854\" style=\"width: 1227px\" class=\"wp-caption aligncenter\"><img decoding=\"async\" aria-describedby=\"caption-attachment-46854\" class=\"size-full wp-image-46849\" src=\"https:\/\/www.amanprana.eu\/wp-content\/uploads\/school-strike-4-climate.jpg\" alt=\"Cuando los l\u00edderes se comportan como ni\u00f1os, los ni\u00f1os se convierten en l\u00edderes.\" width=\"1217\" height=\"812\" srcset=\"https:\/\/www.amanprana.eu\/wp-content\/uploads\/school-strike-4-climate.jpg 1217w, https:\/\/www.amanprana.eu\/wp-content\/uploads\/school-strike-4-climate-300x200.jpg 300w, https:\/\/www.amanprana.eu\/wp-content\/uploads\/school-strike-4-climate-768x512.jpg 768w, https:\/\/www.amanprana.eu\/wp-content\/uploads\/school-strike-4-climate-1024x683.jpg 1024w, https:\/\/www.amanprana.eu\/wp-content\/uploads\/school-strike-4-climate-391x260.jpg 391w, https:\/\/www.amanprana.eu\/wp-content\/uploads\/school-strike-4-climate-100x67.jpg 100w, https:\/\/www.amanprana.eu\/wp-content\/uploads\/school-strike-4-climate-862x575.jpg 862w, https:\/\/www.amanprana.eu\/wp-content\/uploads\/school-strike-4-climate-1170x781.jpg 1170w\" sizes=\"(max-width: 1217px) 100vw, 1217px\" \/><p id=\"caption-attachment-46854\" class=\"wp-caption-text\">Cuando los l\u00edderes se comportan como ni\u00f1os, los ni\u00f1os se convierten en l\u00edderes.<\/p><\/div>\n<h3>acci\u00f3n por el clima: fugarse de clase con Greta Thunberg y Anuna De Wever contra el cambio clim\u00e1tico<\/h3>\n<p>En Roma marcharon en abril de 2019, 25 mil personas por el clima. Usando las palabras de Martin Luther King, Anuna se dirigi\u00f3 a la multitud : \u2018Le dije a las personas que es importante que sigamos. Ese es tambi\u00e9n el mensaje que le tengo a los j\u00f3venes en B\u00e9lgica, que debemos continuar hasta las elecciones.\u2019<\/p>\n<p>Fridays for future [Los viernes por un futuro] es una iniciativa italiana por la acci\u00f3n clim\u00e1tica. J\u00f3venes activistas italianos que exijen acciones por el clima. Friday for future tiene muchos adherentes. Los activistas exigen una prohibici\u00f3n total de la combusti\u00f3n de carb\u00f3n, petr\u00f3leo y gas, que perjudica el clima, y que se invierta m\u00e1s en la producci\u00f3n de energ\u00eda sostenible, como la energ\u00eda e\u00f3lica y la solar.<\/p>\n<div id=\"attachment_46861\" style=\"width: 1210px\" class=\"wp-caption aligncenter\"><img decoding=\"async\" aria-describedby=\"caption-attachment-46861\" class=\"size-full wp-image-46856\" src=\"https:\/\/www.amanprana.eu\/wp-content\/uploads\/belang-van-de-oceanen.jpg\" alt=\"No se puede subestimar la importancia del oc\u00e9ano para el clima mundial.\" width=\"1200\" height=\"797\" srcset=\"https:\/\/www.amanprana.eu\/wp-content\/uploads\/belang-van-de-oceanen.jpg 1200w, https:\/\/www.amanprana.eu\/wp-content\/uploads\/belang-van-de-oceanen-300x199.jpg 300w, https:\/\/www.amanprana.eu\/wp-content\/uploads\/belang-van-de-oceanen-768x510.jpg 768w, https:\/\/www.amanprana.eu\/wp-content\/uploads\/belang-van-de-oceanen-1024x680.jpg 1024w, https:\/\/www.amanprana.eu\/wp-content\/uploads\/belang-van-de-oceanen-391x260.jpg 391w, https:\/\/www.amanprana.eu\/wp-content\/uploads\/belang-van-de-oceanen-100x66.jpg 100w, https:\/\/www.amanprana.eu\/wp-content\/uploads\/belang-van-de-oceanen-862x573.jpg 862w, https:\/\/www.amanprana.eu\/wp-content\/uploads\/belang-van-de-oceanen-1170x777.jpg 1170w\" sizes=\"(max-width: 1200px) 100vw, 1200px\" \/><p id=\"caption-attachment-46861\" class=\"wp-caption-text\">\u00abCambia de opini\u00f3n, no de clima\u00bb.<\/p><\/div>\n<h3>\u201cCambia de opin\u00f3n, no de clima\u201d, Unesco<\/h3>\n<p>La importancia del oc\u00e9ano para el clima mundial no se debe subestimar. Absorbe una cantidad considerable de carbono y una porci\u00f3n abrumadora del exceso de calor. Sin embargo, una atm\u00f3sfera m\u00e1s c\u00e1lida y una concentraci\u00f3n cada vez mayor de gases de efecto invernadero est\u00e1n ejerciendo una enorme presi\u00f3n sobre la capacidad del oc\u00e9ano para regular el clima.<\/p>\n<div id=\"attachment_46868\" style=\"width: 1210px\" class=\"wp-caption aligncenter\"><img decoding=\"async\" aria-describedby=\"caption-attachment-46868\" class=\"size-full wp-image-46863\" src=\"https:\/\/www.amanprana.eu\/wp-content\/uploads\/Golven.jpg\" alt=\"Los oc\u00e9anos y las aguas a lo largo de nuestras costas est\u00e1n perdiendo su ox\u00edgeno.\" width=\"1200\" height=\"675\" srcset=\"https:\/\/www.amanprana.eu\/wp-content\/uploads\/Golven.jpg 1200w, https:\/\/www.amanprana.eu\/wp-content\/uploads\/Golven-300x169.jpg 300w, https:\/\/www.amanprana.eu\/wp-content\/uploads\/Golven-768x432.jpg 768w, https:\/\/www.amanprana.eu\/wp-content\/uploads\/Golven-1024x576.jpg 1024w, https:\/\/www.amanprana.eu\/wp-content\/uploads\/Golven-100x56.jpg 100w, https:\/\/www.amanprana.eu\/wp-content\/uploads\/Golven-862x485.jpg 862w, https:\/\/www.amanprana.eu\/wp-content\/uploads\/Golven-1170x658.jpg 1170w\" sizes=\"(max-width: 1200px) 100vw, 1200px\" \/><p id=\"caption-attachment-46868\" class=\"wp-caption-text\">Los oc\u00e9anos y las aguas a lo largo de nuestras costas est\u00e1n perdiendo su ox\u00edgeno.<\/p><\/div>\n<h2>Los oc\u00e9anos y las aguas a lo largo de nuestras costas est\u00e1n perdiendo su ox\u00edgeno. 11 cosas que te gustar\u00eda saber:<\/h2>\n<ol>\n<li>El ox\u00edgeno es de vital importancia para los oc\u00e9anos, tanto para sus plantas como para sus animales.<\/li>\n<li>Desde 1960, la superficie del oc\u00e9ano que se ha quedado sin ox\u00edgeno ha aumentado en 4,5 millones de km\u00b2.<\/li>\n<li>Los seres humanos son la principal causa de la disminuci\u00f3n del ox\u00edgeno en los oc\u00e9anos. La quema de combustibles f\u00f3siles, desechos humanos, contaminaci\u00f3n industrial y contaminaci\u00f3n agr\u00edcola. El resultado es m\u00e1s nitr\u00f3geno, m\u00e1s f\u00f3sforo y menos ox\u00edgeno en los oc\u00e9anos.<\/li>\n<li>Menos ox\u00edgeno significa menor crecimiento, mayor n\u00famero de enfermedades, cambio en el comportamiento y muerte de la vida oce\u00e1nica.<\/li>\n<li>El calentamiento global consume ox\u00edgeno de los oc\u00e9anos.<\/li>\n<li>Los peces de la piscicultura contaminan las aguas costeras y contribuyen en gran medida a la disminuci\u00f3n del ox\u00edgeno en las aguas costeras.<\/li>\n<li>Los peces con aletas y los mariscos son particularmente sensibles a la reducci\u00f3n del ox\u00edgeno en los oc\u00e9anos.<\/li>\n<li>La reducci\u00f3n del ox\u00edgeno en los oc\u00e9anos contribuye a su vez al calentamiento global.<\/li>\n<li>En el siglo XXI, los gases de efecto invernadero calentar\u00e1n los oc\u00e9anos y la tierra y reducir\u00e1n el ox\u00edgeno.<\/li>\n<li>Los oc\u00e9anos no s\u00f3lo se ven afectados por la reducci\u00f3n del ox\u00edgeno. Los oc\u00e9anos tambi\u00e9n se ven afectados por la sobrepesca, la destrucci\u00f3n de los h\u00e1bitats naturales y la acidificaci\u00f3n por el crecimiento de la poblaci\u00f3n humana.<\/li>\n<li>Las medidas para mejorar la respiraci\u00f3n de los oc\u00e9anos afectar\u00e1n a la poblaci\u00f3n humana.<\/li>\n<\/ol>\n","protected":false},"featured_media":46835,"menu_order":35,"template":"","format":"standard","class_list":["post-47014","red_de_zee","type-red_de_zee","status-publish","format-standard","has-post-thumbnail","hentry","red_de_zee_categorieen-el-cambio-climatico"],"acf":[],"yoast_head":"<!-- This site is optimized with the Yoast SEO plugin v24.7 - https:\/\/yoast.com\/wordpress\/plugins\/seo\/ -->\n<title>fugados de clase protestan contra el cambio clim\u00e1tico -<\/title>\n<meta name=\"description\" content=\"Marchas por el cl\u00edma con los fugados de clase en contra del cambio clim\u00e1tico. Greta Thunberg y Anuna De Wever llaman a detener el cambio clim\u00e1tico\" \/>\n<meta name=\"robots\" content=\"index, follow, max-snippet:-1, max-image-preview:large, max-video-preview:-1\" \/>\n<link rel=\"canonical\" href=\"https:\/\/www.amanprana.eu\/es\/salvar-el-mar\/acerca-del-cambio-climatico-y-la-influencia-sobre-nuestros-oceanos\/\" \/>\n<meta property=\"og:locale\" content=\"es_ES\" \/>\n<meta property=\"og:type\" content=\"article\" \/>\n<meta property=\"og:title\" content=\"fugados de clase protestan contra el cambio clim\u00e1tico -\" \/>\n<meta property=\"og:description\" content=\"Marchas por el cl\u00edma con los fugados de clase en contra del cambio clim\u00e1tico. Greta Thunberg y Anuna De Wever llaman a detener el cambio clim\u00e1tico\" \/>\n<meta property=\"og:url\" content=\"https:\/\/www.amanprana.eu\/es\/salvar-el-mar\/acerca-del-cambio-climatico-y-la-influencia-sobre-nuestros-oceanos\/\" \/>\n<meta property=\"og:site_name\" content=\"Amanprana\" \/>\n<meta property=\"article:publisher\" content=\"https:\/\/www.facebook.com\/Amanpranaproducts\/\" \/>\n<meta property=\"og:image\" content=\"https:\/\/www.amanprana.eu\/wp-content\/uploads\/Geen-planeet-B.jpg\" \/>\n\t<meta property=\"og:image:width\" content=\"1200\" \/>\n\t<meta property=\"og:image:height\" content=\"675\" \/>\n\t<meta property=\"og:image:type\" content=\"image\/jpeg\" \/>\n<meta name=\"twitter:card\" content=\"summary_large_image\" \/>\n<meta name=\"twitter:label1\" content=\"Tiempo de lectura\" \/>\n\t<meta name=\"twitter:data1\" content=\"3 minutos\" \/>\n<script type=\"application\/ld+json\" class=\"yoast-schema-graph\">{\"@context\":\"https:\/\/schema.org\",\"@graph\":[{\"@type\":\"WebPage\",\"@id\":\"https:\/\/www.amanprana.eu\/es\/salvar-el-mar\/acerca-del-cambio-climatico-y-la-influencia-sobre-nuestros-oceanos\/\",\"url\":\"https:\/\/www.amanprana.eu\/es\/salvar-el-mar\/acerca-del-cambio-climatico-y-la-influencia-sobre-nuestros-oceanos\/\",\"name\":\"fugados de clase protestan contra el cambio clim\u00e1tico -\",\"isPartOf\":{\"@id\":\"https:\/\/www.amanprana.eu\/es\/#website\"},\"primaryImageOfPage\":{\"@id\":\"https:\/\/www.amanprana.eu\/es\/salvar-el-mar\/acerca-del-cambio-climatico-y-la-influencia-sobre-nuestros-oceanos\/#primaryimage\"},\"image\":{\"@id\":\"https:\/\/www.amanprana.eu\/es\/salvar-el-mar\/acerca-del-cambio-climatico-y-la-influencia-sobre-nuestros-oceanos\/#primaryimage\"},\"thumbnailUrl\":\"https:\/\/www.amanprana.eu\/wp-content\/uploads\/Geen-planeet-B.jpg\",\"datePublished\":\"2019-05-16T08:45:56+00:00\",\"description\":\"Marchas por el cl\u00edma con los fugados de clase en contra del cambio clim\u00e1tico. Greta Thunberg y Anuna De Wever llaman a detener el cambio clim\u00e1tico\",\"breadcrumb\":{\"@id\":\"https:\/\/www.amanprana.eu\/es\/salvar-el-mar\/acerca-del-cambio-climatico-y-la-influencia-sobre-nuestros-oceanos\/#breadcrumb\"},\"inLanguage\":\"es\",\"potentialAction\":[{\"@type\":\"ReadAction\",\"target\":[\"https:\/\/www.amanprana.eu\/es\/salvar-el-mar\/acerca-del-cambio-climatico-y-la-influencia-sobre-nuestros-oceanos\/\"]}]},{\"@type\":\"ImageObject\",\"inLanguage\":\"es\",\"@id\":\"https:\/\/www.amanprana.eu\/es\/salvar-el-mar\/acerca-del-cambio-climatico-y-la-influencia-sobre-nuestros-oceanos\/#primaryimage\",\"url\":\"https:\/\/www.amanprana.eu\/wp-content\/uploads\/Geen-planeet-B.jpg\",\"contentUrl\":\"https:\/\/www.amanprana.eu\/wp-content\/uploads\/Geen-planeet-B.jpg\",\"width\":1200,\"height\":675,\"caption\":\"No hay un plan B para nuestro planeta\"},{\"@type\":\"BreadcrumbList\",\"@id\":\"https:\/\/www.amanprana.eu\/es\/salvar-el-mar\/acerca-del-cambio-climatico-y-la-influencia-sobre-nuestros-oceanos\/#breadcrumb\",\"itemListElement\":[{\"@type\":\"ListItem\",\"position\":1,\"name\":\"Amanprana.eu\",\"item\":\"https:\/\/www.amanprana.eu\/es\/\"},{\"@type\":\"ListItem\",\"position\":2,\"name\":\"SEM - art\u00edculos\",\"item\":\"https:\/\/www.amanprana.eu\/es\/salvar-el-mar\/\"},{\"@type\":\"ListItem\",\"position\":3,\"name\":\"El cambio clim\u00e1tico\",\"item\":\"https:\/\/www.amanprana.eu\/es\/red_de_zee_categorieen\/el-cambio-climatico\/\"},{\"@type\":\"ListItem\",\"position\":4,\"name\":\"Acerca del cambio clim\u00e1tico y la influencia sobre nuestros oc\u00e9anos.\"}]},{\"@type\":\"WebSite\",\"@id\":\"https:\/\/www.amanprana.eu\/es\/#website\",\"url\":\"https:\/\/www.amanprana.eu\/es\/\",\"name\":\"Amanprana\",\"description\":\"Serene levenskracht\",\"publisher\":{\"@id\":\"https:\/\/www.amanprana.eu\/es\/#organization\"},\"potentialAction\":[{\"@type\":\"SearchAction\",\"target\":{\"@type\":\"EntryPoint\",\"urlTemplate\":\"https:\/\/www.amanprana.eu\/es\/?s={search_term_string}\"},\"query-input\":{\"@type\":\"PropertyValueSpecification\",\"valueRequired\":true,\"valueName\":\"search_term_string\"}}],\"inLanguage\":\"es\"},{\"@type\":\"Organization\",\"@id\":\"https:\/\/www.amanprana.eu\/es\/#organization\",\"name\":\"Amanprana\",\"url\":\"https:\/\/www.amanprana.eu\/es\/\",\"logo\":{\"@type\":\"ImageObject\",\"inLanguage\":\"es\",\"@id\":\"https:\/\/www.amanprana.eu\/es\/#\/schema\/logo\/image\/\",\"url\":\"https:\/\/www.amanprana.eu\/wp-content\/uploads\/webres-amanprana-logo.jpg\",\"contentUrl\":\"https:\/\/www.amanprana.eu\/wp-content\/uploads\/webres-amanprana-logo.jpg\",\"width\":300,\"height\":300,\"caption\":\"Amanprana\"},\"image\":{\"@id\":\"https:\/\/www.amanprana.eu\/es\/#\/schema\/logo\/image\/\"},\"sameAs\":[\"https:\/\/www.facebook.com\/Amanpranaproducts\/\",\"https:\/\/www.instagram.com\/amanprana\/\",\"https:\/\/nl.pinterest.com\/amanprana\/pins\/\"]}]}<\/script>\n<!-- \/ Yoast SEO plugin. -->","yoast_head_json":{"title":"fugados de clase protestan contra el cambio clim\u00e1tico -","description":"Marchas por el cl\u00edma con los fugados de clase en contra del cambio clim\u00e1tico. Greta Thunberg y Anuna De Wever llaman a detener el cambio clim\u00e1tico","robots":{"index":"index","follow":"follow","max-snippet":"max-snippet:-1","max-image-preview":"max-image-preview:large","max-video-preview":"max-video-preview:-1"},"canonical":"https:\/\/www.amanprana.eu\/es\/salvar-el-mar\/acerca-del-cambio-climatico-y-la-influencia-sobre-nuestros-oceanos\/","og_locale":"es_ES","og_type":"article","og_title":"fugados de clase protestan contra el cambio clim\u00e1tico -","og_description":"Marchas por el cl\u00edma con los fugados de clase en contra del cambio clim\u00e1tico. Greta Thunberg y Anuna De Wever llaman a detener el cambio clim\u00e1tico","og_url":"https:\/\/www.amanprana.eu\/es\/salvar-el-mar\/acerca-del-cambio-climatico-y-la-influencia-sobre-nuestros-oceanos\/","og_site_name":"Amanprana","article_publisher":"https:\/\/www.facebook.com\/Amanpranaproducts\/","og_image":[{"width":1200,"height":675,"url":"https:\/\/www.amanprana.eu\/wp-content\/uploads\/Geen-planeet-B.jpg","type":"image\/jpeg"}],"twitter_card":"summary_large_image","twitter_misc":{"Tiempo de lectura":"3 minutos"},"schema":{"@context":"https:\/\/schema.org","@graph":[{"@type":"WebPage","@id":"https:\/\/www.amanprana.eu\/es\/salvar-el-mar\/acerca-del-cambio-climatico-y-la-influencia-sobre-nuestros-oceanos\/","url":"https:\/\/www.amanprana.eu\/es\/salvar-el-mar\/acerca-del-cambio-climatico-y-la-influencia-sobre-nuestros-oceanos\/","name":"fugados de clase protestan contra el cambio clim\u00e1tico -","isPartOf":{"@id":"https:\/\/www.amanprana.eu\/es\/#website"},"primaryImageOfPage":{"@id":"https:\/\/www.amanprana.eu\/es\/salvar-el-mar\/acerca-del-cambio-climatico-y-la-influencia-sobre-nuestros-oceanos\/#primaryimage"},"image":{"@id":"https:\/\/www.amanprana.eu\/es\/salvar-el-mar\/acerca-del-cambio-climatico-y-la-influencia-sobre-nuestros-oceanos\/#primaryimage"},"thumbnailUrl":"https:\/\/www.amanprana.eu\/wp-content\/uploads\/Geen-planeet-B.jpg","datePublished":"2019-05-16T08:45:56+00:00","description":"Marchas por el cl\u00edma con los fugados de clase en contra del cambio clim\u00e1tico. Greta Thunberg y Anuna De Wever llaman a detener el cambio clim\u00e1tico","breadcrumb":{"@id":"https:\/\/www.amanprana.eu\/es\/salvar-el-mar\/acerca-del-cambio-climatico-y-la-influencia-sobre-nuestros-oceanos\/#breadcrumb"},"inLanguage":"es","potentialAction":[{"@type":"ReadAction","target":["https:\/\/www.amanprana.eu\/es\/salvar-el-mar\/acerca-del-cambio-climatico-y-la-influencia-sobre-nuestros-oceanos\/"]}]},{"@type":"ImageObject","inLanguage":"es","@id":"https:\/\/www.amanprana.eu\/es\/salvar-el-mar\/acerca-del-cambio-climatico-y-la-influencia-sobre-nuestros-oceanos\/#primaryimage","url":"https:\/\/www.amanprana.eu\/wp-content\/uploads\/Geen-planeet-B.jpg","contentUrl":"https:\/\/www.amanprana.eu\/wp-content\/uploads\/Geen-planeet-B.jpg","width":1200,"height":675,"caption":"No hay un plan B para nuestro planeta"},{"@type":"BreadcrumbList","@id":"https:\/\/www.amanprana.eu\/es\/salvar-el-mar\/acerca-del-cambio-climatico-y-la-influencia-sobre-nuestros-oceanos\/#breadcrumb","itemListElement":[{"@type":"ListItem","position":1,"name":"Amanprana.eu","item":"https:\/\/www.amanprana.eu\/es\/"},{"@type":"ListItem","position":2,"name":"SEM - art\u00edculos","item":"https:\/\/www.amanprana.eu\/es\/salvar-el-mar\/"},{"@type":"ListItem","position":3,"name":"El cambio clim\u00e1tico","item":"https:\/\/www.amanprana.eu\/es\/red_de_zee_categorieen\/el-cambio-climatico\/"},{"@type":"ListItem","position":4,"name":"Acerca del cambio clim\u00e1tico y la influencia sobre nuestros oc\u00e9anos."}]},{"@type":"WebSite","@id":"https:\/\/www.amanprana.eu\/es\/#website","url":"https:\/\/www.amanprana.eu\/es\/","name":"Amanprana","description":"Serene levenskracht","publisher":{"@id":"https:\/\/www.amanprana.eu\/es\/#organization"},"potentialAction":[{"@type":"SearchAction","target":{"@type":"EntryPoint","urlTemplate":"https:\/\/www.amanprana.eu\/es\/?s={search_term_string}"},"query-input":{"@type":"PropertyValueSpecification","valueRequired":true,"valueName":"search_term_string"}}],"inLanguage":"es"},{"@type":"Organization","@id":"https:\/\/www.amanprana.eu\/es\/#organization","name":"Amanprana","url":"https:\/\/www.amanprana.eu\/es\/","logo":{"@type":"ImageObject","inLanguage":"es","@id":"https:\/\/www.amanprana.eu\/es\/#\/schema\/logo\/image\/","url":"https:\/\/www.amanprana.eu\/wp-content\/uploads\/webres-amanprana-logo.jpg","contentUrl":"https:\/\/www.amanprana.eu\/wp-content\/uploads\/webres-amanprana-logo.jpg","width":300,"height":300,"caption":"Amanprana"},"image":{"@id":"https:\/\/www.amanprana.eu\/es\/#\/schema\/logo\/image\/"},"sameAs":["https:\/\/www.facebook.com\/Amanpranaproducts\/","https:\/\/www.instagram.com\/amanprana\/","https:\/\/nl.pinterest.com\/amanprana\/pins\/"]}]}},"multi-rating":{"mr_rating_results":[]},"_links":{"self":[{"href":"https:\/\/www.amanprana.eu\/es\/wp-json\/wp\/v2\/red_de_zee\/47014","targetHints":{"allow":["GET"]}}],"collection":[{"href":"https:\/\/www.amanprana.eu\/es\/wp-json\/wp\/v2\/red_de_zee"}],"about":[{"href":"https:\/\/www.amanprana.eu\/es\/wp-json\/wp\/v2\/types\/red_de_zee"}],"version-history":[{"count":0,"href":"https:\/\/www.amanprana.eu\/es\/wp-json\/wp\/v2\/red_de_zee\/47014\/revisions"}],"wp:featuredmedia":[{"embeddable":true,"href":"https:\/\/www.amanprana.eu\/es\/wp-json\/wp\/v2\/media\/46835"}],"wp:attachment":[{"href":"https:\/\/www.amanprana.eu\/es\/wp-json\/wp\/v2\/media?parent=47014"}],"curies":[{"name":"wp","href":"https:\/\/api.w.org\/{rel}","templated":true}]}}