

{"id":47653,"date":"2019-06-06T09:24:31","date_gmt":"2019-06-06T07:24:31","guid":{"rendered":"https:\/\/www.amanprana.eu\/?post_type=red_de_zee&#038;p=47653"},"modified":"2019-06-06T09:33:31","modified_gmt":"2019-06-06T07:33:31","slug":"el-calentamiento-global-del-planeta-es-un-hecho","status":"publish","type":"red_de_zee","link":"https:\/\/www.amanprana.eu\/es\/salvar-el-mar\/el-calentamiento-global-del-planeta-es-un-hecho\/","title":{"rendered":"El calentamiento global del planeta es un hecho."},"content":{"rendered":"<div id=\"attachment_47560\" style=\"width: 310px\" class=\"wp-caption alignleft\"><img decoding=\"async\" aria-describedby=\"caption-attachment-47560\" class=\"size-full wp-image-47555\" src=\"https:\/\/www.amanprana.eu\/wp-content\/uploads\/wereldwijde-land-en-oceaan-temperatuurindex-grafiek.png\" alt=\"Gr\u00e1fico con el aumento de la temperatura global de tierras y oc\u00e9anos\" width=\"300\" height=\"204\" srcset=\"https:\/\/www.amanprana.eu\/wp-content\/uploads\/wereldwijde-land-en-oceaan-temperatuurindex-grafiek.png 300w, https:\/\/www.amanprana.eu\/wp-content\/uploads\/wereldwijde-land-en-oceaan-temperatuurindex-grafiek-100x68.png 100w\" sizes=\"(max-width: 300px) 100vw, 300px\" \/><p id=\"caption-attachment-47560\" class=\"wp-caption-text\">\u00bfEl clima actual? Mira la tabla.<\/p><\/div>\n<p>&nbsp;<\/p>\n<p>&nbsp;<\/p>\n<p>El calentamiento global tambi\u00e9n tiene un impacto importante en los oc\u00e9anos. Entre 1850 y 2015, el \u00e1rea de la superficie de la Tierra aument\u00f3 en 0,87 \u00b0C. El calentamiento global comenz\u00f3 a mediados del siglo XX seg\u00fan los cient\u00edficos expertos en el clima.<\/p>\n<p>&nbsp;<\/p>\n<p>&nbsp;<\/p>\n<p>&nbsp;<\/p>\n<p>El calentamiento global provoca un aumento del nivel del mar, el calentamiento y la acidificaci\u00f3n del agua de mar, y el blanqueo y necrosis de los arrecifes de coral. Todo esto tiene un gran impacto en la vida marina, donde los arrecifes de coral poseen una funci\u00f3n indispensable.<\/p>\n<div id=\"attachment_47566\" style=\"width: 1210px\" class=\"wp-caption aligncenter\"><img decoding=\"async\" aria-describedby=\"caption-attachment-47566\" class=\"size-full wp-image-47561\" src=\"https:\/\/www.amanprana.eu\/wp-content\/uploads\/koraalriffen-hebben-een-onmisbare-functie.jpg\" alt=\"El calentamiento globlal provoca la necrosis de los arrecifes de coral.\" width=\"1200\" height=\"675\" srcset=\"https:\/\/www.amanprana.eu\/wp-content\/uploads\/koraalriffen-hebben-een-onmisbare-functie.jpg 1200w, https:\/\/www.amanprana.eu\/wp-content\/uploads\/koraalriffen-hebben-een-onmisbare-functie-300x169.jpg 300w, https:\/\/www.amanprana.eu\/wp-content\/uploads\/koraalriffen-hebben-een-onmisbare-functie-768x432.jpg 768w, https:\/\/www.amanprana.eu\/wp-content\/uploads\/koraalriffen-hebben-een-onmisbare-functie-1024x576.jpg 1024w, https:\/\/www.amanprana.eu\/wp-content\/uploads\/koraalriffen-hebben-een-onmisbare-functie-100x56.jpg 100w, https:\/\/www.amanprana.eu\/wp-content\/uploads\/koraalriffen-hebben-een-onmisbare-functie-862x485.jpg 862w, https:\/\/www.amanprana.eu\/wp-content\/uploads\/koraalriffen-hebben-een-onmisbare-functie-1170x658.jpg 1170w\" sizes=\"(max-width: 1200px) 100vw, 1200px\" \/><p id=\"caption-attachment-47566\" class=\"wp-caption-text\">El calentamiento global provoca la necrosis de los arrecifes de coral.<\/p><\/div>\n<h2>El calentamiento global de la Tierra pone en peligro el h\u00e1bitat de muchos animales.<\/h2>\n<p><strong>El cambio clim\u00e1tico est\u00e1 sucediendo ahora mismo, y la acidificaci\u00f3n de los oc\u00e9anos es un hecho<br \/>\n .<\/strong> Las playas de cr\u00eda de tortugas marinas se ven inundadas por el aumento del nivel del mar. Los osos polares ya no pueden encontrar alimento porque sus territorios de caza se derriten.<br \/>\nSi las emisiones de gases de efecto invernadero contin\u00faan aumentando al ritmo actual, desaparecer\u00e1 una gran parte de la vida en los oc\u00e9anos y sus zonas circundantes.<\/p>\n<div id=\"attachment_47575\" style=\"width: 1096px\" class=\"wp-caption aligncenter\"><img decoding=\"async\" aria-describedby=\"caption-attachment-47575\" class=\"size-full wp-image-47570\" src=\"https:\/\/www.amanprana.eu\/wp-content\/uploads\/Schilpad-in-het-water.jpg\" alt=\"Las playas de cr\u00eda de tortugas marinas se ven inundadas debido al aumento del nivel del mar, causado por el calentamiento global.\" width=\"1086\" height=\"611\" srcset=\"https:\/\/www.amanprana.eu\/wp-content\/uploads\/Schilpad-in-het-water.jpg 1086w, https:\/\/www.amanprana.eu\/wp-content\/uploads\/Schilpad-in-het-water-300x169.jpg 300w, https:\/\/www.amanprana.eu\/wp-content\/uploads\/Schilpad-in-het-water-768x432.jpg 768w, https:\/\/www.amanprana.eu\/wp-content\/uploads\/Schilpad-in-het-water-1024x576.jpg 1024w, https:\/\/www.amanprana.eu\/wp-content\/uploads\/Schilpad-in-het-water-100x56.jpg 100w, https:\/\/www.amanprana.eu\/wp-content\/uploads\/Schilpad-in-het-water-862x485.jpg 862w\" sizes=\"(max-width: 1086px) 100vw, 1086px\" \/><p id=\"caption-attachment-47575\" class=\"wp-caption-text\">Las playas de cr\u00eda de tortugas marinas se ven inundadas por el aumento del nivel del mar.<\/p><\/div>\n<p>El calentamiento global provoca un aumento de sequ\u00edas y per\u00edodos de calor, un aumento de las precipitaciones extremas y una disminuci\u00f3n de la biodiversidad. Cada vez se producen con mayor frecuencia condiciones clim\u00e1ticas extremas.<br \/>\nEn t\u00e9rmino medio, hay m\u00e1s d\u00edas excepcionalmente c\u00e1lidos y menos d\u00edas excepcionalmente fr\u00edos. Adem\u00e1s, el n\u00famero de olas de calor y el promedio de humedad aumentan, y se producen m\u00e1s lluvias en todo el mundo, tanto en frecuencia como en intensidad.<\/p>\n<div id=\"attachment_47581\" style=\"width: 1210px\" class=\"wp-caption aligncenter\"><img decoding=\"async\" aria-describedby=\"caption-attachment-47581\" class=\"size-full wp-image-47576\" src=\"https:\/\/www.amanprana.eu\/wp-content\/uploads\/extreme-neerslag.jpg\" alt=\"Condiciones clim\u00e1ticas extremas: lluvia y nubes de tormenta provocadas por el calentamiento global\" width=\"1200\" height=\"675\" srcset=\"https:\/\/www.amanprana.eu\/wp-content\/uploads\/extreme-neerslag.jpg 1200w, https:\/\/www.amanprana.eu\/wp-content\/uploads\/extreme-neerslag-300x169.jpg 300w, https:\/\/www.amanprana.eu\/wp-content\/uploads\/extreme-neerslag-768x432.jpg 768w, https:\/\/www.amanprana.eu\/wp-content\/uploads\/extreme-neerslag-1024x576.jpg 1024w, https:\/\/www.amanprana.eu\/wp-content\/uploads\/extreme-neerslag-100x56.jpg 100w, https:\/\/www.amanprana.eu\/wp-content\/uploads\/extreme-neerslag-862x485.jpg 862w, https:\/\/www.amanprana.eu\/wp-content\/uploads\/extreme-neerslag-1170x658.jpg 1170w\" sizes=\"(max-width: 1200px) 100vw, 1200px\" \/><p id=\"caption-attachment-47581\" class=\"wp-caption-text\">El calentamiento global provoca condiciones clim\u00e1ticas extremas.<\/p><\/div>\n<h2>La temperatura actual: el calentamiento global a lo largo de los a\u00f1os.<\/h2>\n<div class=\"x-video player\" data-x-element-mejs><div class=\"x-video-inner\"><video class=\"x-mejs x-wp-video-shortcode advanced-controls\" id=\"video-47653-1\" width=\"640\" height=\"360\" preload=\"metadata\" controls=\"controls\"><source type=\"video\/webm\" src=\"https:\/\/upload.wikimedia.org\/wikipedia\/commons\/transcoded\/7\/72\/Global_temperature_changes.webm\/Global_temperature_changes.webm.480p.vp9.webm?_=1\" \/><\/video><\/div><\/div>\n<h2>\u00bfCambio clim\u00e1tico?<\/h2>\n<p>El nivel del mar est\u00e1 aumentando desde 1995 en 3,2 mil\u00edmetros por a\u00f1o.<\/p>\n<p><img decoding=\"async\" class=\"wp-image-47582 size-full alignleft\" src=\"https:\/\/www.amanprana.eu\/wp-content\/uploads\/stijging-van-de-zeespiegel.png\" alt=\"Gr\u00e1fico con el aumento del nivel del mar a lo largo de los a\u00f1os.\" width=\"300\" height=\"188\" srcset=\"https:\/\/www.amanprana.eu\/wp-content\/uploads\/stijging-van-de-zeespiegel.png 300w, https:\/\/www.amanprana.eu\/wp-content\/uploads\/stijging-van-de-zeespiegel-100x63.png 100w\" sizes=\"(max-width: 300px) 100vw, 300px\" \/><\/p>\n","protected":false},"featured_media":47566,"menu_order":32,"template":"","format":"standard","class_list":["post-47653","red_de_zee","type-red_de_zee","status-publish","format-standard","has-post-thumbnail","hentry","red_de_zee_categorieen-el-cambio-climatico"],"acf":[],"yoast_head":"<!-- This site is optimized with the Yoast SEO plugin v24.7 - https:\/\/yoast.com\/wordpress\/plugins\/seo\/ -->\n<title>El calentamiento global del planeta es un hecho. - Amanprana<\/title>\n<meta name=\"description\" content=\"Los cient\u00edficos ya no ponen en duda el calentamiento global del planeta. \u00bfAcidificaci\u00f3n de los oc\u00e9anos? Mira las tablas del cambio clim\u00e1tico...\" \/>\n<meta name=\"robots\" content=\"index, follow, max-snippet:-1, max-image-preview:large, max-video-preview:-1\" \/>\n<link rel=\"canonical\" href=\"https:\/\/www.amanprana.eu\/es\/salvar-el-mar\/el-calentamiento-global-del-planeta-es-un-hecho\/\" \/>\n<meta property=\"og:locale\" content=\"es_ES\" \/>\n<meta property=\"og:type\" content=\"article\" \/>\n<meta property=\"og:title\" content=\"El calentamiento global del planeta es un hecho. - Amanprana\" \/>\n<meta property=\"og:description\" content=\"Los cient\u00edficos ya no ponen en duda el calentamiento global del planeta. \u00bfAcidificaci\u00f3n de los oc\u00e9anos? Mira las tablas del cambio clim\u00e1tico...\" \/>\n<meta property=\"og:url\" content=\"https:\/\/www.amanprana.eu\/es\/salvar-el-mar\/el-calentamiento-global-del-planeta-es-un-hecho\/\" \/>\n<meta property=\"og:site_name\" content=\"Amanprana\" \/>\n<meta property=\"article:publisher\" content=\"https:\/\/www.facebook.com\/Amanpranaproducts\/\" \/>\n<meta property=\"article:modified_time\" content=\"2019-06-06T07:33:31+00:00\" \/>\n<meta property=\"og:image\" content=\"https:\/\/www.amanprana.eu\/wp-content\/uploads\/koraalriffen-hebben-een-onmisbare-functie.jpg\" \/>\n\t<meta property=\"og:image:width\" content=\"1200\" \/>\n\t<meta property=\"og:image:height\" content=\"675\" \/>\n\t<meta property=\"og:image:type\" content=\"image\/jpeg\" \/>\n<meta name=\"twitter:card\" content=\"summary_large_image\" \/>\n<meta name=\"twitter:label1\" content=\"Tiempo de lectura\" \/>\n\t<meta name=\"twitter:data1\" content=\"2 minutos\" \/>\n<script type=\"application\/ld+json\" class=\"yoast-schema-graph\">{\"@context\":\"https:\/\/schema.org\",\"@graph\":[{\"@type\":\"WebPage\",\"@id\":\"https:\/\/www.amanprana.eu\/es\/salvar-el-mar\/el-calentamiento-global-del-planeta-es-un-hecho\/\",\"url\":\"https:\/\/www.amanprana.eu\/es\/salvar-el-mar\/el-calentamiento-global-del-planeta-es-un-hecho\/\",\"name\":\"El calentamiento global del planeta es un hecho. - Amanprana\",\"isPartOf\":{\"@id\":\"https:\/\/www.amanprana.eu\/es\/#website\"},\"primaryImageOfPage\":{\"@id\":\"https:\/\/www.amanprana.eu\/es\/salvar-el-mar\/el-calentamiento-global-del-planeta-es-un-hecho\/#primaryimage\"},\"image\":{\"@id\":\"https:\/\/www.amanprana.eu\/es\/salvar-el-mar\/el-calentamiento-global-del-planeta-es-un-hecho\/#primaryimage\"},\"thumbnailUrl\":\"https:\/\/www.amanprana.eu\/wp-content\/uploads\/koraalriffen-hebben-een-onmisbare-functie.jpg\",\"datePublished\":\"2019-06-06T07:24:31+00:00\",\"dateModified\":\"2019-06-06T07:33:31+00:00\",\"description\":\"Los cient\u00edficos ya no ponen en duda el calentamiento global del planeta. \u00bfAcidificaci\u00f3n de los oc\u00e9anos? Mira las tablas del cambio clim\u00e1tico...\",\"breadcrumb\":{\"@id\":\"https:\/\/www.amanprana.eu\/es\/salvar-el-mar\/el-calentamiento-global-del-planeta-es-un-hecho\/#breadcrumb\"},\"inLanguage\":\"es\",\"potentialAction\":[{\"@type\":\"ReadAction\",\"target\":[\"https:\/\/www.amanprana.eu\/es\/salvar-el-mar\/el-calentamiento-global-del-planeta-es-un-hecho\/\"]}]},{\"@type\":\"ImageObject\",\"inLanguage\":\"es\",\"@id\":\"https:\/\/www.amanprana.eu\/es\/salvar-el-mar\/el-calentamiento-global-del-planeta-es-un-hecho\/#primaryimage\",\"url\":\"https:\/\/www.amanprana.eu\/wp-content\/uploads\/koraalriffen-hebben-een-onmisbare-functie.jpg\",\"contentUrl\":\"https:\/\/www.amanprana.eu\/wp-content\/uploads\/koraalriffen-hebben-een-onmisbare-functie.jpg\",\"width\":1200,\"height\":675,\"caption\":\"El calentamiento global provoca la necrosis de los arrecifes de coral.\"},{\"@type\":\"BreadcrumbList\",\"@id\":\"https:\/\/www.amanprana.eu\/es\/salvar-el-mar\/el-calentamiento-global-del-planeta-es-un-hecho\/#breadcrumb\",\"itemListElement\":[{\"@type\":\"ListItem\",\"position\":1,\"name\":\"Amanprana.eu\",\"item\":\"https:\/\/www.amanprana.eu\/es\/\"},{\"@type\":\"ListItem\",\"position\":2,\"name\":\"SEM - art\u00edculos\",\"item\":\"https:\/\/www.amanprana.eu\/es\/salvar-el-mar\/\"},{\"@type\":\"ListItem\",\"position\":3,\"name\":\"El cambio clim\u00e1tico\",\"item\":\"https:\/\/www.amanprana.eu\/es\/red_de_zee_categorieen\/el-cambio-climatico\/\"},{\"@type\":\"ListItem\",\"position\":4,\"name\":\"El calentamiento global del planeta es un hecho.\"}]},{\"@type\":\"WebSite\",\"@id\":\"https:\/\/www.amanprana.eu\/es\/#website\",\"url\":\"https:\/\/www.amanprana.eu\/es\/\",\"name\":\"Amanprana\",\"description\":\"Serene levenskracht\",\"publisher\":{\"@id\":\"https:\/\/www.amanprana.eu\/es\/#organization\"},\"potentialAction\":[{\"@type\":\"SearchAction\",\"target\":{\"@type\":\"EntryPoint\",\"urlTemplate\":\"https:\/\/www.amanprana.eu\/es\/?s={search_term_string}\"},\"query-input\":{\"@type\":\"PropertyValueSpecification\",\"valueRequired\":true,\"valueName\":\"search_term_string\"}}],\"inLanguage\":\"es\"},{\"@type\":\"Organization\",\"@id\":\"https:\/\/www.amanprana.eu\/es\/#organization\",\"name\":\"Amanprana\",\"url\":\"https:\/\/www.amanprana.eu\/es\/\",\"logo\":{\"@type\":\"ImageObject\",\"inLanguage\":\"es\",\"@id\":\"https:\/\/www.amanprana.eu\/es\/#\/schema\/logo\/image\/\",\"url\":\"https:\/\/www.amanprana.eu\/wp-content\/uploads\/webres-amanprana-logo.jpg\",\"contentUrl\":\"https:\/\/www.amanprana.eu\/wp-content\/uploads\/webres-amanprana-logo.jpg\",\"width\":300,\"height\":300,\"caption\":\"Amanprana\"},\"image\":{\"@id\":\"https:\/\/www.amanprana.eu\/es\/#\/schema\/logo\/image\/\"},\"sameAs\":[\"https:\/\/www.facebook.com\/Amanpranaproducts\/\",\"https:\/\/www.instagram.com\/amanprana\/\",\"https:\/\/nl.pinterest.com\/amanprana\/pins\/\"]}]}<\/script>\n<!-- \/ Yoast SEO plugin. -->","yoast_head_json":{"title":"El calentamiento global del planeta es un hecho. - Amanprana","description":"Los cient\u00edficos ya no ponen en duda el calentamiento global del planeta. \u00bfAcidificaci\u00f3n de los oc\u00e9anos? Mira las tablas del cambio clim\u00e1tico...","robots":{"index":"index","follow":"follow","max-snippet":"max-snippet:-1","max-image-preview":"max-image-preview:large","max-video-preview":"max-video-preview:-1"},"canonical":"https:\/\/www.amanprana.eu\/es\/salvar-el-mar\/el-calentamiento-global-del-planeta-es-un-hecho\/","og_locale":"es_ES","og_type":"article","og_title":"El calentamiento global del planeta es un hecho. - Amanprana","og_description":"Los cient\u00edficos ya no ponen en duda el calentamiento global del planeta. \u00bfAcidificaci\u00f3n de los oc\u00e9anos? Mira las tablas del cambio clim\u00e1tico...","og_url":"https:\/\/www.amanprana.eu\/es\/salvar-el-mar\/el-calentamiento-global-del-planeta-es-un-hecho\/","og_site_name":"Amanprana","article_publisher":"https:\/\/www.facebook.com\/Amanpranaproducts\/","article_modified_time":"2019-06-06T07:33:31+00:00","og_image":[{"width":1200,"height":675,"url":"https:\/\/www.amanprana.eu\/wp-content\/uploads\/koraalriffen-hebben-een-onmisbare-functie.jpg","type":"image\/jpeg"}],"twitter_card":"summary_large_image","twitter_misc":{"Tiempo de lectura":"2 minutos"},"schema":{"@context":"https:\/\/schema.org","@graph":[{"@type":"WebPage","@id":"https:\/\/www.amanprana.eu\/es\/salvar-el-mar\/el-calentamiento-global-del-planeta-es-un-hecho\/","url":"https:\/\/www.amanprana.eu\/es\/salvar-el-mar\/el-calentamiento-global-del-planeta-es-un-hecho\/","name":"El calentamiento global del planeta es un hecho. - Amanprana","isPartOf":{"@id":"https:\/\/www.amanprana.eu\/es\/#website"},"primaryImageOfPage":{"@id":"https:\/\/www.amanprana.eu\/es\/salvar-el-mar\/el-calentamiento-global-del-planeta-es-un-hecho\/#primaryimage"},"image":{"@id":"https:\/\/www.amanprana.eu\/es\/salvar-el-mar\/el-calentamiento-global-del-planeta-es-un-hecho\/#primaryimage"},"thumbnailUrl":"https:\/\/www.amanprana.eu\/wp-content\/uploads\/koraalriffen-hebben-een-onmisbare-functie.jpg","datePublished":"2019-06-06T07:24:31+00:00","dateModified":"2019-06-06T07:33:31+00:00","description":"Los cient\u00edficos ya no ponen en duda el calentamiento global del planeta. \u00bfAcidificaci\u00f3n de los oc\u00e9anos? Mira las tablas del cambio clim\u00e1tico...","breadcrumb":{"@id":"https:\/\/www.amanprana.eu\/es\/salvar-el-mar\/el-calentamiento-global-del-planeta-es-un-hecho\/#breadcrumb"},"inLanguage":"es","potentialAction":[{"@type":"ReadAction","target":["https:\/\/www.amanprana.eu\/es\/salvar-el-mar\/el-calentamiento-global-del-planeta-es-un-hecho\/"]}]},{"@type":"ImageObject","inLanguage":"es","@id":"https:\/\/www.amanprana.eu\/es\/salvar-el-mar\/el-calentamiento-global-del-planeta-es-un-hecho\/#primaryimage","url":"https:\/\/www.amanprana.eu\/wp-content\/uploads\/koraalriffen-hebben-een-onmisbare-functie.jpg","contentUrl":"https:\/\/www.amanprana.eu\/wp-content\/uploads\/koraalriffen-hebben-een-onmisbare-functie.jpg","width":1200,"height":675,"caption":"El calentamiento global provoca la necrosis de los arrecifes de coral."},{"@type":"BreadcrumbList","@id":"https:\/\/www.amanprana.eu\/es\/salvar-el-mar\/el-calentamiento-global-del-planeta-es-un-hecho\/#breadcrumb","itemListElement":[{"@type":"ListItem","position":1,"name":"Amanprana.eu","item":"https:\/\/www.amanprana.eu\/es\/"},{"@type":"ListItem","position":2,"name":"SEM - art\u00edculos","item":"https:\/\/www.amanprana.eu\/es\/salvar-el-mar\/"},{"@type":"ListItem","position":3,"name":"El cambio clim\u00e1tico","item":"https:\/\/www.amanprana.eu\/es\/red_de_zee_categorieen\/el-cambio-climatico\/"},{"@type":"ListItem","position":4,"name":"El calentamiento global del planeta es un hecho."}]},{"@type":"WebSite","@id":"https:\/\/www.amanprana.eu\/es\/#website","url":"https:\/\/www.amanprana.eu\/es\/","name":"Amanprana","description":"Serene levenskracht","publisher":{"@id":"https:\/\/www.amanprana.eu\/es\/#organization"},"potentialAction":[{"@type":"SearchAction","target":{"@type":"EntryPoint","urlTemplate":"https:\/\/www.amanprana.eu\/es\/?s={search_term_string}"},"query-input":{"@type":"PropertyValueSpecification","valueRequired":true,"valueName":"search_term_string"}}],"inLanguage":"es"},{"@type":"Organization","@id":"https:\/\/www.amanprana.eu\/es\/#organization","name":"Amanprana","url":"https:\/\/www.amanprana.eu\/es\/","logo":{"@type":"ImageObject","inLanguage":"es","@id":"https:\/\/www.amanprana.eu\/es\/#\/schema\/logo\/image\/","url":"https:\/\/www.amanprana.eu\/wp-content\/uploads\/webres-amanprana-logo.jpg","contentUrl":"https:\/\/www.amanprana.eu\/wp-content\/uploads\/webres-amanprana-logo.jpg","width":300,"height":300,"caption":"Amanprana"},"image":{"@id":"https:\/\/www.amanprana.eu\/es\/#\/schema\/logo\/image\/"},"sameAs":["https:\/\/www.facebook.com\/Amanpranaproducts\/","https:\/\/www.instagram.com\/amanprana\/","https:\/\/nl.pinterest.com\/amanprana\/pins\/"]}]}},"multi-rating":{"mr_rating_results":[]},"_links":{"self":[{"href":"https:\/\/www.amanprana.eu\/es\/wp-json\/wp\/v2\/red_de_zee\/47653","targetHints":{"allow":["GET"]}}],"collection":[{"href":"https:\/\/www.amanprana.eu\/es\/wp-json\/wp\/v2\/red_de_zee"}],"about":[{"href":"https:\/\/www.amanprana.eu\/es\/wp-json\/wp\/v2\/types\/red_de_zee"}],"version-history":[{"count":0,"href":"https:\/\/www.amanprana.eu\/es\/wp-json\/wp\/v2\/red_de_zee\/47653\/revisions"}],"wp:featuredmedia":[{"embeddable":true,"href":"https:\/\/www.amanprana.eu\/es\/wp-json\/wp\/v2\/media\/47566"}],"wp:attachment":[{"href":"https:\/\/www.amanprana.eu\/es\/wp-json\/wp\/v2\/media?parent=47653"}],"curies":[{"name":"wp","href":"https:\/\/api.w.org\/{rel}","templated":true}]}}