

{"id":41408,"date":"2018-12-13T14:57:16","date_gmt":"2018-12-13T13:57:16","guid":{"rendered":"https:\/\/www.amanprana.eu\/red_de_zee\/intoxication-avec-les-crevettes-et-le-sprat\/"},"modified":"2022-05-30T21:49:07","modified_gmt":"2022-05-30T19:49:07","slug":"intoxication-avec-les-crevettes-et-le-sprat","status":"publish","type":"red_de_zee","link":"https:\/\/www.amanprana.eu\/fr\/sauvez-la-mer\/intoxication-avec-les-crevettes-et-le-sprat\/","title":{"rendered":"\u00c9viter manger de crevettes et de sprat"},"content":{"rendered":"<h2>Les effets des microplastiques ne sont pas encore certains, mais la pr\u00e9vention est examin\u00e9e<\/h2>\n<p>Bien que les effets des microplastiques, y compris leurs produits chimiques et bact\u00e9ries, font toujours l&rsquo;objet d&rsquo;une \u00e9tude, on se penche aujourd&rsquo;hui sur la pr\u00e9vention \u00e0 cet \u00e9gard. L&rsquo;ILVO entend investir dans le d\u00e9veloppement de moyens visant \u00e0 r\u00e9duire la pollution plastique autant que possible. Ainsi, de nouveaux mat\u00e9riaux plus naturels pour les filets sont \u00e9tudi\u00e9s. Tel que, par exemple, le chanvre, le lin ou le sidal qui sont tous biod\u00e9gradables. Il en va de m\u00eame pour les mati\u00e8res plastiques bio, qui devraient \u00eatre biod\u00e9gradables dans la mesure du possible. Par exemple, la k\u00e9ratine, pr\u00e9sente dans les plumes de poulet, est d\u00e9j\u00e0 utilis\u00e9e dans diverses applications plastiques. En outre, l&rsquo;enl\u00e8vement du plastique d\u00e9j\u00e0 pr\u00e9sent dans la mer fait aussi partie des points d&rsquo;attention. L&rsquo;institut recherche aussi des bact\u00e9ries permettant la biod\u00e9gradation du plastique. Ils analysent certaines caract\u00e9ristiques de ces bact\u00e9ries et sont convaincus que les premiers essais de biod\u00e9gradation du plastique dans la mer pourront prochainement \u00eatre r\u00e9alis\u00e9s.<\/p>\n<h2>Mais une bonne nouvelle: le Canada et les \u00c9tats-Unis interdisent les microbilles. Les fabricants suivent<\/h2>\n<p>Fort heureusement, il y a \u00e9galement une bonne nouvelle: l&rsquo;utilisation de microplastiques, par exemple dans les gommages corporels, sera probablement bient\u00f4t interdite dans la plupart des pays du monde. Aux \u00c9tats-Unis, par exemple, o\u00f9 huit \u00e9tats ont d\u00e9j\u00e0 interdit l&rsquo;utilisation de microplastiques, ainsi qu&rsquo;au Canada, une interdiction totale est mise sur pied. Les Pays-Bas veulent appliquer l&rsquo;interdiction en 2017 et la plupart des grands fabricants de cosm\u00e9tiques ont d\u00e9j\u00e0 convenu d&rsquo;un arr\u00eat complet de l&rsquo;utilisation des microplastiques.<\/p>\n","protected":false},"featured_media":41404,"menu_order":148,"template":"","format":"standard","class_list":["post-41408","red_de_zee","type-red_de_zee","status-publish","format-standard","has-post-thumbnail","hentry","red_de_zee_categorieen-pollution-des-oceans"],"acf":[],"yoast_head":"<!-- This site is optimized with the Yoast SEO plugin v24.7 - https:\/\/yoast.com\/wordpress\/plugins\/seo\/ -->\n<title>Les effets des microplastiques ne sont pas encore certains | la pr\u00e9vention est examin\u00e9e<\/title>\n<meta name=\"description\" content=\"Les effets des microplastiques ne sont pas encore certains, mais la pr\u00e9vention est examin\u00e9e Bien que les effets des microplastiques, y compris leurs\" \/>\n<meta name=\"robots\" content=\"index, follow, max-snippet:-1, max-image-preview:large, max-video-preview:-1\" \/>\n<link rel=\"canonical\" href=\"https:\/\/www.amanprana.eu\/fr\/sauvez-la-mer\/intoxication-avec-les-crevettes-et-le-sprat\/\" \/>\n<meta property=\"og:locale\" content=\"fr_FR\" \/>\n<meta property=\"og:type\" content=\"article\" \/>\n<meta property=\"og:title\" content=\"Les effets des microplastiques ne sont pas encore certains | la pr\u00e9vention est examin\u00e9e\" \/>\n<meta property=\"og:description\" content=\"Les effets des microplastiques ne sont pas encore certains, mais la pr\u00e9vention est examin\u00e9e Bien que les effets des microplastiques, y compris leurs\" \/>\n<meta property=\"og:url\" content=\"https:\/\/www.amanprana.eu\/fr\/sauvez-la-mer\/intoxication-avec-les-crevettes-et-le-sprat\/\" \/>\n<meta property=\"og:site_name\" content=\"Amanprana\" \/>\n<meta property=\"article:publisher\" content=\"https:\/\/www.facebook.com\/Amanpranaproducts\/\" \/>\n<meta property=\"article:modified_time\" content=\"2022-05-30T19:49:07+00:00\" \/>\n<meta property=\"og:image\" content=\"https:\/\/www.amanprana.eu\/wp-content\/uploads\/Garnalen-zijn-vervuild.jpg\" \/>\n\t<meta property=\"og:image:width\" content=\"1420\" \/>\n\t<meta property=\"og:image:height\" content=\"600\" \/>\n\t<meta property=\"og:image:type\" content=\"image\/jpeg\" \/>\n<meta name=\"twitter:card\" content=\"summary_large_image\" \/>\n<meta name=\"twitter:label1\" content=\"Dur\u00e9e de lecture estim\u00e9e\" \/>\n\t<meta name=\"twitter:data1\" content=\"1 minute\" \/>\n<script type=\"application\/ld+json\" class=\"yoast-schema-graph\">{\"@context\":\"https:\/\/schema.org\",\"@graph\":[{\"@type\":\"WebPage\",\"@id\":\"https:\/\/www.amanprana.eu\/fr\/sauvez-la-mer\/intoxication-avec-les-crevettes-et-le-sprat\/\",\"url\":\"https:\/\/www.amanprana.eu\/fr\/sauvez-la-mer\/intoxication-avec-les-crevettes-et-le-sprat\/\",\"name\":\"Les effets des microplastiques ne sont pas encore certains | la pr\u00e9vention est examin\u00e9e\",\"isPartOf\":{\"@id\":\"https:\/\/www.amanprana.eu\/fr\/#website\"},\"primaryImageOfPage\":{\"@id\":\"https:\/\/www.amanprana.eu\/fr\/sauvez-la-mer\/intoxication-avec-les-crevettes-et-le-sprat\/#primaryimage\"},\"image\":{\"@id\":\"https:\/\/www.amanprana.eu\/fr\/sauvez-la-mer\/intoxication-avec-les-crevettes-et-le-sprat\/#primaryimage\"},\"thumbnailUrl\":\"https:\/\/www.amanprana.eu\/wp-content\/uploads\/Garnalen-zijn-vervuild.jpg\",\"datePublished\":\"2018-12-13T13:57:16+00:00\",\"dateModified\":\"2022-05-30T19:49:07+00:00\",\"description\":\"Les effets des microplastiques ne sont pas encore certains, mais la pr\u00e9vention est examin\u00e9e Bien que les effets des microplastiques, y compris leurs\",\"breadcrumb\":{\"@id\":\"https:\/\/www.amanprana.eu\/fr\/sauvez-la-mer\/intoxication-avec-les-crevettes-et-le-sprat\/#breadcrumb\"},\"inLanguage\":\"fr-FR\",\"potentialAction\":[{\"@type\":\"ReadAction\",\"target\":[\"https:\/\/www.amanprana.eu\/fr\/sauvez-la-mer\/intoxication-avec-les-crevettes-et-le-sprat\/\"]}]},{\"@type\":\"ImageObject\",\"inLanguage\":\"fr-FR\",\"@id\":\"https:\/\/www.amanprana.eu\/fr\/sauvez-la-mer\/intoxication-avec-les-crevettes-et-le-sprat\/#primaryimage\",\"url\":\"https:\/\/www.amanprana.eu\/wp-content\/uploads\/Garnalen-zijn-vervuild.jpg\",\"contentUrl\":\"https:\/\/www.amanprana.eu\/wp-content\/uploads\/Garnalen-zijn-vervuild.jpg\",\"width\":1420,\"height\":600},{\"@type\":\"BreadcrumbList\",\"@id\":\"https:\/\/www.amanprana.eu\/fr\/sauvez-la-mer\/intoxication-avec-les-crevettes-et-le-sprat\/#breadcrumb\",\"itemListElement\":[{\"@type\":\"ListItem\",\"position\":1,\"name\":\"Amanprana.eu\",\"item\":\"https:\/\/www.amanprana.eu\/fr\/\"},{\"@type\":\"ListItem\",\"position\":2,\"name\":\"SLM - articles\",\"item\":\"https:\/\/www.amanprana.eu\/fr\/sauvez-la-mer\/\"},{\"@type\":\"ListItem\",\"position\":3,\"name\":\"Pollution des oc\u00e9ans\",\"item\":\"https:\/\/www.amanprana.eu\/fr\/red_de_zee_categorieen\/pollution-des-oceans\/\"},{\"@type\":\"ListItem\",\"position\":4,\"name\":\"\u00c9viter manger de crevettes et de sprat\"}]},{\"@type\":\"WebSite\",\"@id\":\"https:\/\/www.amanprana.eu\/fr\/#website\",\"url\":\"https:\/\/www.amanprana.eu\/fr\/\",\"name\":\"Amanprana\",\"description\":\"Serene levenskracht\",\"publisher\":{\"@id\":\"https:\/\/www.amanprana.eu\/fr\/#organization\"},\"potentialAction\":[{\"@type\":\"SearchAction\",\"target\":{\"@type\":\"EntryPoint\",\"urlTemplate\":\"https:\/\/www.amanprana.eu\/fr\/?s={search_term_string}\"},\"query-input\":{\"@type\":\"PropertyValueSpecification\",\"valueRequired\":true,\"valueName\":\"search_term_string\"}}],\"inLanguage\":\"fr-FR\"},{\"@type\":\"Organization\",\"@id\":\"https:\/\/www.amanprana.eu\/fr\/#organization\",\"name\":\"Amanprana\",\"url\":\"https:\/\/www.amanprana.eu\/fr\/\",\"logo\":{\"@type\":\"ImageObject\",\"inLanguage\":\"fr-FR\",\"@id\":\"https:\/\/www.amanprana.eu\/fr\/#\/schema\/logo\/image\/\",\"url\":\"https:\/\/www.amanprana.eu\/wp-content\/uploads\/webres-amanprana-logo.jpg\",\"contentUrl\":\"https:\/\/www.amanprana.eu\/wp-content\/uploads\/webres-amanprana-logo.jpg\",\"width\":300,\"height\":300,\"caption\":\"Amanprana\"},\"image\":{\"@id\":\"https:\/\/www.amanprana.eu\/fr\/#\/schema\/logo\/image\/\"},\"sameAs\":[\"https:\/\/www.facebook.com\/Amanpranaproducts\/\",\"https:\/\/www.instagram.com\/amanprana\/\",\"https:\/\/nl.pinterest.com\/amanprana\/pins\/\"]}]}<\/script>\n<!-- \/ Yoast SEO plugin. -->","yoast_head_json":{"title":"Les effets des microplastiques ne sont pas encore certains | la pr\u00e9vention est examin\u00e9e","description":"Les effets des microplastiques ne sont pas encore certains, mais la pr\u00e9vention est examin\u00e9e Bien que les effets des microplastiques, y compris leurs","robots":{"index":"index","follow":"follow","max-snippet":"max-snippet:-1","max-image-preview":"max-image-preview:large","max-video-preview":"max-video-preview:-1"},"canonical":"https:\/\/www.amanprana.eu\/fr\/sauvez-la-mer\/intoxication-avec-les-crevettes-et-le-sprat\/","og_locale":"fr_FR","og_type":"article","og_title":"Les effets des microplastiques ne sont pas encore certains | la pr\u00e9vention est examin\u00e9e","og_description":"Les effets des microplastiques ne sont pas encore certains, mais la pr\u00e9vention est examin\u00e9e Bien que les effets des microplastiques, y compris leurs","og_url":"https:\/\/www.amanprana.eu\/fr\/sauvez-la-mer\/intoxication-avec-les-crevettes-et-le-sprat\/","og_site_name":"Amanprana","article_publisher":"https:\/\/www.facebook.com\/Amanpranaproducts\/","article_modified_time":"2022-05-30T19:49:07+00:00","og_image":[{"width":1420,"height":600,"url":"https:\/\/www.amanprana.eu\/wp-content\/uploads\/Garnalen-zijn-vervuild.jpg","type":"image\/jpeg"}],"twitter_card":"summary_large_image","twitter_misc":{"Dur\u00e9e de lecture estim\u00e9e":"1 minute"},"schema":{"@context":"https:\/\/schema.org","@graph":[{"@type":"WebPage","@id":"https:\/\/www.amanprana.eu\/fr\/sauvez-la-mer\/intoxication-avec-les-crevettes-et-le-sprat\/","url":"https:\/\/www.amanprana.eu\/fr\/sauvez-la-mer\/intoxication-avec-les-crevettes-et-le-sprat\/","name":"Les effets des microplastiques ne sont pas encore certains | la pr\u00e9vention est examin\u00e9e","isPartOf":{"@id":"https:\/\/www.amanprana.eu\/fr\/#website"},"primaryImageOfPage":{"@id":"https:\/\/www.amanprana.eu\/fr\/sauvez-la-mer\/intoxication-avec-les-crevettes-et-le-sprat\/#primaryimage"},"image":{"@id":"https:\/\/www.amanprana.eu\/fr\/sauvez-la-mer\/intoxication-avec-les-crevettes-et-le-sprat\/#primaryimage"},"thumbnailUrl":"https:\/\/www.amanprana.eu\/wp-content\/uploads\/Garnalen-zijn-vervuild.jpg","datePublished":"2018-12-13T13:57:16+00:00","dateModified":"2022-05-30T19:49:07+00:00","description":"Les effets des microplastiques ne sont pas encore certains, mais la pr\u00e9vention est examin\u00e9e Bien que les effets des microplastiques, y compris leurs","breadcrumb":{"@id":"https:\/\/www.amanprana.eu\/fr\/sauvez-la-mer\/intoxication-avec-les-crevettes-et-le-sprat\/#breadcrumb"},"inLanguage":"fr-FR","potentialAction":[{"@type":"ReadAction","target":["https:\/\/www.amanprana.eu\/fr\/sauvez-la-mer\/intoxication-avec-les-crevettes-et-le-sprat\/"]}]},{"@type":"ImageObject","inLanguage":"fr-FR","@id":"https:\/\/www.amanprana.eu\/fr\/sauvez-la-mer\/intoxication-avec-les-crevettes-et-le-sprat\/#primaryimage","url":"https:\/\/www.amanprana.eu\/wp-content\/uploads\/Garnalen-zijn-vervuild.jpg","contentUrl":"https:\/\/www.amanprana.eu\/wp-content\/uploads\/Garnalen-zijn-vervuild.jpg","width":1420,"height":600},{"@type":"BreadcrumbList","@id":"https:\/\/www.amanprana.eu\/fr\/sauvez-la-mer\/intoxication-avec-les-crevettes-et-le-sprat\/#breadcrumb","itemListElement":[{"@type":"ListItem","position":1,"name":"Amanprana.eu","item":"https:\/\/www.amanprana.eu\/fr\/"},{"@type":"ListItem","position":2,"name":"SLM - articles","item":"https:\/\/www.amanprana.eu\/fr\/sauvez-la-mer\/"},{"@type":"ListItem","position":3,"name":"Pollution des oc\u00e9ans","item":"https:\/\/www.amanprana.eu\/fr\/red_de_zee_categorieen\/pollution-des-oceans\/"},{"@type":"ListItem","position":4,"name":"\u00c9viter manger de crevettes et de sprat"}]},{"@type":"WebSite","@id":"https:\/\/www.amanprana.eu\/fr\/#website","url":"https:\/\/www.amanprana.eu\/fr\/","name":"Amanprana","description":"Serene levenskracht","publisher":{"@id":"https:\/\/www.amanprana.eu\/fr\/#organization"},"potentialAction":[{"@type":"SearchAction","target":{"@type":"EntryPoint","urlTemplate":"https:\/\/www.amanprana.eu\/fr\/?s={search_term_string}"},"query-input":{"@type":"PropertyValueSpecification","valueRequired":true,"valueName":"search_term_string"}}],"inLanguage":"fr-FR"},{"@type":"Organization","@id":"https:\/\/www.amanprana.eu\/fr\/#organization","name":"Amanprana","url":"https:\/\/www.amanprana.eu\/fr\/","logo":{"@type":"ImageObject","inLanguage":"fr-FR","@id":"https:\/\/www.amanprana.eu\/fr\/#\/schema\/logo\/image\/","url":"https:\/\/www.amanprana.eu\/wp-content\/uploads\/webres-amanprana-logo.jpg","contentUrl":"https:\/\/www.amanprana.eu\/wp-content\/uploads\/webres-amanprana-logo.jpg","width":300,"height":300,"caption":"Amanprana"},"image":{"@id":"https:\/\/www.amanprana.eu\/fr\/#\/schema\/logo\/image\/"},"sameAs":["https:\/\/www.facebook.com\/Amanpranaproducts\/","https:\/\/www.instagram.com\/amanprana\/","https:\/\/nl.pinterest.com\/amanprana\/pins\/"]}]}},"multi-rating":{"mr_rating_results":[]},"_links":{"self":[{"href":"https:\/\/www.amanprana.eu\/fr\/wp-json\/wp\/v2\/red_de_zee\/41408","targetHints":{"allow":["GET"]}}],"collection":[{"href":"https:\/\/www.amanprana.eu\/fr\/wp-json\/wp\/v2\/red_de_zee"}],"about":[{"href":"https:\/\/www.amanprana.eu\/fr\/wp-json\/wp\/v2\/types\/red_de_zee"}],"version-history":[{"count":1,"href":"https:\/\/www.amanprana.eu\/fr\/wp-json\/wp\/v2\/red_de_zee\/41408\/revisions"}],"predecessor-version":[{"id":79221,"href":"https:\/\/www.amanprana.eu\/fr\/wp-json\/wp\/v2\/red_de_zee\/41408\/revisions\/79221"}],"wp:featuredmedia":[{"embeddable":true,"href":"https:\/\/www.amanprana.eu\/fr\/wp-json\/wp\/v2\/media\/41404"}],"wp:attachment":[{"href":"https:\/\/www.amanprana.eu\/fr\/wp-json\/wp\/v2\/media?parent=41408"}],"curies":[{"name":"wp","href":"https:\/\/api.w.org\/{rel}","templated":true}]}}