

{"id":41419,"date":"2018-12-13T15:19:04","date_gmt":"2018-12-13T14:19:04","guid":{"rendered":"https:\/\/www.amanprana.eu\/red_de_zee\/gobelets-cafe-a-peine-recyclables\/"},"modified":"2022-05-30T22:00:30","modified_gmt":"2022-05-30T20:00:30","slug":"gobelets-cafe-a-peine-recyclables","status":"publish","type":"red_de_zee","link":"https:\/\/www.amanprana.eu\/fr\/sauvez-la-mer\/gobelets-cafe-a-peine-recyclables\/","title":{"rendered":"Gobelets caf\u00e9 a peine recyclables"},"content":{"rendered":"<h2>Comment les gobelets \u00e0 caf\u00e9 sont-ils faits ? Pourquoi non recyclables ?<\/h2>\n<p>Les gobelets sont fabriqu\u00e9s avec de la p\u00e2te de bois d&rsquo;arbres qui ont d\u00fb pousser pendant des ann\u00e9es. Le papier des gobelets n&rsquo;est g\u00e9n\u00e9ralement pas recycl\u00e9, surtout pour des raisons pratiques: le papier recycl\u00e9 ne serait pas \u00e9tanche. C&rsquo;est pourquoi une couche de poly\u00e9thyl\u00e8ne est toujours plac\u00e9e sur le papier: une membrane en plastique qui emp\u00eache les fuites. C&rsquo;est ce qui rend les gobelets difficilement recyclables. Et n&rsquo;oubliez pas le couvercle qui dans la plupart des cas est en polystyr\u00e8ne. Encore pire quand on consid\u00e8re que le gobelet est \u00e0 nouveau jet\u00e9 apr\u00e8s environ 15 \u00e0 20 minutes. Heureusement il y a des entreprises qui travaillent pour faire des gobelets 100% recyclables.<\/p>\n<h2>Emportez votre propre gobelet recyclable !<\/h2>\n<p>\u00cates-vous un amateur de caf\u00e9 ou de th\u00e9 et aimez-vous boire un caf\u00e9 ou un th\u00e9 sur le pource ? Emportez alors votre propre gobelet lavable et faites-le remplir!<\/p>\n","protected":false},"featured_media":41414,"menu_order":140,"template":"","format":"standard","class_list":["post-41419","red_de_zee","type-red_de_zee","status-publish","format-standard","has-post-thumbnail","hentry","red_de_zee_categorieen-pollution-des-oceans"],"acf":[],"yoast_head":"<!-- This site is optimized with the Yoast SEO plugin v24.7 - https:\/\/yoast.com\/wordpress\/plugins\/seo\/ -->\n<title>Gobelets caf\u00e9 a peine recyclables. Le malheur des gobelets.<\/title>\n<meta name=\"description\" content=\"Comment les gobelets \u00e0 caf\u00e9 sont-ils faits ? Pourquoi non recyclables ? Les gobelets sont fabriqu\u00e9s avec de la p\u00e2te de bois d&#039;arbres qui ont d\u00fb pousser\" \/>\n<meta name=\"robots\" content=\"index, follow, max-snippet:-1, max-image-preview:large, max-video-preview:-1\" \/>\n<link rel=\"canonical\" href=\"https:\/\/www.amanprana.eu\/fr\/sauvez-la-mer\/gobelets-cafe-a-peine-recyclables\/\" \/>\n<meta property=\"og:locale\" content=\"fr_FR\" \/>\n<meta property=\"og:type\" content=\"article\" \/>\n<meta property=\"og:title\" content=\"Gobelets caf\u00e9 a peine recyclables. Le malheur des gobelets.\" \/>\n<meta property=\"og:description\" content=\"Comment les gobelets \u00e0 caf\u00e9 sont-ils faits ? Pourquoi non recyclables ? Les gobelets sont fabriqu\u00e9s avec de la p\u00e2te de bois d&#039;arbres qui ont d\u00fb pousser\" \/>\n<meta property=\"og:url\" content=\"https:\/\/www.amanprana.eu\/fr\/sauvez-la-mer\/gobelets-cafe-a-peine-recyclables\/\" \/>\n<meta property=\"og:site_name\" content=\"Amanprana\" \/>\n<meta property=\"article:publisher\" content=\"https:\/\/www.facebook.com\/Amanpranaproducts\/\" \/>\n<meta property=\"article:modified_time\" content=\"2022-05-30T20:00:30+00:00\" \/>\n<meta property=\"og:image\" content=\"https:\/\/www.amanprana.eu\/wp-content\/uploads\/Du-poisson-durable.jpg\" \/>\n\t<meta property=\"og:image:width\" content=\"1420\" \/>\n\t<meta property=\"og:image:height\" content=\"580\" \/>\n\t<meta property=\"og:image:type\" content=\"image\/jpeg\" \/>\n<meta name=\"twitter:card\" content=\"summary_large_image\" \/>\n<meta name=\"twitter:label1\" content=\"Dur\u00e9e de lecture estim\u00e9e\" \/>\n\t<meta name=\"twitter:data1\" content=\"1 minute\" \/>\n<script type=\"application\/ld+json\" class=\"yoast-schema-graph\">{\"@context\":\"https:\/\/schema.org\",\"@graph\":[{\"@type\":\"WebPage\",\"@id\":\"https:\/\/www.amanprana.eu\/fr\/sauvez-la-mer\/gobelets-cafe-a-peine-recyclables\/\",\"url\":\"https:\/\/www.amanprana.eu\/fr\/sauvez-la-mer\/gobelets-cafe-a-peine-recyclables\/\",\"name\":\"Gobelets caf\u00e9 a peine recyclables. Le malheur des gobelets.\",\"isPartOf\":{\"@id\":\"https:\/\/www.amanprana.eu\/fr\/#website\"},\"primaryImageOfPage\":{\"@id\":\"https:\/\/www.amanprana.eu\/fr\/sauvez-la-mer\/gobelets-cafe-a-peine-recyclables\/#primaryimage\"},\"image\":{\"@id\":\"https:\/\/www.amanprana.eu\/fr\/sauvez-la-mer\/gobelets-cafe-a-peine-recyclables\/#primaryimage\"},\"thumbnailUrl\":\"https:\/\/www.amanprana.eu\/wp-content\/uploads\/Du-poisson-durable.jpg\",\"datePublished\":\"2018-12-13T14:19:04+00:00\",\"dateModified\":\"2022-05-30T20:00:30+00:00\",\"description\":\"Comment les gobelets \u00e0 caf\u00e9 sont-ils faits ? Pourquoi non recyclables ? Les gobelets sont fabriqu\u00e9s avec de la p\u00e2te de bois d'arbres qui ont d\u00fb pousser\",\"breadcrumb\":{\"@id\":\"https:\/\/www.amanprana.eu\/fr\/sauvez-la-mer\/gobelets-cafe-a-peine-recyclables\/#breadcrumb\"},\"inLanguage\":\"fr-FR\",\"potentialAction\":[{\"@type\":\"ReadAction\",\"target\":[\"https:\/\/www.amanprana.eu\/fr\/sauvez-la-mer\/gobelets-cafe-a-peine-recyclables\/\"]}]},{\"@type\":\"ImageObject\",\"inLanguage\":\"fr-FR\",\"@id\":\"https:\/\/www.amanprana.eu\/fr\/sauvez-la-mer\/gobelets-cafe-a-peine-recyclables\/#primaryimage\",\"url\":\"https:\/\/www.amanprana.eu\/wp-content\/uploads\/Du-poisson-durable.jpg\",\"contentUrl\":\"https:\/\/www.amanprana.eu\/wp-content\/uploads\/Du-poisson-durable.jpg\",\"width\":1420,\"height\":580},{\"@type\":\"BreadcrumbList\",\"@id\":\"https:\/\/www.amanprana.eu\/fr\/sauvez-la-mer\/gobelets-cafe-a-peine-recyclables\/#breadcrumb\",\"itemListElement\":[{\"@type\":\"ListItem\",\"position\":1,\"name\":\"Amanprana.eu\",\"item\":\"https:\/\/www.amanprana.eu\/fr\/\"},{\"@type\":\"ListItem\",\"position\":2,\"name\":\"SLM - articles\",\"item\":\"https:\/\/www.amanprana.eu\/fr\/sauvez-la-mer\/\"},{\"@type\":\"ListItem\",\"position\":3,\"name\":\"Pollution des oc\u00e9ans\",\"item\":\"https:\/\/www.amanprana.eu\/fr\/red_de_zee_categorieen\/pollution-des-oceans\/\"},{\"@type\":\"ListItem\",\"position\":4,\"name\":\"Gobelets caf\u00e9 a peine recyclables\"}]},{\"@type\":\"WebSite\",\"@id\":\"https:\/\/www.amanprana.eu\/fr\/#website\",\"url\":\"https:\/\/www.amanprana.eu\/fr\/\",\"name\":\"Amanprana\",\"description\":\"Serene levenskracht\",\"publisher\":{\"@id\":\"https:\/\/www.amanprana.eu\/fr\/#organization\"},\"potentialAction\":[{\"@type\":\"SearchAction\",\"target\":{\"@type\":\"EntryPoint\",\"urlTemplate\":\"https:\/\/www.amanprana.eu\/fr\/?s={search_term_string}\"},\"query-input\":{\"@type\":\"PropertyValueSpecification\",\"valueRequired\":true,\"valueName\":\"search_term_string\"}}],\"inLanguage\":\"fr-FR\"},{\"@type\":\"Organization\",\"@id\":\"https:\/\/www.amanprana.eu\/fr\/#organization\",\"name\":\"Amanprana\",\"url\":\"https:\/\/www.amanprana.eu\/fr\/\",\"logo\":{\"@type\":\"ImageObject\",\"inLanguage\":\"fr-FR\",\"@id\":\"https:\/\/www.amanprana.eu\/fr\/#\/schema\/logo\/image\/\",\"url\":\"https:\/\/www.amanprana.eu\/wp-content\/uploads\/webres-amanprana-logo.jpg\",\"contentUrl\":\"https:\/\/www.amanprana.eu\/wp-content\/uploads\/webres-amanprana-logo.jpg\",\"width\":300,\"height\":300,\"caption\":\"Amanprana\"},\"image\":{\"@id\":\"https:\/\/www.amanprana.eu\/fr\/#\/schema\/logo\/image\/\"},\"sameAs\":[\"https:\/\/www.facebook.com\/Amanpranaproducts\/\",\"https:\/\/www.instagram.com\/amanprana\/\",\"https:\/\/nl.pinterest.com\/amanprana\/pins\/\"]}]}<\/script>\n<!-- \/ Yoast SEO plugin. -->","yoast_head_json":{"title":"Gobelets caf\u00e9 a peine recyclables. Le malheur des gobelets.","description":"Comment les gobelets \u00e0 caf\u00e9 sont-ils faits ? Pourquoi non recyclables ? Les gobelets sont fabriqu\u00e9s avec de la p\u00e2te de bois d'arbres qui ont d\u00fb pousser","robots":{"index":"index","follow":"follow","max-snippet":"max-snippet:-1","max-image-preview":"max-image-preview:large","max-video-preview":"max-video-preview:-1"},"canonical":"https:\/\/www.amanprana.eu\/fr\/sauvez-la-mer\/gobelets-cafe-a-peine-recyclables\/","og_locale":"fr_FR","og_type":"article","og_title":"Gobelets caf\u00e9 a peine recyclables. Le malheur des gobelets.","og_description":"Comment les gobelets \u00e0 caf\u00e9 sont-ils faits ? Pourquoi non recyclables ? Les gobelets sont fabriqu\u00e9s avec de la p\u00e2te de bois d'arbres qui ont d\u00fb pousser","og_url":"https:\/\/www.amanprana.eu\/fr\/sauvez-la-mer\/gobelets-cafe-a-peine-recyclables\/","og_site_name":"Amanprana","article_publisher":"https:\/\/www.facebook.com\/Amanpranaproducts\/","article_modified_time":"2022-05-30T20:00:30+00:00","og_image":[{"width":1420,"height":580,"url":"https:\/\/www.amanprana.eu\/wp-content\/uploads\/Du-poisson-durable.jpg","type":"image\/jpeg"}],"twitter_card":"summary_large_image","twitter_misc":{"Dur\u00e9e de lecture estim\u00e9e":"1 minute"},"schema":{"@context":"https:\/\/schema.org","@graph":[{"@type":"WebPage","@id":"https:\/\/www.amanprana.eu\/fr\/sauvez-la-mer\/gobelets-cafe-a-peine-recyclables\/","url":"https:\/\/www.amanprana.eu\/fr\/sauvez-la-mer\/gobelets-cafe-a-peine-recyclables\/","name":"Gobelets caf\u00e9 a peine recyclables. Le malheur des gobelets.","isPartOf":{"@id":"https:\/\/www.amanprana.eu\/fr\/#website"},"primaryImageOfPage":{"@id":"https:\/\/www.amanprana.eu\/fr\/sauvez-la-mer\/gobelets-cafe-a-peine-recyclables\/#primaryimage"},"image":{"@id":"https:\/\/www.amanprana.eu\/fr\/sauvez-la-mer\/gobelets-cafe-a-peine-recyclables\/#primaryimage"},"thumbnailUrl":"https:\/\/www.amanprana.eu\/wp-content\/uploads\/Du-poisson-durable.jpg","datePublished":"2018-12-13T14:19:04+00:00","dateModified":"2022-05-30T20:00:30+00:00","description":"Comment les gobelets \u00e0 caf\u00e9 sont-ils faits ? Pourquoi non recyclables ? Les gobelets sont fabriqu\u00e9s avec de la p\u00e2te de bois d'arbres qui ont d\u00fb pousser","breadcrumb":{"@id":"https:\/\/www.amanprana.eu\/fr\/sauvez-la-mer\/gobelets-cafe-a-peine-recyclables\/#breadcrumb"},"inLanguage":"fr-FR","potentialAction":[{"@type":"ReadAction","target":["https:\/\/www.amanprana.eu\/fr\/sauvez-la-mer\/gobelets-cafe-a-peine-recyclables\/"]}]},{"@type":"ImageObject","inLanguage":"fr-FR","@id":"https:\/\/www.amanprana.eu\/fr\/sauvez-la-mer\/gobelets-cafe-a-peine-recyclables\/#primaryimage","url":"https:\/\/www.amanprana.eu\/wp-content\/uploads\/Du-poisson-durable.jpg","contentUrl":"https:\/\/www.amanprana.eu\/wp-content\/uploads\/Du-poisson-durable.jpg","width":1420,"height":580},{"@type":"BreadcrumbList","@id":"https:\/\/www.amanprana.eu\/fr\/sauvez-la-mer\/gobelets-cafe-a-peine-recyclables\/#breadcrumb","itemListElement":[{"@type":"ListItem","position":1,"name":"Amanprana.eu","item":"https:\/\/www.amanprana.eu\/fr\/"},{"@type":"ListItem","position":2,"name":"SLM - articles","item":"https:\/\/www.amanprana.eu\/fr\/sauvez-la-mer\/"},{"@type":"ListItem","position":3,"name":"Pollution des oc\u00e9ans","item":"https:\/\/www.amanprana.eu\/fr\/red_de_zee_categorieen\/pollution-des-oceans\/"},{"@type":"ListItem","position":4,"name":"Gobelets caf\u00e9 a peine recyclables"}]},{"@type":"WebSite","@id":"https:\/\/www.amanprana.eu\/fr\/#website","url":"https:\/\/www.amanprana.eu\/fr\/","name":"Amanprana","description":"Serene levenskracht","publisher":{"@id":"https:\/\/www.amanprana.eu\/fr\/#organization"},"potentialAction":[{"@type":"SearchAction","target":{"@type":"EntryPoint","urlTemplate":"https:\/\/www.amanprana.eu\/fr\/?s={search_term_string}"},"query-input":{"@type":"PropertyValueSpecification","valueRequired":true,"valueName":"search_term_string"}}],"inLanguage":"fr-FR"},{"@type":"Organization","@id":"https:\/\/www.amanprana.eu\/fr\/#organization","name":"Amanprana","url":"https:\/\/www.amanprana.eu\/fr\/","logo":{"@type":"ImageObject","inLanguage":"fr-FR","@id":"https:\/\/www.amanprana.eu\/fr\/#\/schema\/logo\/image\/","url":"https:\/\/www.amanprana.eu\/wp-content\/uploads\/webres-amanprana-logo.jpg","contentUrl":"https:\/\/www.amanprana.eu\/wp-content\/uploads\/webres-amanprana-logo.jpg","width":300,"height":300,"caption":"Amanprana"},"image":{"@id":"https:\/\/www.amanprana.eu\/fr\/#\/schema\/logo\/image\/"},"sameAs":["https:\/\/www.facebook.com\/Amanpranaproducts\/","https:\/\/www.instagram.com\/amanprana\/","https:\/\/nl.pinterest.com\/amanprana\/pins\/"]}]}},"multi-rating":{"mr_rating_results":[]},"_links":{"self":[{"href":"https:\/\/www.amanprana.eu\/fr\/wp-json\/wp\/v2\/red_de_zee\/41419","targetHints":{"allow":["GET"]}}],"collection":[{"href":"https:\/\/www.amanprana.eu\/fr\/wp-json\/wp\/v2\/red_de_zee"}],"about":[{"href":"https:\/\/www.amanprana.eu\/fr\/wp-json\/wp\/v2\/types\/red_de_zee"}],"version-history":[{"count":1,"href":"https:\/\/www.amanprana.eu\/fr\/wp-json\/wp\/v2\/red_de_zee\/41419\/revisions"}],"predecessor-version":[{"id":79236,"href":"https:\/\/www.amanprana.eu\/fr\/wp-json\/wp\/v2\/red_de_zee\/41419\/revisions\/79236"}],"wp:featuredmedia":[{"embeddable":true,"href":"https:\/\/www.amanprana.eu\/fr\/wp-json\/wp\/v2\/media\/41414"}],"wp:attachment":[{"href":"https:\/\/www.amanprana.eu\/fr\/wp-json\/wp\/v2\/media?parent=41419"}],"curies":[{"name":"wp","href":"https:\/\/api.w.org\/{rel}","templated":true}]}}