

{"id":41446,"date":"2018-12-13T15:47:32","date_gmt":"2018-12-13T14:47:32","guid":{"rendered":"https:\/\/www.amanprana.eu\/red_de_zee\/pole-nord-peche-cabillaud-greenpeace\/"},"modified":"2022-06-07T10:02:44","modified_gmt":"2022-06-07T08:02:44","slug":"pole-nord-peche-cabillaud","status":"publish","type":"red_de_zee","link":"https:\/\/www.amanprana.eu\/fr\/sauvez-la-mer\/pole-nord-peche-cabillaud\/","title":{"rendered":"D\u2019un accord qui met fin \u00e0 l\u2019extension de la p\u00eache du cabillaud"},"content":{"rendered":"<p>Heureusement, tout n&rsquo;est pas noir. Nous voyons \u00e9galement de bons d\u00e9veloppements pour la p\u00eache et les oc\u00e9ans. Les grands acteurs de la p\u00eache et des acheteurs internationaux se sont mis d&rsquo;accord avec Greenpeace pour limiter la p\u00eache du cabillaud en Arctique. L&rsquo;accord a \u00e9t\u00e9 sign\u00e9 par des g\u00e9ants tels que Tesco, Iglo et McDonalds. Les g\u00e9ants d\u00e9montrent ainsi leur volont\u00e9 politique de prot\u00e9ger le p\u00f4le Nord. Un pas dans la bonne direction.<\/p>\n<h2>Accord sur la p\u00eache du cabillaud<\/h2>\n<p>Greenpeace lutte contre la p\u00eache du cabillaud au p\u00f4le NordLes g\u00e9ants ont d\u00e9cid\u00e9 de ne pas \u00e9tendre leur recherche de cabillaud \u00e0 une vaste zone situ\u00e9e au p\u00f4le Nord (la mer de Barents). Tous les signataires du moratoire ont indiqu\u00e9 qu&rsquo;ils n&rsquo;ach\u00e8teront plus du poisson des bateaux qui ont fait la p\u00eache dans des zones fragiles, jadis recouvertes de glace autour du p\u00f4le Nord.<\/p>\n<h2>Le gouvernement norv\u00e9gien prot\u00e8ge. Optimisation du p\u00f4le Nord.<\/h2>\n<p>L&rsquo;Arctic Sunrise de Greenpeace effectuera des contr\u00f4les au p\u00f4le NordLe navire Arctic Sunrise de Greenpeace veillera \u00e0 ce que tous les signataires respectent leurs obligations. Cet \u00e9t\u00e9, le navire mettra le cap sur Svalbard. Greenpeace demande \u00e9galement au gouvernement norv\u00e9gien de contribuer \u00e0 une meilleure protection des zones arctiques et leur population.<\/p>\n","protected":false},"featured_media":41442,"menu_order":142,"template":"","format":"standard","class_list":["post-41446","red_de_zee","type-red_de_zee","status-publish","format-standard","has-post-thumbnail","hentry","red_de_zee_categorieen-surpeche"],"acf":[],"yoast_head":"<!-- This site is optimized with the Yoast SEO plugin v24.7 - https:\/\/yoast.com\/wordpress\/plugins\/seo\/ -->\n<title>Greenpeace se r\u00e9jouit d\u2019un accord qui met fin \u00e0 l\u2019extension de la p\u00eache du cabillaud<\/title>\n<meta name=\"description\" content=\"Acteurs de la p\u00eache et des acheteurs se sont mis d&#039;accord avec Greenpeace pour limiter la p\u00eache du cabillaud en Arctique.\" \/>\n<meta name=\"robots\" content=\"index, follow, max-snippet:-1, max-image-preview:large, max-video-preview:-1\" \/>\n<link rel=\"canonical\" href=\"https:\/\/www.amanprana.eu\/fr\/sauvez-la-mer\/pole-nord-peche-cabillaud\/\" \/>\n<meta property=\"og:locale\" content=\"fr_FR\" \/>\n<meta property=\"og:type\" content=\"article\" \/>\n<meta property=\"og:title\" content=\"Greenpeace se r\u00e9jouit d\u2019un accord qui met fin \u00e0 l\u2019extension de la p\u00eache du cabillaud\" \/>\n<meta property=\"og:description\" content=\"Acteurs de la p\u00eache et des acheteurs se sont mis d&#039;accord avec Greenpeace pour limiter la p\u00eache du cabillaud en Arctique.\" \/>\n<meta property=\"og:url\" content=\"https:\/\/www.amanprana.eu\/fr\/sauvez-la-mer\/pole-nord-peche-cabillaud\/\" \/>\n<meta property=\"og:site_name\" content=\"Amanprana\" \/>\n<meta property=\"article:publisher\" content=\"https:\/\/www.facebook.com\/Amanpranaproducts\/\" \/>\n<meta property=\"article:modified_time\" content=\"2022-06-07T08:02:44+00:00\" \/>\n<meta property=\"og:image\" content=\"https:\/\/www.amanprana.eu\/wp-content\/uploads\/IJsbeer-op-de-Noordpool.jpg\" \/>\n\t<meta property=\"og:image:width\" content=\"1024\" \/>\n\t<meta property=\"og:image:height\" content=\"482\" \/>\n\t<meta property=\"og:image:type\" content=\"image\/jpeg\" \/>\n<meta name=\"twitter:card\" content=\"summary_large_image\" \/>\n<meta name=\"twitter:label1\" content=\"Dur\u00e9e de lecture estim\u00e9e\" \/>\n\t<meta name=\"twitter:data1\" content=\"1 minute\" \/>\n<script type=\"application\/ld+json\" class=\"yoast-schema-graph\">{\"@context\":\"https:\/\/schema.org\",\"@graph\":[{\"@type\":\"WebPage\",\"@id\":\"https:\/\/www.amanprana.eu\/fr\/sauvez-la-mer\/pole-nord-peche-cabillaud\/\",\"url\":\"https:\/\/www.amanprana.eu\/fr\/sauvez-la-mer\/pole-nord-peche-cabillaud\/\",\"name\":\"Greenpeace se r\u00e9jouit d\u2019un accord qui met fin \u00e0 l\u2019extension de la p\u00eache du cabillaud\",\"isPartOf\":{\"@id\":\"https:\/\/www.amanprana.eu\/fr\/#website\"},\"primaryImageOfPage\":{\"@id\":\"https:\/\/www.amanprana.eu\/fr\/sauvez-la-mer\/pole-nord-peche-cabillaud\/#primaryimage\"},\"image\":{\"@id\":\"https:\/\/www.amanprana.eu\/fr\/sauvez-la-mer\/pole-nord-peche-cabillaud\/#primaryimage\"},\"thumbnailUrl\":\"https:\/\/www.amanprana.eu\/wp-content\/uploads\/IJsbeer-op-de-Noordpool.jpg\",\"datePublished\":\"2018-12-13T14:47:32+00:00\",\"dateModified\":\"2022-06-07T08:02:44+00:00\",\"description\":\"Acteurs de la p\u00eache et des acheteurs se sont mis d'accord avec Greenpeace pour limiter la p\u00eache du cabillaud en Arctique.\",\"breadcrumb\":{\"@id\":\"https:\/\/www.amanprana.eu\/fr\/sauvez-la-mer\/pole-nord-peche-cabillaud\/#breadcrumb\"},\"inLanguage\":\"fr-FR\",\"potentialAction\":[{\"@type\":\"ReadAction\",\"target\":[\"https:\/\/www.amanprana.eu\/fr\/sauvez-la-mer\/pole-nord-peche-cabillaud\/\"]}]},{\"@type\":\"ImageObject\",\"inLanguage\":\"fr-FR\",\"@id\":\"https:\/\/www.amanprana.eu\/fr\/sauvez-la-mer\/pole-nord-peche-cabillaud\/#primaryimage\",\"url\":\"https:\/\/www.amanprana.eu\/wp-content\/uploads\/IJsbeer-op-de-Noordpool.jpg\",\"contentUrl\":\"https:\/\/www.amanprana.eu\/wp-content\/uploads\/IJsbeer-op-de-Noordpool.jpg\",\"width\":1024,\"height\":482},{\"@type\":\"BreadcrumbList\",\"@id\":\"https:\/\/www.amanprana.eu\/fr\/sauvez-la-mer\/pole-nord-peche-cabillaud\/#breadcrumb\",\"itemListElement\":[{\"@type\":\"ListItem\",\"position\":1,\"name\":\"Amanprana.eu\",\"item\":\"https:\/\/www.amanprana.eu\/fr\/\"},{\"@type\":\"ListItem\",\"position\":2,\"name\":\"SLM - articles\",\"item\":\"https:\/\/www.amanprana.eu\/fr\/sauvez-la-mer\/\"},{\"@type\":\"ListItem\",\"position\":3,\"name\":\"Surp\u00eache\",\"item\":\"https:\/\/www.amanprana.eu\/fr\/red_de_zee_categorieen\/surpeche\/\"},{\"@type\":\"ListItem\",\"position\":4,\"name\":\"D\u2019un accord qui met fin \u00e0 l\u2019extension de la p\u00eache du cabillaud\"}]},{\"@type\":\"WebSite\",\"@id\":\"https:\/\/www.amanprana.eu\/fr\/#website\",\"url\":\"https:\/\/www.amanprana.eu\/fr\/\",\"name\":\"Amanprana\",\"description\":\"Serene levenskracht\",\"publisher\":{\"@id\":\"https:\/\/www.amanprana.eu\/fr\/#organization\"},\"potentialAction\":[{\"@type\":\"SearchAction\",\"target\":{\"@type\":\"EntryPoint\",\"urlTemplate\":\"https:\/\/www.amanprana.eu\/fr\/?s={search_term_string}\"},\"query-input\":{\"@type\":\"PropertyValueSpecification\",\"valueRequired\":true,\"valueName\":\"search_term_string\"}}],\"inLanguage\":\"fr-FR\"},{\"@type\":\"Organization\",\"@id\":\"https:\/\/www.amanprana.eu\/fr\/#organization\",\"name\":\"Amanprana\",\"url\":\"https:\/\/www.amanprana.eu\/fr\/\",\"logo\":{\"@type\":\"ImageObject\",\"inLanguage\":\"fr-FR\",\"@id\":\"https:\/\/www.amanprana.eu\/fr\/#\/schema\/logo\/image\/\",\"url\":\"https:\/\/www.amanprana.eu\/wp-content\/uploads\/webres-amanprana-logo.jpg\",\"contentUrl\":\"https:\/\/www.amanprana.eu\/wp-content\/uploads\/webres-amanprana-logo.jpg\",\"width\":300,\"height\":300,\"caption\":\"Amanprana\"},\"image\":{\"@id\":\"https:\/\/www.amanprana.eu\/fr\/#\/schema\/logo\/image\/\"},\"sameAs\":[\"https:\/\/www.facebook.com\/Amanpranaproducts\/\",\"https:\/\/www.instagram.com\/amanprana\/\",\"https:\/\/nl.pinterest.com\/amanprana\/pins\/\"]}]}<\/script>\n<!-- \/ Yoast SEO plugin. -->","yoast_head_json":{"title":"Greenpeace se r\u00e9jouit d\u2019un accord qui met fin \u00e0 l\u2019extension de la p\u00eache du cabillaud","description":"Acteurs de la p\u00eache et des acheteurs se sont mis d'accord avec Greenpeace pour limiter la p\u00eache du cabillaud en Arctique.","robots":{"index":"index","follow":"follow","max-snippet":"max-snippet:-1","max-image-preview":"max-image-preview:large","max-video-preview":"max-video-preview:-1"},"canonical":"https:\/\/www.amanprana.eu\/fr\/sauvez-la-mer\/pole-nord-peche-cabillaud\/","og_locale":"fr_FR","og_type":"article","og_title":"Greenpeace se r\u00e9jouit d\u2019un accord qui met fin \u00e0 l\u2019extension de la p\u00eache du cabillaud","og_description":"Acteurs de la p\u00eache et des acheteurs se sont mis d'accord avec Greenpeace pour limiter la p\u00eache du cabillaud en Arctique.","og_url":"https:\/\/www.amanprana.eu\/fr\/sauvez-la-mer\/pole-nord-peche-cabillaud\/","og_site_name":"Amanprana","article_publisher":"https:\/\/www.facebook.com\/Amanpranaproducts\/","article_modified_time":"2022-06-07T08:02:44+00:00","og_image":[{"width":1024,"height":482,"url":"https:\/\/www.amanprana.eu\/wp-content\/uploads\/IJsbeer-op-de-Noordpool.jpg","type":"image\/jpeg"}],"twitter_card":"summary_large_image","twitter_misc":{"Dur\u00e9e de lecture estim\u00e9e":"1 minute"},"schema":{"@context":"https:\/\/schema.org","@graph":[{"@type":"WebPage","@id":"https:\/\/www.amanprana.eu\/fr\/sauvez-la-mer\/pole-nord-peche-cabillaud\/","url":"https:\/\/www.amanprana.eu\/fr\/sauvez-la-mer\/pole-nord-peche-cabillaud\/","name":"Greenpeace se r\u00e9jouit d\u2019un accord qui met fin \u00e0 l\u2019extension de la p\u00eache du cabillaud","isPartOf":{"@id":"https:\/\/www.amanprana.eu\/fr\/#website"},"primaryImageOfPage":{"@id":"https:\/\/www.amanprana.eu\/fr\/sauvez-la-mer\/pole-nord-peche-cabillaud\/#primaryimage"},"image":{"@id":"https:\/\/www.amanprana.eu\/fr\/sauvez-la-mer\/pole-nord-peche-cabillaud\/#primaryimage"},"thumbnailUrl":"https:\/\/www.amanprana.eu\/wp-content\/uploads\/IJsbeer-op-de-Noordpool.jpg","datePublished":"2018-12-13T14:47:32+00:00","dateModified":"2022-06-07T08:02:44+00:00","description":"Acteurs de la p\u00eache et des acheteurs se sont mis d'accord avec Greenpeace pour limiter la p\u00eache du cabillaud en Arctique.","breadcrumb":{"@id":"https:\/\/www.amanprana.eu\/fr\/sauvez-la-mer\/pole-nord-peche-cabillaud\/#breadcrumb"},"inLanguage":"fr-FR","potentialAction":[{"@type":"ReadAction","target":["https:\/\/www.amanprana.eu\/fr\/sauvez-la-mer\/pole-nord-peche-cabillaud\/"]}]},{"@type":"ImageObject","inLanguage":"fr-FR","@id":"https:\/\/www.amanprana.eu\/fr\/sauvez-la-mer\/pole-nord-peche-cabillaud\/#primaryimage","url":"https:\/\/www.amanprana.eu\/wp-content\/uploads\/IJsbeer-op-de-Noordpool.jpg","contentUrl":"https:\/\/www.amanprana.eu\/wp-content\/uploads\/IJsbeer-op-de-Noordpool.jpg","width":1024,"height":482},{"@type":"BreadcrumbList","@id":"https:\/\/www.amanprana.eu\/fr\/sauvez-la-mer\/pole-nord-peche-cabillaud\/#breadcrumb","itemListElement":[{"@type":"ListItem","position":1,"name":"Amanprana.eu","item":"https:\/\/www.amanprana.eu\/fr\/"},{"@type":"ListItem","position":2,"name":"SLM - articles","item":"https:\/\/www.amanprana.eu\/fr\/sauvez-la-mer\/"},{"@type":"ListItem","position":3,"name":"Surp\u00eache","item":"https:\/\/www.amanprana.eu\/fr\/red_de_zee_categorieen\/surpeche\/"},{"@type":"ListItem","position":4,"name":"D\u2019un accord qui met fin \u00e0 l\u2019extension de la p\u00eache du cabillaud"}]},{"@type":"WebSite","@id":"https:\/\/www.amanprana.eu\/fr\/#website","url":"https:\/\/www.amanprana.eu\/fr\/","name":"Amanprana","description":"Serene levenskracht","publisher":{"@id":"https:\/\/www.amanprana.eu\/fr\/#organization"},"potentialAction":[{"@type":"SearchAction","target":{"@type":"EntryPoint","urlTemplate":"https:\/\/www.amanprana.eu\/fr\/?s={search_term_string}"},"query-input":{"@type":"PropertyValueSpecification","valueRequired":true,"valueName":"search_term_string"}}],"inLanguage":"fr-FR"},{"@type":"Organization","@id":"https:\/\/www.amanprana.eu\/fr\/#organization","name":"Amanprana","url":"https:\/\/www.amanprana.eu\/fr\/","logo":{"@type":"ImageObject","inLanguage":"fr-FR","@id":"https:\/\/www.amanprana.eu\/fr\/#\/schema\/logo\/image\/","url":"https:\/\/www.amanprana.eu\/wp-content\/uploads\/webres-amanprana-logo.jpg","contentUrl":"https:\/\/www.amanprana.eu\/wp-content\/uploads\/webres-amanprana-logo.jpg","width":300,"height":300,"caption":"Amanprana"},"image":{"@id":"https:\/\/www.amanprana.eu\/fr\/#\/schema\/logo\/image\/"},"sameAs":["https:\/\/www.facebook.com\/Amanpranaproducts\/","https:\/\/www.instagram.com\/amanprana\/","https:\/\/nl.pinterest.com\/amanprana\/pins\/"]}]}},"multi-rating":{"mr_rating_results":[]},"_links":{"self":[{"href":"https:\/\/www.amanprana.eu\/fr\/wp-json\/wp\/v2\/red_de_zee\/41446","targetHints":{"allow":["GET"]}}],"collection":[{"href":"https:\/\/www.amanprana.eu\/fr\/wp-json\/wp\/v2\/red_de_zee"}],"about":[{"href":"https:\/\/www.amanprana.eu\/fr\/wp-json\/wp\/v2\/types\/red_de_zee"}],"version-history":[{"count":1,"href":"https:\/\/www.amanprana.eu\/fr\/wp-json\/wp\/v2\/red_de_zee\/41446\/revisions"}],"predecessor-version":[{"id":79243,"href":"https:\/\/www.amanprana.eu\/fr\/wp-json\/wp\/v2\/red_de_zee\/41446\/revisions\/79243"}],"wp:featuredmedia":[{"embeddable":true,"href":"https:\/\/www.amanprana.eu\/fr\/wp-json\/wp\/v2\/media\/41442"}],"wp:attachment":[{"href":"https:\/\/www.amanprana.eu\/fr\/wp-json\/wp\/v2\/media?parent=41446"}],"curies":[{"name":"wp","href":"https:\/\/api.w.org\/{rel}","templated":true}]}}