

{"id":41473,"date":"2018-12-13T16:00:09","date_gmt":"2018-12-13T15:00:09","guid":{"rendered":"https:\/\/www.amanprana.eu\/red_de_zee\/mer-sante-video-plastic-free-july\/"},"modified":"2018-12-13T16:00:09","modified_gmt":"2018-12-13T15:00:09","slug":"mer-sante-video-plastic-free-july","status":"publish","type":"red_de_zee","link":"https:\/\/www.amanprana.eu\/fr\/sauvez-la-mer\/mer-sante-video-plastic-free-july\/","title":{"rendered":"La mer et moins plastique durant le Plastic Free July"},"content":{"rendered":"<p>Vous suivez r\u00e9guli\u00e8rement l&rsquo;actualit\u00e9 ? Alors, vous avez certainement entendu parler de nos oc\u00e9ans. Et que savez-vous pr\u00e9cis\u00e9ment ? G\u00e9n\u00e9ralement, pas grand-chose. C&rsquo;est compr\u00e9hensible, puisque les informations qui vous parviennent semblent ne pas vous concerner directement ou tr\u00e8s confuses. Sea First a donc produit un beau court-m\u00e9trage d&rsquo;animation o\u00f9 vous comprendrez ce qui se passe r\u00e9ellement sur notre Terre et ce qui a un r\u00e9el impact sur chaque personne de notre plan\u00e8te.<\/p>\n<h2>Plastic Free July<\/h2>\n<p>Inscrivez-vous \u00e0 l\u2019action Plastic Free July pour prendre soin de notre environnement et de notre sant\u00e9Vous souhaitez traiter notre environnement de mani\u00e8re plus respectueuse ? Notamment avec les mati\u00e8res plastiques ? Par bonheur, un bel \u00e9v\u00e8nement a \u00e9t\u00e9 organis\u00e9 en juillet pour accorder plus d&rsquo;attention \u00e0 cette question : le Plastic Free July. Quel est son objectif ? Il s&rsquo;agit de n&rsquo;utiliser aucun plastique \u00e0 usage unique. Le top 4 de ces objets n\u00e9fastes comprend les sachets, les bouteilles, les gobelets \u00e0 caf\u00e9 et les pailles en plastique. Comme nous l&rsquo;avions \u00e9crit dans un article pr\u00e9c\u00e9dent, on estime que les oc\u00e9ans contiendront plus de mati\u00e8res plastiques que de poissons en 2050. C&rsquo;est d\u00e9j\u00e0 tr\u00e8s bien si les personnes prennent conscience des produits que nous utilisons. Si nous d\u00e9couvrons les probl\u00e8mes que ces produits occasionnent et ce que nous pouvons changer.<\/p>\n<h2>Inscrivez-vous \u00e0 Plastic Free July<\/h2>\n<p>Vous souhaitez prendre part \u00e0 Plastic Free July ? Vous n&rsquo;avez m\u00eame pas besoin de participer durant un mois entier et chaque petit pas compte. Vous pouvez m\u00eame participer durant une journ\u00e9e avec 40 000 autres participants du monde entier !<\/p>\n","protected":false},"featured_media":41465,"menu_order":120,"template":"","format":"standard","class_list":["post-41473","red_de_zee","type-red_de_zee","status-publish","format-standard","has-post-thumbnail","hentry","red_de_zee_categorieen-pollution-des-oceans"],"acf":[],"yoast_head":"<!-- This site is optimized with the Yoast SEO plugin v24.7 - https:\/\/yoast.com\/wordpress\/plugins\/seo\/ -->\n<title>La mer et moins plastique durant le Plastic Free July - Amanprana<\/title>\n<meta name=\"description\" content=\"Vous suivez r\u00e9guli\u00e8rement l&#039;actualit\u00e9 ? Alors, vous avez certainement entendu parler de nos oc\u00e9ans. Et que savez-vous pr\u00e9cis\u00e9ment ? G\u00e9n\u00e9ralement, pas\" \/>\n<meta name=\"robots\" content=\"index, follow, max-snippet:-1, max-image-preview:large, max-video-preview:-1\" \/>\n<link rel=\"canonical\" href=\"https:\/\/www.amanprana.eu\/fr\/sauvez-la-mer\/mer-sante-video-plastic-free-july\/\" \/>\n<meta property=\"og:locale\" content=\"fr_FR\" \/>\n<meta property=\"og:type\" content=\"article\" \/>\n<meta property=\"og:title\" content=\"La mer et moins plastique durant le Plastic Free July - Amanprana\" \/>\n<meta property=\"og:description\" content=\"Vous suivez r\u00e9guli\u00e8rement l&#039;actualit\u00e9 ? Alors, vous avez certainement entendu parler de nos oc\u00e9ans. Et que savez-vous pr\u00e9cis\u00e9ment ? G\u00e9n\u00e9ralement, pas\" \/>\n<meta property=\"og:url\" content=\"https:\/\/www.amanprana.eu\/fr\/sauvez-la-mer\/mer-sante-video-plastic-free-july\/\" \/>\n<meta property=\"og:site_name\" content=\"Amanprana\" \/>\n<meta property=\"article:publisher\" content=\"https:\/\/www.facebook.com\/Amanpranaproducts\/\" \/>\n<meta property=\"og:image\" content=\"https:\/\/www.amanprana.eu\/wp-content\/uploads\/Le-plastique-envahissant-la-mer.jpg\" \/>\n\t<meta property=\"og:image:width\" content=\"1500\" \/>\n\t<meta property=\"og:image:height\" content=\"671\" \/>\n\t<meta property=\"og:image:type\" content=\"image\/jpeg\" \/>\n<meta name=\"twitter:card\" content=\"summary_large_image\" \/>\n<meta name=\"twitter:label1\" content=\"Dur\u00e9e de lecture estim\u00e9e\" \/>\n\t<meta name=\"twitter:data1\" content=\"1 minute\" \/>\n<script type=\"application\/ld+json\" class=\"yoast-schema-graph\">{\"@context\":\"https:\/\/schema.org\",\"@graph\":[{\"@type\":\"WebPage\",\"@id\":\"https:\/\/www.amanprana.eu\/fr\/sauvez-la-mer\/mer-sante-video-plastic-free-july\/\",\"url\":\"https:\/\/www.amanprana.eu\/fr\/sauvez-la-mer\/mer-sante-video-plastic-free-july\/\",\"name\":\"La mer et moins plastique durant le Plastic Free July - Amanprana\",\"isPartOf\":{\"@id\":\"https:\/\/www.amanprana.eu\/fr\/#website\"},\"primaryImageOfPage\":{\"@id\":\"https:\/\/www.amanprana.eu\/fr\/sauvez-la-mer\/mer-sante-video-plastic-free-july\/#primaryimage\"},\"image\":{\"@id\":\"https:\/\/www.amanprana.eu\/fr\/sauvez-la-mer\/mer-sante-video-plastic-free-july\/#primaryimage\"},\"thumbnailUrl\":\"https:\/\/www.amanprana.eu\/wp-content\/uploads\/Le-plastique-envahissant-la-mer.jpg\",\"datePublished\":\"2018-12-13T15:00:09+00:00\",\"description\":\"Vous suivez r\u00e9guli\u00e8rement l'actualit\u00e9 ? Alors, vous avez certainement entendu parler de nos oc\u00e9ans. Et que savez-vous pr\u00e9cis\u00e9ment ? G\u00e9n\u00e9ralement, pas\",\"breadcrumb\":{\"@id\":\"https:\/\/www.amanprana.eu\/fr\/sauvez-la-mer\/mer-sante-video-plastic-free-july\/#breadcrumb\"},\"inLanguage\":\"fr-FR\",\"potentialAction\":[{\"@type\":\"ReadAction\",\"target\":[\"https:\/\/www.amanprana.eu\/fr\/sauvez-la-mer\/mer-sante-video-plastic-free-july\/\"]}]},{\"@type\":\"ImageObject\",\"inLanguage\":\"fr-FR\",\"@id\":\"https:\/\/www.amanprana.eu\/fr\/sauvez-la-mer\/mer-sante-video-plastic-free-july\/#primaryimage\",\"url\":\"https:\/\/www.amanprana.eu\/wp-content\/uploads\/Le-plastique-envahissant-la-mer.jpg\",\"contentUrl\":\"https:\/\/www.amanprana.eu\/wp-content\/uploads\/Le-plastique-envahissant-la-mer.jpg\",\"width\":1500,\"height\":671},{\"@type\":\"BreadcrumbList\",\"@id\":\"https:\/\/www.amanprana.eu\/fr\/sauvez-la-mer\/mer-sante-video-plastic-free-july\/#breadcrumb\",\"itemListElement\":[{\"@type\":\"ListItem\",\"position\":1,\"name\":\"Amanprana.eu\",\"item\":\"https:\/\/www.amanprana.eu\/fr\/\"},{\"@type\":\"ListItem\",\"position\":2,\"name\":\"SLM - articles\",\"item\":\"https:\/\/www.amanprana.eu\/fr\/sauvez-la-mer\/\"},{\"@type\":\"ListItem\",\"position\":3,\"name\":\"Pollution des oc\u00e9ans\",\"item\":\"https:\/\/www.amanprana.eu\/fr\/red_de_zee_categorieen\/pollution-des-oceans\/\"},{\"@type\":\"ListItem\",\"position\":4,\"name\":\"La mer et moins plastique durant le Plastic Free July\"}]},{\"@type\":\"WebSite\",\"@id\":\"https:\/\/www.amanprana.eu\/fr\/#website\",\"url\":\"https:\/\/www.amanprana.eu\/fr\/\",\"name\":\"Amanprana\",\"description\":\"Serene levenskracht\",\"publisher\":{\"@id\":\"https:\/\/www.amanprana.eu\/fr\/#organization\"},\"potentialAction\":[{\"@type\":\"SearchAction\",\"target\":{\"@type\":\"EntryPoint\",\"urlTemplate\":\"https:\/\/www.amanprana.eu\/fr\/?s={search_term_string}\"},\"query-input\":{\"@type\":\"PropertyValueSpecification\",\"valueRequired\":true,\"valueName\":\"search_term_string\"}}],\"inLanguage\":\"fr-FR\"},{\"@type\":\"Organization\",\"@id\":\"https:\/\/www.amanprana.eu\/fr\/#organization\",\"name\":\"Amanprana\",\"url\":\"https:\/\/www.amanprana.eu\/fr\/\",\"logo\":{\"@type\":\"ImageObject\",\"inLanguage\":\"fr-FR\",\"@id\":\"https:\/\/www.amanprana.eu\/fr\/#\/schema\/logo\/image\/\",\"url\":\"https:\/\/www.amanprana.eu\/wp-content\/uploads\/webres-amanprana-logo.jpg\",\"contentUrl\":\"https:\/\/www.amanprana.eu\/wp-content\/uploads\/webres-amanprana-logo.jpg\",\"width\":300,\"height\":300,\"caption\":\"Amanprana\"},\"image\":{\"@id\":\"https:\/\/www.amanprana.eu\/fr\/#\/schema\/logo\/image\/\"},\"sameAs\":[\"https:\/\/www.facebook.com\/Amanpranaproducts\/\",\"https:\/\/www.instagram.com\/amanprana\/\",\"https:\/\/nl.pinterest.com\/amanprana\/pins\/\"]}]}<\/script>\n<!-- \/ Yoast SEO plugin. -->","yoast_head_json":{"title":"La mer et moins plastique durant le Plastic Free July - Amanprana","description":"Vous suivez r\u00e9guli\u00e8rement l'actualit\u00e9 ? Alors, vous avez certainement entendu parler de nos oc\u00e9ans. Et que savez-vous pr\u00e9cis\u00e9ment ? G\u00e9n\u00e9ralement, pas","robots":{"index":"index","follow":"follow","max-snippet":"max-snippet:-1","max-image-preview":"max-image-preview:large","max-video-preview":"max-video-preview:-1"},"canonical":"https:\/\/www.amanprana.eu\/fr\/sauvez-la-mer\/mer-sante-video-plastic-free-july\/","og_locale":"fr_FR","og_type":"article","og_title":"La mer et moins plastique durant le Plastic Free July - Amanprana","og_description":"Vous suivez r\u00e9guli\u00e8rement l'actualit\u00e9 ? Alors, vous avez certainement entendu parler de nos oc\u00e9ans. Et que savez-vous pr\u00e9cis\u00e9ment ? G\u00e9n\u00e9ralement, pas","og_url":"https:\/\/www.amanprana.eu\/fr\/sauvez-la-mer\/mer-sante-video-plastic-free-july\/","og_site_name":"Amanprana","article_publisher":"https:\/\/www.facebook.com\/Amanpranaproducts\/","og_image":[{"width":1500,"height":671,"url":"https:\/\/www.amanprana.eu\/wp-content\/uploads\/Le-plastique-envahissant-la-mer.jpg","type":"image\/jpeg"}],"twitter_card":"summary_large_image","twitter_misc":{"Dur\u00e9e de lecture estim\u00e9e":"1 minute"},"schema":{"@context":"https:\/\/schema.org","@graph":[{"@type":"WebPage","@id":"https:\/\/www.amanprana.eu\/fr\/sauvez-la-mer\/mer-sante-video-plastic-free-july\/","url":"https:\/\/www.amanprana.eu\/fr\/sauvez-la-mer\/mer-sante-video-plastic-free-july\/","name":"La mer et moins plastique durant le Plastic Free July - Amanprana","isPartOf":{"@id":"https:\/\/www.amanprana.eu\/fr\/#website"},"primaryImageOfPage":{"@id":"https:\/\/www.amanprana.eu\/fr\/sauvez-la-mer\/mer-sante-video-plastic-free-july\/#primaryimage"},"image":{"@id":"https:\/\/www.amanprana.eu\/fr\/sauvez-la-mer\/mer-sante-video-plastic-free-july\/#primaryimage"},"thumbnailUrl":"https:\/\/www.amanprana.eu\/wp-content\/uploads\/Le-plastique-envahissant-la-mer.jpg","datePublished":"2018-12-13T15:00:09+00:00","description":"Vous suivez r\u00e9guli\u00e8rement l'actualit\u00e9 ? Alors, vous avez certainement entendu parler de nos oc\u00e9ans. Et que savez-vous pr\u00e9cis\u00e9ment ? G\u00e9n\u00e9ralement, pas","breadcrumb":{"@id":"https:\/\/www.amanprana.eu\/fr\/sauvez-la-mer\/mer-sante-video-plastic-free-july\/#breadcrumb"},"inLanguage":"fr-FR","potentialAction":[{"@type":"ReadAction","target":["https:\/\/www.amanprana.eu\/fr\/sauvez-la-mer\/mer-sante-video-plastic-free-july\/"]}]},{"@type":"ImageObject","inLanguage":"fr-FR","@id":"https:\/\/www.amanprana.eu\/fr\/sauvez-la-mer\/mer-sante-video-plastic-free-july\/#primaryimage","url":"https:\/\/www.amanprana.eu\/wp-content\/uploads\/Le-plastique-envahissant-la-mer.jpg","contentUrl":"https:\/\/www.amanprana.eu\/wp-content\/uploads\/Le-plastique-envahissant-la-mer.jpg","width":1500,"height":671},{"@type":"BreadcrumbList","@id":"https:\/\/www.amanprana.eu\/fr\/sauvez-la-mer\/mer-sante-video-plastic-free-july\/#breadcrumb","itemListElement":[{"@type":"ListItem","position":1,"name":"Amanprana.eu","item":"https:\/\/www.amanprana.eu\/fr\/"},{"@type":"ListItem","position":2,"name":"SLM - articles","item":"https:\/\/www.amanprana.eu\/fr\/sauvez-la-mer\/"},{"@type":"ListItem","position":3,"name":"Pollution des oc\u00e9ans","item":"https:\/\/www.amanprana.eu\/fr\/red_de_zee_categorieen\/pollution-des-oceans\/"},{"@type":"ListItem","position":4,"name":"La mer et moins plastique durant le Plastic Free July"}]},{"@type":"WebSite","@id":"https:\/\/www.amanprana.eu\/fr\/#website","url":"https:\/\/www.amanprana.eu\/fr\/","name":"Amanprana","description":"Serene levenskracht","publisher":{"@id":"https:\/\/www.amanprana.eu\/fr\/#organization"},"potentialAction":[{"@type":"SearchAction","target":{"@type":"EntryPoint","urlTemplate":"https:\/\/www.amanprana.eu\/fr\/?s={search_term_string}"},"query-input":{"@type":"PropertyValueSpecification","valueRequired":true,"valueName":"search_term_string"}}],"inLanguage":"fr-FR"},{"@type":"Organization","@id":"https:\/\/www.amanprana.eu\/fr\/#organization","name":"Amanprana","url":"https:\/\/www.amanprana.eu\/fr\/","logo":{"@type":"ImageObject","inLanguage":"fr-FR","@id":"https:\/\/www.amanprana.eu\/fr\/#\/schema\/logo\/image\/","url":"https:\/\/www.amanprana.eu\/wp-content\/uploads\/webres-amanprana-logo.jpg","contentUrl":"https:\/\/www.amanprana.eu\/wp-content\/uploads\/webres-amanprana-logo.jpg","width":300,"height":300,"caption":"Amanprana"},"image":{"@id":"https:\/\/www.amanprana.eu\/fr\/#\/schema\/logo\/image\/"},"sameAs":["https:\/\/www.facebook.com\/Amanpranaproducts\/","https:\/\/www.instagram.com\/amanprana\/","https:\/\/nl.pinterest.com\/amanprana\/pins\/"]}]}},"multi-rating":{"mr_rating_results":[]},"_links":{"self":[{"href":"https:\/\/www.amanprana.eu\/fr\/wp-json\/wp\/v2\/red_de_zee\/41473","targetHints":{"allow":["GET"]}}],"collection":[{"href":"https:\/\/www.amanprana.eu\/fr\/wp-json\/wp\/v2\/red_de_zee"}],"about":[{"href":"https:\/\/www.amanprana.eu\/fr\/wp-json\/wp\/v2\/types\/red_de_zee"}],"version-history":[{"count":0,"href":"https:\/\/www.amanprana.eu\/fr\/wp-json\/wp\/v2\/red_de_zee\/41473\/revisions"}],"wp:featuredmedia":[{"embeddable":true,"href":"https:\/\/www.amanprana.eu\/fr\/wp-json\/wp\/v2\/media\/41465"}],"wp:attachment":[{"href":"https:\/\/www.amanprana.eu\/fr\/wp-json\/wp\/v2\/media?parent=41473"}],"curies":[{"name":"wp","href":"https:\/\/api.w.org\/{rel}","templated":true}]}}