

{"id":42891,"date":"2019-01-03T14:53:41","date_gmt":"2019-01-03T13:53:41","guid":{"rendered":"https:\/\/www.amanprana.eu\/red_de_zee\/sauvons-nos-oceans\/"},"modified":"2019-01-03T14:53:41","modified_gmt":"2019-01-03T13:53:41","slug":"sauvons-nos-oceans","status":"publish","type":"red_de_zee","link":"https:\/\/www.amanprana.eu\/fr\/sauvez-la-mer\/sauvons-nos-oceans\/","title":{"rendered":"Sauvons nos oc\u00e9ans"},"content":{"rendered":"<p>Le vendredi 5 mars, le Gouvernement britannique va clore une consultation publique sur le projet de cr\u00e9ation de la plus grande Aire Marine Prot\u00e9g\u00e9e au monde, dans l&rsquo;archipel des Chagos. Les entreprises de p\u00eache industrielle ont fait part de leur opposition \u00e0 ce projet afin de pouvoir continuer \u00e0 exploiter ces r\u00e9cifs menac\u00e9s. Nous ne pouvons pas les laisser faire &#8212; les r\u00e9cifs coralliens sont en train de mourir et les stocks de poissons s&rsquo;\u00e9puisent.<\/p>\n<p>La d\u00e9cision qui sera prise vendredi pourrait enrayer la destruction de nos oc\u00e9ans. Ensemble, envoyons au gouvernement britannique une immense vague de soutien lui demandant de prot\u00e9ger les oc\u00e9ans pour les g\u00e9n\u00e9rations futures.<\/p>\n<p>Signez la p\u00e9tition ci-dessous, elle sera remise au Ministre des Affaires Etrang\u00e8res David Miliband vendredi, date de la d\u00e9cision: P\u00e9tition au Ministre britannique des Affaires Etrang\u00e8res David Miliband: Nous vous appelons \u00e0 cr\u00e9er la plus grande Aire Marine Prot\u00e9g\u00e9e au monde dans l&rsquo;archipel des Chagos; \u00e0 interdire la p\u00eache industrielle dans cette zone; et \u00e0 agir avec les Chagossiens pour la protection de ces grands r\u00e9cifs et l&rsquo;avenir des oc\u00e9ans.<\/p>\n<p>-> 250 000 p\u00e9titions ont \u00e9t\u00e9 d\u00e9pos\u00e9es, pour laquelle nous vous remercions.<\/p>\n","protected":false},"featured_media":0,"menu_order":100,"template":"","format":"standard","class_list":["post-42891","red_de_zee","type-red_de_zee","status-publish","format-standard","hentry","red_de_zee_categorieen-pollution-des-oceans","no-post-thumbnail"],"acf":[],"yoast_head":"<!-- This site is optimized with the Yoast SEO plugin v24.7 - https:\/\/yoast.com\/wordpress\/plugins\/seo\/ -->\n<title>Sauvons nos oc\u00e9ans - Amanprana<\/title>\n<meta name=\"description\" content=\"Le vendredi 5 mars, le Gouvernement britannique va clore une consultation publique sur le projet de cr\u00e9ation de la plus grande Aire Marine Prot\u00e9g\u00e9e au\" \/>\n<meta name=\"robots\" content=\"index, follow, max-snippet:-1, max-image-preview:large, max-video-preview:-1\" \/>\n<link rel=\"canonical\" href=\"https:\/\/www.amanprana.eu\/fr\/sauvez-la-mer\/sauvons-nos-oceans\/\" \/>\n<meta property=\"og:locale\" content=\"fr_FR\" \/>\n<meta property=\"og:type\" content=\"article\" \/>\n<meta property=\"og:title\" content=\"Sauvons nos oc\u00e9ans - Amanprana\" \/>\n<meta property=\"og:description\" content=\"Le vendredi 5 mars, le Gouvernement britannique va clore une consultation publique sur le projet de cr\u00e9ation de la plus grande Aire Marine Prot\u00e9g\u00e9e au\" \/>\n<meta property=\"og:url\" content=\"https:\/\/www.amanprana.eu\/fr\/sauvez-la-mer\/sauvons-nos-oceans\/\" \/>\n<meta property=\"og:site_name\" content=\"Amanprana\" \/>\n<meta property=\"article:publisher\" content=\"https:\/\/www.facebook.com\/Amanpranaproducts\/\" \/>\n<meta property=\"og:image\" content=\"https:\/\/www.amanprana.eu\/wp-content\/uploads\/hires-amanprana-logo.jpg\" \/>\n\t<meta property=\"og:image:width\" content=\"2362\" \/>\n\t<meta property=\"og:image:height\" content=\"2362\" \/>\n\t<meta property=\"og:image:type\" content=\"image\/jpeg\" \/>\n<meta name=\"twitter:card\" content=\"summary_large_image\" \/>\n<meta name=\"twitter:label1\" content=\"Dur\u00e9e de lecture estim\u00e9e\" \/>\n\t<meta name=\"twitter:data1\" content=\"1 minute\" \/>\n<script type=\"application\/ld+json\" class=\"yoast-schema-graph\">{\"@context\":\"https:\/\/schema.org\",\"@graph\":[{\"@type\":\"WebPage\",\"@id\":\"https:\/\/www.amanprana.eu\/fr\/sauvez-la-mer\/sauvons-nos-oceans\/\",\"url\":\"https:\/\/www.amanprana.eu\/fr\/sauvez-la-mer\/sauvons-nos-oceans\/\",\"name\":\"Sauvons nos oc\u00e9ans - Amanprana\",\"isPartOf\":{\"@id\":\"https:\/\/www.amanprana.eu\/fr\/#website\"},\"datePublished\":\"2019-01-03T13:53:41+00:00\",\"description\":\"Le vendredi 5 mars, le Gouvernement britannique va clore une consultation publique sur le projet de cr\u00e9ation de la plus grande Aire Marine Prot\u00e9g\u00e9e au\",\"breadcrumb\":{\"@id\":\"https:\/\/www.amanprana.eu\/fr\/sauvez-la-mer\/sauvons-nos-oceans\/#breadcrumb\"},\"inLanguage\":\"fr-FR\",\"potentialAction\":[{\"@type\":\"ReadAction\",\"target\":[\"https:\/\/www.amanprana.eu\/fr\/sauvez-la-mer\/sauvons-nos-oceans\/\"]}]},{\"@type\":\"BreadcrumbList\",\"@id\":\"https:\/\/www.amanprana.eu\/fr\/sauvez-la-mer\/sauvons-nos-oceans\/#breadcrumb\",\"itemListElement\":[{\"@type\":\"ListItem\",\"position\":1,\"name\":\"Amanprana.eu\",\"item\":\"https:\/\/www.amanprana.eu\/fr\/\"},{\"@type\":\"ListItem\",\"position\":2,\"name\":\"SLM - articles\",\"item\":\"https:\/\/www.amanprana.eu\/fr\/sauvez-la-mer\/\"},{\"@type\":\"ListItem\",\"position\":3,\"name\":\"Pollution des oc\u00e9ans\",\"item\":\"https:\/\/www.amanprana.eu\/fr\/red_de_zee_categorieen\/pollution-des-oceans\/\"},{\"@type\":\"ListItem\",\"position\":4,\"name\":\"Sauvons nos oc\u00e9ans\"}]},{\"@type\":\"WebSite\",\"@id\":\"https:\/\/www.amanprana.eu\/fr\/#website\",\"url\":\"https:\/\/www.amanprana.eu\/fr\/\",\"name\":\"Amanprana\",\"description\":\"Serene levenskracht\",\"publisher\":{\"@id\":\"https:\/\/www.amanprana.eu\/fr\/#organization\"},\"potentialAction\":[{\"@type\":\"SearchAction\",\"target\":{\"@type\":\"EntryPoint\",\"urlTemplate\":\"https:\/\/www.amanprana.eu\/fr\/?s={search_term_string}\"},\"query-input\":{\"@type\":\"PropertyValueSpecification\",\"valueRequired\":true,\"valueName\":\"search_term_string\"}}],\"inLanguage\":\"fr-FR\"},{\"@type\":\"Organization\",\"@id\":\"https:\/\/www.amanprana.eu\/fr\/#organization\",\"name\":\"Amanprana\",\"url\":\"https:\/\/www.amanprana.eu\/fr\/\",\"logo\":{\"@type\":\"ImageObject\",\"inLanguage\":\"fr-FR\",\"@id\":\"https:\/\/www.amanprana.eu\/fr\/#\/schema\/logo\/image\/\",\"url\":\"https:\/\/www.amanprana.eu\/wp-content\/uploads\/webres-amanprana-logo.jpg\",\"contentUrl\":\"https:\/\/www.amanprana.eu\/wp-content\/uploads\/webres-amanprana-logo.jpg\",\"width\":300,\"height\":300,\"caption\":\"Amanprana\"},\"image\":{\"@id\":\"https:\/\/www.amanprana.eu\/fr\/#\/schema\/logo\/image\/\"},\"sameAs\":[\"https:\/\/www.facebook.com\/Amanpranaproducts\/\",\"https:\/\/www.instagram.com\/amanprana\/\",\"https:\/\/nl.pinterest.com\/amanprana\/pins\/\"]}]}<\/script>\n<!-- \/ Yoast SEO plugin. -->","yoast_head_json":{"title":"Sauvons nos oc\u00e9ans - Amanprana","description":"Le vendredi 5 mars, le Gouvernement britannique va clore une consultation publique sur le projet de cr\u00e9ation de la plus grande Aire Marine Prot\u00e9g\u00e9e au","robots":{"index":"index","follow":"follow","max-snippet":"max-snippet:-1","max-image-preview":"max-image-preview:large","max-video-preview":"max-video-preview:-1"},"canonical":"https:\/\/www.amanprana.eu\/fr\/sauvez-la-mer\/sauvons-nos-oceans\/","og_locale":"fr_FR","og_type":"article","og_title":"Sauvons nos oc\u00e9ans - Amanprana","og_description":"Le vendredi 5 mars, le Gouvernement britannique va clore une consultation publique sur le projet de cr\u00e9ation de la plus grande Aire Marine Prot\u00e9g\u00e9e au","og_url":"https:\/\/www.amanprana.eu\/fr\/sauvez-la-mer\/sauvons-nos-oceans\/","og_site_name":"Amanprana","article_publisher":"https:\/\/www.facebook.com\/Amanpranaproducts\/","og_image":[{"width":2362,"height":2362,"url":"https:\/\/www.amanprana.eu\/wp-content\/uploads\/hires-amanprana-logo.jpg","type":"image\/jpeg"}],"twitter_card":"summary_large_image","twitter_misc":{"Dur\u00e9e de lecture estim\u00e9e":"1 minute"},"schema":{"@context":"https:\/\/schema.org","@graph":[{"@type":"WebPage","@id":"https:\/\/www.amanprana.eu\/fr\/sauvez-la-mer\/sauvons-nos-oceans\/","url":"https:\/\/www.amanprana.eu\/fr\/sauvez-la-mer\/sauvons-nos-oceans\/","name":"Sauvons nos oc\u00e9ans - Amanprana","isPartOf":{"@id":"https:\/\/www.amanprana.eu\/fr\/#website"},"datePublished":"2019-01-03T13:53:41+00:00","description":"Le vendredi 5 mars, le Gouvernement britannique va clore une consultation publique sur le projet de cr\u00e9ation de la plus grande Aire Marine Prot\u00e9g\u00e9e au","breadcrumb":{"@id":"https:\/\/www.amanprana.eu\/fr\/sauvez-la-mer\/sauvons-nos-oceans\/#breadcrumb"},"inLanguage":"fr-FR","potentialAction":[{"@type":"ReadAction","target":["https:\/\/www.amanprana.eu\/fr\/sauvez-la-mer\/sauvons-nos-oceans\/"]}]},{"@type":"BreadcrumbList","@id":"https:\/\/www.amanprana.eu\/fr\/sauvez-la-mer\/sauvons-nos-oceans\/#breadcrumb","itemListElement":[{"@type":"ListItem","position":1,"name":"Amanprana.eu","item":"https:\/\/www.amanprana.eu\/fr\/"},{"@type":"ListItem","position":2,"name":"SLM - articles","item":"https:\/\/www.amanprana.eu\/fr\/sauvez-la-mer\/"},{"@type":"ListItem","position":3,"name":"Pollution des oc\u00e9ans","item":"https:\/\/www.amanprana.eu\/fr\/red_de_zee_categorieen\/pollution-des-oceans\/"},{"@type":"ListItem","position":4,"name":"Sauvons nos oc\u00e9ans"}]},{"@type":"WebSite","@id":"https:\/\/www.amanprana.eu\/fr\/#website","url":"https:\/\/www.amanprana.eu\/fr\/","name":"Amanprana","description":"Serene levenskracht","publisher":{"@id":"https:\/\/www.amanprana.eu\/fr\/#organization"},"potentialAction":[{"@type":"SearchAction","target":{"@type":"EntryPoint","urlTemplate":"https:\/\/www.amanprana.eu\/fr\/?s={search_term_string}"},"query-input":{"@type":"PropertyValueSpecification","valueRequired":true,"valueName":"search_term_string"}}],"inLanguage":"fr-FR"},{"@type":"Organization","@id":"https:\/\/www.amanprana.eu\/fr\/#organization","name":"Amanprana","url":"https:\/\/www.amanprana.eu\/fr\/","logo":{"@type":"ImageObject","inLanguage":"fr-FR","@id":"https:\/\/www.amanprana.eu\/fr\/#\/schema\/logo\/image\/","url":"https:\/\/www.amanprana.eu\/wp-content\/uploads\/webres-amanprana-logo.jpg","contentUrl":"https:\/\/www.amanprana.eu\/wp-content\/uploads\/webres-amanprana-logo.jpg","width":300,"height":300,"caption":"Amanprana"},"image":{"@id":"https:\/\/www.amanprana.eu\/fr\/#\/schema\/logo\/image\/"},"sameAs":["https:\/\/www.facebook.com\/Amanpranaproducts\/","https:\/\/www.instagram.com\/amanprana\/","https:\/\/nl.pinterest.com\/amanprana\/pins\/"]}]}},"multi-rating":{"mr_rating_results":[]},"_links":{"self":[{"href":"https:\/\/www.amanprana.eu\/fr\/wp-json\/wp\/v2\/red_de_zee\/42891","targetHints":{"allow":["GET"]}}],"collection":[{"href":"https:\/\/www.amanprana.eu\/fr\/wp-json\/wp\/v2\/red_de_zee"}],"about":[{"href":"https:\/\/www.amanprana.eu\/fr\/wp-json\/wp\/v2\/types\/red_de_zee"}],"version-history":[{"count":0,"href":"https:\/\/www.amanprana.eu\/fr\/wp-json\/wp\/v2\/red_de_zee\/42891\/revisions"}],"wp:attachment":[{"href":"https:\/\/www.amanprana.eu\/fr\/wp-json\/wp\/v2\/media?parent=42891"}],"curies":[{"name":"wp","href":"https:\/\/api.w.org\/{rel}","templated":true}]}}