

{"id":42998,"date":"2019-01-03T15:44:30","date_gmt":"2019-01-03T14:44:30","guid":{"rendered":"https:\/\/www.amanprana.eu\/red_de_zee\/les-tonnes-de-dechets-des-festivals-dete\/"},"modified":"2022-05-30T21:44:35","modified_gmt":"2022-05-30T19:44:35","slug":"dechets-des-festivals","status":"publish","type":"red_de_zee","link":"https:\/\/www.amanprana.eu\/fr\/sauvez-la-mer\/dechets-des-festivals\/","title":{"rendered":"Que deviennent les d\u00e9chets des festivals en Belgique ?"},"content":{"rendered":"<p>Qu&rsquo;advient-il des tonnes de d\u00e9chets (plastiques) des festivals tels Rock Werchter en Belgique?<\/p>\n<p>Malgr\u00e9 toutes les campagnes de sensibilisation, les campings du Festival Rock Werchter se sont retrouv\u00e9s couverts de 200 tonnes de d\u00e9chets, des montagnes de plastique. La plaine \u00e9galement a \u00e9t\u00e9 abandonn\u00e9 par les festivaliers, couverte de milliers de bouteilles et gobelets en plastique. Et c&rsquo;est pareil pour la plupart des festivals.<\/p>\n<div class=\"tekstcenter\">\n<div class=\"main\">\n<h2>Que deviennent ces d\u00e9chets en plastique ?<\/h2>\n<p>Les employ\u00e9s de Rock Werchter ont rassembl\u00e9s durant le festival pr\u00e8s de 15 tonnes de bouteilles en plastique \u00e0 recycler. Excellente initiative, car cela repr\u00e9sente 23.000 \u20ac pour une \u0153uvre caritative: la fourniture d&rsquo;eau potable au Togo. Mais malheureusement, les bouteilles en plastique ne se recyclent qu&rsquo;\u00e0 50%. Ainsi, une bouteille recycl\u00e9e ne redeviendra jamais une bouteille et \u00e0 chaque recyclage le plastique est de qualit\u00e9 inf\u00e9rieure. Finalement, ce plastique est jet\u00e9 ou br\u00fbl\u00e9 et contamine le sol, la mer et l&rsquo;air que nous respirons.<\/p>\n<p><em>\u00abLe temps o\u00f9 nous pensions t\u00e9m\u00e9rairement que la solution r\u00e9sidait dans la \u00abdilution\u00bb de la pollution et que les oc\u00e9ans s&rsquo;y pr\u00eataient parfaitement est r\u00e9solue !\u00bb Bart Maes et Maurice Le Clef.<\/em><\/p>\n<div class=\"tekstcenter\">\n<h2>La position d&rsquo;Amanprana dans la protection des oc\u00e9ans, des r\u00e9cifs coralliens et de leurs habitants est claire : \u00e9vitez tant que possible d&rsquo;utiliser du plastique !<\/h2>\n<p>Un premier pas dans la bonne direction: arr\u00eatez d&rsquo;utiliser les petites bouteilles en plastique. Cessez de consommer de l&rsquo;eau potable \u00e0 partir de bouteilles en plastique ! Utilisez des bouteilles en verre ou choisissez une type de bouteille en verre r\u00e9utilisable. Le verre ne pollue jamais la nature. Le verre est recyclable \u00e0 l&rsquo;infini et r\u00e9pond aux principes \u00abcradle to cradle\u00bb.<\/p>\n<h2>Aidez le festival Rock Werchter et sauvez nos mers. Dites adieu aux d\u00e9chets plastiques.<\/h2>\n<p>Un monde meilleur, cela commence avec vous. Les bouteilles en plastique sont d&rsquo;\u00e9normes pollueuses. La bouteille Eco Respekt d&rsquo;Amanprana est une alternative efficace \u00e0 une bouteille en plastique. Il s&rsquo;agit d&rsquo;une bouteille en verre pur avec un vortex bio dynamique, envelopp\u00e9 dans une chaussette de mousse recycl\u00e9e et ferm\u00e9e par un bouchon en li\u00e8ge. Le Vortex dynamise le contenu. La chaussette de mousse prot\u00e8ge la bouteille.<\/p>\n<h2>Impliquez-vous et sauvez la mer!<\/h2>\n<p>Au moins 5% des b\u00e9n\u00e9fices d&rsquo;Amanprana est revers\u00e9, depuis de nombreuses ann\u00e9es, \u00e0 diverses actions dans la cat\u00e9gorie \u00ab<em>Sauvez la mer<\/em>\u00bb. Aussi, Amanprana \u00e9tait sponsor et parrain de<a title=\"la journ\u00e9e mondiale de l'oc\u00e9an 2014\" href=\"https:\/\/www.youtube.com\/watch?v=GZgSyCHqeTk&amp;feature=youtu.be\" target=\"_blank\" rel=\"nofollow noopener\">\u00a0<em>la journ\u00e9e mondiale de l&rsquo;oc\u00e9an 2014<\/em><\/a>, organis\u00e9e \u00e0 Scheveningen aux Pays-Bas le 8 Juin 2014. Pour cette m\u00eame raison, Amanprana sera sponsor et co-organisateur de la deuxi\u00e8me \u00e9dition du\u00a0<em>North Sea Challenge<\/em>\u00a0le 13 Septembre 2014.<\/p>\n<p>Soutenez les oc\u00e9ans en utilisant des\u00a0<em>bouteilles Eco Respekt<\/em><a title=\"bouteilles Eco Respekt d'Amanprana\">\u00a0d&rsquo;Amanprana<\/a>. 100% du produit de la vente des bouteilles Eco Respekt est investi dans \u00abSauvez la mer\u00bb.<\/p>\n<\/div>\n<\/div>\n<\/div>\n","protected":false},"featured_media":42994,"menu_order":154,"template":"","format":"standard","class_list":["post-42998","red_de_zee","type-red_de_zee","status-publish","format-standard","has-post-thumbnail","hentry","red_de_zee_categorieen-pollution-des-oceans"],"acf":[],"yoast_head":"<!-- This site is optimized with the Yoast SEO plugin v24.7 - https:\/\/yoast.com\/wordpress\/plugins\/seo\/ -->\n<title>Que deviennent les tonnes de d\u00e9chets du festival Rock Werchter ?<\/title>\n<meta name=\"description\" content=\"Qu&#039;advient-il des tonnes de d\u00e9chets (plastiques) des festivals tels Rock Werchter en Belgique? Malgr\u00e9 toutes les campagnes de sensibilisation, les\" \/>\n<meta name=\"robots\" content=\"index, follow, max-snippet:-1, max-image-preview:large, max-video-preview:-1\" \/>\n<link rel=\"canonical\" href=\"https:\/\/www.amanprana.eu\/fr\/sauvez-la-mer\/dechets-des-festivals\/\" \/>\n<meta property=\"og:locale\" content=\"fr_FR\" \/>\n<meta property=\"og:type\" content=\"article\" \/>\n<meta property=\"og:title\" content=\"Que deviennent les tonnes de d\u00e9chets du festival Rock Werchter ?\" \/>\n<meta property=\"og:description\" content=\"Qu&#039;advient-il des tonnes de d\u00e9chets (plastiques) des festivals tels Rock Werchter en Belgique? Malgr\u00e9 toutes les campagnes de sensibilisation, les\" \/>\n<meta property=\"og:url\" content=\"https:\/\/www.amanprana.eu\/fr\/sauvez-la-mer\/dechets-des-festivals\/\" \/>\n<meta property=\"og:site_name\" content=\"Amanprana\" \/>\n<meta property=\"article:publisher\" content=\"https:\/\/www.facebook.com\/Amanpranaproducts\/\" \/>\n<meta property=\"article:modified_time\" content=\"2022-05-30T19:44:35+00:00\" \/>\n<meta property=\"og:image\" content=\"https:\/\/www.amanprana.eu\/wp-content\/uploads\/Het-duurt-jaren-voor-een-plastic-flesje-afgebroken-wordt-.png\" \/>\n\t<meta property=\"og:image:width\" content=\"312\" \/>\n\t<meta property=\"og:image:height\" content=\"224\" \/>\n\t<meta property=\"og:image:type\" content=\"image\/png\" \/>\n<meta name=\"twitter:card\" content=\"summary_large_image\" \/>\n<meta name=\"twitter:label1\" content=\"Dur\u00e9e de lecture estim\u00e9e\" \/>\n\t<meta name=\"twitter:data1\" content=\"2 minutes\" \/>\n<script type=\"application\/ld+json\" class=\"yoast-schema-graph\">{\"@context\":\"https:\/\/schema.org\",\"@graph\":[{\"@type\":\"WebPage\",\"@id\":\"https:\/\/www.amanprana.eu\/fr\/sauvez-la-mer\/dechets-des-festivals\/\",\"url\":\"https:\/\/www.amanprana.eu\/fr\/sauvez-la-mer\/dechets-des-festivals\/\",\"name\":\"Que deviennent les tonnes de d\u00e9chets du festival Rock Werchter ?\",\"isPartOf\":{\"@id\":\"https:\/\/www.amanprana.eu\/fr\/#website\"},\"primaryImageOfPage\":{\"@id\":\"https:\/\/www.amanprana.eu\/fr\/sauvez-la-mer\/dechets-des-festivals\/#primaryimage\"},\"image\":{\"@id\":\"https:\/\/www.amanprana.eu\/fr\/sauvez-la-mer\/dechets-des-festivals\/#primaryimage\"},\"thumbnailUrl\":\"https:\/\/www.amanprana.eu\/wp-content\/uploads\/Het-duurt-jaren-voor-een-plastic-flesje-afgebroken-wordt-.png\",\"datePublished\":\"2019-01-03T14:44:30+00:00\",\"dateModified\":\"2022-05-30T19:44:35+00:00\",\"description\":\"Qu'advient-il des tonnes de d\u00e9chets (plastiques) des festivals tels Rock Werchter en Belgique? Malgr\u00e9 toutes les campagnes de sensibilisation, les\",\"breadcrumb\":{\"@id\":\"https:\/\/www.amanprana.eu\/fr\/sauvez-la-mer\/dechets-des-festivals\/#breadcrumb\"},\"inLanguage\":\"fr-FR\",\"potentialAction\":[{\"@type\":\"ReadAction\",\"target\":[\"https:\/\/www.amanprana.eu\/fr\/sauvez-la-mer\/dechets-des-festivals\/\"]}]},{\"@type\":\"ImageObject\",\"inLanguage\":\"fr-FR\",\"@id\":\"https:\/\/www.amanprana.eu\/fr\/sauvez-la-mer\/dechets-des-festivals\/#primaryimage\",\"url\":\"https:\/\/www.amanprana.eu\/wp-content\/uploads\/Het-duurt-jaren-voor-een-plastic-flesje-afgebroken-wordt-.png\",\"contentUrl\":\"https:\/\/www.amanprana.eu\/wp-content\/uploads\/Het-duurt-jaren-voor-een-plastic-flesje-afgebroken-wordt-.png\",\"width\":312,\"height\":224},{\"@type\":\"BreadcrumbList\",\"@id\":\"https:\/\/www.amanprana.eu\/fr\/sauvez-la-mer\/dechets-des-festivals\/#breadcrumb\",\"itemListElement\":[{\"@type\":\"ListItem\",\"position\":1,\"name\":\"Amanprana.eu\",\"item\":\"https:\/\/www.amanprana.eu\/fr\/\"},{\"@type\":\"ListItem\",\"position\":2,\"name\":\"SLM - articles\",\"item\":\"https:\/\/www.amanprana.eu\/fr\/sauvez-la-mer\/\"},{\"@type\":\"ListItem\",\"position\":3,\"name\":\"Pollution des oc\u00e9ans\",\"item\":\"https:\/\/www.amanprana.eu\/fr\/red_de_zee_categorieen\/pollution-des-oceans\/\"},{\"@type\":\"ListItem\",\"position\":4,\"name\":\"Que deviennent les d\u00e9chets des festivals en Belgique ?\"}]},{\"@type\":\"WebSite\",\"@id\":\"https:\/\/www.amanprana.eu\/fr\/#website\",\"url\":\"https:\/\/www.amanprana.eu\/fr\/\",\"name\":\"Amanprana\",\"description\":\"Serene levenskracht\",\"publisher\":{\"@id\":\"https:\/\/www.amanprana.eu\/fr\/#organization\"},\"potentialAction\":[{\"@type\":\"SearchAction\",\"target\":{\"@type\":\"EntryPoint\",\"urlTemplate\":\"https:\/\/www.amanprana.eu\/fr\/?s={search_term_string}\"},\"query-input\":{\"@type\":\"PropertyValueSpecification\",\"valueRequired\":true,\"valueName\":\"search_term_string\"}}],\"inLanguage\":\"fr-FR\"},{\"@type\":\"Organization\",\"@id\":\"https:\/\/www.amanprana.eu\/fr\/#organization\",\"name\":\"Amanprana\",\"url\":\"https:\/\/www.amanprana.eu\/fr\/\",\"logo\":{\"@type\":\"ImageObject\",\"inLanguage\":\"fr-FR\",\"@id\":\"https:\/\/www.amanprana.eu\/fr\/#\/schema\/logo\/image\/\",\"url\":\"https:\/\/www.amanprana.eu\/wp-content\/uploads\/webres-amanprana-logo.jpg\",\"contentUrl\":\"https:\/\/www.amanprana.eu\/wp-content\/uploads\/webres-amanprana-logo.jpg\",\"width\":300,\"height\":300,\"caption\":\"Amanprana\"},\"image\":{\"@id\":\"https:\/\/www.amanprana.eu\/fr\/#\/schema\/logo\/image\/\"},\"sameAs\":[\"https:\/\/www.facebook.com\/Amanpranaproducts\/\",\"https:\/\/www.instagram.com\/amanprana\/\",\"https:\/\/nl.pinterest.com\/amanprana\/pins\/\"]}]}<\/script>\n<!-- \/ Yoast SEO plugin. -->","yoast_head_json":{"title":"Que deviennent les tonnes de d\u00e9chets du festival Rock Werchter ?","description":"Qu'advient-il des tonnes de d\u00e9chets (plastiques) des festivals tels Rock Werchter en Belgique? Malgr\u00e9 toutes les campagnes de sensibilisation, les","robots":{"index":"index","follow":"follow","max-snippet":"max-snippet:-1","max-image-preview":"max-image-preview:large","max-video-preview":"max-video-preview:-1"},"canonical":"https:\/\/www.amanprana.eu\/fr\/sauvez-la-mer\/dechets-des-festivals\/","og_locale":"fr_FR","og_type":"article","og_title":"Que deviennent les tonnes de d\u00e9chets du festival Rock Werchter ?","og_description":"Qu'advient-il des tonnes de d\u00e9chets (plastiques) des festivals tels Rock Werchter en Belgique? Malgr\u00e9 toutes les campagnes de sensibilisation, les","og_url":"https:\/\/www.amanprana.eu\/fr\/sauvez-la-mer\/dechets-des-festivals\/","og_site_name":"Amanprana","article_publisher":"https:\/\/www.facebook.com\/Amanpranaproducts\/","article_modified_time":"2022-05-30T19:44:35+00:00","og_image":[{"width":312,"height":224,"url":"https:\/\/www.amanprana.eu\/wp-content\/uploads\/Het-duurt-jaren-voor-een-plastic-flesje-afgebroken-wordt-.png","type":"image\/png"}],"twitter_card":"summary_large_image","twitter_misc":{"Dur\u00e9e de lecture estim\u00e9e":"2 minutes"},"schema":{"@context":"https:\/\/schema.org","@graph":[{"@type":"WebPage","@id":"https:\/\/www.amanprana.eu\/fr\/sauvez-la-mer\/dechets-des-festivals\/","url":"https:\/\/www.amanprana.eu\/fr\/sauvez-la-mer\/dechets-des-festivals\/","name":"Que deviennent les tonnes de d\u00e9chets du festival Rock Werchter ?","isPartOf":{"@id":"https:\/\/www.amanprana.eu\/fr\/#website"},"primaryImageOfPage":{"@id":"https:\/\/www.amanprana.eu\/fr\/sauvez-la-mer\/dechets-des-festivals\/#primaryimage"},"image":{"@id":"https:\/\/www.amanprana.eu\/fr\/sauvez-la-mer\/dechets-des-festivals\/#primaryimage"},"thumbnailUrl":"https:\/\/www.amanprana.eu\/wp-content\/uploads\/Het-duurt-jaren-voor-een-plastic-flesje-afgebroken-wordt-.png","datePublished":"2019-01-03T14:44:30+00:00","dateModified":"2022-05-30T19:44:35+00:00","description":"Qu'advient-il des tonnes de d\u00e9chets (plastiques) des festivals tels Rock Werchter en Belgique? Malgr\u00e9 toutes les campagnes de sensibilisation, les","breadcrumb":{"@id":"https:\/\/www.amanprana.eu\/fr\/sauvez-la-mer\/dechets-des-festivals\/#breadcrumb"},"inLanguage":"fr-FR","potentialAction":[{"@type":"ReadAction","target":["https:\/\/www.amanprana.eu\/fr\/sauvez-la-mer\/dechets-des-festivals\/"]}]},{"@type":"ImageObject","inLanguage":"fr-FR","@id":"https:\/\/www.amanprana.eu\/fr\/sauvez-la-mer\/dechets-des-festivals\/#primaryimage","url":"https:\/\/www.amanprana.eu\/wp-content\/uploads\/Het-duurt-jaren-voor-een-plastic-flesje-afgebroken-wordt-.png","contentUrl":"https:\/\/www.amanprana.eu\/wp-content\/uploads\/Het-duurt-jaren-voor-een-plastic-flesje-afgebroken-wordt-.png","width":312,"height":224},{"@type":"BreadcrumbList","@id":"https:\/\/www.amanprana.eu\/fr\/sauvez-la-mer\/dechets-des-festivals\/#breadcrumb","itemListElement":[{"@type":"ListItem","position":1,"name":"Amanprana.eu","item":"https:\/\/www.amanprana.eu\/fr\/"},{"@type":"ListItem","position":2,"name":"SLM - articles","item":"https:\/\/www.amanprana.eu\/fr\/sauvez-la-mer\/"},{"@type":"ListItem","position":3,"name":"Pollution des oc\u00e9ans","item":"https:\/\/www.amanprana.eu\/fr\/red_de_zee_categorieen\/pollution-des-oceans\/"},{"@type":"ListItem","position":4,"name":"Que deviennent les d\u00e9chets des festivals en Belgique ?"}]},{"@type":"WebSite","@id":"https:\/\/www.amanprana.eu\/fr\/#website","url":"https:\/\/www.amanprana.eu\/fr\/","name":"Amanprana","description":"Serene levenskracht","publisher":{"@id":"https:\/\/www.amanprana.eu\/fr\/#organization"},"potentialAction":[{"@type":"SearchAction","target":{"@type":"EntryPoint","urlTemplate":"https:\/\/www.amanprana.eu\/fr\/?s={search_term_string}"},"query-input":{"@type":"PropertyValueSpecification","valueRequired":true,"valueName":"search_term_string"}}],"inLanguage":"fr-FR"},{"@type":"Organization","@id":"https:\/\/www.amanprana.eu\/fr\/#organization","name":"Amanprana","url":"https:\/\/www.amanprana.eu\/fr\/","logo":{"@type":"ImageObject","inLanguage":"fr-FR","@id":"https:\/\/www.amanprana.eu\/fr\/#\/schema\/logo\/image\/","url":"https:\/\/www.amanprana.eu\/wp-content\/uploads\/webres-amanprana-logo.jpg","contentUrl":"https:\/\/www.amanprana.eu\/wp-content\/uploads\/webres-amanprana-logo.jpg","width":300,"height":300,"caption":"Amanprana"},"image":{"@id":"https:\/\/www.amanprana.eu\/fr\/#\/schema\/logo\/image\/"},"sameAs":["https:\/\/www.facebook.com\/Amanpranaproducts\/","https:\/\/www.instagram.com\/amanprana\/","https:\/\/nl.pinterest.com\/amanprana\/pins\/"]}]}},"multi-rating":{"mr_rating_results":[]},"_links":{"self":[{"href":"https:\/\/www.amanprana.eu\/fr\/wp-json\/wp\/v2\/red_de_zee\/42998","targetHints":{"allow":["GET"]}}],"collection":[{"href":"https:\/\/www.amanprana.eu\/fr\/wp-json\/wp\/v2\/red_de_zee"}],"about":[{"href":"https:\/\/www.amanprana.eu\/fr\/wp-json\/wp\/v2\/types\/red_de_zee"}],"version-history":[{"count":1,"href":"https:\/\/www.amanprana.eu\/fr\/wp-json\/wp\/v2\/red_de_zee\/42998\/revisions"}],"predecessor-version":[{"id":79210,"href":"https:\/\/www.amanprana.eu\/fr\/wp-json\/wp\/v2\/red_de_zee\/42998\/revisions\/79210"}],"wp:featuredmedia":[{"embeddable":true,"href":"https:\/\/www.amanprana.eu\/fr\/wp-json\/wp\/v2\/media\/42994"}],"wp:attachment":[{"href":"https:\/\/www.amanprana.eu\/fr\/wp-json\/wp\/v2\/media?parent=42998"}],"curies":[{"name":"wp","href":"https:\/\/api.w.org\/{rel}","templated":true}]}}