

{"id":43019,"date":"2019-01-03T16:01:18","date_gmt":"2019-01-03T15:01:18","guid":{"rendered":"https:\/\/www.amanprana.eu\/red_de_zee\/positif-les-sacs-plastiques-ne-sont-plus-consideres-comme-une-evidence-lue-sattaque-a-la-soupe-plastique\/"},"modified":"2020-02-03T11:03:31","modified_gmt":"2020-02-03T10:03:31","slug":"positif-les-sacs-plastiques-ne-sont-plus-consideres-comme-une-evidence-lue-sattaque-a-la-soupe-plastique","status":"publish","type":"red_de_zee","link":"https:\/\/www.amanprana.eu\/fr\/sauvez-la-mer\/positif-les-sacs-plastiques-ne-sont-plus-consideres-comme-une-evidence-lue-sattaque-a-la-soupe-plastique\/","title":{"rendered":"Positif: les sacs plastiques ne sont plus consid\u00e9r\u00e9s comme une \u00e9vidence. L&rsquo;UE s&rsquo;attaque \u00e0 la soupe plastique"},"content":{"rendered":"<div>\n<h2>Les sacs plastiques polluent, des mesures s\u2019imposent.<\/h2>\n<p>C\u2019est facile d\u2019utiliser, de demander ou d\u2019acheter un sac plastique au magasin. Une meilleure alternative est d\u2019utiliser ou de se munir d\u2019un sac r\u00e9utilisable. L\u2019Union europ\u00e9enne est heureusement sensible au probl\u00e8me de pollution \u00e9norme caus\u00e9 par les sacs plastiques et est d\u2019avis que leur usage commercial doit cesser. Une tr\u00e8s bonne chose selon nous.<\/p>\n<h2>Les sacs plastiques disparaissent, tandis que les sacs durables en bioplastique ou en coton biologique ont un avenir prometteur!<\/h2>\n<p>Nous devons repenser notre fa\u00e7on de faire les courses. Emporter un ou des sacs, r\u00e9utiliser les sacs d\u00e9j\u00e0 achet\u00e9s, c\u2019est le seul moyen et c\u2019est la seule solution. Dans un an, le 1er janvier 2016, les Pays-Bas cesseront de proposer des sacs plastiques dans les supermarch\u00e9s. Cela entre dans les plans mis en \u0153uvre par l\u2019UE pour diminuer de 80% l\u2019usage des sacs plastiques en 5 ans. En outre, les sacs con\u00e7us pour la r\u00e9utilisation devront \u00eatre encore plus durables et plus \u00e9co responsables. Ils devront \u00eatre en bioplastique ou en\u00a0<a title=\"Coton biologique chez Amanvida.eu\" href=\"https:\/\/www.amanvida.eu\/fr\/lifestyle-textiles-planches-a-decouper-gourdes\/amanprana-coton-bio\/\" target=\"_blank\" rel=\"nofollow noopener noreferrer\">coton biologique<\/a>. Faire payer les sacs plastiques \u00e0 la caisse aide, selon les \u00e9tudes, \u00e0 en diminuer l\u2019usage. Les autres mesures que l\u2019UE prendra \u00e0 ce sujet suivront bient\u00f4t.<\/p>\n<\/div>\n<div><\/div>\n","protected":false},"featured_media":43013,"menu_order":89,"template":"","format":"standard","class_list":["post-43019","red_de_zee","type-red_de_zee","status-publish","format-standard","has-post-thumbnail","hentry","red_de_zee_categorieen-pollution-des-oceans"],"acf":[],"yoast_head":"<!-- This site is optimized with the Yoast SEO plugin v24.7 - https:\/\/yoast.com\/wordpress\/plugins\/seo\/ -->\n<title>Les sacs en plastique ne peuvent plus \u00eatre tenus pour acquis.<\/title>\n<meta name=\"description\" content=\"Il est tr\u00e8s facile d&#039;utiliser un sac en plastique lors de vos achats. Une meilleure alternative est un sac r\u00e9utilisable en coton\" \/>\n<meta name=\"robots\" content=\"index, follow, max-snippet:-1, max-image-preview:large, max-video-preview:-1\" \/>\n<link rel=\"canonical\" href=\"https:\/\/www.amanprana.eu\/fr\/sauvez-la-mer\/positif-les-sacs-plastiques-ne-sont-plus-consideres-comme-une-evidence-lue-sattaque-a-la-soupe-plastique\/\" \/>\n<meta property=\"og:locale\" content=\"fr_FR\" \/>\n<meta property=\"og:type\" content=\"article\" \/>\n<meta property=\"og:title\" content=\"Les sacs en plastique ne peuvent plus \u00eatre tenus pour acquis.\" \/>\n<meta property=\"og:description\" content=\"Il est tr\u00e8s facile d&#039;utiliser un sac en plastique lors de vos achats. Une meilleure alternative est un sac r\u00e9utilisable en coton\" \/>\n<meta property=\"og:url\" content=\"https:\/\/www.amanprana.eu\/fr\/sauvez-la-mer\/positif-les-sacs-plastiques-ne-sont-plus-consideres-comme-une-evidence-lue-sattaque-a-la-soupe-plastique\/\" \/>\n<meta property=\"og:site_name\" content=\"Amanprana\" \/>\n<meta property=\"article:publisher\" content=\"https:\/\/www.facebook.com\/Amanpranaproducts\/\" \/>\n<meta property=\"article:modified_time\" content=\"2020-02-03T10:03:31+00:00\" \/>\n<meta property=\"og:image\" content=\"https:\/\/www.amanprana.eu\/wp-content\/uploads\/Een-plastic-tasje-zakje-in-het-zeewater.jpg\" \/>\n\t<meta property=\"og:image:width\" content=\"454\" \/>\n\t<meta property=\"og:image:height\" content=\"341\" \/>\n\t<meta property=\"og:image:type\" content=\"image\/jpeg\" \/>\n<meta name=\"twitter:card\" content=\"summary_large_image\" \/>\n<meta name=\"twitter:label1\" content=\"Dur\u00e9e de lecture estim\u00e9e\" \/>\n\t<meta name=\"twitter:data1\" content=\"1 minute\" \/>\n<script type=\"application\/ld+json\" class=\"yoast-schema-graph\">{\"@context\":\"https:\/\/schema.org\",\"@graph\":[{\"@type\":\"WebPage\",\"@id\":\"https:\/\/www.amanprana.eu\/fr\/sauvez-la-mer\/positif-les-sacs-plastiques-ne-sont-plus-consideres-comme-une-evidence-lue-sattaque-a-la-soupe-plastique\/\",\"url\":\"https:\/\/www.amanprana.eu\/fr\/sauvez-la-mer\/positif-les-sacs-plastiques-ne-sont-plus-consideres-comme-une-evidence-lue-sattaque-a-la-soupe-plastique\/\",\"name\":\"Les sacs en plastique ne peuvent plus \u00eatre tenus pour acquis.\",\"isPartOf\":{\"@id\":\"https:\/\/www.amanprana.eu\/fr\/#website\"},\"primaryImageOfPage\":{\"@id\":\"https:\/\/www.amanprana.eu\/fr\/sauvez-la-mer\/positif-les-sacs-plastiques-ne-sont-plus-consideres-comme-une-evidence-lue-sattaque-a-la-soupe-plastique\/#primaryimage\"},\"image\":{\"@id\":\"https:\/\/www.amanprana.eu\/fr\/sauvez-la-mer\/positif-les-sacs-plastiques-ne-sont-plus-consideres-comme-une-evidence-lue-sattaque-a-la-soupe-plastique\/#primaryimage\"},\"thumbnailUrl\":\"https:\/\/www.amanprana.eu\/wp-content\/uploads\/Een-plastic-tasje-zakje-in-het-zeewater.jpg\",\"datePublished\":\"2019-01-03T15:01:18+00:00\",\"dateModified\":\"2020-02-03T10:03:31+00:00\",\"description\":\"Il est tr\u00e8s facile d'utiliser un sac en plastique lors de vos achats. Une meilleure alternative est un sac r\u00e9utilisable en coton\",\"breadcrumb\":{\"@id\":\"https:\/\/www.amanprana.eu\/fr\/sauvez-la-mer\/positif-les-sacs-plastiques-ne-sont-plus-consideres-comme-une-evidence-lue-sattaque-a-la-soupe-plastique\/#breadcrumb\"},\"inLanguage\":\"fr-FR\",\"potentialAction\":[{\"@type\":\"ReadAction\",\"target\":[\"https:\/\/www.amanprana.eu\/fr\/sauvez-la-mer\/positif-les-sacs-plastiques-ne-sont-plus-consideres-comme-une-evidence-lue-sattaque-a-la-soupe-plastique\/\"]}]},{\"@type\":\"ImageObject\",\"inLanguage\":\"fr-FR\",\"@id\":\"https:\/\/www.amanprana.eu\/fr\/sauvez-la-mer\/positif-les-sacs-plastiques-ne-sont-plus-consideres-comme-une-evidence-lue-sattaque-a-la-soupe-plastique\/#primaryimage\",\"url\":\"https:\/\/www.amanprana.eu\/wp-content\/uploads\/Een-plastic-tasje-zakje-in-het-zeewater.jpg\",\"contentUrl\":\"https:\/\/www.amanprana.eu\/wp-content\/uploads\/Een-plastic-tasje-zakje-in-het-zeewater.jpg\",\"width\":454,\"height\":341},{\"@type\":\"BreadcrumbList\",\"@id\":\"https:\/\/www.amanprana.eu\/fr\/sauvez-la-mer\/positif-les-sacs-plastiques-ne-sont-plus-consideres-comme-une-evidence-lue-sattaque-a-la-soupe-plastique\/#breadcrumb\",\"itemListElement\":[{\"@type\":\"ListItem\",\"position\":1,\"name\":\"Amanprana.eu\",\"item\":\"https:\/\/www.amanprana.eu\/fr\/\"},{\"@type\":\"ListItem\",\"position\":2,\"name\":\"SLM - articles\",\"item\":\"https:\/\/www.amanprana.eu\/fr\/sauvez-la-mer\/\"},{\"@type\":\"ListItem\",\"position\":3,\"name\":\"Pollution des oc\u00e9ans\",\"item\":\"https:\/\/www.amanprana.eu\/fr\/red_de_zee_categorieen\/pollution-des-oceans\/\"},{\"@type\":\"ListItem\",\"position\":4,\"name\":\"Positif: les sacs plastiques ne sont plus consid\u00e9r\u00e9s comme une \u00e9vidence. L&rsquo;UE s&rsquo;attaque \u00e0 la soupe plastique\"}]},{\"@type\":\"WebSite\",\"@id\":\"https:\/\/www.amanprana.eu\/fr\/#website\",\"url\":\"https:\/\/www.amanprana.eu\/fr\/\",\"name\":\"Amanprana\",\"description\":\"Serene levenskracht\",\"publisher\":{\"@id\":\"https:\/\/www.amanprana.eu\/fr\/#organization\"},\"potentialAction\":[{\"@type\":\"SearchAction\",\"target\":{\"@type\":\"EntryPoint\",\"urlTemplate\":\"https:\/\/www.amanprana.eu\/fr\/?s={search_term_string}\"},\"query-input\":{\"@type\":\"PropertyValueSpecification\",\"valueRequired\":true,\"valueName\":\"search_term_string\"}}],\"inLanguage\":\"fr-FR\"},{\"@type\":\"Organization\",\"@id\":\"https:\/\/www.amanprana.eu\/fr\/#organization\",\"name\":\"Amanprana\",\"url\":\"https:\/\/www.amanprana.eu\/fr\/\",\"logo\":{\"@type\":\"ImageObject\",\"inLanguage\":\"fr-FR\",\"@id\":\"https:\/\/www.amanprana.eu\/fr\/#\/schema\/logo\/image\/\",\"url\":\"https:\/\/www.amanprana.eu\/wp-content\/uploads\/webres-amanprana-logo.jpg\",\"contentUrl\":\"https:\/\/www.amanprana.eu\/wp-content\/uploads\/webres-amanprana-logo.jpg\",\"width\":300,\"height\":300,\"caption\":\"Amanprana\"},\"image\":{\"@id\":\"https:\/\/www.amanprana.eu\/fr\/#\/schema\/logo\/image\/\"},\"sameAs\":[\"https:\/\/www.facebook.com\/Amanpranaproducts\/\",\"https:\/\/www.instagram.com\/amanprana\/\",\"https:\/\/nl.pinterest.com\/amanprana\/pins\/\"]}]}<\/script>\n<!-- \/ Yoast SEO plugin. -->","yoast_head_json":{"title":"Les sacs en plastique ne peuvent plus \u00eatre tenus pour acquis.","description":"Il est tr\u00e8s facile d'utiliser un sac en plastique lors de vos achats. Une meilleure alternative est un sac r\u00e9utilisable en coton","robots":{"index":"index","follow":"follow","max-snippet":"max-snippet:-1","max-image-preview":"max-image-preview:large","max-video-preview":"max-video-preview:-1"},"canonical":"https:\/\/www.amanprana.eu\/fr\/sauvez-la-mer\/positif-les-sacs-plastiques-ne-sont-plus-consideres-comme-une-evidence-lue-sattaque-a-la-soupe-plastique\/","og_locale":"fr_FR","og_type":"article","og_title":"Les sacs en plastique ne peuvent plus \u00eatre tenus pour acquis.","og_description":"Il est tr\u00e8s facile d'utiliser un sac en plastique lors de vos achats. Une meilleure alternative est un sac r\u00e9utilisable en coton","og_url":"https:\/\/www.amanprana.eu\/fr\/sauvez-la-mer\/positif-les-sacs-plastiques-ne-sont-plus-consideres-comme-une-evidence-lue-sattaque-a-la-soupe-plastique\/","og_site_name":"Amanprana","article_publisher":"https:\/\/www.facebook.com\/Amanpranaproducts\/","article_modified_time":"2020-02-03T10:03:31+00:00","og_image":[{"width":454,"height":341,"url":"https:\/\/www.amanprana.eu\/wp-content\/uploads\/Een-plastic-tasje-zakje-in-het-zeewater.jpg","type":"image\/jpeg"}],"twitter_card":"summary_large_image","twitter_misc":{"Dur\u00e9e de lecture estim\u00e9e":"1 minute"},"schema":{"@context":"https:\/\/schema.org","@graph":[{"@type":"WebPage","@id":"https:\/\/www.amanprana.eu\/fr\/sauvez-la-mer\/positif-les-sacs-plastiques-ne-sont-plus-consideres-comme-une-evidence-lue-sattaque-a-la-soupe-plastique\/","url":"https:\/\/www.amanprana.eu\/fr\/sauvez-la-mer\/positif-les-sacs-plastiques-ne-sont-plus-consideres-comme-une-evidence-lue-sattaque-a-la-soupe-plastique\/","name":"Les sacs en plastique ne peuvent plus \u00eatre tenus pour acquis.","isPartOf":{"@id":"https:\/\/www.amanprana.eu\/fr\/#website"},"primaryImageOfPage":{"@id":"https:\/\/www.amanprana.eu\/fr\/sauvez-la-mer\/positif-les-sacs-plastiques-ne-sont-plus-consideres-comme-une-evidence-lue-sattaque-a-la-soupe-plastique\/#primaryimage"},"image":{"@id":"https:\/\/www.amanprana.eu\/fr\/sauvez-la-mer\/positif-les-sacs-plastiques-ne-sont-plus-consideres-comme-une-evidence-lue-sattaque-a-la-soupe-plastique\/#primaryimage"},"thumbnailUrl":"https:\/\/www.amanprana.eu\/wp-content\/uploads\/Een-plastic-tasje-zakje-in-het-zeewater.jpg","datePublished":"2019-01-03T15:01:18+00:00","dateModified":"2020-02-03T10:03:31+00:00","description":"Il est tr\u00e8s facile d'utiliser un sac en plastique lors de vos achats. Une meilleure alternative est un sac r\u00e9utilisable en coton","breadcrumb":{"@id":"https:\/\/www.amanprana.eu\/fr\/sauvez-la-mer\/positif-les-sacs-plastiques-ne-sont-plus-consideres-comme-une-evidence-lue-sattaque-a-la-soupe-plastique\/#breadcrumb"},"inLanguage":"fr-FR","potentialAction":[{"@type":"ReadAction","target":["https:\/\/www.amanprana.eu\/fr\/sauvez-la-mer\/positif-les-sacs-plastiques-ne-sont-plus-consideres-comme-une-evidence-lue-sattaque-a-la-soupe-plastique\/"]}]},{"@type":"ImageObject","inLanguage":"fr-FR","@id":"https:\/\/www.amanprana.eu\/fr\/sauvez-la-mer\/positif-les-sacs-plastiques-ne-sont-plus-consideres-comme-une-evidence-lue-sattaque-a-la-soupe-plastique\/#primaryimage","url":"https:\/\/www.amanprana.eu\/wp-content\/uploads\/Een-plastic-tasje-zakje-in-het-zeewater.jpg","contentUrl":"https:\/\/www.amanprana.eu\/wp-content\/uploads\/Een-plastic-tasje-zakje-in-het-zeewater.jpg","width":454,"height":341},{"@type":"BreadcrumbList","@id":"https:\/\/www.amanprana.eu\/fr\/sauvez-la-mer\/positif-les-sacs-plastiques-ne-sont-plus-consideres-comme-une-evidence-lue-sattaque-a-la-soupe-plastique\/#breadcrumb","itemListElement":[{"@type":"ListItem","position":1,"name":"Amanprana.eu","item":"https:\/\/www.amanprana.eu\/fr\/"},{"@type":"ListItem","position":2,"name":"SLM - articles","item":"https:\/\/www.amanprana.eu\/fr\/sauvez-la-mer\/"},{"@type":"ListItem","position":3,"name":"Pollution des oc\u00e9ans","item":"https:\/\/www.amanprana.eu\/fr\/red_de_zee_categorieen\/pollution-des-oceans\/"},{"@type":"ListItem","position":4,"name":"Positif: les sacs plastiques ne sont plus consid\u00e9r\u00e9s comme une \u00e9vidence. L&rsquo;UE s&rsquo;attaque \u00e0 la soupe plastique"}]},{"@type":"WebSite","@id":"https:\/\/www.amanprana.eu\/fr\/#website","url":"https:\/\/www.amanprana.eu\/fr\/","name":"Amanprana","description":"Serene levenskracht","publisher":{"@id":"https:\/\/www.amanprana.eu\/fr\/#organization"},"potentialAction":[{"@type":"SearchAction","target":{"@type":"EntryPoint","urlTemplate":"https:\/\/www.amanprana.eu\/fr\/?s={search_term_string}"},"query-input":{"@type":"PropertyValueSpecification","valueRequired":true,"valueName":"search_term_string"}}],"inLanguage":"fr-FR"},{"@type":"Organization","@id":"https:\/\/www.amanprana.eu\/fr\/#organization","name":"Amanprana","url":"https:\/\/www.amanprana.eu\/fr\/","logo":{"@type":"ImageObject","inLanguage":"fr-FR","@id":"https:\/\/www.amanprana.eu\/fr\/#\/schema\/logo\/image\/","url":"https:\/\/www.amanprana.eu\/wp-content\/uploads\/webres-amanprana-logo.jpg","contentUrl":"https:\/\/www.amanprana.eu\/wp-content\/uploads\/webres-amanprana-logo.jpg","width":300,"height":300,"caption":"Amanprana"},"image":{"@id":"https:\/\/www.amanprana.eu\/fr\/#\/schema\/logo\/image\/"},"sameAs":["https:\/\/www.facebook.com\/Amanpranaproducts\/","https:\/\/www.instagram.com\/amanprana\/","https:\/\/nl.pinterest.com\/amanprana\/pins\/"]}]}},"multi-rating":{"mr_rating_results":[]},"_links":{"self":[{"href":"https:\/\/www.amanprana.eu\/fr\/wp-json\/wp\/v2\/red_de_zee\/43019","targetHints":{"allow":["GET"]}}],"collection":[{"href":"https:\/\/www.amanprana.eu\/fr\/wp-json\/wp\/v2\/red_de_zee"}],"about":[{"href":"https:\/\/www.amanprana.eu\/fr\/wp-json\/wp\/v2\/types\/red_de_zee"}],"version-history":[{"count":1,"href":"https:\/\/www.amanprana.eu\/fr\/wp-json\/wp\/v2\/red_de_zee\/43019\/revisions"}],"predecessor-version":[{"id":52944,"href":"https:\/\/www.amanprana.eu\/fr\/wp-json\/wp\/v2\/red_de_zee\/43019\/revisions\/52944"}],"wp:featuredmedia":[{"embeddable":true,"href":"https:\/\/www.amanprana.eu\/fr\/wp-json\/wp\/v2\/media\/43013"}],"wp:attachment":[{"href":"https:\/\/www.amanprana.eu\/fr\/wp-json\/wp\/v2\/media?parent=43019"}],"curies":[{"name":"wp","href":"https:\/\/api.w.org\/{rel}","templated":true}]}}