

{"id":43030,"date":"2019-01-03T16:06:45","date_gmt":"2019-01-03T15:06:45","guid":{"rendered":"https:\/\/www.amanprana.eu\/red_de_zee\/biodiversite-oceans-mers\/"},"modified":"2022-07-29T09:41:25","modified_gmt":"2022-07-29T07:41:25","slug":"biodiversite-oceans-mers","status":"publish","type":"red_de_zee","link":"https:\/\/www.amanprana.eu\/fr\/sauvez-la-mer\/biodiversite-oceans-mers\/","title":{"rendered":"La protection des mers, des oc\u00e9ans et de la biodiversit\u00e9 accuse un lourd retard"},"content":{"rendered":"<div>\n<h2>Les objectifs d&rsquo;Aichi pour la protection et la restauration de la biodiversit\u00e9<\/h2>\n<p>Les objectifs d\u2019Aichi ont \u00e9t\u00e9 fix\u00e9s en 2010. Ils ont \u00e9t\u00e9 adopt\u00e9s par pr\u00e8s de 200 pays r\u00e9unis \u00e0 Nagoya, au Japon. Dans le cadre d\u2019un protocole, ces nations se sont engag\u00e9s sur les\u00a0<a title=\"Objectifs d'Aichi\" href=\"https:\/\/www.cbd.int\/sp\/targets\/\" target=\"_blank\" rel=\"nofollow noopener\">Objectifs d\u2019Aichi<\/a>\u00a0pour lutter contre le d\u00e9clin de la biodiversit\u00e9 dans le monde, et pas seulement dans les oc\u00e9ans. Elles ont ainsi convenu de prot\u00e9ger \u00e0 l\u2019horizon 2020 au moins 10\u00a0% des zones marines dans le cadre d\u2019aires marines prot\u00e9g\u00e9es (AMP). \u00c0 ce jour, il reste encore 6\u00a0% de zones marines \u00e0 prot\u00e9ger.<br \/>\nEn plus des 10\u00a0% convenus, d\u2019autres engagements suppl\u00e9mentaires ont \u00e9t\u00e9 pris. Les aires prot\u00e9g\u00e9es doivent aussi \u00eatre g\u00e9r\u00e9es de mani\u00e8re durable, et pr\u00e9server sa repr\u00e9sentation \u00e9cologique. De cette fa\u00e7on, on assure non seulement la protection, mais aussi la conservation de la nature.<\/p>\n<h2>Des zones de non-pr\u00e9l\u00e8vement dans les oc\u00e9ans<\/h2>\n<p>Les pays doivent travailler \u00e0 l\u2019\u00e9tablissement d\u2019AMP. Ils doivent aussi \u00e9tablir des zones de non-pr\u00e9l\u00e8vement. Il s\u2019agit de zones dans lesquelles il est interdit d\u2019exploiter les ressources naturelles vivantes. On pense ici aux poissons, aux algues et aux coquillages et crustac\u00e9s. Par ailleurs, on estime que les ressources non vivantes ne devraient pas non plus \u00eatre exploit\u00e9es. Cela implique, par exemple, le p\u00e9trole et le gaz. \u00c0 ce jour, \u00e0 peine 16\u00a0% des zones marines prot\u00e9g\u00e9es (0,5\u00a0% de tous les oc\u00e9ans) sont class\u00e9es comme zones de non-pr\u00e9l\u00e8vement.<\/p>\n<h2>Jetez un \u0153il sur Google Earth Oc\u00e9ans<\/h2>\n<p>Vous souhaitez visiter nos oc\u00e9ans\u00a0? Google a mis en place un site vitrine o\u00f9 vous pouvez explorer les diff\u00e9rentes zones de nos oc\u00e9ans, dans diff\u00e9rentes situations\u00a0:\u00a0<a title=\"Google Earth Oceans\" href=\"http:\/\/www.google.fr\/earth\/explore\/showcase\/ocean.html\" target=\"_blank\" rel=\"nofollow noopener\">Google Earth Oceans<\/a>. Les images offertes sont d\u2019un grand int\u00e9r\u00eat pour les visiteurs, mais elles illustrent aussi les changements observ\u00e9s au cours des derni\u00e8res ann\u00e9es.<\/p>\n<\/div>\n<div><\/div>\n","protected":false},"featured_media":43024,"menu_order":145,"template":"","format":"standard","class_list":["post-43030","red_de_zee","type-red_de_zee","status-publish","format-standard","has-post-thumbnail","hentry","red_de_zee_categorieen-pollution-des-oceans"],"acf":[],"yoast_head":"<!-- This site is optimized with the Yoast SEO plugin v24.7 - https:\/\/yoast.com\/wordpress\/plugins\/seo\/ -->\n<title>Mers, oc\u00e9ans et biodiversit\u00e9 - La protection est \u00e0 la tra\u00eene<\/title>\n<meta name=\"description\" content=\"Les objectifs d&#039;Aichi pour la protection et la restauration de la biodiversit\u00e9 Les objectifs d\u2019Aichi ont \u00e9t\u00e9 fix\u00e9s en 2010. Ils ont \u00e9t\u00e9 adopt\u00e9s par pr\u00e8s\" \/>\n<meta name=\"robots\" content=\"index, follow, max-snippet:-1, max-image-preview:large, max-video-preview:-1\" \/>\n<link rel=\"canonical\" href=\"https:\/\/www.amanprana.eu\/fr\/sauvez-la-mer\/biodiversite-oceans-mers\/\" \/>\n<meta property=\"og:locale\" content=\"fr_FR\" \/>\n<meta property=\"og:type\" content=\"article\" \/>\n<meta property=\"og:title\" content=\"Mers, oc\u00e9ans et biodiversit\u00e9 - La protection est \u00e0 la tra\u00eene\" \/>\n<meta property=\"og:description\" content=\"Les objectifs d&#039;Aichi pour la protection et la restauration de la biodiversit\u00e9 Les objectifs d\u2019Aichi ont \u00e9t\u00e9 fix\u00e9s en 2010. Ils ont \u00e9t\u00e9 adopt\u00e9s par pr\u00e8s\" \/>\n<meta property=\"og:url\" content=\"https:\/\/www.amanprana.eu\/fr\/sauvez-la-mer\/biodiversite-oceans-mers\/\" \/>\n<meta property=\"og:site_name\" content=\"Amanprana\" \/>\n<meta property=\"article:publisher\" content=\"https:\/\/www.facebook.com\/Amanpranaproducts\/\" \/>\n<meta property=\"article:modified_time\" content=\"2022-07-29T07:41:25+00:00\" \/>\n<meta property=\"og:image\" content=\"https:\/\/www.amanprana.eu\/wp-content\/uploads\/De-oceanen.jpg\" \/>\n\t<meta property=\"og:image:width\" content=\"1420\" \/>\n\t<meta property=\"og:image:height\" content=\"604\" \/>\n\t<meta property=\"og:image:type\" content=\"image\/jpeg\" \/>\n<meta name=\"twitter:card\" content=\"summary_large_image\" \/>\n<meta name=\"twitter:label1\" content=\"Dur\u00e9e de lecture estim\u00e9e\" \/>\n\t<meta name=\"twitter:data1\" content=\"2 minutes\" \/>\n<script type=\"application\/ld+json\" class=\"yoast-schema-graph\">{\"@context\":\"https:\/\/schema.org\",\"@graph\":[{\"@type\":\"WebPage\",\"@id\":\"https:\/\/www.amanprana.eu\/fr\/sauvez-la-mer\/biodiversite-oceans-mers\/\",\"url\":\"https:\/\/www.amanprana.eu\/fr\/sauvez-la-mer\/biodiversite-oceans-mers\/\",\"name\":\"Mers, oc\u00e9ans et biodiversit\u00e9 - La protection est \u00e0 la tra\u00eene\",\"isPartOf\":{\"@id\":\"https:\/\/www.amanprana.eu\/fr\/#website\"},\"primaryImageOfPage\":{\"@id\":\"https:\/\/www.amanprana.eu\/fr\/sauvez-la-mer\/biodiversite-oceans-mers\/#primaryimage\"},\"image\":{\"@id\":\"https:\/\/www.amanprana.eu\/fr\/sauvez-la-mer\/biodiversite-oceans-mers\/#primaryimage\"},\"thumbnailUrl\":\"https:\/\/www.amanprana.eu\/wp-content\/uploads\/De-oceanen.jpg\",\"datePublished\":\"2019-01-03T15:06:45+00:00\",\"dateModified\":\"2022-07-29T07:41:25+00:00\",\"description\":\"Les objectifs d'Aichi pour la protection et la restauration de la biodiversit\u00e9 Les objectifs d\u2019Aichi ont \u00e9t\u00e9 fix\u00e9s en 2010. Ils ont \u00e9t\u00e9 adopt\u00e9s par pr\u00e8s\",\"breadcrumb\":{\"@id\":\"https:\/\/www.amanprana.eu\/fr\/sauvez-la-mer\/biodiversite-oceans-mers\/#breadcrumb\"},\"inLanguage\":\"fr-FR\",\"potentialAction\":[{\"@type\":\"ReadAction\",\"target\":[\"https:\/\/www.amanprana.eu\/fr\/sauvez-la-mer\/biodiversite-oceans-mers\/\"]}]},{\"@type\":\"ImageObject\",\"inLanguage\":\"fr-FR\",\"@id\":\"https:\/\/www.amanprana.eu\/fr\/sauvez-la-mer\/biodiversite-oceans-mers\/#primaryimage\",\"url\":\"https:\/\/www.amanprana.eu\/wp-content\/uploads\/De-oceanen.jpg\",\"contentUrl\":\"https:\/\/www.amanprana.eu\/wp-content\/uploads\/De-oceanen.jpg\",\"width\":1420,\"height\":604},{\"@type\":\"BreadcrumbList\",\"@id\":\"https:\/\/www.amanprana.eu\/fr\/sauvez-la-mer\/biodiversite-oceans-mers\/#breadcrumb\",\"itemListElement\":[{\"@type\":\"ListItem\",\"position\":1,\"name\":\"Amanprana.eu\",\"item\":\"https:\/\/www.amanprana.eu\/fr\/\"},{\"@type\":\"ListItem\",\"position\":2,\"name\":\"SLM - articles\",\"item\":\"https:\/\/www.amanprana.eu\/fr\/sauvez-la-mer\/\"},{\"@type\":\"ListItem\",\"position\":3,\"name\":\"Pollution des oc\u00e9ans\",\"item\":\"https:\/\/www.amanprana.eu\/fr\/red_de_zee_categorieen\/pollution-des-oceans\/\"},{\"@type\":\"ListItem\",\"position\":4,\"name\":\"La protection des mers, des oc\u00e9ans et de la biodiversit\u00e9 accuse un lourd retard\"}]},{\"@type\":\"WebSite\",\"@id\":\"https:\/\/www.amanprana.eu\/fr\/#website\",\"url\":\"https:\/\/www.amanprana.eu\/fr\/\",\"name\":\"Amanprana\",\"description\":\"Serene levenskracht\",\"publisher\":{\"@id\":\"https:\/\/www.amanprana.eu\/fr\/#organization\"},\"potentialAction\":[{\"@type\":\"SearchAction\",\"target\":{\"@type\":\"EntryPoint\",\"urlTemplate\":\"https:\/\/www.amanprana.eu\/fr\/?s={search_term_string}\"},\"query-input\":{\"@type\":\"PropertyValueSpecification\",\"valueRequired\":true,\"valueName\":\"search_term_string\"}}],\"inLanguage\":\"fr-FR\"},{\"@type\":\"Organization\",\"@id\":\"https:\/\/www.amanprana.eu\/fr\/#organization\",\"name\":\"Amanprana\",\"url\":\"https:\/\/www.amanprana.eu\/fr\/\",\"logo\":{\"@type\":\"ImageObject\",\"inLanguage\":\"fr-FR\",\"@id\":\"https:\/\/www.amanprana.eu\/fr\/#\/schema\/logo\/image\/\",\"url\":\"https:\/\/www.amanprana.eu\/wp-content\/uploads\/webres-amanprana-logo.jpg\",\"contentUrl\":\"https:\/\/www.amanprana.eu\/wp-content\/uploads\/webres-amanprana-logo.jpg\",\"width\":300,\"height\":300,\"caption\":\"Amanprana\"},\"image\":{\"@id\":\"https:\/\/www.amanprana.eu\/fr\/#\/schema\/logo\/image\/\"},\"sameAs\":[\"https:\/\/www.facebook.com\/Amanpranaproducts\/\",\"https:\/\/www.instagram.com\/amanprana\/\",\"https:\/\/nl.pinterest.com\/amanprana\/pins\/\"]}]}<\/script>\n<!-- \/ Yoast SEO plugin. -->","yoast_head_json":{"title":"Mers, oc\u00e9ans et biodiversit\u00e9 - La protection est \u00e0 la tra\u00eene","description":"Les objectifs d'Aichi pour la protection et la restauration de la biodiversit\u00e9 Les objectifs d\u2019Aichi ont \u00e9t\u00e9 fix\u00e9s en 2010. Ils ont \u00e9t\u00e9 adopt\u00e9s par pr\u00e8s","robots":{"index":"index","follow":"follow","max-snippet":"max-snippet:-1","max-image-preview":"max-image-preview:large","max-video-preview":"max-video-preview:-1"},"canonical":"https:\/\/www.amanprana.eu\/fr\/sauvez-la-mer\/biodiversite-oceans-mers\/","og_locale":"fr_FR","og_type":"article","og_title":"Mers, oc\u00e9ans et biodiversit\u00e9 - La protection est \u00e0 la tra\u00eene","og_description":"Les objectifs d'Aichi pour la protection et la restauration de la biodiversit\u00e9 Les objectifs d\u2019Aichi ont \u00e9t\u00e9 fix\u00e9s en 2010. Ils ont \u00e9t\u00e9 adopt\u00e9s par pr\u00e8s","og_url":"https:\/\/www.amanprana.eu\/fr\/sauvez-la-mer\/biodiversite-oceans-mers\/","og_site_name":"Amanprana","article_publisher":"https:\/\/www.facebook.com\/Amanpranaproducts\/","article_modified_time":"2022-07-29T07:41:25+00:00","og_image":[{"width":1420,"height":604,"url":"https:\/\/www.amanprana.eu\/wp-content\/uploads\/De-oceanen.jpg","type":"image\/jpeg"}],"twitter_card":"summary_large_image","twitter_misc":{"Dur\u00e9e de lecture estim\u00e9e":"2 minutes"},"schema":{"@context":"https:\/\/schema.org","@graph":[{"@type":"WebPage","@id":"https:\/\/www.amanprana.eu\/fr\/sauvez-la-mer\/biodiversite-oceans-mers\/","url":"https:\/\/www.amanprana.eu\/fr\/sauvez-la-mer\/biodiversite-oceans-mers\/","name":"Mers, oc\u00e9ans et biodiversit\u00e9 - La protection est \u00e0 la tra\u00eene","isPartOf":{"@id":"https:\/\/www.amanprana.eu\/fr\/#website"},"primaryImageOfPage":{"@id":"https:\/\/www.amanprana.eu\/fr\/sauvez-la-mer\/biodiversite-oceans-mers\/#primaryimage"},"image":{"@id":"https:\/\/www.amanprana.eu\/fr\/sauvez-la-mer\/biodiversite-oceans-mers\/#primaryimage"},"thumbnailUrl":"https:\/\/www.amanprana.eu\/wp-content\/uploads\/De-oceanen.jpg","datePublished":"2019-01-03T15:06:45+00:00","dateModified":"2022-07-29T07:41:25+00:00","description":"Les objectifs d'Aichi pour la protection et la restauration de la biodiversit\u00e9 Les objectifs d\u2019Aichi ont \u00e9t\u00e9 fix\u00e9s en 2010. Ils ont \u00e9t\u00e9 adopt\u00e9s par pr\u00e8s","breadcrumb":{"@id":"https:\/\/www.amanprana.eu\/fr\/sauvez-la-mer\/biodiversite-oceans-mers\/#breadcrumb"},"inLanguage":"fr-FR","potentialAction":[{"@type":"ReadAction","target":["https:\/\/www.amanprana.eu\/fr\/sauvez-la-mer\/biodiversite-oceans-mers\/"]}]},{"@type":"ImageObject","inLanguage":"fr-FR","@id":"https:\/\/www.amanprana.eu\/fr\/sauvez-la-mer\/biodiversite-oceans-mers\/#primaryimage","url":"https:\/\/www.amanprana.eu\/wp-content\/uploads\/De-oceanen.jpg","contentUrl":"https:\/\/www.amanprana.eu\/wp-content\/uploads\/De-oceanen.jpg","width":1420,"height":604},{"@type":"BreadcrumbList","@id":"https:\/\/www.amanprana.eu\/fr\/sauvez-la-mer\/biodiversite-oceans-mers\/#breadcrumb","itemListElement":[{"@type":"ListItem","position":1,"name":"Amanprana.eu","item":"https:\/\/www.amanprana.eu\/fr\/"},{"@type":"ListItem","position":2,"name":"SLM - articles","item":"https:\/\/www.amanprana.eu\/fr\/sauvez-la-mer\/"},{"@type":"ListItem","position":3,"name":"Pollution des oc\u00e9ans","item":"https:\/\/www.amanprana.eu\/fr\/red_de_zee_categorieen\/pollution-des-oceans\/"},{"@type":"ListItem","position":4,"name":"La protection des mers, des oc\u00e9ans et de la biodiversit\u00e9 accuse un lourd retard"}]},{"@type":"WebSite","@id":"https:\/\/www.amanprana.eu\/fr\/#website","url":"https:\/\/www.amanprana.eu\/fr\/","name":"Amanprana","description":"Serene levenskracht","publisher":{"@id":"https:\/\/www.amanprana.eu\/fr\/#organization"},"potentialAction":[{"@type":"SearchAction","target":{"@type":"EntryPoint","urlTemplate":"https:\/\/www.amanprana.eu\/fr\/?s={search_term_string}"},"query-input":{"@type":"PropertyValueSpecification","valueRequired":true,"valueName":"search_term_string"}}],"inLanguage":"fr-FR"},{"@type":"Organization","@id":"https:\/\/www.amanprana.eu\/fr\/#organization","name":"Amanprana","url":"https:\/\/www.amanprana.eu\/fr\/","logo":{"@type":"ImageObject","inLanguage":"fr-FR","@id":"https:\/\/www.amanprana.eu\/fr\/#\/schema\/logo\/image\/","url":"https:\/\/www.amanprana.eu\/wp-content\/uploads\/webres-amanprana-logo.jpg","contentUrl":"https:\/\/www.amanprana.eu\/wp-content\/uploads\/webres-amanprana-logo.jpg","width":300,"height":300,"caption":"Amanprana"},"image":{"@id":"https:\/\/www.amanprana.eu\/fr\/#\/schema\/logo\/image\/"},"sameAs":["https:\/\/www.facebook.com\/Amanpranaproducts\/","https:\/\/www.instagram.com\/amanprana\/","https:\/\/nl.pinterest.com\/amanprana\/pins\/"]}]}},"multi-rating":{"mr_rating_results":[]},"_links":{"self":[{"href":"https:\/\/www.amanprana.eu\/fr\/wp-json\/wp\/v2\/red_de_zee\/43030","targetHints":{"allow":["GET"]}}],"collection":[{"href":"https:\/\/www.amanprana.eu\/fr\/wp-json\/wp\/v2\/red_de_zee"}],"about":[{"href":"https:\/\/www.amanprana.eu\/fr\/wp-json\/wp\/v2\/types\/red_de_zee"}],"version-history":[{"count":1,"href":"https:\/\/www.amanprana.eu\/fr\/wp-json\/wp\/v2\/red_de_zee\/43030\/revisions"}],"predecessor-version":[{"id":79274,"href":"https:\/\/www.amanprana.eu\/fr\/wp-json\/wp\/v2\/red_de_zee\/43030\/revisions\/79274"}],"wp:featuredmedia":[{"embeddable":true,"href":"https:\/\/www.amanprana.eu\/fr\/wp-json\/wp\/v2\/media\/43024"}],"wp:attachment":[{"href":"https:\/\/www.amanprana.eu\/fr\/wp-json\/wp\/v2\/media?parent=43030"}],"curies":[{"name":"wp","href":"https:\/\/api.w.org\/{rel}","templated":true}]}}