

{"id":43043,"date":"2019-01-03T16:13:34","date_gmt":"2019-01-03T15:13:34","guid":{"rendered":"https:\/\/www.amanprana.eu\/red_de_zee\/micro-plastiques-vetement-durable-conseils\/"},"modified":"2019-01-03T16:13:34","modified_gmt":"2019-01-03T15:13:34","slug":"micro-plastiques-vetement-durable-conseils","status":"publish","type":"red_de_zee","link":"https:\/\/www.amanprana.eu\/fr\/sauvez-la-mer\/micro-plastiques-vetement-durable-conseils\/","title":{"rendered":"Vos v\u00eatements sont coupables"},"content":{"rendered":"<div>\n<p>Notre garde-robe comprend souvent des pi\u00e8ces vestimentaires qui sont fabriqu\u00e9es avec du plastique. Environ\u00a063% de nos v\u00eatements sont confectionn\u00e9s avec du plastique\u00a0(par exemple le polaire, qui est fait \u00e0 partir de plastique PET) ou un m\u00e9lange de coton et de polyester. Quand nous lavons ces v\u00eatements, des millions de fibres en plastique partent dans les eaux us\u00e9es: le v\u00eatement s&rsquo;use.<\/p>\n<h2>Solutions possibles contre la pollution des micro-plastiques<\/h2>\n<p>Il n&rsquo;existe pas encore une bonne solution pour les micro-plastiques dans nos oc\u00e9ans, mais il y a\u00a0<a title=\"Boyan Slat, Ocean cleanup\" href=\"https:\/\/www.noble-house.tk\/fr\/sauvez-la-mer-avec-amanprana\/boyan-slat-ocean-cleanup-et-la-soupe-plastique\" target=\"_self\">diverses initiatives<\/a>. La meilleure solution est finalement d&rsquo;exclure les v\u00eatements avec des micro-plastiques. Des chercheurs en Italie et en Espagne se sont aussi pench\u00e9s sur la question. Ils ont propos\u00e9 un filtre tr\u00e8s fin pour nos machines \u00e0 laver. En plus ils travaillent sur le d\u00e9veloppement de rev\u00eatements qui prot\u00e8gent le tissu de l&rsquo;usure et sur une nano-boule \u00e0 laquelle les micro-plastiques se collent durant le lavage et que vous jetez apr\u00e8s.<\/p>\n<h2>Conseils pour une garde-robe durable<\/h2>\n<p>Pensez-vous vraiment aux v\u00eatements que vous achetez\u00a0? D&rsquo;o\u00f9 viennent-ils ? Quelles substances contiennent-ils ? Quelles sont les cons\u00e9quences pour les humains, les animaux et l&rsquo;environnement\u00a0? \u00cates-vous conscient que de nombreux v\u00eatements sont fabriqu\u00e9s dans des pays \u00e0 bas salaires. Avec peu d&rsquo;\u00e9gard pour la sant\u00e9 humaine et l&rsquo;environnement.<\/p>\n<ul>\n<li>N&rsquo;achetez pas de trop. Achetez uniquement les \u00abessentiels\u00bb et investissez dans eux. De bonnes pi\u00e8ces de base permettent d&rsquo;avoir suffisamment de choix de combinaisons pour toute occasion ou moment de la journ\u00e9e.<\/li>\n<li>Naturellement il est important d&rsquo;acheter des v\u00eatements dans les bonnes mati\u00e8res. N&rsquo;achetez pas de polyester ou un v\u00eatement qui en contient.<\/li>\n<li>Achetez biologique. Les \u00e9toffes biologiques sont souvent identifi\u00e9es \u00e0 leur label.<\/li>\n<li>Achetez du commerce \u00e9quitable, pour \u00eatre s\u00fbr que votre v\u00eatement est fabriqu\u00e9 dans de bonnes conditions de travail.<\/li>\n<li>Ne lavez pas trop, lavez surtout \u00e0 l&rsquo;eau froide et assurez-vous que votre d\u00e9tergent est \u00e9cologique. Des boules et des noix de lavage sont des alternatives \u00e9cologiques aux d\u00e9tergents classiques.<\/li>\n<li>Avez-vous suffisamment d&rsquo;espace ? Achetez un s\u00e9choir et oubliez le s\u00e8che-linge. Accrochez vos v\u00eatements de telle fa\u00e7on que vous n&rsquo;aurez pas \u00e0 les repasser.<\/li>\n<li>Consultez le site web de la marque (de v\u00eatements) ou du magasin pour voir s&rsquo;ils mentionnent une affiliation \u00e0 un organisme qui s&rsquo;engage pour la nature et les hommes. Ou regardez s&rsquo;ils poss\u00e8dent des labels de qualit\u00e9 qui indiquent qu&rsquo;ils le font.<\/li>\n<\/ul>\n<p>En fin de compte il est surtout important que des r\u00e8gles plus strictes soient appliqu\u00e9es \u00e0 l&rsquo;industrie textile. M\u00eame si cette industrie est de plus en plus consciente de l&rsquo;environnement, il reste encore un long chemin \u00e0 parcourir.<\/p>\n<\/div>\n","protected":false},"featured_media":43040,"menu_order":83,"template":"","format":"standard","class_list":["post-43043","red_de_zee","type-red_de_zee","status-publish","format-standard","has-post-thumbnail","hentry","red_de_zee_categorieen-pollution-des-oceans"],"acf":[],"yoast_head":"<!-- This site is optimized with the Yoast SEO plugin v24.7 - https:\/\/yoast.com\/wordpress\/plugins\/seo\/ -->\n<title>Vos v\u00eatements sont coupables - Amanprana<\/title>\n<meta name=\"description\" content=\"Notre garde-robe comprend souvent des pi\u00e8ces vestimentaires qui sont fabriqu\u00e9es avec du plastique. Environ\u00a063% de nos v\u00eatements sont confectionn\u00e9s avec du\" \/>\n<meta name=\"robots\" content=\"index, follow, max-snippet:-1, max-image-preview:large, max-video-preview:-1\" \/>\n<link rel=\"canonical\" href=\"https:\/\/www.amanprana.eu\/fr\/sauvez-la-mer\/micro-plastiques-vetement-durable-conseils\/\" \/>\n<meta property=\"og:locale\" content=\"fr_FR\" \/>\n<meta property=\"og:type\" content=\"article\" \/>\n<meta property=\"og:title\" content=\"Vos v\u00eatements sont coupables - Amanprana\" \/>\n<meta property=\"og:description\" content=\"Notre garde-robe comprend souvent des pi\u00e8ces vestimentaires qui sont fabriqu\u00e9es avec du plastique. Environ\u00a063% de nos v\u00eatements sont confectionn\u00e9s avec du\" \/>\n<meta property=\"og:url\" content=\"https:\/\/www.amanprana.eu\/fr\/sauvez-la-mer\/micro-plastiques-vetement-durable-conseils\/\" \/>\n<meta property=\"og:site_name\" content=\"Amanprana\" \/>\n<meta property=\"article:publisher\" content=\"https:\/\/www.facebook.com\/Amanpranaproducts\/\" \/>\n<meta property=\"og:image\" content=\"https:\/\/www.amanprana.eu\/wp-content\/uploads\/Garen.jpg\" \/>\n\t<meta property=\"og:image:width\" content=\"1420\" \/>\n\t<meta property=\"og:image:height\" content=\"740\" \/>\n\t<meta property=\"og:image:type\" content=\"image\/jpeg\" \/>\n<meta name=\"twitter:card\" content=\"summary_large_image\" \/>\n<meta name=\"twitter:label1\" content=\"Dur\u00e9e de lecture estim\u00e9e\" \/>\n\t<meta name=\"twitter:data1\" content=\"2 minutes\" \/>\n<script type=\"application\/ld+json\" class=\"yoast-schema-graph\">{\"@context\":\"https:\/\/schema.org\",\"@graph\":[{\"@type\":\"WebPage\",\"@id\":\"https:\/\/www.amanprana.eu\/fr\/sauvez-la-mer\/micro-plastiques-vetement-durable-conseils\/\",\"url\":\"https:\/\/www.amanprana.eu\/fr\/sauvez-la-mer\/micro-plastiques-vetement-durable-conseils\/\",\"name\":\"Vos v\u00eatements sont coupables - Amanprana\",\"isPartOf\":{\"@id\":\"https:\/\/www.amanprana.eu\/fr\/#website\"},\"primaryImageOfPage\":{\"@id\":\"https:\/\/www.amanprana.eu\/fr\/sauvez-la-mer\/micro-plastiques-vetement-durable-conseils\/#primaryimage\"},\"image\":{\"@id\":\"https:\/\/www.amanprana.eu\/fr\/sauvez-la-mer\/micro-plastiques-vetement-durable-conseils\/#primaryimage\"},\"thumbnailUrl\":\"https:\/\/www.amanprana.eu\/wp-content\/uploads\/Garen.jpg\",\"datePublished\":\"2019-01-03T15:13:34+00:00\",\"description\":\"Notre garde-robe comprend souvent des pi\u00e8ces vestimentaires qui sont fabriqu\u00e9es avec du plastique. Environ\u00a063% de nos v\u00eatements sont confectionn\u00e9s avec du\",\"breadcrumb\":{\"@id\":\"https:\/\/www.amanprana.eu\/fr\/sauvez-la-mer\/micro-plastiques-vetement-durable-conseils\/#breadcrumb\"},\"inLanguage\":\"fr-FR\",\"potentialAction\":[{\"@type\":\"ReadAction\",\"target\":[\"https:\/\/www.amanprana.eu\/fr\/sauvez-la-mer\/micro-plastiques-vetement-durable-conseils\/\"]}]},{\"@type\":\"ImageObject\",\"inLanguage\":\"fr-FR\",\"@id\":\"https:\/\/www.amanprana.eu\/fr\/sauvez-la-mer\/micro-plastiques-vetement-durable-conseils\/#primaryimage\",\"url\":\"https:\/\/www.amanprana.eu\/wp-content\/uploads\/Garen.jpg\",\"contentUrl\":\"https:\/\/www.amanprana.eu\/wp-content\/uploads\/Garen.jpg\",\"width\":1420,\"height\":740},{\"@type\":\"BreadcrumbList\",\"@id\":\"https:\/\/www.amanprana.eu\/fr\/sauvez-la-mer\/micro-plastiques-vetement-durable-conseils\/#breadcrumb\",\"itemListElement\":[{\"@type\":\"ListItem\",\"position\":1,\"name\":\"Amanprana.eu\",\"item\":\"https:\/\/www.amanprana.eu\/fr\/\"},{\"@type\":\"ListItem\",\"position\":2,\"name\":\"SLM - articles\",\"item\":\"https:\/\/www.amanprana.eu\/fr\/sauvez-la-mer\/\"},{\"@type\":\"ListItem\",\"position\":3,\"name\":\"Pollution des oc\u00e9ans\",\"item\":\"https:\/\/www.amanprana.eu\/fr\/red_de_zee_categorieen\/pollution-des-oceans\/\"},{\"@type\":\"ListItem\",\"position\":4,\"name\":\"Vos v\u00eatements sont coupables\"}]},{\"@type\":\"WebSite\",\"@id\":\"https:\/\/www.amanprana.eu\/fr\/#website\",\"url\":\"https:\/\/www.amanprana.eu\/fr\/\",\"name\":\"Amanprana\",\"description\":\"Serene levenskracht\",\"publisher\":{\"@id\":\"https:\/\/www.amanprana.eu\/fr\/#organization\"},\"potentialAction\":[{\"@type\":\"SearchAction\",\"target\":{\"@type\":\"EntryPoint\",\"urlTemplate\":\"https:\/\/www.amanprana.eu\/fr\/?s={search_term_string}\"},\"query-input\":{\"@type\":\"PropertyValueSpecification\",\"valueRequired\":true,\"valueName\":\"search_term_string\"}}],\"inLanguage\":\"fr-FR\"},{\"@type\":\"Organization\",\"@id\":\"https:\/\/www.amanprana.eu\/fr\/#organization\",\"name\":\"Amanprana\",\"url\":\"https:\/\/www.amanprana.eu\/fr\/\",\"logo\":{\"@type\":\"ImageObject\",\"inLanguage\":\"fr-FR\",\"@id\":\"https:\/\/www.amanprana.eu\/fr\/#\/schema\/logo\/image\/\",\"url\":\"https:\/\/www.amanprana.eu\/wp-content\/uploads\/webres-amanprana-logo.jpg\",\"contentUrl\":\"https:\/\/www.amanprana.eu\/wp-content\/uploads\/webres-amanprana-logo.jpg\",\"width\":300,\"height\":300,\"caption\":\"Amanprana\"},\"image\":{\"@id\":\"https:\/\/www.amanprana.eu\/fr\/#\/schema\/logo\/image\/\"},\"sameAs\":[\"https:\/\/www.facebook.com\/Amanpranaproducts\/\",\"https:\/\/www.instagram.com\/amanprana\/\",\"https:\/\/nl.pinterest.com\/amanprana\/pins\/\"]}]}<\/script>\n<!-- \/ Yoast SEO plugin. -->","yoast_head_json":{"title":"Vos v\u00eatements sont coupables - Amanprana","description":"Notre garde-robe comprend souvent des pi\u00e8ces vestimentaires qui sont fabriqu\u00e9es avec du plastique. Environ\u00a063% de nos v\u00eatements sont confectionn\u00e9s avec du","robots":{"index":"index","follow":"follow","max-snippet":"max-snippet:-1","max-image-preview":"max-image-preview:large","max-video-preview":"max-video-preview:-1"},"canonical":"https:\/\/www.amanprana.eu\/fr\/sauvez-la-mer\/micro-plastiques-vetement-durable-conseils\/","og_locale":"fr_FR","og_type":"article","og_title":"Vos v\u00eatements sont coupables - Amanprana","og_description":"Notre garde-robe comprend souvent des pi\u00e8ces vestimentaires qui sont fabriqu\u00e9es avec du plastique. Environ\u00a063% de nos v\u00eatements sont confectionn\u00e9s avec du","og_url":"https:\/\/www.amanprana.eu\/fr\/sauvez-la-mer\/micro-plastiques-vetement-durable-conseils\/","og_site_name":"Amanprana","article_publisher":"https:\/\/www.facebook.com\/Amanpranaproducts\/","og_image":[{"width":1420,"height":740,"url":"https:\/\/www.amanprana.eu\/wp-content\/uploads\/Garen.jpg","type":"image\/jpeg"}],"twitter_card":"summary_large_image","twitter_misc":{"Dur\u00e9e de lecture estim\u00e9e":"2 minutes"},"schema":{"@context":"https:\/\/schema.org","@graph":[{"@type":"WebPage","@id":"https:\/\/www.amanprana.eu\/fr\/sauvez-la-mer\/micro-plastiques-vetement-durable-conseils\/","url":"https:\/\/www.amanprana.eu\/fr\/sauvez-la-mer\/micro-plastiques-vetement-durable-conseils\/","name":"Vos v\u00eatements sont coupables - Amanprana","isPartOf":{"@id":"https:\/\/www.amanprana.eu\/fr\/#website"},"primaryImageOfPage":{"@id":"https:\/\/www.amanprana.eu\/fr\/sauvez-la-mer\/micro-plastiques-vetement-durable-conseils\/#primaryimage"},"image":{"@id":"https:\/\/www.amanprana.eu\/fr\/sauvez-la-mer\/micro-plastiques-vetement-durable-conseils\/#primaryimage"},"thumbnailUrl":"https:\/\/www.amanprana.eu\/wp-content\/uploads\/Garen.jpg","datePublished":"2019-01-03T15:13:34+00:00","description":"Notre garde-robe comprend souvent des pi\u00e8ces vestimentaires qui sont fabriqu\u00e9es avec du plastique. Environ\u00a063% de nos v\u00eatements sont confectionn\u00e9s avec du","breadcrumb":{"@id":"https:\/\/www.amanprana.eu\/fr\/sauvez-la-mer\/micro-plastiques-vetement-durable-conseils\/#breadcrumb"},"inLanguage":"fr-FR","potentialAction":[{"@type":"ReadAction","target":["https:\/\/www.amanprana.eu\/fr\/sauvez-la-mer\/micro-plastiques-vetement-durable-conseils\/"]}]},{"@type":"ImageObject","inLanguage":"fr-FR","@id":"https:\/\/www.amanprana.eu\/fr\/sauvez-la-mer\/micro-plastiques-vetement-durable-conseils\/#primaryimage","url":"https:\/\/www.amanprana.eu\/wp-content\/uploads\/Garen.jpg","contentUrl":"https:\/\/www.amanprana.eu\/wp-content\/uploads\/Garen.jpg","width":1420,"height":740},{"@type":"BreadcrumbList","@id":"https:\/\/www.amanprana.eu\/fr\/sauvez-la-mer\/micro-plastiques-vetement-durable-conseils\/#breadcrumb","itemListElement":[{"@type":"ListItem","position":1,"name":"Amanprana.eu","item":"https:\/\/www.amanprana.eu\/fr\/"},{"@type":"ListItem","position":2,"name":"SLM - articles","item":"https:\/\/www.amanprana.eu\/fr\/sauvez-la-mer\/"},{"@type":"ListItem","position":3,"name":"Pollution des oc\u00e9ans","item":"https:\/\/www.amanprana.eu\/fr\/red_de_zee_categorieen\/pollution-des-oceans\/"},{"@type":"ListItem","position":4,"name":"Vos v\u00eatements sont coupables"}]},{"@type":"WebSite","@id":"https:\/\/www.amanprana.eu\/fr\/#website","url":"https:\/\/www.amanprana.eu\/fr\/","name":"Amanprana","description":"Serene levenskracht","publisher":{"@id":"https:\/\/www.amanprana.eu\/fr\/#organization"},"potentialAction":[{"@type":"SearchAction","target":{"@type":"EntryPoint","urlTemplate":"https:\/\/www.amanprana.eu\/fr\/?s={search_term_string}"},"query-input":{"@type":"PropertyValueSpecification","valueRequired":true,"valueName":"search_term_string"}}],"inLanguage":"fr-FR"},{"@type":"Organization","@id":"https:\/\/www.amanprana.eu\/fr\/#organization","name":"Amanprana","url":"https:\/\/www.amanprana.eu\/fr\/","logo":{"@type":"ImageObject","inLanguage":"fr-FR","@id":"https:\/\/www.amanprana.eu\/fr\/#\/schema\/logo\/image\/","url":"https:\/\/www.amanprana.eu\/wp-content\/uploads\/webres-amanprana-logo.jpg","contentUrl":"https:\/\/www.amanprana.eu\/wp-content\/uploads\/webres-amanprana-logo.jpg","width":300,"height":300,"caption":"Amanprana"},"image":{"@id":"https:\/\/www.amanprana.eu\/fr\/#\/schema\/logo\/image\/"},"sameAs":["https:\/\/www.facebook.com\/Amanpranaproducts\/","https:\/\/www.instagram.com\/amanprana\/","https:\/\/nl.pinterest.com\/amanprana\/pins\/"]}]}},"multi-rating":{"mr_rating_results":[]},"_links":{"self":[{"href":"https:\/\/www.amanprana.eu\/fr\/wp-json\/wp\/v2\/red_de_zee\/43043","targetHints":{"allow":["GET"]}}],"collection":[{"href":"https:\/\/www.amanprana.eu\/fr\/wp-json\/wp\/v2\/red_de_zee"}],"about":[{"href":"https:\/\/www.amanprana.eu\/fr\/wp-json\/wp\/v2\/types\/red_de_zee"}],"version-history":[{"count":0,"href":"https:\/\/www.amanprana.eu\/fr\/wp-json\/wp\/v2\/red_de_zee\/43043\/revisions"}],"wp:featuredmedia":[{"embeddable":true,"href":"https:\/\/www.amanprana.eu\/fr\/wp-json\/wp\/v2\/media\/43040"}],"wp:attachment":[{"href":"https:\/\/www.amanprana.eu\/fr\/wp-json\/wp\/v2\/media?parent=43043"}],"curies":[{"name":"wp","href":"https:\/\/api.w.org\/{rel}","templated":true}]}}