

{"id":43080,"date":"2019-01-03T16:29:56","date_gmt":"2019-01-03T15:29:56","guid":{"rendered":"https:\/\/www.amanprana.eu\/red_de_zee\/amanprana-et-sea-shepherd-stop-a-la-peche-a-la-baleine\/"},"modified":"2019-01-03T16:29:56","modified_gmt":"2019-01-03T15:29:56","slug":"amanprana-et-sea-shepherd-stop-a-la-peche-a-la-baleine","status":"publish","type":"red_de_zee","link":"https:\/\/www.amanprana.eu\/fr\/sauvez-la-mer\/amanprana-et-sea-shepherd-stop-a-la-peche-a-la-baleine\/","title":{"rendered":"Stop \u00e0 la p\u00eache \u00e0 la baleine"},"content":{"rendered":"<p>Stop \u00e0 la p\u00eache \u00e0 la baleine. L\u2019\u00e9v\u00e9nement \u00ab A Night for the Oceans \u00bb a eu lieu le 12 septembre 2010. Il s\u2019agit d\u2019une action visant \u00e0 r\u00e9colter des fonds pour Sea Shepherd en collaboration avec Noble-House, et ce en vue de prot\u00e9ger et de conserver les oc\u00e9ans. Cette soir\u00e9e \u00e9tait en partie sponsoris\u00e9e par les produits de soin pour le corps et les savons biod\u00e9gradables, biologiques et issus du commerce \u00e9quitable Dr Bronner. Stop \u00e0 la p\u00eache \u00e0 la baleine. Sea Shepherd, Amanprana, Rutger Hauer, Dr Bronner, HempHoodLamb et bien d\u2019autres encore souhaitent que la p\u00eache \u00e0 la baleine soit.<\/p>\n<div class=\"figurewrap pull-left\">\n<p><strong><img decoding=\"async\" class=\"size-medium wp-image-43047 alignleft\" src=\"https:\/\/www.amanprana.eu\/wp-content\/uploads\/\/Paul_Watson_is_de_kapitein_van_Sea_Shepherd-199x300.jpg\" alt=\"Paul Watson is de kapitein van Sea Shepherd\" width=\"199\" height=\"300\" srcset=\"https:\/\/www.amanprana.eu\/wp-content\/uploads\/Paul_Watson_is_de_kapitein_van_Sea_Shepherd-199x300.jpg 199w, https:\/\/www.amanprana.eu\/wp-content\/uploads\/Paul_Watson_is_de_kapitein_van_Sea_Shepherd-100x151.jpg 100w, https:\/\/www.amanprana.eu\/wp-content\/uploads\/Paul_Watson_is_de_kapitein_van_Sea_Shepherd.jpg 397w\" sizes=\"(max-width: 199px) 100vw, 199px\" \/><\/strong><\/p>\n<p><strong>Paul Watson<\/strong>, capitaine du Sea Shepherd, a prononc\u00e9 un discours tr\u00e8s emport\u00e9 lors de cette soir\u00e9e : il a compar\u00e9 les animaux et les hommes sur terre avec un bateau. Les animaux forment l\u2019\u00e9quipage tandis que les hommes sont les passagers. S\u2019il y a un probl\u00e8me avec l\u2019\u00e9quipage, il y a aussi un probl\u00e8me avec les passagers, a expliqu\u00e9 Paul Watson. Nous devons prendre soin de la nature. Les massacres et la cruaut\u00e9 n&rsquo;ont plus leur place au 21\u00e8me si\u00e8cle. La p\u00eache \u00e0 la baleine doit \u00eatre compl\u00e8tement bannie. Le Japon et quelques autres pays doivent s\u2019incliner et arr\u00eater la p\u00eache \u00e0 la baleine. De petites organisations telles que Sea Shepherd peuvent selon Paul Watson aider \u00e0 faire la diff\u00e9rence. Le Japon doit s\u2019incliner. En 2009, Sea Shepherd a pu prot\u00e9ger plus de baleines que ce que le Japon a pu en tuer. Sea Shepherd est le symbole de la protection des animaux marins et de leur habitat, l\u2019oc\u00e9an.<\/p>\n<p><strong>Mitsubishi<\/strong>, le plus grand vendeur de thon rouge, dispose actuellement d\u2019une chambre froide comprenant un stock de thon rouge de 4 ans. Mitsubishi souhaite \u00e9largir ce stock \u00e0 15 ans pour avoir le monopole sur le thon rouge car on ne pourra bient\u00f4t plus le p\u00eacher. Mitsubishi doit lui aussi arr\u00eater de p\u00eacher le thon rouge, fortement menac\u00e9. Si les oc\u00e9ans meurent, l\u2019humanit\u00e9 meurt, poursuit Paul Watson. L\u2019homme vient de la mer. Et sans la mer, l\u2019homme ne peut pas survivre. \u00ab Nous devons tous prot\u00e9ger les oc\u00e9ans et la biodiversit\u00e9 \u00bb, explique Paul Watson.<\/p>\n<div class=\"figurewrap pull-left\"><\/div>\n<div id='gallery-1' class='gallery galleryid-43080 gallery-columns-2 gallery-size-medium'><dl class='gallery-item'>\n\t\t\t<dt class='gallery-icon portrait'>\n\t\t\t\t<img decoding=\"async\" width=\"199\" height=\"300\" src=\"https:\/\/www.amanprana.eu\/wp-content\/uploads\/Rutger-Hauer_en_vrouw_Sea_Shepherd_night_of_the_oceans_2010-199x300.jpg\" class=\"attachment-medium size-medium\" alt=\"Rutger Hauer et son femme Sea shepherd Night of the oceans 2010\" srcset=\"https:\/\/www.amanprana.eu\/wp-content\/uploads\/Rutger-Hauer_en_vrouw_Sea_Shepherd_night_of_the_oceans_2010-199x300.jpg 199w, https:\/\/www.amanprana.eu\/wp-content\/uploads\/Rutger-Hauer_en_vrouw_Sea_Shepherd_night_of_the_oceans_2010-100x151.jpg 100w, https:\/\/www.amanprana.eu\/wp-content\/uploads\/Rutger-Hauer_en_vrouw_Sea_Shepherd_night_of_the_oceans_2010.jpg 397w\" sizes=\"(max-width: 199px) 100vw, 199px\" \/>\n\t\t\t<\/dt><\/dl><dl class='gallery-item'>\n\t\t\t<dt class='gallery-icon portrait'>\n\t\t\t\t<img decoding=\"async\" width=\"199\" height=\"300\" src=\"https:\/\/www.amanprana.eu\/wp-content\/uploads\/Rutger_Hauer_steunt_reeds_20_jaar_Sea_Shepherd-199x300.jpg\" class=\"attachment-medium size-medium\" alt=\"Rutger Hauer et son femme Sea shepherd Night of the oceans 2010\" srcset=\"https:\/\/www.amanprana.eu\/wp-content\/uploads\/Rutger_Hauer_steunt_reeds_20_jaar_Sea_Shepherd-199x300.jpg 199w, https:\/\/www.amanprana.eu\/wp-content\/uploads\/Rutger_Hauer_steunt_reeds_20_jaar_Sea_Shepherd-100x150.jpg 100w, https:\/\/www.amanprana.eu\/wp-content\/uploads\/Rutger_Hauer_steunt_reeds_20_jaar_Sea_Shepherd.jpg 397w\" sizes=\"(max-width: 199px) 100vw, 199px\" \/>\n\t\t\t<\/dt><\/dl>\n\t\t<\/div>\n\n<div class=\"figurewrap pull-left\">\n<p>&nbsp;<\/p>\n<p><strong>Rutger Hauer<\/strong>\u00a0soutient Sea Shepherd depuis 20 ans. Rutger Hauer, 66 ans, s\u2019est adress\u00e9 \u00e0 la foule : \u00ab Je n\u2019ai ni le courage ni la force de r\u00e9aliser ce que Sea Shepherd peut faire. Je soutiens cette organisation depuis 20 ans. J\u2019aime la nature. La p\u00eache \u00e0 la baleine doit \u00eatre bannie. Et si quelqu\u2019un peut y arriver, c\u2019est bien Paul Watson et Sea Sherpherd \u00bb. Il a assur\u00e9 une soir\u00e9e r\u00e9ussie avec son initiative \u00ab des artistes pour Sea Shepherd \u00bb.<\/p>\n<p>Participez \u00e0 la protection des oc\u00e9ans. Faites vos dons \u00e0 Sea Shepherd : www.SeaShepherd.nl<\/p>\n<p><strong>Qui est Sea Shepherd ?<\/strong>\u00a0Sea Shepherd est une organisation mondiale sans but lucratif dont l\u2019objectif est depuis 1977 la protection de la vie dans les oc\u00e9ans. Sea Shepherd souhaite mettre fin au massacre des animaux marins et \u00e0 la destruction de leur habitat. Sea Shepherd essaie de prot\u00e9ger les \u00e9cosyst\u00e8mes marins et leurs habitants. Sea Shepherd utilise pour cela des techniques d\u2019action directe sur les oc\u00e9ans et assure la documentation ainsi que la sensibilisation. Sea Shepherd agit l\u00e0 o\u00f9 des actions ill\u00e9gales en mer sont men\u00e9es. Sea Shepherd essaie de garantir la biodiversit\u00e9 des \u00e9cosyst\u00e8mes marins pour les g\u00e9n\u00e9rations futures.<\/p>\n<p>Faites vos dons : www.SeaShepherd.fr \/ www.seashepherd.org<\/p>\n<div class=\"figurewrap pull-left\"><\/div>\n<div id='gallery-2' class='gallery galleryid-43080 gallery-columns-2 gallery-size-medium'><dl class='gallery-item'>\n\t\t\t<dt class='gallery-icon portrait'>\n\t\t\t\t<img decoding=\"async\" width=\"199\" height=\"300\" src=\"https:\/\/www.amanprana.eu\/wp-content\/uploads\/HempHoodLamb_Sea_Shepherd_collectie_2010-2011_night_of_the_oceans-199x300.jpg\" class=\"attachment-medium size-medium\" alt=\"HempHoodLamb Sea Shepherd collection 2010-2011 Night of the oceans\" aria-describedby=\"gallery-2-43069\" srcset=\"https:\/\/www.amanprana.eu\/wp-content\/uploads\/HempHoodLamb_Sea_Shepherd_collectie_2010-2011_night_of_the_oceans-199x300.jpg 199w, https:\/\/www.amanprana.eu\/wp-content\/uploads\/HempHoodLamb_Sea_Shepherd_collectie_2010-2011_night_of_the_oceans-100x151.jpg 100w, https:\/\/www.amanprana.eu\/wp-content\/uploads\/HempHoodLamb_Sea_Shepherd_collectie_2010-2011_night_of_the_oceans.jpg 397w\" sizes=\"(max-width: 199px) 100vw, 199px\" \/>\n\t\t\t<\/dt>\n\t\t\t\t<dd class='wp-caption-text gallery-caption' id='gallery-2-43069'>\n\t\t\t\tHempHoodLamb Sea Shepherd collection 2010-2011 Night of the oceans\n\t\t\t\t<\/dd><\/dl><dl class='gallery-item'>\n\t\t\t<dt class='gallery-icon portrait'>\n\t\t\t\t<img decoding=\"async\" width=\"199\" height=\"300\" src=\"https:\/\/www.amanprana.eu\/wp-content\/uploads\/HempHoodLamb_modeshow_night_of_the_oceans_Sea_Shepherd_plastiek-199x300.jpg\" class=\"attachment-medium size-medium\" alt=\"HempHoodLamb d\u00e9fil\u00e9 Night of the oceans Sea shepherd &#039;plastique&#039; 2010\" aria-describedby=\"gallery-2-43074\" srcset=\"https:\/\/www.amanprana.eu\/wp-content\/uploads\/HempHoodLamb_modeshow_night_of_the_oceans_Sea_Shepherd_plastiek-199x300.jpg 199w, https:\/\/www.amanprana.eu\/wp-content\/uploads\/HempHoodLamb_modeshow_night_of_the_oceans_Sea_Shepherd_plastiek-100x151.jpg 100w, https:\/\/www.amanprana.eu\/wp-content\/uploads\/HempHoodLamb_modeshow_night_of_the_oceans_Sea_Shepherd_plastiek.jpg 397w\" sizes=\"(max-width: 199px) 100vw, 199px\" \/>\n\t\t\t<\/dt>\n\t\t\t\t<dd class='wp-caption-text gallery-caption' id='gallery-2-43074'>\n\t\t\t\tHempHoodLamb d\u00e9fil\u00e9 Night of the oceans Sea shepherd &lsquo;plastique&rsquo; 2010\n\t\t\t\t<\/dd><\/dl>\n\t\t<\/div>\n\n<\/div>\n<div class=\"figurewrap pull-left\">\n<div class=\"figurewrap pull-left\"><\/div>\n<\/div>\n<\/div>\n","protected":false},"featured_media":43054,"menu_order":80,"template":"","format":"standard","class_list":["post-43080","red_de_zee","type-red_de_zee","status-publish","format-standard","has-post-thumbnail","hentry","red_de_zee_categorieen-surpeche"],"acf":[],"yoast_head":"<!-- This site is optimized with the Yoast SEO plugin v24.7 - https:\/\/yoast.com\/wordpress\/plugins\/seo\/ -->\n<title>Stop \u00e0 la p\u00eache \u00e0 la baleine - Amanprana<\/title>\n<meta name=\"description\" content=\"Stop \u00e0 la p\u00eache \u00e0 la baleine. L\u2019\u00e9v\u00e9nement \u00ab A Night for the Oceans \u00bb a eu lieu le 12 septembre 2010. Il s\u2019agit d\u2019une action visant \u00e0 r\u00e9colter des fonds\" \/>\n<meta name=\"robots\" content=\"index, follow, max-snippet:-1, max-image-preview:large, max-video-preview:-1\" \/>\n<link rel=\"canonical\" href=\"https:\/\/www.amanprana.eu\/fr\/sauvez-la-mer\/amanprana-et-sea-shepherd-stop-a-la-peche-a-la-baleine\/\" \/>\n<meta property=\"og:locale\" content=\"fr_FR\" \/>\n<meta property=\"og:type\" content=\"article\" \/>\n<meta property=\"og:title\" content=\"Stop \u00e0 la p\u00eache \u00e0 la baleine - Amanprana\" \/>\n<meta property=\"og:description\" content=\"Stop \u00e0 la p\u00eache \u00e0 la baleine. L\u2019\u00e9v\u00e9nement \u00ab A Night for the Oceans \u00bb a eu lieu le 12 septembre 2010. Il s\u2019agit d\u2019une action visant \u00e0 r\u00e9colter des fonds\" \/>\n<meta property=\"og:url\" content=\"https:\/\/www.amanprana.eu\/fr\/sauvez-la-mer\/amanprana-et-sea-shepherd-stop-a-la-peche-a-la-baleine\/\" \/>\n<meta property=\"og:site_name\" content=\"Amanprana\" \/>\n<meta property=\"article:publisher\" content=\"https:\/\/www.facebook.com\/Amanpranaproducts\/\" \/>\n<meta property=\"og:image\" content=\"https:\/\/www.amanprana.eu\/wp-content\/uploads\/Sea_Shepherd_logo_als_symbool_voor_de_beschermers_van_de_oceanen.jpg\" \/>\n\t<meta property=\"og:image:width\" content=\"922\" \/>\n\t<meta property=\"og:image:height\" content=\"450\" \/>\n\t<meta property=\"og:image:type\" content=\"image\/jpeg\" \/>\n<meta name=\"twitter:card\" content=\"summary_large_image\" \/>\n<meta name=\"twitter:label1\" content=\"Dur\u00e9e de lecture estim\u00e9e\" \/>\n\t<meta name=\"twitter:data1\" content=\"3 minutes\" \/>\n<script type=\"application\/ld+json\" class=\"yoast-schema-graph\">{\"@context\":\"https:\/\/schema.org\",\"@graph\":[{\"@type\":\"WebPage\",\"@id\":\"https:\/\/www.amanprana.eu\/fr\/sauvez-la-mer\/amanprana-et-sea-shepherd-stop-a-la-peche-a-la-baleine\/\",\"url\":\"https:\/\/www.amanprana.eu\/fr\/sauvez-la-mer\/amanprana-et-sea-shepherd-stop-a-la-peche-a-la-baleine\/\",\"name\":\"Stop \u00e0 la p\u00eache \u00e0 la baleine - Amanprana\",\"isPartOf\":{\"@id\":\"https:\/\/www.amanprana.eu\/fr\/#website\"},\"primaryImageOfPage\":{\"@id\":\"https:\/\/www.amanprana.eu\/fr\/sauvez-la-mer\/amanprana-et-sea-shepherd-stop-a-la-peche-a-la-baleine\/#primaryimage\"},\"image\":{\"@id\":\"https:\/\/www.amanprana.eu\/fr\/sauvez-la-mer\/amanprana-et-sea-shepherd-stop-a-la-peche-a-la-baleine\/#primaryimage\"},\"thumbnailUrl\":\"https:\/\/www.amanprana.eu\/wp-content\/uploads\/Sea_Shepherd_logo_als_symbool_voor_de_beschermers_van_de_oceanen.jpg\",\"datePublished\":\"2019-01-03T15:29:56+00:00\",\"description\":\"Stop \u00e0 la p\u00eache \u00e0 la baleine. L\u2019\u00e9v\u00e9nement \u00ab A Night for the Oceans \u00bb a eu lieu le 12 septembre 2010. Il s\u2019agit d\u2019une action visant \u00e0 r\u00e9colter des fonds\",\"breadcrumb\":{\"@id\":\"https:\/\/www.amanprana.eu\/fr\/sauvez-la-mer\/amanprana-et-sea-shepherd-stop-a-la-peche-a-la-baleine\/#breadcrumb\"},\"inLanguage\":\"fr-FR\",\"potentialAction\":[{\"@type\":\"ReadAction\",\"target\":[\"https:\/\/www.amanprana.eu\/fr\/sauvez-la-mer\/amanprana-et-sea-shepherd-stop-a-la-peche-a-la-baleine\/\"]}]},{\"@type\":\"ImageObject\",\"inLanguage\":\"fr-FR\",\"@id\":\"https:\/\/www.amanprana.eu\/fr\/sauvez-la-mer\/amanprana-et-sea-shepherd-stop-a-la-peche-a-la-baleine\/#primaryimage\",\"url\":\"https:\/\/www.amanprana.eu\/wp-content\/uploads\/Sea_Shepherd_logo_als_symbool_voor_de_beschermers_van_de_oceanen.jpg\",\"contentUrl\":\"https:\/\/www.amanprana.eu\/wp-content\/uploads\/Sea_Shepherd_logo_als_symbool_voor_de_beschermers_van_de_oceanen.jpg\",\"width\":922,\"height\":450},{\"@type\":\"BreadcrumbList\",\"@id\":\"https:\/\/www.amanprana.eu\/fr\/sauvez-la-mer\/amanprana-et-sea-shepherd-stop-a-la-peche-a-la-baleine\/#breadcrumb\",\"itemListElement\":[{\"@type\":\"ListItem\",\"position\":1,\"name\":\"Amanprana.eu\",\"item\":\"https:\/\/www.amanprana.eu\/fr\/\"},{\"@type\":\"ListItem\",\"position\":2,\"name\":\"SLM - articles\",\"item\":\"https:\/\/www.amanprana.eu\/fr\/sauvez-la-mer\/\"},{\"@type\":\"ListItem\",\"position\":3,\"name\":\"Surp\u00eache\",\"item\":\"https:\/\/www.amanprana.eu\/fr\/red_de_zee_categorieen\/surpeche\/\"},{\"@type\":\"ListItem\",\"position\":4,\"name\":\"Stop \u00e0 la p\u00eache \u00e0 la baleine\"}]},{\"@type\":\"WebSite\",\"@id\":\"https:\/\/www.amanprana.eu\/fr\/#website\",\"url\":\"https:\/\/www.amanprana.eu\/fr\/\",\"name\":\"Amanprana\",\"description\":\"Serene levenskracht\",\"publisher\":{\"@id\":\"https:\/\/www.amanprana.eu\/fr\/#organization\"},\"potentialAction\":[{\"@type\":\"SearchAction\",\"target\":{\"@type\":\"EntryPoint\",\"urlTemplate\":\"https:\/\/www.amanprana.eu\/fr\/?s={search_term_string}\"},\"query-input\":{\"@type\":\"PropertyValueSpecification\",\"valueRequired\":true,\"valueName\":\"search_term_string\"}}],\"inLanguage\":\"fr-FR\"},{\"@type\":\"Organization\",\"@id\":\"https:\/\/www.amanprana.eu\/fr\/#organization\",\"name\":\"Amanprana\",\"url\":\"https:\/\/www.amanprana.eu\/fr\/\",\"logo\":{\"@type\":\"ImageObject\",\"inLanguage\":\"fr-FR\",\"@id\":\"https:\/\/www.amanprana.eu\/fr\/#\/schema\/logo\/image\/\",\"url\":\"https:\/\/www.amanprana.eu\/wp-content\/uploads\/webres-amanprana-logo.jpg\",\"contentUrl\":\"https:\/\/www.amanprana.eu\/wp-content\/uploads\/webres-amanprana-logo.jpg\",\"width\":300,\"height\":300,\"caption\":\"Amanprana\"},\"image\":{\"@id\":\"https:\/\/www.amanprana.eu\/fr\/#\/schema\/logo\/image\/\"},\"sameAs\":[\"https:\/\/www.facebook.com\/Amanpranaproducts\/\",\"https:\/\/www.instagram.com\/amanprana\/\",\"https:\/\/nl.pinterest.com\/amanprana\/pins\/\"]}]}<\/script>\n<!-- \/ Yoast SEO plugin. -->","yoast_head_json":{"title":"Stop \u00e0 la p\u00eache \u00e0 la baleine - Amanprana","description":"Stop \u00e0 la p\u00eache \u00e0 la baleine. L\u2019\u00e9v\u00e9nement \u00ab A Night for the Oceans \u00bb a eu lieu le 12 septembre 2010. Il s\u2019agit d\u2019une action visant \u00e0 r\u00e9colter des fonds","robots":{"index":"index","follow":"follow","max-snippet":"max-snippet:-1","max-image-preview":"max-image-preview:large","max-video-preview":"max-video-preview:-1"},"canonical":"https:\/\/www.amanprana.eu\/fr\/sauvez-la-mer\/amanprana-et-sea-shepherd-stop-a-la-peche-a-la-baleine\/","og_locale":"fr_FR","og_type":"article","og_title":"Stop \u00e0 la p\u00eache \u00e0 la baleine - Amanprana","og_description":"Stop \u00e0 la p\u00eache \u00e0 la baleine. L\u2019\u00e9v\u00e9nement \u00ab A Night for the Oceans \u00bb a eu lieu le 12 septembre 2010. Il s\u2019agit d\u2019une action visant \u00e0 r\u00e9colter des fonds","og_url":"https:\/\/www.amanprana.eu\/fr\/sauvez-la-mer\/amanprana-et-sea-shepherd-stop-a-la-peche-a-la-baleine\/","og_site_name":"Amanprana","article_publisher":"https:\/\/www.facebook.com\/Amanpranaproducts\/","og_image":[{"width":922,"height":450,"url":"https:\/\/www.amanprana.eu\/wp-content\/uploads\/Sea_Shepherd_logo_als_symbool_voor_de_beschermers_van_de_oceanen.jpg","type":"image\/jpeg"}],"twitter_card":"summary_large_image","twitter_misc":{"Dur\u00e9e de lecture estim\u00e9e":"3 minutes"},"schema":{"@context":"https:\/\/schema.org","@graph":[{"@type":"WebPage","@id":"https:\/\/www.amanprana.eu\/fr\/sauvez-la-mer\/amanprana-et-sea-shepherd-stop-a-la-peche-a-la-baleine\/","url":"https:\/\/www.amanprana.eu\/fr\/sauvez-la-mer\/amanprana-et-sea-shepherd-stop-a-la-peche-a-la-baleine\/","name":"Stop \u00e0 la p\u00eache \u00e0 la baleine - Amanprana","isPartOf":{"@id":"https:\/\/www.amanprana.eu\/fr\/#website"},"primaryImageOfPage":{"@id":"https:\/\/www.amanprana.eu\/fr\/sauvez-la-mer\/amanprana-et-sea-shepherd-stop-a-la-peche-a-la-baleine\/#primaryimage"},"image":{"@id":"https:\/\/www.amanprana.eu\/fr\/sauvez-la-mer\/amanprana-et-sea-shepherd-stop-a-la-peche-a-la-baleine\/#primaryimage"},"thumbnailUrl":"https:\/\/www.amanprana.eu\/wp-content\/uploads\/Sea_Shepherd_logo_als_symbool_voor_de_beschermers_van_de_oceanen.jpg","datePublished":"2019-01-03T15:29:56+00:00","description":"Stop \u00e0 la p\u00eache \u00e0 la baleine. L\u2019\u00e9v\u00e9nement \u00ab A Night for the Oceans \u00bb a eu lieu le 12 septembre 2010. Il s\u2019agit d\u2019une action visant \u00e0 r\u00e9colter des fonds","breadcrumb":{"@id":"https:\/\/www.amanprana.eu\/fr\/sauvez-la-mer\/amanprana-et-sea-shepherd-stop-a-la-peche-a-la-baleine\/#breadcrumb"},"inLanguage":"fr-FR","potentialAction":[{"@type":"ReadAction","target":["https:\/\/www.amanprana.eu\/fr\/sauvez-la-mer\/amanprana-et-sea-shepherd-stop-a-la-peche-a-la-baleine\/"]}]},{"@type":"ImageObject","inLanguage":"fr-FR","@id":"https:\/\/www.amanprana.eu\/fr\/sauvez-la-mer\/amanprana-et-sea-shepherd-stop-a-la-peche-a-la-baleine\/#primaryimage","url":"https:\/\/www.amanprana.eu\/wp-content\/uploads\/Sea_Shepherd_logo_als_symbool_voor_de_beschermers_van_de_oceanen.jpg","contentUrl":"https:\/\/www.amanprana.eu\/wp-content\/uploads\/Sea_Shepherd_logo_als_symbool_voor_de_beschermers_van_de_oceanen.jpg","width":922,"height":450},{"@type":"BreadcrumbList","@id":"https:\/\/www.amanprana.eu\/fr\/sauvez-la-mer\/amanprana-et-sea-shepherd-stop-a-la-peche-a-la-baleine\/#breadcrumb","itemListElement":[{"@type":"ListItem","position":1,"name":"Amanprana.eu","item":"https:\/\/www.amanprana.eu\/fr\/"},{"@type":"ListItem","position":2,"name":"SLM - articles","item":"https:\/\/www.amanprana.eu\/fr\/sauvez-la-mer\/"},{"@type":"ListItem","position":3,"name":"Surp\u00eache","item":"https:\/\/www.amanprana.eu\/fr\/red_de_zee_categorieen\/surpeche\/"},{"@type":"ListItem","position":4,"name":"Stop \u00e0 la p\u00eache \u00e0 la baleine"}]},{"@type":"WebSite","@id":"https:\/\/www.amanprana.eu\/fr\/#website","url":"https:\/\/www.amanprana.eu\/fr\/","name":"Amanprana","description":"Serene levenskracht","publisher":{"@id":"https:\/\/www.amanprana.eu\/fr\/#organization"},"potentialAction":[{"@type":"SearchAction","target":{"@type":"EntryPoint","urlTemplate":"https:\/\/www.amanprana.eu\/fr\/?s={search_term_string}"},"query-input":{"@type":"PropertyValueSpecification","valueRequired":true,"valueName":"search_term_string"}}],"inLanguage":"fr-FR"},{"@type":"Organization","@id":"https:\/\/www.amanprana.eu\/fr\/#organization","name":"Amanprana","url":"https:\/\/www.amanprana.eu\/fr\/","logo":{"@type":"ImageObject","inLanguage":"fr-FR","@id":"https:\/\/www.amanprana.eu\/fr\/#\/schema\/logo\/image\/","url":"https:\/\/www.amanprana.eu\/wp-content\/uploads\/webres-amanprana-logo.jpg","contentUrl":"https:\/\/www.amanprana.eu\/wp-content\/uploads\/webres-amanprana-logo.jpg","width":300,"height":300,"caption":"Amanprana"},"image":{"@id":"https:\/\/www.amanprana.eu\/fr\/#\/schema\/logo\/image\/"},"sameAs":["https:\/\/www.facebook.com\/Amanpranaproducts\/","https:\/\/www.instagram.com\/amanprana\/","https:\/\/nl.pinterest.com\/amanprana\/pins\/"]}]}},"multi-rating":{"mr_rating_results":[]},"_links":{"self":[{"href":"https:\/\/www.amanprana.eu\/fr\/wp-json\/wp\/v2\/red_de_zee\/43080","targetHints":{"allow":["GET"]}}],"collection":[{"href":"https:\/\/www.amanprana.eu\/fr\/wp-json\/wp\/v2\/red_de_zee"}],"about":[{"href":"https:\/\/www.amanprana.eu\/fr\/wp-json\/wp\/v2\/types\/red_de_zee"}],"version-history":[{"count":0,"href":"https:\/\/www.amanprana.eu\/fr\/wp-json\/wp\/v2\/red_de_zee\/43080\/revisions"}],"wp:featuredmedia":[{"embeddable":true,"href":"https:\/\/www.amanprana.eu\/fr\/wp-json\/wp\/v2\/media\/43054"}],"wp:attachment":[{"href":"https:\/\/www.amanprana.eu\/fr\/wp-json\/wp\/v2\/media?parent=43080"}],"curies":[{"name":"wp","href":"https:\/\/api.w.org\/{rel}","templated":true}]}}