

{"id":43319,"date":"2019-01-03T17:29:44","date_gmt":"2019-01-03T16:29:44","guid":{"rendered":"https:\/\/www.amanprana.eu\/red_de_zee\/la-surpeche-depuis-des-decennies-deja\/"},"modified":"2019-01-03T17:29:44","modified_gmt":"2019-01-03T16:29:44","slug":"la-surpeche-depuis-des-decennies-deja","status":"publish","type":"red_de_zee","link":"https:\/\/www.amanprana.eu\/fr\/sauvez-la-mer\/la-surpeche-depuis-des-decennies-deja\/","title":{"rendered":"La surp\u00eache, depuis des d\u00e9cennies d\u00e9j\u00e0"},"content":{"rendered":"<p>Sans mesures radicales, les eaux autour de l&rsquo;Europe, mais ailleurs aussi, ressembleront de plus en plus \u00e0 un d\u00e9sert, \u00e0 un aquarium vide. Les p\u00eacheurs oublient souvent qu&rsquo;ils ne font que r\u00e9colter, sans semer. Depuis des d\u00e9cennies d\u00e9j\u00e0, la quantit\u00e9 de poisson consomm\u00e9e d\u00e9passe le renouvellement des populations.<br \/>\nLa consommation annuelle de poisson s&rsquo;\u00e9l\u00e8ve \u00e0 100 milliards de kg, soit une moyenne de 13,5 kg par personne. Les japonais consomment le plus, affichant 72 kg par personne. Aux Pays-Bas, la consommation atteint 7 \u00e0 8 kg par personne. Des estimations r\u00e9v\u00e8lent que pour arriver \u00e0 ces 100 milliards de kilos de poisson dans notre assiette, un Total de 200 milliards de kilos de poissons et autres \u00eatres vivants sont tu\u00e9s. <\/p>\n<p>Organisation des Nations unies pour l&rsquo;alimentation et l&rsquo;agriculture estime qu&rsquo;au moins 70 % des stocks de poissons de la plan\u00e8te souffrent actuellement de surp\u00eache. Cette surp\u00eache est un probl\u00e8me qui concerne la plupart des mers du monde. On parle de surp\u00eache, lorsqu&rsquo;une telle quantit\u00e9 de poisson est p\u00each\u00e9e dans une r\u00e9gion donn\u00e9e, que cela met en danger la subsistance de la population. Nous connaissons 2 sortes de surp\u00eache, \u00e0 savoir la surp\u00eache de recrutement et la surp\u00eache de croissance. On parle de surp\u00eache de croissance, lorsque trop de jeunes poissons sont captur\u00e9s, qui ne sont pas encore en \u00e2ge de reproduction. Il est question de surp\u00eache de recrutement, lorsqu&rsquo;il y a une capture surabondante de population en \u00e2ge de reproduction, entra\u00eenant une baisse de la population. <\/p>\n<p>La zone de p\u00eache de Great Banks, en Terre-Neuve, en est un exemple r\u00e9put\u00e9. Jadis, on pouvait v\u00e9ritablement \u00ab\u00a0cueillir\u00a0\u00bb le cabillaud dans l&rsquo;eau. La surp\u00eache de longue date a entra\u00een\u00e9 la disparition quasi totale du cabillaud \u00e0 cet endroit. La p\u00eache commerciale n&rsquo;y est plus possible \u00e0 l&rsquo;heure actuelle. Les co\u00fbts ne font pas le poids par rapport \u00e0 la rentabilit\u00e9. L&rsquo;\u00e9cosyst\u00e8me du cabillaud a \u00e9t\u00e9 \u00e0 ce point perturb\u00e9, que le cabillaud ne parvient pas \u00e0 se r\u00e9tablir.<br \/>\nEn mer du Nord aussi, le cabillaud, la sole, la plie et l&rsquo;aiglefin souffrent de surp\u00eache. Les quotas de p\u00eache paraissent trop \u00e9lev\u00e9s pour permettre de r\u00e9tablir la subsistance de ces esp\u00e8ces en mer du Nord. Le thon a d\u00e9j\u00e0 compl\u00e8tement disparu depuis les ann\u00e9es &rsquo;60. Dans la mer m\u00e9diterran\u00e9e, la population de thon rouge a d&rsquo;ores et d\u00e9j\u00e0 baiss\u00e9 de 80% en 1999. Le m\u00eame sort attend sans doute les populations de thon ailleurs.<\/p>\n<p>la surpeche et illustration La consommation de poisson \u00e0 travers le monde est toujours en croissance. Au cours des trente derni\u00e8res ann\u00e9es, la consommation a doubl\u00e9 et on estime qu&rsquo;elle augmentera encore \u00e0 concurrence de 1,5% par ann\u00e9e jusqu&rsquo;en 2020. En 1998, la consommation humaine de poisson \u00e9tait estim\u00e9e \u00e0 93,6 milliards de kilo, pour passer en 2002 \u00e0 1,7 milliards de kilos. En regard de la croissance de la population mondiale, les mers de la plan\u00e8te ne semblent plus \u00eatre en mesure de prot\u00e9ger leurs poissons, \u00e0 moins que vous ne d\u00e9cidiez de manger moins de poisson. <\/p>\n<p>D&rsquo;apr\u00e8s cette Organisation pour l&rsquo;alimentation et l&rsquo;agriculture, seuls 3% des esp\u00e8ces de poissons ne sont pas menac\u00e9es.<\/p>\n","protected":false},"featured_media":43314,"menu_order":62,"template":"","format":"standard","class_list":["post-43319","red_de_zee","type-red_de_zee","status-publish","format-standard","has-post-thumbnail","hentry","red_de_zee_categorieen-surpeche"],"acf":[],"yoast_head":"<!-- This site is optimized with the Yoast SEO plugin v24.7 - https:\/\/yoast.com\/wordpress\/plugins\/seo\/ -->\n<title>La surp\u00eache, depuis des d\u00e9cennies d\u00e9j\u00e0 - Amanprana<\/title>\n<meta name=\"description\" content=\"Sans mesures radicales, les eaux autour de l&#039;Europe, mais ailleurs aussi, ressembleront de plus en plus \u00e0 un d\u00e9sert, \u00e0 un aquarium vide. Les p\u00eacheurs\" \/>\n<meta name=\"robots\" content=\"index, follow, max-snippet:-1, max-image-preview:large, max-video-preview:-1\" \/>\n<link rel=\"canonical\" href=\"https:\/\/www.amanprana.eu\/fr\/sauvez-la-mer\/la-surpeche-depuis-des-decennies-deja\/\" \/>\n<meta property=\"og:locale\" content=\"fr_FR\" \/>\n<meta property=\"og:type\" content=\"article\" \/>\n<meta property=\"og:title\" content=\"La surp\u00eache, depuis des d\u00e9cennies d\u00e9j\u00e0 - Amanprana\" \/>\n<meta property=\"og:description\" content=\"Sans mesures radicales, les eaux autour de l&#039;Europe, mais ailleurs aussi, ressembleront de plus en plus \u00e0 un d\u00e9sert, \u00e0 un aquarium vide. Les p\u00eacheurs\" \/>\n<meta property=\"og:url\" content=\"https:\/\/www.amanprana.eu\/fr\/sauvez-la-mer\/la-surpeche-depuis-des-decennies-deja\/\" \/>\n<meta property=\"og:site_name\" content=\"Amanprana\" \/>\n<meta property=\"article:publisher\" content=\"https:\/\/www.facebook.com\/Amanpranaproducts\/\" \/>\n<meta property=\"og:image\" content=\"https:\/\/www.amanprana.eu\/wp-content\/uploads\/06.jpg\" \/>\n\t<meta property=\"og:image:width\" content=\"800\" \/>\n\t<meta property=\"og:image:height\" content=\"400\" \/>\n\t<meta property=\"og:image:type\" content=\"image\/jpeg\" \/>\n<meta name=\"twitter:card\" content=\"summary_large_image\" \/>\n<meta name=\"twitter:label1\" content=\"Dur\u00e9e de lecture estim\u00e9e\" \/>\n\t<meta name=\"twitter:data1\" content=\"3 minutes\" \/>\n<script type=\"application\/ld+json\" class=\"yoast-schema-graph\">{\"@context\":\"https:\/\/schema.org\",\"@graph\":[{\"@type\":\"WebPage\",\"@id\":\"https:\/\/www.amanprana.eu\/fr\/sauvez-la-mer\/la-surpeche-depuis-des-decennies-deja\/\",\"url\":\"https:\/\/www.amanprana.eu\/fr\/sauvez-la-mer\/la-surpeche-depuis-des-decennies-deja\/\",\"name\":\"La surp\u00eache, depuis des d\u00e9cennies d\u00e9j\u00e0 - Amanprana\",\"isPartOf\":{\"@id\":\"https:\/\/www.amanprana.eu\/fr\/#website\"},\"primaryImageOfPage\":{\"@id\":\"https:\/\/www.amanprana.eu\/fr\/sauvez-la-mer\/la-surpeche-depuis-des-decennies-deja\/#primaryimage\"},\"image\":{\"@id\":\"https:\/\/www.amanprana.eu\/fr\/sauvez-la-mer\/la-surpeche-depuis-des-decennies-deja\/#primaryimage\"},\"thumbnailUrl\":\"https:\/\/www.amanprana.eu\/wp-content\/uploads\/06.jpg\",\"datePublished\":\"2019-01-03T16:29:44+00:00\",\"description\":\"Sans mesures radicales, les eaux autour de l'Europe, mais ailleurs aussi, ressembleront de plus en plus \u00e0 un d\u00e9sert, \u00e0 un aquarium vide. Les p\u00eacheurs\",\"breadcrumb\":{\"@id\":\"https:\/\/www.amanprana.eu\/fr\/sauvez-la-mer\/la-surpeche-depuis-des-decennies-deja\/#breadcrumb\"},\"inLanguage\":\"fr-FR\",\"potentialAction\":[{\"@type\":\"ReadAction\",\"target\":[\"https:\/\/www.amanprana.eu\/fr\/sauvez-la-mer\/la-surpeche-depuis-des-decennies-deja\/\"]}]},{\"@type\":\"ImageObject\",\"inLanguage\":\"fr-FR\",\"@id\":\"https:\/\/www.amanprana.eu\/fr\/sauvez-la-mer\/la-surpeche-depuis-des-decennies-deja\/#primaryimage\",\"url\":\"https:\/\/www.amanprana.eu\/wp-content\/uploads\/06.jpg\",\"contentUrl\":\"https:\/\/www.amanprana.eu\/wp-content\/uploads\/06.jpg\",\"width\":800,\"height\":400},{\"@type\":\"BreadcrumbList\",\"@id\":\"https:\/\/www.amanprana.eu\/fr\/sauvez-la-mer\/la-surpeche-depuis-des-decennies-deja\/#breadcrumb\",\"itemListElement\":[{\"@type\":\"ListItem\",\"position\":1,\"name\":\"Amanprana.eu\",\"item\":\"https:\/\/www.amanprana.eu\/fr\/\"},{\"@type\":\"ListItem\",\"position\":2,\"name\":\"SLM - articles\",\"item\":\"https:\/\/www.amanprana.eu\/fr\/sauvez-la-mer\/\"},{\"@type\":\"ListItem\",\"position\":3,\"name\":\"Surp\u00eache\",\"item\":\"https:\/\/www.amanprana.eu\/fr\/red_de_zee_categorieen\/surpeche\/\"},{\"@type\":\"ListItem\",\"position\":4,\"name\":\"La surp\u00eache, depuis des d\u00e9cennies d\u00e9j\u00e0\"}]},{\"@type\":\"WebSite\",\"@id\":\"https:\/\/www.amanprana.eu\/fr\/#website\",\"url\":\"https:\/\/www.amanprana.eu\/fr\/\",\"name\":\"Amanprana\",\"description\":\"Serene levenskracht\",\"publisher\":{\"@id\":\"https:\/\/www.amanprana.eu\/fr\/#organization\"},\"potentialAction\":[{\"@type\":\"SearchAction\",\"target\":{\"@type\":\"EntryPoint\",\"urlTemplate\":\"https:\/\/www.amanprana.eu\/fr\/?s={search_term_string}\"},\"query-input\":{\"@type\":\"PropertyValueSpecification\",\"valueRequired\":true,\"valueName\":\"search_term_string\"}}],\"inLanguage\":\"fr-FR\"},{\"@type\":\"Organization\",\"@id\":\"https:\/\/www.amanprana.eu\/fr\/#organization\",\"name\":\"Amanprana\",\"url\":\"https:\/\/www.amanprana.eu\/fr\/\",\"logo\":{\"@type\":\"ImageObject\",\"inLanguage\":\"fr-FR\",\"@id\":\"https:\/\/www.amanprana.eu\/fr\/#\/schema\/logo\/image\/\",\"url\":\"https:\/\/www.amanprana.eu\/wp-content\/uploads\/webres-amanprana-logo.jpg\",\"contentUrl\":\"https:\/\/www.amanprana.eu\/wp-content\/uploads\/webres-amanprana-logo.jpg\",\"width\":300,\"height\":300,\"caption\":\"Amanprana\"},\"image\":{\"@id\":\"https:\/\/www.amanprana.eu\/fr\/#\/schema\/logo\/image\/\"},\"sameAs\":[\"https:\/\/www.facebook.com\/Amanpranaproducts\/\",\"https:\/\/www.instagram.com\/amanprana\/\",\"https:\/\/nl.pinterest.com\/amanprana\/pins\/\"]}]}<\/script>\n<!-- \/ Yoast SEO plugin. -->","yoast_head_json":{"title":"La surp\u00eache, depuis des d\u00e9cennies d\u00e9j\u00e0 - Amanprana","description":"Sans mesures radicales, les eaux autour de l'Europe, mais ailleurs aussi, ressembleront de plus en plus \u00e0 un d\u00e9sert, \u00e0 un aquarium vide. Les p\u00eacheurs","robots":{"index":"index","follow":"follow","max-snippet":"max-snippet:-1","max-image-preview":"max-image-preview:large","max-video-preview":"max-video-preview:-1"},"canonical":"https:\/\/www.amanprana.eu\/fr\/sauvez-la-mer\/la-surpeche-depuis-des-decennies-deja\/","og_locale":"fr_FR","og_type":"article","og_title":"La surp\u00eache, depuis des d\u00e9cennies d\u00e9j\u00e0 - Amanprana","og_description":"Sans mesures radicales, les eaux autour de l'Europe, mais ailleurs aussi, ressembleront de plus en plus \u00e0 un d\u00e9sert, \u00e0 un aquarium vide. Les p\u00eacheurs","og_url":"https:\/\/www.amanprana.eu\/fr\/sauvez-la-mer\/la-surpeche-depuis-des-decennies-deja\/","og_site_name":"Amanprana","article_publisher":"https:\/\/www.facebook.com\/Amanpranaproducts\/","og_image":[{"width":800,"height":400,"url":"https:\/\/www.amanprana.eu\/wp-content\/uploads\/06.jpg","type":"image\/jpeg"}],"twitter_card":"summary_large_image","twitter_misc":{"Dur\u00e9e de lecture estim\u00e9e":"3 minutes"},"schema":{"@context":"https:\/\/schema.org","@graph":[{"@type":"WebPage","@id":"https:\/\/www.amanprana.eu\/fr\/sauvez-la-mer\/la-surpeche-depuis-des-decennies-deja\/","url":"https:\/\/www.amanprana.eu\/fr\/sauvez-la-mer\/la-surpeche-depuis-des-decennies-deja\/","name":"La surp\u00eache, depuis des d\u00e9cennies d\u00e9j\u00e0 - Amanprana","isPartOf":{"@id":"https:\/\/www.amanprana.eu\/fr\/#website"},"primaryImageOfPage":{"@id":"https:\/\/www.amanprana.eu\/fr\/sauvez-la-mer\/la-surpeche-depuis-des-decennies-deja\/#primaryimage"},"image":{"@id":"https:\/\/www.amanprana.eu\/fr\/sauvez-la-mer\/la-surpeche-depuis-des-decennies-deja\/#primaryimage"},"thumbnailUrl":"https:\/\/www.amanprana.eu\/wp-content\/uploads\/06.jpg","datePublished":"2019-01-03T16:29:44+00:00","description":"Sans mesures radicales, les eaux autour de l'Europe, mais ailleurs aussi, ressembleront de plus en plus \u00e0 un d\u00e9sert, \u00e0 un aquarium vide. Les p\u00eacheurs","breadcrumb":{"@id":"https:\/\/www.amanprana.eu\/fr\/sauvez-la-mer\/la-surpeche-depuis-des-decennies-deja\/#breadcrumb"},"inLanguage":"fr-FR","potentialAction":[{"@type":"ReadAction","target":["https:\/\/www.amanprana.eu\/fr\/sauvez-la-mer\/la-surpeche-depuis-des-decennies-deja\/"]}]},{"@type":"ImageObject","inLanguage":"fr-FR","@id":"https:\/\/www.amanprana.eu\/fr\/sauvez-la-mer\/la-surpeche-depuis-des-decennies-deja\/#primaryimage","url":"https:\/\/www.amanprana.eu\/wp-content\/uploads\/06.jpg","contentUrl":"https:\/\/www.amanprana.eu\/wp-content\/uploads\/06.jpg","width":800,"height":400},{"@type":"BreadcrumbList","@id":"https:\/\/www.amanprana.eu\/fr\/sauvez-la-mer\/la-surpeche-depuis-des-decennies-deja\/#breadcrumb","itemListElement":[{"@type":"ListItem","position":1,"name":"Amanprana.eu","item":"https:\/\/www.amanprana.eu\/fr\/"},{"@type":"ListItem","position":2,"name":"SLM - articles","item":"https:\/\/www.amanprana.eu\/fr\/sauvez-la-mer\/"},{"@type":"ListItem","position":3,"name":"Surp\u00eache","item":"https:\/\/www.amanprana.eu\/fr\/red_de_zee_categorieen\/surpeche\/"},{"@type":"ListItem","position":4,"name":"La surp\u00eache, depuis des d\u00e9cennies d\u00e9j\u00e0"}]},{"@type":"WebSite","@id":"https:\/\/www.amanprana.eu\/fr\/#website","url":"https:\/\/www.amanprana.eu\/fr\/","name":"Amanprana","description":"Serene levenskracht","publisher":{"@id":"https:\/\/www.amanprana.eu\/fr\/#organization"},"potentialAction":[{"@type":"SearchAction","target":{"@type":"EntryPoint","urlTemplate":"https:\/\/www.amanprana.eu\/fr\/?s={search_term_string}"},"query-input":{"@type":"PropertyValueSpecification","valueRequired":true,"valueName":"search_term_string"}}],"inLanguage":"fr-FR"},{"@type":"Organization","@id":"https:\/\/www.amanprana.eu\/fr\/#organization","name":"Amanprana","url":"https:\/\/www.amanprana.eu\/fr\/","logo":{"@type":"ImageObject","inLanguage":"fr-FR","@id":"https:\/\/www.amanprana.eu\/fr\/#\/schema\/logo\/image\/","url":"https:\/\/www.amanprana.eu\/wp-content\/uploads\/webres-amanprana-logo.jpg","contentUrl":"https:\/\/www.amanprana.eu\/wp-content\/uploads\/webres-amanprana-logo.jpg","width":300,"height":300,"caption":"Amanprana"},"image":{"@id":"https:\/\/www.amanprana.eu\/fr\/#\/schema\/logo\/image\/"},"sameAs":["https:\/\/www.facebook.com\/Amanpranaproducts\/","https:\/\/www.instagram.com\/amanprana\/","https:\/\/nl.pinterest.com\/amanprana\/pins\/"]}]}},"multi-rating":{"mr_rating_results":[]},"_links":{"self":[{"href":"https:\/\/www.amanprana.eu\/fr\/wp-json\/wp\/v2\/red_de_zee\/43319","targetHints":{"allow":["GET"]}}],"collection":[{"href":"https:\/\/www.amanprana.eu\/fr\/wp-json\/wp\/v2\/red_de_zee"}],"about":[{"href":"https:\/\/www.amanprana.eu\/fr\/wp-json\/wp\/v2\/types\/red_de_zee"}],"version-history":[{"count":0,"href":"https:\/\/www.amanprana.eu\/fr\/wp-json\/wp\/v2\/red_de_zee\/43319\/revisions"}],"wp:featuredmedia":[{"embeddable":true,"href":"https:\/\/www.amanprana.eu\/fr\/wp-json\/wp\/v2\/media\/43314"}],"wp:attachment":[{"href":"https:\/\/www.amanprana.eu\/fr\/wp-json\/wp\/v2\/media?parent=43319"}],"curies":[{"name":"wp","href":"https:\/\/api.w.org\/{rel}","templated":true}]}}