

{"id":43369,"date":"2019-01-03T17:44:34","date_gmt":"2019-01-03T16:44:34","guid":{"rendered":"https:\/\/www.amanprana.eu\/red_de_zee\/les-monts-sous-marins-sont-menaces\/"},"modified":"2019-01-03T17:44:34","modified_gmt":"2019-01-03T16:44:34","slug":"les-monts-sous-marins-sont-menaces","status":"publish","type":"red_de_zee","link":"https:\/\/www.amanprana.eu\/fr\/sauvez-la-mer\/les-monts-sous-marins-sont-menaces\/","title":{"rendered":"Les monts sous-marins (\u2018Seamounts\u2019) sont menac\u00e9s"},"content":{"rendered":"<p>Les scientifiques pensent que non moins de 98% de la flore et la faune marine prosp\u00e8re sur les fonds marins. Une grande partie de cette flore et faune vit autour des monts sous-marins, \u00e9galement appel\u00e9s &lsquo;seamounts&rsquo;. Ces formes de vie sont, pour une majeure partie, uniques dans certaines r\u00e9gions et n&rsquo;apparaissent m\u00eame pas autour des monts sous-marins voisins, sans m\u00eame parler d&rsquo;autres zones dans les oc\u00e9ans. Souvent, ces formes de vie sont particuli\u00e8rement \u00e2g\u00e9es. Certaines sortes de corail ont au moins 8000 ans ! Le corail est essentiel \u00e0 la protection des poissons color\u00e9s contre les poissons piscivores.<\/p>\n<p>Il reste beaucoup de choses \u00e0 d\u00e9couvrir \u00e0 propos de ces communaut\u00e9s de vie, c&rsquo;est pourquoi il serait pr\u00e9f\u00e9rable de laisser ces monts sous-marins tranquilles. Pourtant, ce sont pr\u00e9cis\u00e9ment ces sites qui sont la cible de la p\u00eache en haute mer. Ces endroits grouillent de vie. Des chaluts y sont mis \u00e0 l&rsquo;\u0153uvre. Le corail et d&rsquo;autres formes de vie marine y sont d\u00e9truits. Pourquoi allons-nous y p\u00eacher ? Parce que les eaux c\u00f4ti\u00e8res ont d\u00e9j\u00e0 succomb\u00e9 \u00e0 la surp\u00eache et qu&rsquo;en tant qu&rsquo;\u00eatre humain, nous pensons pouvoir tout &lsquo;rafler&rsquo;.<\/p>\n<div id='gallery-1' class='gallery galleryid-43369 gallery-columns-2 gallery-size-medium'><dl class='gallery-item'>\n\t\t\t<dt class='gallery-icon landscape'>\n\t\t\t\t<img decoding=\"async\" width=\"300\" height=\"225\" src=\"https:\/\/www.amanprana.eu\/wp-content\/uploads\/ondergrondse_zeebergen-300x225.jpg\" class=\"attachment-medium size-medium\" alt=\"\" aria-describedby=\"gallery-1-43354\" srcset=\"https:\/\/www.amanprana.eu\/wp-content\/uploads\/ondergrondse_zeebergen-300x225.jpg 300w, https:\/\/www.amanprana.eu\/wp-content\/uploads\/ondergrondse_zeebergen-100x75.jpg 100w, https:\/\/www.amanprana.eu\/wp-content\/uploads\/ondergrondse_zeebergen.jpg 350w\" sizes=\"(max-width: 300px) 100vw, 300px\" \/>\n\t\t\t<\/dt>\n\t\t\t\t<dd class='wp-caption-text gallery-caption' id='gallery-1-43354'>\n\t\t\t\tTiburon Dive# 668Lat= 31.89977264Lon= -120.04653168Depth= 2352.6 m  Temp= 1.828 C  Sal= 34.561 PSU  Oxy= 2.30 ml\/l  Xmiss= 85.8%Source= digitalImages\/Tiburon\/2004\/tibr668\/DSCN6633.JPGEpoch seconds= 1083790134Beta timecode= 05:42:59:10\n\t\t\t\t<\/dd><\/dl><dl class='gallery-item'>\n\t\t\t<dt class='gallery-icon portrait'>\n\t\t\t\t<img decoding=\"async\" width=\"200\" height=\"300\" src=\"https:\/\/www.amanprana.eu\/wp-content\/uploads\/zeebergen2-200x300.jpg\" class=\"attachment-medium size-medium\" alt=\"\" srcset=\"https:\/\/www.amanprana.eu\/wp-content\/uploads\/zeebergen2-200x300.jpg 200w, https:\/\/www.amanprana.eu\/wp-content\/uploads\/zeebergen2-100x150.jpg 100w, https:\/\/www.amanprana.eu\/wp-content\/uploads\/zeebergen2.jpg 300w\" sizes=\"(max-width: 200px) 100vw, 200px\" \/>\n\t\t\t<\/dt><\/dl>\n\t\t<\/div>\n\n","protected":false},"featured_media":43364,"menu_order":55,"template":"","format":"standard","class_list":["post-43369","red_de_zee","type-red_de_zee","status-publish","format-standard","has-post-thumbnail","hentry","red_de_zee_categorieen-surpeche"],"acf":[],"yoast_head":"<!-- This site is optimized with the Yoast SEO plugin v24.7 - https:\/\/yoast.com\/wordpress\/plugins\/seo\/ -->\n<title>Les monts sous-marins (\u2018Seamounts\u2019) sont menac\u00e9s - Amanprana<\/title>\n<meta name=\"description\" content=\"Les scientifiques pensent que non moins de 98% de la flore et la faune marine prosp\u00e8re sur les fonds marins. Une grande partie de cette flore et faune vit\" \/>\n<meta name=\"robots\" content=\"index, follow, max-snippet:-1, max-image-preview:large, max-video-preview:-1\" \/>\n<link rel=\"canonical\" href=\"https:\/\/www.amanprana.eu\/fr\/sauvez-la-mer\/les-monts-sous-marins-sont-menaces\/\" \/>\n<meta property=\"og:locale\" content=\"fr_FR\" \/>\n<meta property=\"og:type\" content=\"article\" \/>\n<meta property=\"og:title\" content=\"Les monts sous-marins (\u2018Seamounts\u2019) sont menac\u00e9s - Amanprana\" \/>\n<meta property=\"og:description\" content=\"Les scientifiques pensent que non moins de 98% de la flore et la faune marine prosp\u00e8re sur les fonds marins. Une grande partie de cette flore et faune vit\" \/>\n<meta property=\"og:url\" content=\"https:\/\/www.amanprana.eu\/fr\/sauvez-la-mer\/les-monts-sous-marins-sont-menaces\/\" \/>\n<meta property=\"og:site_name\" content=\"Amanprana\" \/>\n<meta property=\"article:publisher\" content=\"https:\/\/www.facebook.com\/Amanpranaproducts\/\" \/>\n<meta property=\"og:image\" content=\"https:\/\/www.amanprana.eu\/wp-content\/uploads\/24-1.jpg\" \/>\n\t<meta property=\"og:image:width\" content=\"800\" \/>\n\t<meta property=\"og:image:height\" content=\"400\" \/>\n\t<meta property=\"og:image:type\" content=\"image\/jpeg\" \/>\n<meta name=\"twitter:card\" content=\"summary_large_image\" \/>\n<meta name=\"twitter:label1\" content=\"Dur\u00e9e de lecture estim\u00e9e\" \/>\n\t<meta name=\"twitter:data1\" content=\"1 minute\" \/>\n<script type=\"application\/ld+json\" class=\"yoast-schema-graph\">{\"@context\":\"https:\/\/schema.org\",\"@graph\":[{\"@type\":\"WebPage\",\"@id\":\"https:\/\/www.amanprana.eu\/fr\/sauvez-la-mer\/les-monts-sous-marins-sont-menaces\/\",\"url\":\"https:\/\/www.amanprana.eu\/fr\/sauvez-la-mer\/les-monts-sous-marins-sont-menaces\/\",\"name\":\"Les monts sous-marins (\u2018Seamounts\u2019) sont menac\u00e9s - Amanprana\",\"isPartOf\":{\"@id\":\"https:\/\/www.amanprana.eu\/fr\/#website\"},\"primaryImageOfPage\":{\"@id\":\"https:\/\/www.amanprana.eu\/fr\/sauvez-la-mer\/les-monts-sous-marins-sont-menaces\/#primaryimage\"},\"image\":{\"@id\":\"https:\/\/www.amanprana.eu\/fr\/sauvez-la-mer\/les-monts-sous-marins-sont-menaces\/#primaryimage\"},\"thumbnailUrl\":\"https:\/\/www.amanprana.eu\/wp-content\/uploads\/24-1.jpg\",\"datePublished\":\"2019-01-03T16:44:34+00:00\",\"description\":\"Les scientifiques pensent que non moins de 98% de la flore et la faune marine prosp\u00e8re sur les fonds marins. Une grande partie de cette flore et faune vit\",\"breadcrumb\":{\"@id\":\"https:\/\/www.amanprana.eu\/fr\/sauvez-la-mer\/les-monts-sous-marins-sont-menaces\/#breadcrumb\"},\"inLanguage\":\"fr-FR\",\"potentialAction\":[{\"@type\":\"ReadAction\",\"target\":[\"https:\/\/www.amanprana.eu\/fr\/sauvez-la-mer\/les-monts-sous-marins-sont-menaces\/\"]}]},{\"@type\":\"ImageObject\",\"inLanguage\":\"fr-FR\",\"@id\":\"https:\/\/www.amanprana.eu\/fr\/sauvez-la-mer\/les-monts-sous-marins-sont-menaces\/#primaryimage\",\"url\":\"https:\/\/www.amanprana.eu\/wp-content\/uploads\/24-1.jpg\",\"contentUrl\":\"https:\/\/www.amanprana.eu\/wp-content\/uploads\/24-1.jpg\",\"width\":800,\"height\":400},{\"@type\":\"BreadcrumbList\",\"@id\":\"https:\/\/www.amanprana.eu\/fr\/sauvez-la-mer\/les-monts-sous-marins-sont-menaces\/#breadcrumb\",\"itemListElement\":[{\"@type\":\"ListItem\",\"position\":1,\"name\":\"Amanprana.eu\",\"item\":\"https:\/\/www.amanprana.eu\/fr\/\"},{\"@type\":\"ListItem\",\"position\":2,\"name\":\"SLM - articles\",\"item\":\"https:\/\/www.amanprana.eu\/fr\/sauvez-la-mer\/\"},{\"@type\":\"ListItem\",\"position\":3,\"name\":\"Surp\u00eache\",\"item\":\"https:\/\/www.amanprana.eu\/fr\/red_de_zee_categorieen\/surpeche\/\"},{\"@type\":\"ListItem\",\"position\":4,\"name\":\"Les monts sous-marins (\u2018Seamounts\u2019) sont menac\u00e9s\"}]},{\"@type\":\"WebSite\",\"@id\":\"https:\/\/www.amanprana.eu\/fr\/#website\",\"url\":\"https:\/\/www.amanprana.eu\/fr\/\",\"name\":\"Amanprana\",\"description\":\"Serene levenskracht\",\"publisher\":{\"@id\":\"https:\/\/www.amanprana.eu\/fr\/#organization\"},\"potentialAction\":[{\"@type\":\"SearchAction\",\"target\":{\"@type\":\"EntryPoint\",\"urlTemplate\":\"https:\/\/www.amanprana.eu\/fr\/?s={search_term_string}\"},\"query-input\":{\"@type\":\"PropertyValueSpecification\",\"valueRequired\":true,\"valueName\":\"search_term_string\"}}],\"inLanguage\":\"fr-FR\"},{\"@type\":\"Organization\",\"@id\":\"https:\/\/www.amanprana.eu\/fr\/#organization\",\"name\":\"Amanprana\",\"url\":\"https:\/\/www.amanprana.eu\/fr\/\",\"logo\":{\"@type\":\"ImageObject\",\"inLanguage\":\"fr-FR\",\"@id\":\"https:\/\/www.amanprana.eu\/fr\/#\/schema\/logo\/image\/\",\"url\":\"https:\/\/www.amanprana.eu\/wp-content\/uploads\/webres-amanprana-logo.jpg\",\"contentUrl\":\"https:\/\/www.amanprana.eu\/wp-content\/uploads\/webres-amanprana-logo.jpg\",\"width\":300,\"height\":300,\"caption\":\"Amanprana\"},\"image\":{\"@id\":\"https:\/\/www.amanprana.eu\/fr\/#\/schema\/logo\/image\/\"},\"sameAs\":[\"https:\/\/www.facebook.com\/Amanpranaproducts\/\",\"https:\/\/www.instagram.com\/amanprana\/\",\"https:\/\/nl.pinterest.com\/amanprana\/pins\/\"]}]}<\/script>\n<!-- \/ Yoast SEO plugin. -->","yoast_head_json":{"title":"Les monts sous-marins (\u2018Seamounts\u2019) sont menac\u00e9s - Amanprana","description":"Les scientifiques pensent que non moins de 98% de la flore et la faune marine prosp\u00e8re sur les fonds marins. Une grande partie de cette flore et faune vit","robots":{"index":"index","follow":"follow","max-snippet":"max-snippet:-1","max-image-preview":"max-image-preview:large","max-video-preview":"max-video-preview:-1"},"canonical":"https:\/\/www.amanprana.eu\/fr\/sauvez-la-mer\/les-monts-sous-marins-sont-menaces\/","og_locale":"fr_FR","og_type":"article","og_title":"Les monts sous-marins (\u2018Seamounts\u2019) sont menac\u00e9s - Amanprana","og_description":"Les scientifiques pensent que non moins de 98% de la flore et la faune marine prosp\u00e8re sur les fonds marins. Une grande partie de cette flore et faune vit","og_url":"https:\/\/www.amanprana.eu\/fr\/sauvez-la-mer\/les-monts-sous-marins-sont-menaces\/","og_site_name":"Amanprana","article_publisher":"https:\/\/www.facebook.com\/Amanpranaproducts\/","og_image":[{"width":800,"height":400,"url":"https:\/\/www.amanprana.eu\/wp-content\/uploads\/24-1.jpg","type":"image\/jpeg"}],"twitter_card":"summary_large_image","twitter_misc":{"Dur\u00e9e de lecture estim\u00e9e":"1 minute"},"schema":{"@context":"https:\/\/schema.org","@graph":[{"@type":"WebPage","@id":"https:\/\/www.amanprana.eu\/fr\/sauvez-la-mer\/les-monts-sous-marins-sont-menaces\/","url":"https:\/\/www.amanprana.eu\/fr\/sauvez-la-mer\/les-monts-sous-marins-sont-menaces\/","name":"Les monts sous-marins (\u2018Seamounts\u2019) sont menac\u00e9s - Amanprana","isPartOf":{"@id":"https:\/\/www.amanprana.eu\/fr\/#website"},"primaryImageOfPage":{"@id":"https:\/\/www.amanprana.eu\/fr\/sauvez-la-mer\/les-monts-sous-marins-sont-menaces\/#primaryimage"},"image":{"@id":"https:\/\/www.amanprana.eu\/fr\/sauvez-la-mer\/les-monts-sous-marins-sont-menaces\/#primaryimage"},"thumbnailUrl":"https:\/\/www.amanprana.eu\/wp-content\/uploads\/24-1.jpg","datePublished":"2019-01-03T16:44:34+00:00","description":"Les scientifiques pensent que non moins de 98% de la flore et la faune marine prosp\u00e8re sur les fonds marins. Une grande partie de cette flore et faune vit","breadcrumb":{"@id":"https:\/\/www.amanprana.eu\/fr\/sauvez-la-mer\/les-monts-sous-marins-sont-menaces\/#breadcrumb"},"inLanguage":"fr-FR","potentialAction":[{"@type":"ReadAction","target":["https:\/\/www.amanprana.eu\/fr\/sauvez-la-mer\/les-monts-sous-marins-sont-menaces\/"]}]},{"@type":"ImageObject","inLanguage":"fr-FR","@id":"https:\/\/www.amanprana.eu\/fr\/sauvez-la-mer\/les-monts-sous-marins-sont-menaces\/#primaryimage","url":"https:\/\/www.amanprana.eu\/wp-content\/uploads\/24-1.jpg","contentUrl":"https:\/\/www.amanprana.eu\/wp-content\/uploads\/24-1.jpg","width":800,"height":400},{"@type":"BreadcrumbList","@id":"https:\/\/www.amanprana.eu\/fr\/sauvez-la-mer\/les-monts-sous-marins-sont-menaces\/#breadcrumb","itemListElement":[{"@type":"ListItem","position":1,"name":"Amanprana.eu","item":"https:\/\/www.amanprana.eu\/fr\/"},{"@type":"ListItem","position":2,"name":"SLM - articles","item":"https:\/\/www.amanprana.eu\/fr\/sauvez-la-mer\/"},{"@type":"ListItem","position":3,"name":"Surp\u00eache","item":"https:\/\/www.amanprana.eu\/fr\/red_de_zee_categorieen\/surpeche\/"},{"@type":"ListItem","position":4,"name":"Les monts sous-marins (\u2018Seamounts\u2019) sont menac\u00e9s"}]},{"@type":"WebSite","@id":"https:\/\/www.amanprana.eu\/fr\/#website","url":"https:\/\/www.amanprana.eu\/fr\/","name":"Amanprana","description":"Serene levenskracht","publisher":{"@id":"https:\/\/www.amanprana.eu\/fr\/#organization"},"potentialAction":[{"@type":"SearchAction","target":{"@type":"EntryPoint","urlTemplate":"https:\/\/www.amanprana.eu\/fr\/?s={search_term_string}"},"query-input":{"@type":"PropertyValueSpecification","valueRequired":true,"valueName":"search_term_string"}}],"inLanguage":"fr-FR"},{"@type":"Organization","@id":"https:\/\/www.amanprana.eu\/fr\/#organization","name":"Amanprana","url":"https:\/\/www.amanprana.eu\/fr\/","logo":{"@type":"ImageObject","inLanguage":"fr-FR","@id":"https:\/\/www.amanprana.eu\/fr\/#\/schema\/logo\/image\/","url":"https:\/\/www.amanprana.eu\/wp-content\/uploads\/webres-amanprana-logo.jpg","contentUrl":"https:\/\/www.amanprana.eu\/wp-content\/uploads\/webres-amanprana-logo.jpg","width":300,"height":300,"caption":"Amanprana"},"image":{"@id":"https:\/\/www.amanprana.eu\/fr\/#\/schema\/logo\/image\/"},"sameAs":["https:\/\/www.facebook.com\/Amanpranaproducts\/","https:\/\/www.instagram.com\/amanprana\/","https:\/\/nl.pinterest.com\/amanprana\/pins\/"]}]}},"multi-rating":{"mr_rating_results":[]},"_links":{"self":[{"href":"https:\/\/www.amanprana.eu\/fr\/wp-json\/wp\/v2\/red_de_zee\/43369","targetHints":{"allow":["GET"]}}],"collection":[{"href":"https:\/\/www.amanprana.eu\/fr\/wp-json\/wp\/v2\/red_de_zee"}],"about":[{"href":"https:\/\/www.amanprana.eu\/fr\/wp-json\/wp\/v2\/types\/red_de_zee"}],"version-history":[{"count":0,"href":"https:\/\/www.amanprana.eu\/fr\/wp-json\/wp\/v2\/red_de_zee\/43369\/revisions"}],"wp:featuredmedia":[{"embeddable":true,"href":"https:\/\/www.amanprana.eu\/fr\/wp-json\/wp\/v2\/media\/43364"}],"wp:attachment":[{"href":"https:\/\/www.amanprana.eu\/fr\/wp-json\/wp\/v2\/media?parent=43369"}],"curies":[{"name":"wp","href":"https:\/\/api.w.org\/{rel}","templated":true}]}}