

{"id":44505,"date":"2019-01-30T09:04:08","date_gmt":"2019-01-30T08:04:08","guid":{"rendered":"https:\/\/www.amanprana.eu\/red_de_zee\/assiettes-et-gobelets-en-plastique-interdits-en-france\/"},"modified":"2019-01-30T09:04:08","modified_gmt":"2019-01-30T08:04:08","slug":"assiettes-et-gobelets-en-plastique-interdits-en-france","status":"publish","type":"red_de_zee","link":"https:\/\/www.amanprana.eu\/fr\/sauvez-la-mer\/assiettes-et-gobelets-en-plastique-interdits-en-france\/","title":{"rendered":"Bonne nouvelle: les assiettes et les gobelets en plastique vont \u00eatre interdits en France"},"content":{"rendered":"<p>Les Fran\u00e7ais ont propos\u00e9 d&rsquo;interdire toutes les assiettes et les gobelets en plastique d&rsquo;ici 2020. L&rsquo;intention est qu&rsquo;en 2020 on ne puisse plus trouver de cotons-tiges en plastique, de couverts, de tasses et assiettes en France. En juillet dernier, tous les sacs en plastique ont \u00e9t\u00e9 interdits. Une bonne action et un signal important du gouvernement fran\u00e7ais.<\/p>\n<p>Il y a bien une exception \u00e0 l&rsquo;interdiction. Il s&rsquo;agit notamment d&rsquo;autoriser les produits en plastique fabriqu\u00e9 \u00e0 partir de mat\u00e9riaux biod\u00e9gradables. Ils devront pouvoir \u00eatre compost\u00e9s \u00e0 la maison. L&rsquo;union pour un meilleur environnement (Bond Beter Leefmilieu) pense que cette exception n&rsquo;est pas possible: \u00ab Si une assiette en plastique est compostable ou non importe peu quand elles sont jet\u00e9es dans la mer. C&rsquo;est tout aussi dangereux \u00bb. L&rsquo;industrie de l&#8217;emballage n&rsquo;est \u00e9galement pas fan de cette mesure. Celle-ci entravera les r\u00e8gles europ\u00e9ennes de la libre circulation des marchandises. Maintenant il sera d\u00e9termin\u00e9 par produit plastique si celui-ci doit \u00eatre interdit en 2018 ou en 2020.<\/p>\n<p>La France semble \u00eatre le meilleur \u00e9l\u00e8ve de la classe en Europe, concernant les mesures contre le plastique. Ils avaient auparavant introduit de nombreuses mesures anti d\u00e9chets. Par exemple l&rsquo;obligation de donner les surplus invendus des supermarch\u00e9s au lieu de les jeter.<\/p>\n","protected":false},"featured_media":32991,"menu_order":135,"template":"","format":"standard","class_list":["post-44505","red_de_zee","type-red_de_zee","status-publish","format-standard","has-post-thumbnail","hentry","red_de_zee_categorieen-pollution-des-oceans"],"acf":[],"yoast_head":"<!-- This site is optimized with the Yoast SEO plugin v24.7 - https:\/\/yoast.com\/wordpress\/plugins\/seo\/ -->\n<title>La France interdit les gobelets et assiettes en plastique \u00e0 partir de 2020<\/title>\n<meta name=\"description\" content=\"La France veut r\u00e9duire notre montagne de d\u00e9chets et opte pour une interdiction des gobelets et assiettes en plastique. Bon pour l&#039;environnement, bon pour notre plan\u00e8te\" \/>\n<meta name=\"robots\" content=\"index, follow, max-snippet:-1, max-image-preview:large, max-video-preview:-1\" \/>\n<link rel=\"canonical\" href=\"https:\/\/www.amanprana.eu\/fr\/sauvez-la-mer\/assiettes-et-gobelets-en-plastique-interdits-en-france\/\" \/>\n<meta property=\"og:locale\" content=\"fr_FR\" \/>\n<meta property=\"og:type\" content=\"article\" \/>\n<meta property=\"og:title\" content=\"La France interdit les gobelets et assiettes en plastique \u00e0 partir de 2020\" \/>\n<meta property=\"og:description\" content=\"La France veut r\u00e9duire notre montagne de d\u00e9chets et opte pour une interdiction des gobelets et assiettes en plastique. Bon pour l&#039;environnement, bon pour notre plan\u00e8te\" \/>\n<meta property=\"og:url\" content=\"https:\/\/www.amanprana.eu\/fr\/sauvez-la-mer\/assiettes-et-gobelets-en-plastique-interdits-en-france\/\" \/>\n<meta property=\"og:site_name\" content=\"Amanprana\" \/>\n<meta property=\"article:publisher\" content=\"https:\/\/www.facebook.com\/Amanpranaproducts\/\" \/>\n<meta property=\"og:image\" content=\"https:\/\/www.amanprana.eu\/wp-content\/uploads\/Plastic-afval-borden-bekers.jpg\" \/>\n\t<meta property=\"og:image:width\" content=\"1024\" \/>\n\t<meta property=\"og:image:height\" content=\"577\" \/>\n\t<meta property=\"og:image:type\" content=\"image\/jpeg\" \/>\n<meta name=\"twitter:card\" content=\"summary_large_image\" \/>\n<meta name=\"twitter:label1\" content=\"Dur\u00e9e de lecture estim\u00e9e\" \/>\n\t<meta name=\"twitter:data1\" content=\"1 minute\" \/>\n<script type=\"application\/ld+json\" class=\"yoast-schema-graph\">{\"@context\":\"https:\/\/schema.org\",\"@graph\":[{\"@type\":\"WebPage\",\"@id\":\"https:\/\/www.amanprana.eu\/fr\/sauvez-la-mer\/assiettes-et-gobelets-en-plastique-interdits-en-france\/\",\"url\":\"https:\/\/www.amanprana.eu\/fr\/sauvez-la-mer\/assiettes-et-gobelets-en-plastique-interdits-en-france\/\",\"name\":\"La France interdit les gobelets et assiettes en plastique \u00e0 partir de 2020\",\"isPartOf\":{\"@id\":\"https:\/\/www.amanprana.eu\/fr\/#website\"},\"primaryImageOfPage\":{\"@id\":\"https:\/\/www.amanprana.eu\/fr\/sauvez-la-mer\/assiettes-et-gobelets-en-plastique-interdits-en-france\/#primaryimage\"},\"image\":{\"@id\":\"https:\/\/www.amanprana.eu\/fr\/sauvez-la-mer\/assiettes-et-gobelets-en-plastique-interdits-en-france\/#primaryimage\"},\"thumbnailUrl\":\"https:\/\/www.amanprana.eu\/wp-content\/uploads\/Plastic-afval-borden-bekers.jpg\",\"datePublished\":\"2019-01-30T08:04:08+00:00\",\"description\":\"La France veut r\u00e9duire notre montagne de d\u00e9chets et opte pour une interdiction des gobelets et assiettes en plastique. Bon pour l'environnement, bon pour notre plan\u00e8te\",\"breadcrumb\":{\"@id\":\"https:\/\/www.amanprana.eu\/fr\/sauvez-la-mer\/assiettes-et-gobelets-en-plastique-interdits-en-france\/#breadcrumb\"},\"inLanguage\":\"fr-FR\",\"potentialAction\":[{\"@type\":\"ReadAction\",\"target\":[\"https:\/\/www.amanprana.eu\/fr\/sauvez-la-mer\/assiettes-et-gobelets-en-plastique-interdits-en-france\/\"]}]},{\"@type\":\"ImageObject\",\"inLanguage\":\"fr-FR\",\"@id\":\"https:\/\/www.amanprana.eu\/fr\/sauvez-la-mer\/assiettes-et-gobelets-en-plastique-interdits-en-france\/#primaryimage\",\"url\":\"https:\/\/www.amanprana.eu\/wp-content\/uploads\/Plastic-afval-borden-bekers.jpg\",\"contentUrl\":\"https:\/\/www.amanprana.eu\/wp-content\/uploads\/Plastic-afval-borden-bekers.jpg\",\"width\":1024,\"height\":577},{\"@type\":\"BreadcrumbList\",\"@id\":\"https:\/\/www.amanprana.eu\/fr\/sauvez-la-mer\/assiettes-et-gobelets-en-plastique-interdits-en-france\/#breadcrumb\",\"itemListElement\":[{\"@type\":\"ListItem\",\"position\":1,\"name\":\"Amanprana.eu\",\"item\":\"https:\/\/www.amanprana.eu\/fr\/\"},{\"@type\":\"ListItem\",\"position\":2,\"name\":\"SLM - articles\",\"item\":\"https:\/\/www.amanprana.eu\/fr\/sauvez-la-mer\/\"},{\"@type\":\"ListItem\",\"position\":3,\"name\":\"Pollution des oc\u00e9ans\",\"item\":\"https:\/\/www.amanprana.eu\/fr\/red_de_zee_categorieen\/pollution-des-oceans\/\"},{\"@type\":\"ListItem\",\"position\":4,\"name\":\"Bonne nouvelle: les assiettes et les gobelets en plastique vont \u00eatre interdits en France\"}]},{\"@type\":\"WebSite\",\"@id\":\"https:\/\/www.amanprana.eu\/fr\/#website\",\"url\":\"https:\/\/www.amanprana.eu\/fr\/\",\"name\":\"Amanprana\",\"description\":\"Serene levenskracht\",\"publisher\":{\"@id\":\"https:\/\/www.amanprana.eu\/fr\/#organization\"},\"potentialAction\":[{\"@type\":\"SearchAction\",\"target\":{\"@type\":\"EntryPoint\",\"urlTemplate\":\"https:\/\/www.amanprana.eu\/fr\/?s={search_term_string}\"},\"query-input\":{\"@type\":\"PropertyValueSpecification\",\"valueRequired\":true,\"valueName\":\"search_term_string\"}}],\"inLanguage\":\"fr-FR\"},{\"@type\":\"Organization\",\"@id\":\"https:\/\/www.amanprana.eu\/fr\/#organization\",\"name\":\"Amanprana\",\"url\":\"https:\/\/www.amanprana.eu\/fr\/\",\"logo\":{\"@type\":\"ImageObject\",\"inLanguage\":\"fr-FR\",\"@id\":\"https:\/\/www.amanprana.eu\/fr\/#\/schema\/logo\/image\/\",\"url\":\"https:\/\/www.amanprana.eu\/wp-content\/uploads\/webres-amanprana-logo.jpg\",\"contentUrl\":\"https:\/\/www.amanprana.eu\/wp-content\/uploads\/webres-amanprana-logo.jpg\",\"width\":300,\"height\":300,\"caption\":\"Amanprana\"},\"image\":{\"@id\":\"https:\/\/www.amanprana.eu\/fr\/#\/schema\/logo\/image\/\"},\"sameAs\":[\"https:\/\/www.facebook.com\/Amanpranaproducts\/\",\"https:\/\/www.instagram.com\/amanprana\/\",\"https:\/\/nl.pinterest.com\/amanprana\/pins\/\"]}]}<\/script>\n<!-- \/ Yoast SEO plugin. -->","yoast_head_json":{"title":"La France interdit les gobelets et assiettes en plastique \u00e0 partir de 2020","description":"La France veut r\u00e9duire notre montagne de d\u00e9chets et opte pour une interdiction des gobelets et assiettes en plastique. Bon pour l'environnement, bon pour notre plan\u00e8te","robots":{"index":"index","follow":"follow","max-snippet":"max-snippet:-1","max-image-preview":"max-image-preview:large","max-video-preview":"max-video-preview:-1"},"canonical":"https:\/\/www.amanprana.eu\/fr\/sauvez-la-mer\/assiettes-et-gobelets-en-plastique-interdits-en-france\/","og_locale":"fr_FR","og_type":"article","og_title":"La France interdit les gobelets et assiettes en plastique \u00e0 partir de 2020","og_description":"La France veut r\u00e9duire notre montagne de d\u00e9chets et opte pour une interdiction des gobelets et assiettes en plastique. Bon pour l'environnement, bon pour notre plan\u00e8te","og_url":"https:\/\/www.amanprana.eu\/fr\/sauvez-la-mer\/assiettes-et-gobelets-en-plastique-interdits-en-france\/","og_site_name":"Amanprana","article_publisher":"https:\/\/www.facebook.com\/Amanpranaproducts\/","og_image":[{"width":1024,"height":577,"url":"https:\/\/www.amanprana.eu\/wp-content\/uploads\/Plastic-afval-borden-bekers.jpg","type":"image\/jpeg"}],"twitter_card":"summary_large_image","twitter_misc":{"Dur\u00e9e de lecture estim\u00e9e":"1 minute"},"schema":{"@context":"https:\/\/schema.org","@graph":[{"@type":"WebPage","@id":"https:\/\/www.amanprana.eu\/fr\/sauvez-la-mer\/assiettes-et-gobelets-en-plastique-interdits-en-france\/","url":"https:\/\/www.amanprana.eu\/fr\/sauvez-la-mer\/assiettes-et-gobelets-en-plastique-interdits-en-france\/","name":"La France interdit les gobelets et assiettes en plastique \u00e0 partir de 2020","isPartOf":{"@id":"https:\/\/www.amanprana.eu\/fr\/#website"},"primaryImageOfPage":{"@id":"https:\/\/www.amanprana.eu\/fr\/sauvez-la-mer\/assiettes-et-gobelets-en-plastique-interdits-en-france\/#primaryimage"},"image":{"@id":"https:\/\/www.amanprana.eu\/fr\/sauvez-la-mer\/assiettes-et-gobelets-en-plastique-interdits-en-france\/#primaryimage"},"thumbnailUrl":"https:\/\/www.amanprana.eu\/wp-content\/uploads\/Plastic-afval-borden-bekers.jpg","datePublished":"2019-01-30T08:04:08+00:00","description":"La France veut r\u00e9duire notre montagne de d\u00e9chets et opte pour une interdiction des gobelets et assiettes en plastique. Bon pour l'environnement, bon pour notre plan\u00e8te","breadcrumb":{"@id":"https:\/\/www.amanprana.eu\/fr\/sauvez-la-mer\/assiettes-et-gobelets-en-plastique-interdits-en-france\/#breadcrumb"},"inLanguage":"fr-FR","potentialAction":[{"@type":"ReadAction","target":["https:\/\/www.amanprana.eu\/fr\/sauvez-la-mer\/assiettes-et-gobelets-en-plastique-interdits-en-france\/"]}]},{"@type":"ImageObject","inLanguage":"fr-FR","@id":"https:\/\/www.amanprana.eu\/fr\/sauvez-la-mer\/assiettes-et-gobelets-en-plastique-interdits-en-france\/#primaryimage","url":"https:\/\/www.amanprana.eu\/wp-content\/uploads\/Plastic-afval-borden-bekers.jpg","contentUrl":"https:\/\/www.amanprana.eu\/wp-content\/uploads\/Plastic-afval-borden-bekers.jpg","width":1024,"height":577},{"@type":"BreadcrumbList","@id":"https:\/\/www.amanprana.eu\/fr\/sauvez-la-mer\/assiettes-et-gobelets-en-plastique-interdits-en-france\/#breadcrumb","itemListElement":[{"@type":"ListItem","position":1,"name":"Amanprana.eu","item":"https:\/\/www.amanprana.eu\/fr\/"},{"@type":"ListItem","position":2,"name":"SLM - articles","item":"https:\/\/www.amanprana.eu\/fr\/sauvez-la-mer\/"},{"@type":"ListItem","position":3,"name":"Pollution des oc\u00e9ans","item":"https:\/\/www.amanprana.eu\/fr\/red_de_zee_categorieen\/pollution-des-oceans\/"},{"@type":"ListItem","position":4,"name":"Bonne nouvelle: les assiettes et les gobelets en plastique vont \u00eatre interdits en France"}]},{"@type":"WebSite","@id":"https:\/\/www.amanprana.eu\/fr\/#website","url":"https:\/\/www.amanprana.eu\/fr\/","name":"Amanprana","description":"Serene levenskracht","publisher":{"@id":"https:\/\/www.amanprana.eu\/fr\/#organization"},"potentialAction":[{"@type":"SearchAction","target":{"@type":"EntryPoint","urlTemplate":"https:\/\/www.amanprana.eu\/fr\/?s={search_term_string}"},"query-input":{"@type":"PropertyValueSpecification","valueRequired":true,"valueName":"search_term_string"}}],"inLanguage":"fr-FR"},{"@type":"Organization","@id":"https:\/\/www.amanprana.eu\/fr\/#organization","name":"Amanprana","url":"https:\/\/www.amanprana.eu\/fr\/","logo":{"@type":"ImageObject","inLanguage":"fr-FR","@id":"https:\/\/www.amanprana.eu\/fr\/#\/schema\/logo\/image\/","url":"https:\/\/www.amanprana.eu\/wp-content\/uploads\/webres-amanprana-logo.jpg","contentUrl":"https:\/\/www.amanprana.eu\/wp-content\/uploads\/webres-amanprana-logo.jpg","width":300,"height":300,"caption":"Amanprana"},"image":{"@id":"https:\/\/www.amanprana.eu\/fr\/#\/schema\/logo\/image\/"},"sameAs":["https:\/\/www.facebook.com\/Amanpranaproducts\/","https:\/\/www.instagram.com\/amanprana\/","https:\/\/nl.pinterest.com\/amanprana\/pins\/"]}]}},"multi-rating":{"mr_rating_results":[]},"_links":{"self":[{"href":"https:\/\/www.amanprana.eu\/fr\/wp-json\/wp\/v2\/red_de_zee\/44505","targetHints":{"allow":["GET"]}}],"collection":[{"href":"https:\/\/www.amanprana.eu\/fr\/wp-json\/wp\/v2\/red_de_zee"}],"about":[{"href":"https:\/\/www.amanprana.eu\/fr\/wp-json\/wp\/v2\/types\/red_de_zee"}],"version-history":[{"count":0,"href":"https:\/\/www.amanprana.eu\/fr\/wp-json\/wp\/v2\/red_de_zee\/44505\/revisions"}],"wp:featuredmedia":[{"embeddable":true,"href":"https:\/\/www.amanprana.eu\/fr\/wp-json\/wp\/v2\/media\/32991"}],"wp:attachment":[{"href":"https:\/\/www.amanprana.eu\/fr\/wp-json\/wp\/v2\/media?parent=44505"}],"curies":[{"name":"wp","href":"https:\/\/api.w.org\/{rel}","templated":true}]}}