

{"id":46186,"date":"2019-04-16T12:38:54","date_gmt":"2019-04-16T10:38:54","guid":{"rendered":"https:\/\/www.amanprana.eu\/?post_type=red_de_zee&#038;p=46186"},"modified":"2019-04-16T12:38:54","modified_gmt":"2019-04-16T10:38:54","slug":"le-volume-de-plastique-dans-les-oceans-a-triple-au-cours-des-10-dernieres-annees","status":"publish","type":"red_de_zee","link":"https:\/\/www.amanprana.eu\/fr\/sauvez-la-mer\/le-volume-de-plastique-dans-les-oceans-a-triple-au-cours-des-10-dernieres-annees\/","title":{"rendered":"Le volume de plastique dans les oc\u00e9ans a tripl\u00e9 au cours des 10 derni\u00e8res ann\u00e9es."},"content":{"rendered":"<p><strong>Cette contamination au plastique devrait tripler \u00e0 nouveau dans les 10 prochaines ann\u00e9es.<\/strong><\/p>\n<p>L&rsquo;avenir pr\u00e9visible doit nous alerter sur une approche \u00ab loin des yeux, loin du c\u0153ur \u00bb du probl\u00e8me des plastiques. Nous croyons g\u00e9n\u00e9ralement que la prise de conscience des dommages caus\u00e9s par le plastique a augment\u00e9 ces derni\u00e8res ann\u00e9es mais, apparemment, rien n&rsquo;est moins vrai. Nous continuons tous \u00e0 acheter nos boissons en bouteilles en plastique. Et de plus en plus chaque ann\u00e9e.<\/p>\n<div id=\"attachment_46121\" style=\"width: 1034px\" class=\"wp-caption aligncenter\"><img decoding=\"async\" aria-describedby=\"caption-attachment-46121\" class=\"size-full wp-image-46121\" src=\"https:\/\/www.amanprana.eu\/wp-content\/uploads\/garbage-2369821_1280.jpg\" alt=\"Greenpeace roept op voor een krachtig signaal. We moeten onze relatie met wegwerpplastic be\u00ebindigen.\" width=\"1024\" height=\"767\" srcset=\"https:\/\/www.amanprana.eu\/wp-content\/uploads\/garbage-2369821_1280.jpg 1024w, https:\/\/www.amanprana.eu\/wp-content\/uploads\/garbage-2369821_1280-300x225.jpg 300w, https:\/\/www.amanprana.eu\/wp-content\/uploads\/garbage-2369821_1280-768x575.jpg 768w, https:\/\/www.amanprana.eu\/wp-content\/uploads\/garbage-2369821_1280-100x75.jpg 100w, https:\/\/www.amanprana.eu\/wp-content\/uploads\/garbage-2369821_1280-862x646.jpg 862w\" sizes=\"(max-width: 1024px) 100vw, 1024px\" \/><p id=\"caption-attachment-46121\" class=\"wp-caption-text\">Nous devons mettre fin \u00e0 notre relation avec le plastique jetable !<\/p><\/div>\n<p>Les experts nous mettent en garde en affirmant que le plastique est l\u2019une des plus grandes menaces pour la plan\u00e8te. Notre plan\u00e8te est d\u00e9j\u00e0 lourdement mise \u00e0 l&rsquo;\u00e9preuve par de nombreux probl\u00e8mes tels que l\u2019\u00e9l\u00e9vation du niveau de la mer, le r\u00e9chauffement climatique, l\u2019acidification de l\u2019eau, la contamination par les m\u00e9taux lourds et la pollution chimique. Les experts nous enjoignent d&rsquo;agir MAINTENANT. Il n\u2019y a pas de vie possible sur la lune. Nous n\u2019avons pas de plan B.<\/p>\n<div id=\"attachment_46013\" style=\"width: 1034px\" class=\"wp-caption aligncenter\"><img decoding=\"async\" aria-describedby=\"caption-attachment-46013\" class=\"size-full wp-image-46013\" src=\"https:\/\/www.amanprana.eu\/wp-content\/uploads\/Overvolle-vuilinis-container.jpg\" alt=\"Overvolle vuilniscontainer vol wegwerp plastic en blikjes.\" width=\"1024\" height=\"768\" srcset=\"https:\/\/www.amanprana.eu\/wp-content\/uploads\/Overvolle-vuilinis-container.jpg 1024w, https:\/\/www.amanprana.eu\/wp-content\/uploads\/Overvolle-vuilinis-container-300x225.jpg 300w, https:\/\/www.amanprana.eu\/wp-content\/uploads\/Overvolle-vuilinis-container-768x576.jpg 768w, https:\/\/www.amanprana.eu\/wp-content\/uploads\/Overvolle-vuilinis-container-100x75.jpg 100w, https:\/\/www.amanprana.eu\/wp-content\/uploads\/Overvolle-vuilinis-container-862x647.jpg 862w\" sizes=\"(max-width: 1024px) 100vw, 1024px\" \/><p id=\"caption-attachment-46013\" class=\"wp-caption-text\">Le plastique repr\u00e9sente l\u2019une des plus grandes menaces pour notre plan\u00e8te.<\/p><\/div>\n<h2>Quelle est la diff\u00e9rence entre la pollution par micro- et macroplastiques ?<\/h2>\n<p>On parle de pollution par les microplastiques et par les macroplastiques, mais quelle est la diff\u00e9rence ?<br \/>\nLes bouteilles en plastique flottant dans nos eaux repr\u00e9sentent une contamination aux macroplastiques. Tr\u00e8s lentement mais s\u00fbrement ces bouteilles en plastique disparaissent et nous parlons alors de microplastiques. Ces particules ne sont plus visibles \u00e0 l\u2019\u0153il nu, mais elles sont extr\u00eamement dommageables pour notre sant\u00e9.<\/p>\n<p>Greenpeace appelle \u00e0 un signal fort.<\/p>\n<div id=\"attachment_46055\" style=\"width: 1034px\" class=\"wp-caption aligncenter\"><img decoding=\"async\" aria-describedby=\"caption-attachment-46055\" class=\"size-full wp-image-46055\" src=\"https:\/\/www.amanprana.eu\/wp-content\/uploads\/Wegwerp-plastic.jpg\" alt=\"Greenpeace roept op voor een krachtig signaal. We moeten onze relatie met wegwerpplastic be\u00ebindigen.\" width=\"1024\" height=\"767\" \/><p id=\"caption-attachment-46055\" class=\"wp-caption-text\">Nous devons mettre fin \u00e0 notre relation avec le plastique jetable !<\/p><\/div>\n<h2><span lang=\"NL-BE\">Que pouvez-vous faire pour bannir le plastique jetable de votre vie ?<\/span><\/h2>\n<ol>\n<li style=\"list-style-type: none;\">\n<ol>\n<li><strong>N&rsquo;utilisez plus de bouteilles en plastique.<\/strong><br \/>\nIl y a d\u00e9sormais toute une gamme d\u2019alternatives \u00e0 la bouteille jetable en plastique.<br \/>\nRefusez les gobelets en plastique, les pailles et les petits pots.<br \/>\n<div id='gallery-1' class='gallery galleryid-46186 gallery-columns-2 gallery-size-large'><dl class='gallery-item'>\n\t\t\t<dt class='gallery-icon portrait'>\n\t\t\t\t<img decoding=\"async\" width=\"768\" height=\"1024\" src=\"https:\/\/www.amanprana.eu\/wp-content\/uploads\/Wegwerp-flesje-768x1024.jpg\" class=\"attachment-large size-large\" alt=\"Het plastic wegwerp flesje zoals we hem kennen. Kies voor een duurzaam alternatief!\" srcset=\"https:\/\/www.amanprana.eu\/wp-content\/uploads\/Wegwerp-flesje.jpg 768w, https:\/\/www.amanprana.eu\/wp-content\/uploads\/Wegwerp-flesje-225x300.jpg 225w, https:\/\/www.amanprana.eu\/wp-content\/uploads\/Wegwerp-flesje-100x133.jpg 100w\" sizes=\"(max-width: 768px) 100vw, 768px\" \/>\n\t\t\t<\/dt><\/dl><dl class='gallery-item'>\n\t\t\t<dt class='gallery-icon portrait'>\n\t\t\t\t<img decoding=\"async\" width=\"768\" height=\"1024\" src=\"https:\/\/www.amanprana.eu\/wp-content\/uploads\/Glazen-drinkfles-768x1024.jpg\" class=\"attachment-large size-large\" alt=\"ban wegwerp plastic uit je leven en kies voor de herbruikbare en duurzame drinkfles van Amanprana.\" srcset=\"https:\/\/www.amanprana.eu\/wp-content\/uploads\/Glazen-drinkfles.jpg 768w, https:\/\/www.amanprana.eu\/wp-content\/uploads\/Glazen-drinkfles-225x300.jpg 225w, https:\/\/www.amanprana.eu\/wp-content\/uploads\/Glazen-drinkfles-100x133.jpg 100w\" sizes=\"(max-width: 768px) 100vw, 768px\" \/>\n\t\t\t<\/dt><\/dl>\n\t\t<\/div>\n<\/li>\n<li><strong>Rayez les sacs en plastique de votre vie.<\/strong><br \/>\nAssurez-vous d&rsquo;avoir toujours un sac r\u00e9utilisable avec vous. Au d\u00e9but, il faut un peu s\u2019habituer, mais en pers\u00e9v\u00e9rant, cela devient vite un automatisme au m\u00eame titre que de prendre votre carte de banque lorsque vous partez faire du shopping. Oubli\u00e9 malgr\u00e9 tout ? La plupart des supermarch\u00e9s ont un endroit o\u00f9 ils d\u00e9posent les bo\u00eetes en carton.<br \/>\n<div id='gallery-2' class='gallery galleryid-46186 gallery-columns-2 gallery-size-full'><dl class='gallery-item'>\n\t\t\t<dt class='gallery-icon portrait'>\n\t\t\t\t<img decoding=\"async\" width=\"500\" height=\"666\" src=\"https:\/\/www.amanprana.eu\/wp-content\/uploads\/Herbruikbare-tas.jpg\" class=\"attachment-full size-full\" alt=\"Herbruikbare shopper een milieuvriendelijk alternatief voor wegwerp plastic zakjes.\" srcset=\"https:\/\/www.amanprana.eu\/wp-content\/uploads\/Herbruikbare-tas.jpg 500w, https:\/\/www.amanprana.eu\/wp-content\/uploads\/Herbruikbare-tas-225x300.jpg 225w, https:\/\/www.amanprana.eu\/wp-content\/uploads\/Herbruikbare-tas-100x133.jpg 100w\" sizes=\"(max-width: 500px) 100vw, 500px\" \/>\n\t\t\t<\/dt><\/dl><dl class='gallery-item'>\n\t\t\t<dt class='gallery-icon portrait'>\n\t\t\t\t<img decoding=\"async\" width=\"500\" height=\"665\" src=\"https:\/\/www.amanprana.eu\/wp-content\/uploads\/Plastic-tas.jpg\" class=\"attachment-full size-full\" alt=\"Ban plastic wegwerp tasjes uit je leven.\" srcset=\"https:\/\/www.amanprana.eu\/wp-content\/uploads\/Plastic-tas.jpg 500w, https:\/\/www.amanprana.eu\/wp-content\/uploads\/Plastic-tas-226x300.jpg 226w, https:\/\/www.amanprana.eu\/wp-content\/uploads\/Plastic-tas-100x133.jpg 100w\" sizes=\"(max-width: 500px) 100vw, 500px\" \/>\n\t\t\t<\/dt><\/dl>\n\t\t<\/div>\n<\/li>\n<li><strong>Achetez des v\u00eatements fabriqu\u00e9s \u00e0 partir de mati\u00e8res naturelles.<\/strong><br \/>\nVous trouvez des microplastiques dans les v\u00eatements en synth\u00e9tique. \u00c0 chaque lavage, les eaux us\u00e9es sont contamin\u00e9es par ces plastiques. Les microplastiques ne peuvent pas \u00eatre filtr\u00e9s et donc ils se retrouvent dans nos eaux.<br \/>\n<div id='gallery-3' class='gallery galleryid-46186 gallery-columns-2 gallery-size-large'><dl class='gallery-item'>\n\t\t\t<dt class='gallery-icon landscape'>\n\t\t\t\t<img decoding=\"async\" width=\"862\" height=\"647\" src=\"https:\/\/www.amanprana.eu\/wp-content\/uploads\/Duurzame-kleding-1024x768.jpg\" class=\"attachment-large size-large\" alt=\"Duurzame kleding van Hempage bevat geen microplastics die in ons water terecht kunnen komen.\" srcset=\"https:\/\/www.amanprana.eu\/wp-content\/uploads\/Duurzame-kleding.jpg 1024w, https:\/\/www.amanprana.eu\/wp-content\/uploads\/Duurzame-kleding-300x225.jpg 300w, https:\/\/www.amanprana.eu\/wp-content\/uploads\/Duurzame-kleding-768x576.jpg 768w, https:\/\/www.amanprana.eu\/wp-content\/uploads\/Duurzame-kleding-100x75.jpg 100w, https:\/\/www.amanprana.eu\/wp-content\/uploads\/Duurzame-kleding-862x647.jpg 862w\" sizes=\"(max-width: 862px) 100vw, 862px\" \/>\n\t\t\t<\/dt><\/dl><dl class='gallery-item'>\n\t\t\t<dt class='gallery-icon landscape'>\n\t\t\t\t<img decoding=\"async\" width=\"862\" height=\"645\" src=\"https:\/\/www.amanprana.eu\/wp-content\/uploads\/massa-kleding-1024x766.jpg\" class=\"attachment-large size-large\" alt=\"Kleding die in massa wordt geproduceerd vind je vaak microplastics.\" srcset=\"https:\/\/www.amanprana.eu\/wp-content\/uploads\/massa-kleding.jpg 1024w, https:\/\/www.amanprana.eu\/wp-content\/uploads\/massa-kleding-300x224.jpg 300w, https:\/\/www.amanprana.eu\/wp-content\/uploads\/massa-kleding-768x575.jpg 768w, https:\/\/www.amanprana.eu\/wp-content\/uploads\/massa-kleding-100x75.jpg 100w, https:\/\/www.amanprana.eu\/wp-content\/uploads\/massa-kleding-862x645.jpg 862w\" sizes=\"(max-width: 862px) 100vw, 862px\" \/>\n\t\t\t<\/dt><\/dl>\n\t\t<\/div>\n<\/li>\n<li><strong>Persuadez votre supermarch\u00e9 d&rsquo;avoir le z\u00e9ro plastique comme objectif.<\/strong>\n<div id=\"attachment_46037\" style=\"width: 1034px\" class=\"wp-caption aligncenter\"><img decoding=\"async\" aria-describedby=\"caption-attachment-46037\" class=\"size-full wp-image-46037\" src=\"https:\/\/www.amanprana.eu\/wp-content\/uploads\/Supermarkten-ook-plastic-vrij.jpg\" alt=\"Supermarkt karretjes\" width=\"1024\" height=\"768\" srcset=\"https:\/\/www.amanprana.eu\/wp-content\/uploads\/Supermarkten-ook-plastic-vrij.jpg 1024w, https:\/\/www.amanprana.eu\/wp-content\/uploads\/Supermarkten-ook-plastic-vrij-300x225.jpg 300w, https:\/\/www.amanprana.eu\/wp-content\/uploads\/Supermarkten-ook-plastic-vrij-768x576.jpg 768w, https:\/\/www.amanprana.eu\/wp-content\/uploads\/Supermarkten-ook-plastic-vrij-100x75.jpg 100w, https:\/\/www.amanprana.eu\/wp-content\/uploads\/Supermarkten-ook-plastic-vrij-862x647.jpg 862w\" sizes=\"(max-width: 1024px) 100vw, 1024px\" \/><p id=\"caption-attachment-46037\" class=\"wp-caption-text\">Persuadez votre supermarch\u00e9 d&rsquo;avoir le z\u00e9ro plastique parmi ses objectifs.<\/p><\/div><\/li>\n<li><strong>Faites-vous entendre. Persuadez les politiciens. Participez aux manifs des jeunes pour le climat.<\/strong>\n<div id=\"attachment_46001\" style=\"width: 510px\" class=\"wp-caption alignnone\"><img decoding=\"async\" aria-describedby=\"caption-attachment-46001\" class=\"size-full wp-image-46001\" src=\"https:\/\/www.amanprana.eu\/wp-content\/uploads\/Milieu-spijbelen.jpg\" alt=\"Jongeren die spijbelen voor ons milieu!\" width=\"500\" height=\"375\" srcset=\"https:\/\/www.amanprana.eu\/wp-content\/uploads\/Milieu-spijbelen.jpg 500w, https:\/\/www.amanprana.eu\/wp-content\/uploads\/Milieu-spijbelen-300x225.jpg 300w, https:\/\/www.amanprana.eu\/wp-content\/uploads\/Milieu-spijbelen-100x75.jpg 100w\" sizes=\"(max-width: 500px) 100vw, 500px\" \/><p id=\"caption-attachment-46001\" class=\"wp-caption-text\">Faites-vous entendre ! Manifs des jeunes pour notre environnement.<\/p><\/div><\/li>\n<li><strong>N&rsquo;utilisez plus de couches-culottes ou de lingettes humides en synth\u00e9tique.<\/strong><br \/>\n<div id='gallery-4' class='gallery galleryid-46186 gallery-columns-2 gallery-size-full'><dl class='gallery-item'>\n\t\t\t<dt class='gallery-icon portrait'>\n\t\t\t\t<img decoding=\"async\" width=\"360\" height=\"480\" src=\"https:\/\/www.amanprana.eu\/wp-content\/uploads\/All-in-One-Easyfit-Star-Pippin-ecologische-pamper.jpg\" class=\"attachment-full size-full\" alt=\"Blauwe ecologische pamper van het mert Pippin voor een betere wereld\" srcset=\"https:\/\/www.amanprana.eu\/wp-content\/uploads\/All-in-One-Easyfit-Star-Pippin-ecologische-pamper.jpg 360w, https:\/\/www.amanprana.eu\/wp-content\/uploads\/All-in-One-Easyfit-Star-Pippin-ecologische-pamper-225x300.jpg 225w, https:\/\/www.amanprana.eu\/wp-content\/uploads\/All-in-One-Easyfit-Star-Pippin-ecologische-pamper-100x133.jpg 100w\" sizes=\"(max-width: 360px) 100vw, 360px\" \/>\n\t\t\t<\/dt><\/dl><dl class='gallery-item'>\n\t\t\t<dt class='gallery-icon portrait'>\n\t\t\t\t<img decoding=\"async\" width=\"360\" height=\"480\" src=\"https:\/\/www.amanprana.eu\/wp-content\/uploads\/Wegwerp-pampers.jpg\" class=\"attachment-full size-full\" alt=\"Wegwerp pampers\" srcset=\"https:\/\/www.amanprana.eu\/wp-content\/uploads\/Wegwerp-pampers.jpg 360w, https:\/\/www.amanprana.eu\/wp-content\/uploads\/Wegwerp-pampers-225x300.jpg 225w, https:\/\/www.amanprana.eu\/wp-content\/uploads\/Wegwerp-pampers-100x133.jpg 100w\" sizes=\"(max-width: 360px) 100vw, 360px\" \/>\n\t\t\t<\/dt><\/dl>\n\t\t<\/div>\n<\/li>\n<li><strong>Choisissez des produits de soin du corps bio sans microplastiques ni produits chimiques et de pr\u00e9f\u00e9rence dans un emballage en verre.<\/strong>\n<div id=\"attachment_45989\" style=\"width: 709px\" class=\"wp-caption aligncenter\"><img decoding=\"async\" aria-describedby=\"caption-attachment-45989\" class=\"size-full wp-image-45989\" src=\"https:\/\/www.amanprana.eu\/wp-content\/uploads\/Lichaamsverzorging-in-glas.jpg\" alt=\"Kies voor de biologische lichaamsverzorging van Cime zonder microplastics en chemicali\u00ebn in glazen verpakking.\" width=\"699\" height=\"525\" srcset=\"https:\/\/www.amanprana.eu\/wp-content\/uploads\/Lichaamsverzorging-in-glas.jpg 699w, https:\/\/www.amanprana.eu\/wp-content\/uploads\/Lichaamsverzorging-in-glas-300x225.jpg 300w, https:\/\/www.amanprana.eu\/wp-content\/uploads\/Lichaamsverzorging-in-glas-100x75.jpg 100w\" sizes=\"(max-width: 699px) 100vw, 699px\" \/><p id=\"caption-attachment-45989\" class=\"wp-caption-text\">Optez pour des produits de soins du corps bio emball\u00e9s dans du verre.<\/p><\/div><\/li>\n<li><strong>Pr\u00e9parez votre propre lunch et emportez-le dans une bo\u00eete r\u00e9utilisable ou enveloppez-le dans un linge en coton biologique.<\/strong><br \/>\n<div id='gallery-5' class='gallery galleryid-46186 gallery-columns-2 gallery-size-large'><dl class='gallery-item'>\n\t\t\t<dt class='gallery-icon landscape'>\n\t\t\t\t<img decoding=\"async\" width=\"400\" height=\"399\" src=\"https:\/\/www.amanprana.eu\/wp-content\/uploads\/Herbruikbare-lunch-zakje-Hi-fluf.jpg\" class=\"attachment-large size-large\" alt=\"Kies voor herbruikbare lunchzakjes van Fluf in plaats van een plastic boterhamzakje\" srcset=\"https:\/\/www.amanprana.eu\/wp-content\/uploads\/Herbruikbare-lunch-zakje-Hi-fluf.jpg 400w, https:\/\/www.amanprana.eu\/wp-content\/uploads\/Herbruikbare-lunch-zakje-Hi-fluf-250x250.jpg 250w, https:\/\/www.amanprana.eu\/wp-content\/uploads\/Herbruikbare-lunch-zakje-Hi-fluf-300x300.jpg 300w, https:\/\/www.amanprana.eu\/wp-content\/uploads\/Herbruikbare-lunch-zakje-Hi-fluf-75x75.jpg 75w, https:\/\/www.amanprana.eu\/wp-content\/uploads\/Herbruikbare-lunch-zakje-Hi-fluf-100x100.jpg 100w\" sizes=\"(max-width: 400px) 100vw, 400px\" \/>\n\t\t\t<\/dt><\/dl><dl class='gallery-item'>\n\t\t\t<dt class='gallery-icon landscape'>\n\t\t\t\t<img decoding=\"async\" width=\"400\" height=\"400\" src=\"https:\/\/www.amanprana.eu\/wp-content\/uploads\/Herbruikbare-lunch-box-rvs.jpg\" class=\"attachment-large size-large\" alt=\"Maak je eigen lunch klaar en neem deze mee in een herbruikbare lunchbox.\" srcset=\"https:\/\/www.amanprana.eu\/wp-content\/uploads\/Herbruikbare-lunch-box-rvs.jpg 400w, https:\/\/www.amanprana.eu\/wp-content\/uploads\/Herbruikbare-lunch-box-rvs-250x250.jpg 250w, https:\/\/www.amanprana.eu\/wp-content\/uploads\/Herbruikbare-lunch-box-rvs-300x300.jpg 300w, https:\/\/www.amanprana.eu\/wp-content\/uploads\/Herbruikbare-lunch-box-rvs-75x75.jpg 75w, https:\/\/www.amanprana.eu\/wp-content\/uploads\/Herbruikbare-lunch-box-rvs-100x100.jpg 100w\" sizes=\"(max-width: 400px) 100vw, 400px\" \/>\n\t\t\t<\/dt><\/dl>\n\t\t<\/div>\n<\/li>\n<li><strong>Que le verre et emballages en verre reviennent dans votre vie.<br \/>\n<\/strong>Remplacez les filtres \u00e0 base de plastique par ceux \u00e0 base de charbon de bois.<\/p>\n<div id=\"attachment_46007\" style=\"width: 777px\" class=\"wp-caption alignnone\"><img decoding=\"async\" aria-describedby=\"caption-attachment-46007\" class=\"wp-image-46007 size-large\" src=\"https:\/\/www.amanprana.eu\/wp-content\/uploads\/\/Milieuvriendelijke-verpakking-767x1024.jpg\" alt=\"De milieu vriendelijke verpakking van de kokosolie van Amanprana is van glas.\" width=\"767\" height=\"1024\" srcset=\"https:\/\/www.amanprana.eu\/wp-content\/uploads\/Milieuvriendelijke-verpakking.jpg 767w, https:\/\/www.amanprana.eu\/wp-content\/uploads\/Milieuvriendelijke-verpakking-225x300.jpg 225w, https:\/\/www.amanprana.eu\/wp-content\/uploads\/Milieuvriendelijke-verpakking-100x134.jpg 100w\" sizes=\"(max-width: 767px) 100vw, 767px\" \/><p id=\"caption-attachment-46007\" class=\"wp-caption-text\">Faites revenir l\u2019emballage en verre dans votre vie.<\/p><\/div><\/li>\n<li><strong>Remplacez la mousse \u00e0 raser par de l\u2019huile \u00e0 raser.<\/strong>\n<div id=\"attachment_46031\" style=\"width: 1034px\" class=\"wp-caption aligncenter\"><img decoding=\"async\" aria-describedby=\"caption-attachment-46031\" class=\"size-full wp-image-46031\" src=\"https:\/\/www.amanprana.eu\/wp-content\/uploads\/Scheerolie-in-glas.jpg\" alt=\"Vervang scheerschuim door scheerolie van Amanprana in een glazen verpakking niet alleen beter voor onze aarde, maar ook voor je lichaam.\" width=\"1024\" height=\"768\" srcset=\"https:\/\/www.amanprana.eu\/wp-content\/uploads\/Scheerolie-in-glas.jpg 1024w, https:\/\/www.amanprana.eu\/wp-content\/uploads\/Scheerolie-in-glas-300x225.jpg 300w, https:\/\/www.amanprana.eu\/wp-content\/uploads\/Scheerolie-in-glas-768x576.jpg 768w, https:\/\/www.amanprana.eu\/wp-content\/uploads\/Scheerolie-in-glas-100x75.jpg 100w, https:\/\/www.amanprana.eu\/wp-content\/uploads\/Scheerolie-in-glas-862x647.jpg 862w\" sizes=\"(max-width: 1024px) 100vw, 1024px\" \/><p id=\"caption-attachment-46031\" class=\"wp-caption-text\">Remplacez la mousse \u00e0 raser par de l\u2019huile \u00e0 raser.<\/p><\/div><\/li>\n<li><strong>Lisez sur le concept du berceau au berceau. <\/strong><br \/>\nSelon ce concept, tout ce que nous consommons doit pouvoir \u00eatre compost\u00e9 ou r\u00e9utilis\u00e9. Cela conduirait \u00e0 un surplus continu de toutes les ressources de la pan\u00e8te, sans aucune pollution.<\/p>\n<div id=\"attachment_45953\" style=\"width: 1034px\" class=\"wp-caption aligncenter\"><img decoding=\"async\" aria-describedby=\"caption-attachment-45953\" class=\"size-full wp-image-45953\" src=\"https:\/\/www.amanprana.eu\/wp-content\/uploads\/cradle-to-cradle-voor-een-betere-wereld.jpg\" alt=\"Cradle to cradle principe is alles wat we verbruiken composteren of opnieuw gebruiken. Beter voor onze wereld.\" width=\"1024\" height=\"767\" srcset=\"https:\/\/www.amanprana.eu\/wp-content\/uploads\/cradle-to-cradle-voor-een-betere-wereld.jpg 1024w, https:\/\/www.amanprana.eu\/wp-content\/uploads\/cradle-to-cradle-voor-een-betere-wereld-300x225.jpg 300w, https:\/\/www.amanprana.eu\/wp-content\/uploads\/cradle-to-cradle-voor-een-betere-wereld-768x575.jpg 768w, https:\/\/www.amanprana.eu\/wp-content\/uploads\/cradle-to-cradle-voor-een-betere-wereld-100x75.jpg 100w, https:\/\/www.amanprana.eu\/wp-content\/uploads\/cradle-to-cradle-voor-een-betere-wereld-862x646.jpg 862w\" sizes=\"(max-width: 1024px) 100vw, 1024px\" \/><p id=\"caption-attachment-45953\" class=\"wp-caption-text\">Du berceau au berceau &#8211; tout ce que nous consommons est compost\u00e9 ou r\u00e9utilis\u00e9.<\/p><\/div><\/li>\n<\/ol>\n<\/li>\n<\/ol>\n","protected":false},"featured_media":0,"menu_order":40,"template":"","format":"standard","class_list":["post-46186","red_de_zee","type-red_de_zee","status-publish","format-standard","hentry","red_de_zee_categorieen-pollution-des-oceans","no-post-thumbnail"],"acf":[],"yoast_head":"<!-- This site is optimized with the Yoast SEO plugin v24.7 - https:\/\/yoast.com\/wordpress\/plugins\/seo\/ -->\n<title>Le volume de plastique dans les oc\u00e9ans a tripl\u00e9 au cours des 10 derni\u00e8res ann\u00e9es. - Amanprana<\/title>\n<meta name=\"description\" content=\"Cette contamination au plastique devrait tripler \u00e0 nouveau dans les 10 prochaines ann\u00e9es. L&#039;avenir pr\u00e9visible doit nous alerter sur une approche \u00ab loin\" \/>\n<meta name=\"robots\" content=\"index, follow, max-snippet:-1, max-image-preview:large, max-video-preview:-1\" \/>\n<link rel=\"canonical\" href=\"https:\/\/www.amanprana.eu\/fr\/sauvez-la-mer\/le-volume-de-plastique-dans-les-oceans-a-triple-au-cours-des-10-dernieres-annees\/\" \/>\n<meta property=\"og:locale\" content=\"fr_FR\" \/>\n<meta property=\"og:type\" content=\"article\" \/>\n<meta property=\"og:title\" content=\"Le volume de plastique dans les oc\u00e9ans a tripl\u00e9 au cours des 10 derni\u00e8res ann\u00e9es. - Amanprana\" \/>\n<meta property=\"og:description\" content=\"Cette contamination au plastique devrait tripler \u00e0 nouveau dans les 10 prochaines ann\u00e9es. L&#039;avenir pr\u00e9visible doit nous alerter sur une approche \u00ab loin\" \/>\n<meta property=\"og:url\" content=\"https:\/\/www.amanprana.eu\/fr\/sauvez-la-mer\/le-volume-de-plastique-dans-les-oceans-a-triple-au-cours-des-10-dernieres-annees\/\" \/>\n<meta property=\"og:site_name\" content=\"Amanprana\" \/>\n<meta property=\"article:publisher\" content=\"https:\/\/www.facebook.com\/Amanpranaproducts\/\" \/>\n<meta property=\"og:image\" content=\"https:\/\/www.amanprana.eu\/wp-content\/uploads\/Wegwerp-flesje-768x1024.jpg\" \/>\n<meta name=\"twitter:card\" content=\"summary_large_image\" \/>\n<meta name=\"twitter:label1\" content=\"Dur\u00e9e de lecture estim\u00e9e\" \/>\n\t<meta name=\"twitter:data1\" content=\"4 minutes\" \/>\n<script type=\"application\/ld+json\" class=\"yoast-schema-graph\">{\"@context\":\"https:\/\/schema.org\",\"@graph\":[{\"@type\":\"WebPage\",\"@id\":\"https:\/\/www.amanprana.eu\/fr\/sauvez-la-mer\/le-volume-de-plastique-dans-les-oceans-a-triple-au-cours-des-10-dernieres-annees\/\",\"url\":\"https:\/\/www.amanprana.eu\/fr\/sauvez-la-mer\/le-volume-de-plastique-dans-les-oceans-a-triple-au-cours-des-10-dernieres-annees\/\",\"name\":\"Le volume de plastique dans les oc\u00e9ans a tripl\u00e9 au cours des 10 derni\u00e8res ann\u00e9es. - Amanprana\",\"isPartOf\":{\"@id\":\"https:\/\/www.amanprana.eu\/fr\/#website\"},\"primaryImageOfPage\":{\"@id\":\"https:\/\/www.amanprana.eu\/fr\/sauvez-la-mer\/le-volume-de-plastique-dans-les-oceans-a-triple-au-cours-des-10-dernieres-annees\/#primaryimage\"},\"image\":{\"@id\":\"https:\/\/www.amanprana.eu\/fr\/sauvez-la-mer\/le-volume-de-plastique-dans-les-oceans-a-triple-au-cours-des-10-dernieres-annees\/#primaryimage\"},\"thumbnailUrl\":\"https:\/\/www.amanprana.eu\/wp-content\/uploads\/garbage-2369821_1280.jpg\",\"datePublished\":\"2019-04-16T10:38:54+00:00\",\"description\":\"Cette contamination au plastique devrait tripler \u00e0 nouveau dans les 10 prochaines ann\u00e9es. L'avenir pr\u00e9visible doit nous alerter sur une approche \u00ab loin\",\"breadcrumb\":{\"@id\":\"https:\/\/www.amanprana.eu\/fr\/sauvez-la-mer\/le-volume-de-plastique-dans-les-oceans-a-triple-au-cours-des-10-dernieres-annees\/#breadcrumb\"},\"inLanguage\":\"fr-FR\",\"potentialAction\":[{\"@type\":\"ReadAction\",\"target\":[\"https:\/\/www.amanprana.eu\/fr\/sauvez-la-mer\/le-volume-de-plastique-dans-les-oceans-a-triple-au-cours-des-10-dernieres-annees\/\"]}]},{\"@type\":\"ImageObject\",\"inLanguage\":\"fr-FR\",\"@id\":\"https:\/\/www.amanprana.eu\/fr\/sauvez-la-mer\/le-volume-de-plastique-dans-les-oceans-a-triple-au-cours-des-10-dernieres-annees\/#primaryimage\",\"url\":\"https:\/\/www.amanprana.eu\/wp-content\/uploads\/garbage-2369821_1280.jpg\",\"contentUrl\":\"https:\/\/www.amanprana.eu\/wp-content\/uploads\/garbage-2369821_1280.jpg\"},{\"@type\":\"BreadcrumbList\",\"@id\":\"https:\/\/www.amanprana.eu\/fr\/sauvez-la-mer\/le-volume-de-plastique-dans-les-oceans-a-triple-au-cours-des-10-dernieres-annees\/#breadcrumb\",\"itemListElement\":[{\"@type\":\"ListItem\",\"position\":1,\"name\":\"Amanprana.eu\",\"item\":\"https:\/\/www.amanprana.eu\/fr\/\"},{\"@type\":\"ListItem\",\"position\":2,\"name\":\"SLM - articles\",\"item\":\"https:\/\/www.amanprana.eu\/fr\/sauvez-la-mer\/\"},{\"@type\":\"ListItem\",\"position\":3,\"name\":\"Pollution des oc\u00e9ans\",\"item\":\"https:\/\/www.amanprana.eu\/fr\/red_de_zee_categorieen\/pollution-des-oceans\/\"},{\"@type\":\"ListItem\",\"position\":4,\"name\":\"Le volume de plastique dans les oc\u00e9ans a tripl\u00e9 au cours des 10 derni\u00e8res ann\u00e9es.\"}]},{\"@type\":\"WebSite\",\"@id\":\"https:\/\/www.amanprana.eu\/fr\/#website\",\"url\":\"https:\/\/www.amanprana.eu\/fr\/\",\"name\":\"Amanprana\",\"description\":\"Serene levenskracht\",\"publisher\":{\"@id\":\"https:\/\/www.amanprana.eu\/fr\/#organization\"},\"potentialAction\":[{\"@type\":\"SearchAction\",\"target\":{\"@type\":\"EntryPoint\",\"urlTemplate\":\"https:\/\/www.amanprana.eu\/fr\/?s={search_term_string}\"},\"query-input\":{\"@type\":\"PropertyValueSpecification\",\"valueRequired\":true,\"valueName\":\"search_term_string\"}}],\"inLanguage\":\"fr-FR\"},{\"@type\":\"Organization\",\"@id\":\"https:\/\/www.amanprana.eu\/fr\/#organization\",\"name\":\"Amanprana\",\"url\":\"https:\/\/www.amanprana.eu\/fr\/\",\"logo\":{\"@type\":\"ImageObject\",\"inLanguage\":\"fr-FR\",\"@id\":\"https:\/\/www.amanprana.eu\/fr\/#\/schema\/logo\/image\/\",\"url\":\"https:\/\/www.amanprana.eu\/wp-content\/uploads\/webres-amanprana-logo.jpg\",\"contentUrl\":\"https:\/\/www.amanprana.eu\/wp-content\/uploads\/webres-amanprana-logo.jpg\",\"width\":300,\"height\":300,\"caption\":\"Amanprana\"},\"image\":{\"@id\":\"https:\/\/www.amanprana.eu\/fr\/#\/schema\/logo\/image\/\"},\"sameAs\":[\"https:\/\/www.facebook.com\/Amanpranaproducts\/\",\"https:\/\/www.instagram.com\/amanprana\/\",\"https:\/\/nl.pinterest.com\/amanprana\/pins\/\"]}]}<\/script>\n<!-- \/ Yoast SEO plugin. -->","yoast_head_json":{"title":"Le volume de plastique dans les oc\u00e9ans a tripl\u00e9 au cours des 10 derni\u00e8res ann\u00e9es. - Amanprana","description":"Cette contamination au plastique devrait tripler \u00e0 nouveau dans les 10 prochaines ann\u00e9es. L'avenir pr\u00e9visible doit nous alerter sur une approche \u00ab loin","robots":{"index":"index","follow":"follow","max-snippet":"max-snippet:-1","max-image-preview":"max-image-preview:large","max-video-preview":"max-video-preview:-1"},"canonical":"https:\/\/www.amanprana.eu\/fr\/sauvez-la-mer\/le-volume-de-plastique-dans-les-oceans-a-triple-au-cours-des-10-dernieres-annees\/","og_locale":"fr_FR","og_type":"article","og_title":"Le volume de plastique dans les oc\u00e9ans a tripl\u00e9 au cours des 10 derni\u00e8res ann\u00e9es. - Amanprana","og_description":"Cette contamination au plastique devrait tripler \u00e0 nouveau dans les 10 prochaines ann\u00e9es. L'avenir pr\u00e9visible doit nous alerter sur une approche \u00ab loin","og_url":"https:\/\/www.amanprana.eu\/fr\/sauvez-la-mer\/le-volume-de-plastique-dans-les-oceans-a-triple-au-cours-des-10-dernieres-annees\/","og_site_name":"Amanprana","article_publisher":"https:\/\/www.facebook.com\/Amanpranaproducts\/","og_image":[{"url":"https:\/\/www.amanprana.eu\/wp-content\/uploads\/Wegwerp-flesje-768x1024.jpg","type":"","width":"","height":""}],"twitter_card":"summary_large_image","twitter_misc":{"Dur\u00e9e de lecture estim\u00e9e":"4 minutes"},"schema":{"@context":"https:\/\/schema.org","@graph":[{"@type":"WebPage","@id":"https:\/\/www.amanprana.eu\/fr\/sauvez-la-mer\/le-volume-de-plastique-dans-les-oceans-a-triple-au-cours-des-10-dernieres-annees\/","url":"https:\/\/www.amanprana.eu\/fr\/sauvez-la-mer\/le-volume-de-plastique-dans-les-oceans-a-triple-au-cours-des-10-dernieres-annees\/","name":"Le volume de plastique dans les oc\u00e9ans a tripl\u00e9 au cours des 10 derni\u00e8res ann\u00e9es. - Amanprana","isPartOf":{"@id":"https:\/\/www.amanprana.eu\/fr\/#website"},"primaryImageOfPage":{"@id":"https:\/\/www.amanprana.eu\/fr\/sauvez-la-mer\/le-volume-de-plastique-dans-les-oceans-a-triple-au-cours-des-10-dernieres-annees\/#primaryimage"},"image":{"@id":"https:\/\/www.amanprana.eu\/fr\/sauvez-la-mer\/le-volume-de-plastique-dans-les-oceans-a-triple-au-cours-des-10-dernieres-annees\/#primaryimage"},"thumbnailUrl":"https:\/\/www.amanprana.eu\/wp-content\/uploads\/garbage-2369821_1280.jpg","datePublished":"2019-04-16T10:38:54+00:00","description":"Cette contamination au plastique devrait tripler \u00e0 nouveau dans les 10 prochaines ann\u00e9es. L'avenir pr\u00e9visible doit nous alerter sur une approche \u00ab loin","breadcrumb":{"@id":"https:\/\/www.amanprana.eu\/fr\/sauvez-la-mer\/le-volume-de-plastique-dans-les-oceans-a-triple-au-cours-des-10-dernieres-annees\/#breadcrumb"},"inLanguage":"fr-FR","potentialAction":[{"@type":"ReadAction","target":["https:\/\/www.amanprana.eu\/fr\/sauvez-la-mer\/le-volume-de-plastique-dans-les-oceans-a-triple-au-cours-des-10-dernieres-annees\/"]}]},{"@type":"ImageObject","inLanguage":"fr-FR","@id":"https:\/\/www.amanprana.eu\/fr\/sauvez-la-mer\/le-volume-de-plastique-dans-les-oceans-a-triple-au-cours-des-10-dernieres-annees\/#primaryimage","url":"https:\/\/www.amanprana.eu\/wp-content\/uploads\/garbage-2369821_1280.jpg","contentUrl":"https:\/\/www.amanprana.eu\/wp-content\/uploads\/garbage-2369821_1280.jpg"},{"@type":"BreadcrumbList","@id":"https:\/\/www.amanprana.eu\/fr\/sauvez-la-mer\/le-volume-de-plastique-dans-les-oceans-a-triple-au-cours-des-10-dernieres-annees\/#breadcrumb","itemListElement":[{"@type":"ListItem","position":1,"name":"Amanprana.eu","item":"https:\/\/www.amanprana.eu\/fr\/"},{"@type":"ListItem","position":2,"name":"SLM - articles","item":"https:\/\/www.amanprana.eu\/fr\/sauvez-la-mer\/"},{"@type":"ListItem","position":3,"name":"Pollution des oc\u00e9ans","item":"https:\/\/www.amanprana.eu\/fr\/red_de_zee_categorieen\/pollution-des-oceans\/"},{"@type":"ListItem","position":4,"name":"Le volume de plastique dans les oc\u00e9ans a tripl\u00e9 au cours des 10 derni\u00e8res ann\u00e9es."}]},{"@type":"WebSite","@id":"https:\/\/www.amanprana.eu\/fr\/#website","url":"https:\/\/www.amanprana.eu\/fr\/","name":"Amanprana","description":"Serene levenskracht","publisher":{"@id":"https:\/\/www.amanprana.eu\/fr\/#organization"},"potentialAction":[{"@type":"SearchAction","target":{"@type":"EntryPoint","urlTemplate":"https:\/\/www.amanprana.eu\/fr\/?s={search_term_string}"},"query-input":{"@type":"PropertyValueSpecification","valueRequired":true,"valueName":"search_term_string"}}],"inLanguage":"fr-FR"},{"@type":"Organization","@id":"https:\/\/www.amanprana.eu\/fr\/#organization","name":"Amanprana","url":"https:\/\/www.amanprana.eu\/fr\/","logo":{"@type":"ImageObject","inLanguage":"fr-FR","@id":"https:\/\/www.amanprana.eu\/fr\/#\/schema\/logo\/image\/","url":"https:\/\/www.amanprana.eu\/wp-content\/uploads\/webres-amanprana-logo.jpg","contentUrl":"https:\/\/www.amanprana.eu\/wp-content\/uploads\/webres-amanprana-logo.jpg","width":300,"height":300,"caption":"Amanprana"},"image":{"@id":"https:\/\/www.amanprana.eu\/fr\/#\/schema\/logo\/image\/"},"sameAs":["https:\/\/www.facebook.com\/Amanpranaproducts\/","https:\/\/www.instagram.com\/amanprana\/","https:\/\/nl.pinterest.com\/amanprana\/pins\/"]}]}},"multi-rating":{"mr_rating_results":[]},"_links":{"self":[{"href":"https:\/\/www.amanprana.eu\/fr\/wp-json\/wp\/v2\/red_de_zee\/46186","targetHints":{"allow":["GET"]}}],"collection":[{"href":"https:\/\/www.amanprana.eu\/fr\/wp-json\/wp\/v2\/red_de_zee"}],"about":[{"href":"https:\/\/www.amanprana.eu\/fr\/wp-json\/wp\/v2\/types\/red_de_zee"}],"version-history":[{"count":0,"href":"https:\/\/www.amanprana.eu\/fr\/wp-json\/wp\/v2\/red_de_zee\/46186\/revisions"}],"wp:attachment":[{"href":"https:\/\/www.amanprana.eu\/fr\/wp-json\/wp\/v2\/media?parent=46186"}],"curies":[{"name":"wp","href":"https:\/\/api.w.org\/{rel}","templated":true}]}}