

{"id":47651,"date":"2019-06-06T09:24:33","date_gmt":"2019-06-06T07:24:33","guid":{"rendered":"https:\/\/www.amanprana.eu\/?post_type=red_de_zee&#038;p=47651"},"modified":"2019-06-06T09:33:39","modified_gmt":"2019-06-06T07:33:39","slug":"le-rechauffement-de-la-planete-rechauffement-climatique-est-un-fait","status":"publish","type":"red_de_zee","link":"https:\/\/www.amanprana.eu\/fr\/sauvez-la-mer\/le-rechauffement-de-la-planete-rechauffement-climatique-est-un-fait\/","title":{"rendered":"Le r\u00e9chauffement de la plan\u00e8te (r\u00e9chauffement climatique) est un fait."},"content":{"rendered":"<div id=\"attachment_47557\" style=\"width: 310px\" class=\"wp-caption alignleft\"><img decoding=\"async\" aria-describedby=\"caption-attachment-47557\" class=\"size-full wp-image-47555\" src=\"https:\/\/www.amanprana.eu\/wp-content\/uploads\/wereldwijde-land-en-oceaan-temperatuurindex-grafiek.png\" alt=\"Graphique de l'augmentation globale des temp\u00e9ratures des terres et des oc\u00e9ans\" width=\"300\" height=\"204\" srcset=\"https:\/\/www.amanprana.eu\/wp-content\/uploads\/wereldwijde-land-en-oceaan-temperatuurindex-grafiek.png 300w, https:\/\/www.amanprana.eu\/wp-content\/uploads\/wereldwijde-land-en-oceaan-temperatuurindex-grafiek-100x68.png 100w\" sizes=\"(max-width: 300px) 100vw, 300px\" \/><p id=\"caption-attachment-47557\" class=\"wp-caption-text\">Le climat ? Regardez le tableau.<\/p><\/div>\n<p>&nbsp;<\/p>\n<p>&nbsp;<\/p>\n<p>Le r\u00e9chauffement climatique a aussi un impact majeur sur les oc\u00e9ans. Entre 1850 et 2015, la temp\u00e9rature de la surface de la terre a augment\u00e9 de 0,87 \u00b0C. Selon les scientifiques du climat, le r\u00e9chauffement climatique a d\u00e9but\u00e9 au milieu du XXe si\u00e8cle.<\/p>\n<p>&nbsp;<\/p>\n<p>&nbsp;<\/p>\n<p>&nbsp;<\/p>\n<p>Le r\u00e9chauffement climatique provoque une \u00e9l\u00e9vation du niveau des oc\u00e9ans, le r\u00e9chauffement et l\u2019acidification de l\u2019eau de mer, le blanchiment et la destruction des r\u00e9cifs coralliens. Tout cela a un grand impact sur la vie marine, o\u00f9 les r\u00e9cifs coralliens ont une fonction vitale.<\/p>\n<div id=\"attachment_47563\" style=\"width: 1210px\" class=\"wp-caption aligncenter\"><img decoding=\"async\" aria-describedby=\"caption-attachment-47563\" class=\"size-full wp-image-47561\" src=\"https:\/\/www.amanprana.eu\/wp-content\/uploads\/koraalriffen-hebben-een-onmisbare-functie.jpg\" alt=\"Le r\u00e9chauffement climatique est responsable de la destruction des r\u00e9cifs coralliens.\" width=\"1200\" height=\"675\" srcset=\"https:\/\/www.amanprana.eu\/wp-content\/uploads\/koraalriffen-hebben-een-onmisbare-functie.jpg 1200w, https:\/\/www.amanprana.eu\/wp-content\/uploads\/koraalriffen-hebben-een-onmisbare-functie-300x169.jpg 300w, https:\/\/www.amanprana.eu\/wp-content\/uploads\/koraalriffen-hebben-een-onmisbare-functie-768x432.jpg 768w, https:\/\/www.amanprana.eu\/wp-content\/uploads\/koraalriffen-hebben-een-onmisbare-functie-1024x576.jpg 1024w, https:\/\/www.amanprana.eu\/wp-content\/uploads\/koraalriffen-hebben-een-onmisbare-functie-100x56.jpg 100w, https:\/\/www.amanprana.eu\/wp-content\/uploads\/koraalriffen-hebben-een-onmisbare-functie-862x485.jpg 862w, https:\/\/www.amanprana.eu\/wp-content\/uploads\/koraalriffen-hebben-een-onmisbare-functie-1170x658.jpg 1170w\" sizes=\"(max-width: 1200px) 100vw, 1200px\" \/><p id=\"caption-attachment-47563\" class=\"wp-caption-text\">Le r\u00e9chauffement climatique est responsable de la destruction des r\u00e9cifs coralliens.<\/p><\/div>\n<h2>Le r\u00e9chauffement de la terre met en p\u00e9ril l\u2019habitat de nombreux animaux.<\/h2>\n<p><strong>Le changement climatique est maintenant en cours et l\u2019acidification des oc\u00e9ans est un fait av\u00e9r\u00e9.<br \/>\n<\/strong>Les plages o\u00f9 les tortues marines se reproduisent sont inond\u00e9es par la hausse du niveau de la mer. Les ours polaires ne peuvent plus trouver de nourriture parce que leur terrain de chasse a fondu.<br \/>\nSi les \u00e9missions de gaz \u00e0 effet de serre continuent \u00e0 augmenter au rythme actuel, une grande partie de la vie dans et autour des Oc\u00e9ans dispara\u00eetra.<\/p>\n<div id=\"attachment_47572\" style=\"width: 1096px\" class=\"wp-caption aligncenter\"><img decoding=\"async\" aria-describedby=\"caption-attachment-47572\" class=\"size-full wp-image-47570\" src=\"https:\/\/www.amanprana.eu\/wp-content\/uploads\/Schilpad-in-het-water.jpg\" alt=\"Les plages o\u00f9 les tortues marines se reproduisent sont inond\u00e9es par la hausse des niveaux de la mer provoqu\u00e9e par le r\u00e9chauffement climatique.\" width=\"1086\" height=\"611\" srcset=\"https:\/\/www.amanprana.eu\/wp-content\/uploads\/Schilpad-in-het-water.jpg 1086w, https:\/\/www.amanprana.eu\/wp-content\/uploads\/Schilpad-in-het-water-300x169.jpg 300w, https:\/\/www.amanprana.eu\/wp-content\/uploads\/Schilpad-in-het-water-768x432.jpg 768w, https:\/\/www.amanprana.eu\/wp-content\/uploads\/Schilpad-in-het-water-1024x576.jpg 1024w, https:\/\/www.amanprana.eu\/wp-content\/uploads\/Schilpad-in-het-water-100x56.jpg 100w, https:\/\/www.amanprana.eu\/wp-content\/uploads\/Schilpad-in-het-water-862x485.jpg 862w\" sizes=\"(max-width: 1086px) 100vw, 1086px\" \/><p id=\"caption-attachment-47572\" class=\"wp-caption-text\">Les plages o\u00f9 les tortues marines se reproduisent sont inond\u00e9es par la hausse du niveau de la mer.<\/p><\/div>\n<p>Le r\u00e9chauffement de la terre provoque une augmentation des p\u00e9riodes de s\u00e9cheresse et de chaleur, une augmentation des pr\u00e9cipitations extr\u00eames et une diminution de la biodiversit\u00e9. Les \u00e9v\u00e9nements m\u00e9t\u00e9orologiques extr\u00eames seront de plus en plus fr\u00e9quents.<br \/>\nEn moyenne, il y a plus de jours exceptionnellement chauds et moins de jours exceptionnellement froids. En outre, le nombre de vagues de chaleur et l\u2019humidit\u00e9 moyenne croissent et les fortes pr\u00e9cipitations augmentent en fr\u00e9quence et en intensit\u00e9 partout dans le monde.<\/p>\n<div id=\"attachment_47578\" style=\"width: 1210px\" class=\"wp-caption aligncenter\"><img decoding=\"async\" aria-describedby=\"caption-attachment-47578\" class=\"size-full wp-image-47576\" src=\"https:\/\/www.amanprana.eu\/wp-content\/uploads\/extreme-neerslag.jpg\" alt=\"Conditions m\u00e9t\u00e9orologiques extr\u00eames pluie et nuages d'orage provoqu\u00e9s par le r\u00e9chauffement climatique\" width=\"1200\" height=\"675\" srcset=\"https:\/\/www.amanprana.eu\/wp-content\/uploads\/extreme-neerslag.jpg 1200w, https:\/\/www.amanprana.eu\/wp-content\/uploads\/extreme-neerslag-300x169.jpg 300w, https:\/\/www.amanprana.eu\/wp-content\/uploads\/extreme-neerslag-768x432.jpg 768w, https:\/\/www.amanprana.eu\/wp-content\/uploads\/extreme-neerslag-1024x576.jpg 1024w, https:\/\/www.amanprana.eu\/wp-content\/uploads\/extreme-neerslag-100x56.jpg 100w, https:\/\/www.amanprana.eu\/wp-content\/uploads\/extreme-neerslag-862x485.jpg 862w, https:\/\/www.amanprana.eu\/wp-content\/uploads\/extreme-neerslag-1170x658.jpg 1170w\" sizes=\"(max-width: 1200px) 100vw, 1200px\" \/><p id=\"caption-attachment-47578\" class=\"wp-caption-text\">Le r\u00e9chauffement climatique provoque des conditions m\u00e9t\u00e9orologiques extr\u00eames.<\/p><\/div>\n<h2>La temp\u00e9rature : le r\u00e9chauffement climatique de la terre au fil des ann\u00e9es.<\/h2>\n<div class=\"x-video player\" data-x-element-mejs><div class=\"x-video-inner\"><video class=\"x-mejs x-wp-video-shortcode advanced-controls\" id=\"video-47651-1\" width=\"640\" height=\"360\" preload=\"metadata\" controls=\"controls\"><source type=\"video\/webm\" src=\"https:\/\/upload.wikimedia.org\/wikipedia\/commons\/transcoded\/7\/72\/Global_temperature_changes.webm\/Global_temperature_changes.webm.480p.vp9.webm?_=1\" \/><\/video><\/div><\/div>\n<h2>Changement climatique ?<\/h2>\n<p>Depuis 1995, le niveau moyen de la mer augmente de 3,2 millim\u00e8tres par an.<\/p>\n<p><img decoding=\"async\" class=\"wp-image-47582 size-full alignleft\" src=\"https:\/\/www.amanprana.eu\/wp-content\/uploads\/stijging-van-de-zeespiegel.png\" alt=\"Graphique montrant l'\u00e9l\u00e9vation du niveau de la mer au fil des ann\u00e9es.\" width=\"300\" height=\"188\" srcset=\"https:\/\/www.amanprana.eu\/wp-content\/uploads\/stijging-van-de-zeespiegel.png 300w, https:\/\/www.amanprana.eu\/wp-content\/uploads\/stijging-van-de-zeespiegel-100x63.png 100w\" sizes=\"(max-width: 300px) 100vw, 300px\" \/><\/p>\n","protected":false},"featured_media":47563,"menu_order":30,"template":"","format":"standard","class_list":["post-47651","red_de_zee","type-red_de_zee","status-publish","format-standard","has-post-thumbnail","hentry","red_de_zee_categorieen-changement-climatique"],"acf":[],"yoast_head":"<!-- This site is optimized with the Yoast SEO plugin v24.7 - https:\/\/yoast.com\/wordpress\/plugins\/seo\/ -->\n<title>Le r\u00e9chauffement de la plan\u00e8te (r\u00e9chauffement climatique) est un fait. - Amanprana<\/title>\n<meta name=\"description\" content=\"Les scientifiques ne doutent plus \u00e0 propos du r\u00e9chauffement climatique. L\u2019acidification des Oc\u00e9ans ? Il suffit de regarder les tables des changements climatiques...\" \/>\n<meta name=\"robots\" content=\"index, follow, max-snippet:-1, max-image-preview:large, max-video-preview:-1\" \/>\n<link rel=\"canonical\" href=\"https:\/\/www.amanprana.eu\/fr\/sauvez-la-mer\/le-rechauffement-de-la-planete-rechauffement-climatique-est-un-fait\/\" \/>\n<meta property=\"og:locale\" content=\"fr_FR\" \/>\n<meta property=\"og:type\" content=\"article\" \/>\n<meta property=\"og:title\" content=\"Le r\u00e9chauffement de la plan\u00e8te (r\u00e9chauffement climatique) est un fait. - Amanprana\" \/>\n<meta property=\"og:description\" content=\"Les scientifiques ne doutent plus \u00e0 propos du r\u00e9chauffement climatique. L\u2019acidification des Oc\u00e9ans ? Il suffit de regarder les tables des changements climatiques...\" \/>\n<meta property=\"og:url\" content=\"https:\/\/www.amanprana.eu\/fr\/sauvez-la-mer\/le-rechauffement-de-la-planete-rechauffement-climatique-est-un-fait\/\" \/>\n<meta property=\"og:site_name\" content=\"Amanprana\" \/>\n<meta property=\"article:publisher\" content=\"https:\/\/www.facebook.com\/Amanpranaproducts\/\" \/>\n<meta property=\"article:modified_time\" content=\"2019-06-06T07:33:39+00:00\" \/>\n<meta property=\"og:image\" content=\"https:\/\/www.amanprana.eu\/wp-content\/uploads\/koraalriffen-hebben-een-onmisbare-functie.jpg\" \/>\n\t<meta property=\"og:image:width\" content=\"1200\" \/>\n\t<meta property=\"og:image:height\" content=\"675\" \/>\n\t<meta property=\"og:image:type\" content=\"image\/jpeg\" \/>\n<meta name=\"twitter:card\" content=\"summary_large_image\" \/>\n<meta name=\"twitter:label1\" content=\"Dur\u00e9e de lecture estim\u00e9e\" \/>\n\t<meta name=\"twitter:data1\" content=\"2 minutes\" \/>\n<script type=\"application\/ld+json\" class=\"yoast-schema-graph\">{\"@context\":\"https:\/\/schema.org\",\"@graph\":[{\"@type\":\"WebPage\",\"@id\":\"https:\/\/www.amanprana.eu\/fr\/sauvez-la-mer\/le-rechauffement-de-la-planete-rechauffement-climatique-est-un-fait\/\",\"url\":\"https:\/\/www.amanprana.eu\/fr\/sauvez-la-mer\/le-rechauffement-de-la-planete-rechauffement-climatique-est-un-fait\/\",\"name\":\"Le r\u00e9chauffement de la plan\u00e8te (r\u00e9chauffement climatique) est un fait. - Amanprana\",\"isPartOf\":{\"@id\":\"https:\/\/www.amanprana.eu\/fr\/#website\"},\"primaryImageOfPage\":{\"@id\":\"https:\/\/www.amanprana.eu\/fr\/sauvez-la-mer\/le-rechauffement-de-la-planete-rechauffement-climatique-est-un-fait\/#primaryimage\"},\"image\":{\"@id\":\"https:\/\/www.amanprana.eu\/fr\/sauvez-la-mer\/le-rechauffement-de-la-planete-rechauffement-climatique-est-un-fait\/#primaryimage\"},\"thumbnailUrl\":\"https:\/\/www.amanprana.eu\/wp-content\/uploads\/koraalriffen-hebben-een-onmisbare-functie.jpg\",\"datePublished\":\"2019-06-06T07:24:33+00:00\",\"dateModified\":\"2019-06-06T07:33:39+00:00\",\"description\":\"Les scientifiques ne doutent plus \u00e0 propos du r\u00e9chauffement climatique. L\u2019acidification des Oc\u00e9ans ? Il suffit de regarder les tables des changements climatiques...\",\"breadcrumb\":{\"@id\":\"https:\/\/www.amanprana.eu\/fr\/sauvez-la-mer\/le-rechauffement-de-la-planete-rechauffement-climatique-est-un-fait\/#breadcrumb\"},\"inLanguage\":\"fr-FR\",\"potentialAction\":[{\"@type\":\"ReadAction\",\"target\":[\"https:\/\/www.amanprana.eu\/fr\/sauvez-la-mer\/le-rechauffement-de-la-planete-rechauffement-climatique-est-un-fait\/\"]}]},{\"@type\":\"ImageObject\",\"inLanguage\":\"fr-FR\",\"@id\":\"https:\/\/www.amanprana.eu\/fr\/sauvez-la-mer\/le-rechauffement-de-la-planete-rechauffement-climatique-est-un-fait\/#primaryimage\",\"url\":\"https:\/\/www.amanprana.eu\/wp-content\/uploads\/koraalriffen-hebben-een-onmisbare-functie.jpg\",\"contentUrl\":\"https:\/\/www.amanprana.eu\/wp-content\/uploads\/koraalriffen-hebben-een-onmisbare-functie.jpg\",\"width\":1200,\"height\":675,\"caption\":\"Le r\u00e9chauffement climatique est responsable de la destruction des r\u00e9cifs coralliens.\"},{\"@type\":\"BreadcrumbList\",\"@id\":\"https:\/\/www.amanprana.eu\/fr\/sauvez-la-mer\/le-rechauffement-de-la-planete-rechauffement-climatique-est-un-fait\/#breadcrumb\",\"itemListElement\":[{\"@type\":\"ListItem\",\"position\":1,\"name\":\"Amanprana.eu\",\"item\":\"https:\/\/www.amanprana.eu\/fr\/\"},{\"@type\":\"ListItem\",\"position\":2,\"name\":\"SLM - articles\",\"item\":\"https:\/\/www.amanprana.eu\/fr\/sauvez-la-mer\/\"},{\"@type\":\"ListItem\",\"position\":3,\"name\":\"Changement climatique\",\"item\":\"https:\/\/www.amanprana.eu\/fr\/red_de_zee_categorieen\/changement-climatique\/\"},{\"@type\":\"ListItem\",\"position\":4,\"name\":\"Le r\u00e9chauffement de la plan\u00e8te (r\u00e9chauffement climatique) est un fait.\"}]},{\"@type\":\"WebSite\",\"@id\":\"https:\/\/www.amanprana.eu\/fr\/#website\",\"url\":\"https:\/\/www.amanprana.eu\/fr\/\",\"name\":\"Amanprana\",\"description\":\"Serene levenskracht\",\"publisher\":{\"@id\":\"https:\/\/www.amanprana.eu\/fr\/#organization\"},\"potentialAction\":[{\"@type\":\"SearchAction\",\"target\":{\"@type\":\"EntryPoint\",\"urlTemplate\":\"https:\/\/www.amanprana.eu\/fr\/?s={search_term_string}\"},\"query-input\":{\"@type\":\"PropertyValueSpecification\",\"valueRequired\":true,\"valueName\":\"search_term_string\"}}],\"inLanguage\":\"fr-FR\"},{\"@type\":\"Organization\",\"@id\":\"https:\/\/www.amanprana.eu\/fr\/#organization\",\"name\":\"Amanprana\",\"url\":\"https:\/\/www.amanprana.eu\/fr\/\",\"logo\":{\"@type\":\"ImageObject\",\"inLanguage\":\"fr-FR\",\"@id\":\"https:\/\/www.amanprana.eu\/fr\/#\/schema\/logo\/image\/\",\"url\":\"https:\/\/www.amanprana.eu\/wp-content\/uploads\/webres-amanprana-logo.jpg\",\"contentUrl\":\"https:\/\/www.amanprana.eu\/wp-content\/uploads\/webres-amanprana-logo.jpg\",\"width\":300,\"height\":300,\"caption\":\"Amanprana\"},\"image\":{\"@id\":\"https:\/\/www.amanprana.eu\/fr\/#\/schema\/logo\/image\/\"},\"sameAs\":[\"https:\/\/www.facebook.com\/Amanpranaproducts\/\",\"https:\/\/www.instagram.com\/amanprana\/\",\"https:\/\/nl.pinterest.com\/amanprana\/pins\/\"]}]}<\/script>\n<!-- \/ Yoast SEO plugin. -->","yoast_head_json":{"title":"Le r\u00e9chauffement de la plan\u00e8te (r\u00e9chauffement climatique) est un fait. - Amanprana","description":"Les scientifiques ne doutent plus \u00e0 propos du r\u00e9chauffement climatique. L\u2019acidification des Oc\u00e9ans ? Il suffit de regarder les tables des changements climatiques...","robots":{"index":"index","follow":"follow","max-snippet":"max-snippet:-1","max-image-preview":"max-image-preview:large","max-video-preview":"max-video-preview:-1"},"canonical":"https:\/\/www.amanprana.eu\/fr\/sauvez-la-mer\/le-rechauffement-de-la-planete-rechauffement-climatique-est-un-fait\/","og_locale":"fr_FR","og_type":"article","og_title":"Le r\u00e9chauffement de la plan\u00e8te (r\u00e9chauffement climatique) est un fait. - Amanprana","og_description":"Les scientifiques ne doutent plus \u00e0 propos du r\u00e9chauffement climatique. L\u2019acidification des Oc\u00e9ans ? Il suffit de regarder les tables des changements climatiques...","og_url":"https:\/\/www.amanprana.eu\/fr\/sauvez-la-mer\/le-rechauffement-de-la-planete-rechauffement-climatique-est-un-fait\/","og_site_name":"Amanprana","article_publisher":"https:\/\/www.facebook.com\/Amanpranaproducts\/","article_modified_time":"2019-06-06T07:33:39+00:00","og_image":[{"width":1200,"height":675,"url":"https:\/\/www.amanprana.eu\/wp-content\/uploads\/koraalriffen-hebben-een-onmisbare-functie.jpg","type":"image\/jpeg"}],"twitter_card":"summary_large_image","twitter_misc":{"Dur\u00e9e de lecture estim\u00e9e":"2 minutes"},"schema":{"@context":"https:\/\/schema.org","@graph":[{"@type":"WebPage","@id":"https:\/\/www.amanprana.eu\/fr\/sauvez-la-mer\/le-rechauffement-de-la-planete-rechauffement-climatique-est-un-fait\/","url":"https:\/\/www.amanprana.eu\/fr\/sauvez-la-mer\/le-rechauffement-de-la-planete-rechauffement-climatique-est-un-fait\/","name":"Le r\u00e9chauffement de la plan\u00e8te (r\u00e9chauffement climatique) est un fait. - Amanprana","isPartOf":{"@id":"https:\/\/www.amanprana.eu\/fr\/#website"},"primaryImageOfPage":{"@id":"https:\/\/www.amanprana.eu\/fr\/sauvez-la-mer\/le-rechauffement-de-la-planete-rechauffement-climatique-est-un-fait\/#primaryimage"},"image":{"@id":"https:\/\/www.amanprana.eu\/fr\/sauvez-la-mer\/le-rechauffement-de-la-planete-rechauffement-climatique-est-un-fait\/#primaryimage"},"thumbnailUrl":"https:\/\/www.amanprana.eu\/wp-content\/uploads\/koraalriffen-hebben-een-onmisbare-functie.jpg","datePublished":"2019-06-06T07:24:33+00:00","dateModified":"2019-06-06T07:33:39+00:00","description":"Les scientifiques ne doutent plus \u00e0 propos du r\u00e9chauffement climatique. L\u2019acidification des Oc\u00e9ans ? Il suffit de regarder les tables des changements climatiques...","breadcrumb":{"@id":"https:\/\/www.amanprana.eu\/fr\/sauvez-la-mer\/le-rechauffement-de-la-planete-rechauffement-climatique-est-un-fait\/#breadcrumb"},"inLanguage":"fr-FR","potentialAction":[{"@type":"ReadAction","target":["https:\/\/www.amanprana.eu\/fr\/sauvez-la-mer\/le-rechauffement-de-la-planete-rechauffement-climatique-est-un-fait\/"]}]},{"@type":"ImageObject","inLanguage":"fr-FR","@id":"https:\/\/www.amanprana.eu\/fr\/sauvez-la-mer\/le-rechauffement-de-la-planete-rechauffement-climatique-est-un-fait\/#primaryimage","url":"https:\/\/www.amanprana.eu\/wp-content\/uploads\/koraalriffen-hebben-een-onmisbare-functie.jpg","contentUrl":"https:\/\/www.amanprana.eu\/wp-content\/uploads\/koraalriffen-hebben-een-onmisbare-functie.jpg","width":1200,"height":675,"caption":"Le r\u00e9chauffement climatique est responsable de la destruction des r\u00e9cifs coralliens."},{"@type":"BreadcrumbList","@id":"https:\/\/www.amanprana.eu\/fr\/sauvez-la-mer\/le-rechauffement-de-la-planete-rechauffement-climatique-est-un-fait\/#breadcrumb","itemListElement":[{"@type":"ListItem","position":1,"name":"Amanprana.eu","item":"https:\/\/www.amanprana.eu\/fr\/"},{"@type":"ListItem","position":2,"name":"SLM - articles","item":"https:\/\/www.amanprana.eu\/fr\/sauvez-la-mer\/"},{"@type":"ListItem","position":3,"name":"Changement climatique","item":"https:\/\/www.amanprana.eu\/fr\/red_de_zee_categorieen\/changement-climatique\/"},{"@type":"ListItem","position":4,"name":"Le r\u00e9chauffement de la plan\u00e8te (r\u00e9chauffement climatique) est un fait."}]},{"@type":"WebSite","@id":"https:\/\/www.amanprana.eu\/fr\/#website","url":"https:\/\/www.amanprana.eu\/fr\/","name":"Amanprana","description":"Serene levenskracht","publisher":{"@id":"https:\/\/www.amanprana.eu\/fr\/#organization"},"potentialAction":[{"@type":"SearchAction","target":{"@type":"EntryPoint","urlTemplate":"https:\/\/www.amanprana.eu\/fr\/?s={search_term_string}"},"query-input":{"@type":"PropertyValueSpecification","valueRequired":true,"valueName":"search_term_string"}}],"inLanguage":"fr-FR"},{"@type":"Organization","@id":"https:\/\/www.amanprana.eu\/fr\/#organization","name":"Amanprana","url":"https:\/\/www.amanprana.eu\/fr\/","logo":{"@type":"ImageObject","inLanguage":"fr-FR","@id":"https:\/\/www.amanprana.eu\/fr\/#\/schema\/logo\/image\/","url":"https:\/\/www.amanprana.eu\/wp-content\/uploads\/webres-amanprana-logo.jpg","contentUrl":"https:\/\/www.amanprana.eu\/wp-content\/uploads\/webres-amanprana-logo.jpg","width":300,"height":300,"caption":"Amanprana"},"image":{"@id":"https:\/\/www.amanprana.eu\/fr\/#\/schema\/logo\/image\/"},"sameAs":["https:\/\/www.facebook.com\/Amanpranaproducts\/","https:\/\/www.instagram.com\/amanprana\/","https:\/\/nl.pinterest.com\/amanprana\/pins\/"]}]}},"multi-rating":{"mr_rating_results":[]},"_links":{"self":[{"href":"https:\/\/www.amanprana.eu\/fr\/wp-json\/wp\/v2\/red_de_zee\/47651","targetHints":{"allow":["GET"]}}],"collection":[{"href":"https:\/\/www.amanprana.eu\/fr\/wp-json\/wp\/v2\/red_de_zee"}],"about":[{"href":"https:\/\/www.amanprana.eu\/fr\/wp-json\/wp\/v2\/types\/red_de_zee"}],"version-history":[{"count":0,"href":"https:\/\/www.amanprana.eu\/fr\/wp-json\/wp\/v2\/red_de_zee\/47651\/revisions"}],"wp:featuredmedia":[{"embeddable":true,"href":"https:\/\/www.amanprana.eu\/fr\/wp-json\/wp\/v2\/media\/47563"}],"wp:attachment":[{"href":"https:\/\/www.amanprana.eu\/fr\/wp-json\/wp\/v2\/media?parent=47651"}],"curies":[{"name":"wp","href":"https:\/\/api.w.org\/{rel}","templated":true}]}}