

{"id":47012,"date":"2019-05-16T10:45:57","date_gmt":"2019-05-16T08:45:57","guid":{"rendered":"https:\/\/www.amanprana.eu\/?post_type=red_de_zee&#038;p=47012"},"modified":"2019-05-16T10:45:57","modified_gmt":"2019-05-16T08:45:57","slug":"om-klimaendringer-og-virkningene-pa-havene-vare","status":"publish","type":"red_de_zee","link":"https:\/\/www.amanprana.eu\/nb\/redd-sjoen\/om-klimaendringer-og-virkningene-pa-havene-vare\/","title":{"rendered":"Om klimaendringer og virkningene p\u00e5 havene v\u00e5re."},"content":{"rendered":"<p><strong>Klimamotiverte marsjer finner sted i gatene, og aktivistene \u00f8nsker en renere fremtid sammen.<\/strong><\/p>\n<h2>klimaforkynning finner sted mange plasser i Europa<\/h2>\n<div id='gallery-1' class='gallery galleryid-47012 gallery-columns-2 gallery-size-full'><dl class='gallery-item'>\n\t\t\t<dt class='gallery-icon landscape'>\n\t\t\t\t<img decoding=\"async\" width=\"1100\" height=\"732\" src=\"https:\/\/www.amanprana.eu\/wp-content\/uploads\/Fridays-for-future.jpg\" class=\"attachment-full size-full\" alt=\"&quot;Fredager for Fremtiden&quot; er et italiensk initiativ for positiv klimap\u00e5virkning.\" aria-describedby=\"gallery-1-46840\" srcset=\"https:\/\/www.amanprana.eu\/wp-content\/uploads\/Fridays-for-future.jpg 1100w, https:\/\/www.amanprana.eu\/wp-content\/uploads\/Fridays-for-future-300x200.jpg 300w, https:\/\/www.amanprana.eu\/wp-content\/uploads\/Fridays-for-future-768x511.jpg 768w, https:\/\/www.amanprana.eu\/wp-content\/uploads\/Fridays-for-future-1024x681.jpg 1024w, https:\/\/www.amanprana.eu\/wp-content\/uploads\/Fridays-for-future-100x67.jpg 100w, https:\/\/www.amanprana.eu\/wp-content\/uploads\/Fridays-for-future-862x574.jpg 862w\" sizes=\"(max-width: 1100px) 100vw, 1100px\" \/>\n\t\t\t<\/dt>\n\t\t\t\t<dd class='wp-caption-text gallery-caption' id='gallery-1-46840'>\n\t\t\t\tTa handling n\u00e5 eller sv\u00f8m til jobben senere\n\t\t\t\t<\/dd><\/dl><dl class='gallery-item'>\n\t\t\t<dt class='gallery-icon landscape'>\n\t\t\t\t<img decoding=\"async\" width=\"1200\" height=\"799\" src=\"https:\/\/www.amanprana.eu\/wp-content\/uploads\/klimaatspijbelaars.jpg\" class=\"attachment-full size-full\" alt=\"Klimaet forandrer seg, hvorfor kan ikke vi gj\u00f8re det samme?\" aria-describedby=\"gallery-1-46846\" srcset=\"https:\/\/www.amanprana.eu\/wp-content\/uploads\/klimaatspijbelaars.jpg 1200w, https:\/\/www.amanprana.eu\/wp-content\/uploads\/klimaatspijbelaars-300x200.jpg 300w, https:\/\/www.amanprana.eu\/wp-content\/uploads\/klimaatspijbelaars-768x511.jpg 768w, https:\/\/www.amanprana.eu\/wp-content\/uploads\/klimaatspijbelaars-1024x682.jpg 1024w, https:\/\/www.amanprana.eu\/wp-content\/uploads\/klimaatspijbelaars-100x67.jpg 100w, https:\/\/www.amanprana.eu\/wp-content\/uploads\/klimaatspijbelaars-862x574.jpg 862w, https:\/\/www.amanprana.eu\/wp-content\/uploads\/klimaatspijbelaars-1170x779.jpg 1170w\" sizes=\"(max-width: 1200px) 100vw, 1200px\" \/>\n\t\t\t<\/dt>\n\t\t\t\t<dd class='wp-caption-text gallery-caption' id='gallery-1-46846'>\n\t\t\t\tKlimaet forandrer seg, hvorfor kan ikke vi gj\u00f8re det samme?\n\t\t\t\t<\/dd><\/dl>\n\t\t<\/div>\n\n<blockquote><p>&laquo;Vi fortjener \u00e5 leve p\u00e5 en gr\u00f8nn planet, og \u00e5 ha en trygg fremtid for de neste generasjonene etter oss. Vi setter pris p\u00e5 politikere som tar ansvar ved \u00e5 fremme tiltak for bekjemping av global oppvarming, og vi vil fortsette \u00e5 kjempe sammen om dette fremover.&raquo;<br \/>\nAnuna De Wever, 17 \u00e5r gammel belgisk klimaaktivist fra Mortsel.<\/p><\/blockquote>\n<div id=\"attachment_46853\" style=\"width: 1227px\" class=\"wp-caption aligncenter\"><img decoding=\"async\" aria-describedby=\"caption-attachment-46853\" class=\"size-full wp-image-46849\" src=\"https:\/\/www.amanprana.eu\/wp-content\/uploads\/school-strike-4-climate.jpg\" alt=\"n\u00e5r lederne oppf\u00f8rer seg som barn, m\u00e5 barna st\u00e5 frem som ledere.\" width=\"1217\" height=\"812\" srcset=\"https:\/\/www.amanprana.eu\/wp-content\/uploads\/school-strike-4-climate.jpg 1217w, https:\/\/www.amanprana.eu\/wp-content\/uploads\/school-strike-4-climate-300x200.jpg 300w, https:\/\/www.amanprana.eu\/wp-content\/uploads\/school-strike-4-climate-768x512.jpg 768w, https:\/\/www.amanprana.eu\/wp-content\/uploads\/school-strike-4-climate-1024x683.jpg 1024w, https:\/\/www.amanprana.eu\/wp-content\/uploads\/school-strike-4-climate-391x260.jpg 391w, https:\/\/www.amanprana.eu\/wp-content\/uploads\/school-strike-4-climate-100x67.jpg 100w, https:\/\/www.amanprana.eu\/wp-content\/uploads\/school-strike-4-climate-862x575.jpg 862w, https:\/\/www.amanprana.eu\/wp-content\/uploads\/school-strike-4-climate-1170x781.jpg 1170w\" sizes=\"(max-width: 1217px) 100vw, 1217px\" \/><p id=\"caption-attachment-46853\" class=\"wp-caption-text\">N\u00e5r lederne oppf\u00f8rer seg som barn, m\u00e5 barna st\u00e5 frem som ledere.<\/p><\/div>\n<h3>klimaaksjon: Forkynning med Greta Thunberg og Anuna De Wever mot klimaendringer<\/h3>\n<p>I Roma, April 2019, gikk 25 000 mennesker marsj for klimaet. Etter innledende ord l\u00e5nt fra Martin Luther King, adresserte Anuna publikum: &laquo;Jeg forteller folk at det er viktig vi fortsetter. Det er ogs\u00e5 budskapet jeg har \u00e5 si til de unge i Belgia, at vi m\u00e5 st\u00e5 p\u00e5 hele veien frem til valget.&raquo;<\/p>\n<p>&laquo;Fredager for Fremtiden&raquo; er et italiensk initiativ for positiv klimap\u00e5virkning. Unge italienske aktivister som \u00f8nsker \u00e5 stanse klimaendringer. Det er mange som deltar i konseptet &laquo;Fredager for Fremtiden&raquo; Aktivistene krever et fullstendig forbud mot klimaskadelig forbrenning av kull, olje og gass. De krever ogs\u00e5 at det skal investeres mer i b\u00e6rekraftig energiutvinning, som vind- og solenergi.<\/p>\n<div id=\"attachment_46860\" style=\"width: 1210px\" class=\"wp-caption aligncenter\"><img decoding=\"async\" aria-describedby=\"caption-attachment-46860\" class=\"size-full wp-image-46856\" src=\"https:\/\/www.amanprana.eu\/wp-content\/uploads\/belang-van-de-oceanen.jpg\" alt=\"Betydningen det globale klimaet har for havet skal ikke undervurderes\" width=\"1200\" height=\"797\" srcset=\"https:\/\/www.amanprana.eu\/wp-content\/uploads\/belang-van-de-oceanen.jpg 1200w, https:\/\/www.amanprana.eu\/wp-content\/uploads\/belang-van-de-oceanen-300x199.jpg 300w, https:\/\/www.amanprana.eu\/wp-content\/uploads\/belang-van-de-oceanen-768x510.jpg 768w, https:\/\/www.amanprana.eu\/wp-content\/uploads\/belang-van-de-oceanen-1024x680.jpg 1024w, https:\/\/www.amanprana.eu\/wp-content\/uploads\/belang-van-de-oceanen-391x260.jpg 391w, https:\/\/www.amanprana.eu\/wp-content\/uploads\/belang-van-de-oceanen-100x66.jpg 100w, https:\/\/www.amanprana.eu\/wp-content\/uploads\/belang-van-de-oceanen-862x573.jpg 862w, https:\/\/www.amanprana.eu\/wp-content\/uploads\/belang-van-de-oceanen-1170x777.jpg 1170w\" sizes=\"(max-width: 1200px) 100vw, 1200px\" \/><p id=\"caption-attachment-46860\" class=\"wp-caption-text\">&laquo;Finn en forandring i deg selv, ikke let etter en i klimaet&raquo;<\/p><\/div>\n<h3>&laquo;Finn en forandring i deg selv, ikke i klimaet&raquo;, Unesco<\/h3>\n<p>Betydningen det globale klimaet har for havet skal ikke undervurderes. Havene absorberer en betydelig mengde karbonstoff og en overveldende del av overfl\u00f8dig varme. En varmere atmosf\u00e6re og \u00f8kte konsentrasjoner av drivhusgasser legger et enormt press p\u00e5 havets evner til \u00e5 regulere klimaet.<\/p>\n<div id=\"attachment_46867\" style=\"width: 1210px\" class=\"wp-caption aligncenter\"><img decoding=\"async\" aria-describedby=\"caption-attachment-46867\" class=\"size-full wp-image-46863\" src=\"https:\/\/www.amanprana.eu\/wp-content\/uploads\/Golven.jpg\" alt=\"Havene og vannet langs kystene v\u00e5re mister oksygenet.\" width=\"1200\" height=\"675\" srcset=\"https:\/\/www.amanprana.eu\/wp-content\/uploads\/Golven.jpg 1200w, https:\/\/www.amanprana.eu\/wp-content\/uploads\/Golven-300x169.jpg 300w, https:\/\/www.amanprana.eu\/wp-content\/uploads\/Golven-768x432.jpg 768w, https:\/\/www.amanprana.eu\/wp-content\/uploads\/Golven-1024x576.jpg 1024w, https:\/\/www.amanprana.eu\/wp-content\/uploads\/Golven-100x56.jpg 100w, https:\/\/www.amanprana.eu\/wp-content\/uploads\/Golven-862x485.jpg 862w, https:\/\/www.amanprana.eu\/wp-content\/uploads\/Golven-1170x658.jpg 1170w\" sizes=\"(max-width: 1200px) 100vw, 1200px\" \/><p id=\"caption-attachment-46867\" class=\"wp-caption-text\">Havene og vannet langs kystene v\u00e5re mister oksygenet.<\/p><\/div>\n<h2>Havene og vannet langs kystene v\u00e5re mister oksygenet. 11 ting du kanskje ikke vet:<\/h2>\n<ol>\n<li>Oksygen er ytterst n\u00f8dvendig for b\u00e5de planter og dyr i havene.<\/li>\n<li>Siden 1960 har havomr\u00e5der med redusert oksygeninnhold \u00f8kt med 4,5 millioner km\u00b2.<\/li>\n<li>Oss mennesker er de st\u00f8rste \u00e5rsakene til oksygennedgangen i havene. De st\u00f8rste verstingene er forbrenning av fossilt brensel, alt menneskelig avfall, all industriforurensning og forurensning fra landbruk. Resultatet er mer nitrogen, mer fosfor og mindre oksygen i havene.<\/li>\n<li>Mindre oksygen vil si reduserte vekstforhold, flere antall sykdommer, endring i arters atferd og \u00f8kte d\u00f8dsfall blant havets liv.<\/li>\n<li>Den globale oppvarmingen bruker opp oksygen fra havene.<\/li>\n<li>Oppdrettsfisk forurenser kystvannet og er en betraktelig faktor til det lavere oksygeninnholdet i kystvannet.<\/li>\n<li>Spesielt fisk med finner og skalldyr er spesielt sensistive for redusert oksygeninnhold i havene.<\/li>\n<li>Redusert oksygen i havene bidrar igjen til global oppvarming.<\/li>\n<li>I det 21. \u00e5rhundret vil klimagasser varme opp b\u00e5de havene og selve jorden og alle resultater leder til mindre oksygen.<\/li>\n<li>Havene p\u00e5virkes ikke bare av sideeffekten som er reduserte oksygeninnhold. Havene blir dessuten stadig p\u00e5virket av overfiske, \u00f8deleggelse av naturlige habitater, og forsuring grunnet menneskelig befolkningsvekst.<\/li>\n<li>En fremgangsmetode som forbedrer havets pusteevne vil p\u00e5virke den menneskelige befolkningen godt.<\/li>\n<\/ol>\n","protected":false},"featured_media":46834,"menu_order":34,"template":"","format":"standard","class_list":["post-47012","red_de_zee","type-red_de_zee","status-publish","format-standard","has-post-thumbnail","hentry","red_de_zee_categorieen-klimaendringer"],"acf":[],"yoast_head":"<!-- This site is optimized with the Yoast SEO plugin v24.7 - https:\/\/yoast.com\/wordpress\/plugins\/seo\/ -->\n<title>klimaforkjempere protesterer mot klimaendringer - Amanprana<\/title>\n<meta name=\"description\" content=\"Klimamarsjer med forkynnerne mot klimaendringer. Greta Thunberg og Anuna De Wever \u00f8nsker \u00e5 stoppe klimaendringer.\" \/>\n<meta name=\"robots\" content=\"index, follow, max-snippet:-1, max-image-preview:large, max-video-preview:-1\" \/>\n<link rel=\"canonical\" href=\"https:\/\/www.amanprana.eu\/nb\/redd-sjoen\/om-klimaendringer-og-virkningene-pa-havene-vare\/\" \/>\n<meta property=\"og:locale\" content=\"nb_NO\" \/>\n<meta property=\"og:type\" content=\"article\" \/>\n<meta property=\"og:title\" content=\"klimaforkjempere protesterer mot klimaendringer - Amanprana\" \/>\n<meta property=\"og:description\" content=\"Klimamarsjer med forkynnerne mot klimaendringer. Greta Thunberg og Anuna De Wever \u00f8nsker \u00e5 stoppe klimaendringer.\" \/>\n<meta property=\"og:url\" content=\"https:\/\/www.amanprana.eu\/nb\/redd-sjoen\/om-klimaendringer-og-virkningene-pa-havene-vare\/\" \/>\n<meta property=\"og:site_name\" content=\"Amanprana\" \/>\n<meta property=\"article:publisher\" content=\"https:\/\/www.facebook.com\/Amanpranaproducts\/\" \/>\n<meta property=\"og:image\" content=\"https:\/\/www.amanprana.eu\/wp-content\/uploads\/Geen-planeet-B.jpg\" \/>\n\t<meta property=\"og:image:width\" content=\"1200\" \/>\n\t<meta property=\"og:image:height\" content=\"675\" \/>\n\t<meta property=\"og:image:type\" content=\"image\/jpeg\" \/>\n<meta name=\"twitter:card\" content=\"summary_large_image\" \/>\n<meta name=\"twitter:label1\" content=\"Ansl. lesetid\" \/>\n\t<meta name=\"twitter:data1\" content=\"3 minutter\" \/>\n<script type=\"application\/ld+json\" class=\"yoast-schema-graph\">{\"@context\":\"https:\/\/schema.org\",\"@graph\":[{\"@type\":\"WebPage\",\"@id\":\"https:\/\/www.amanprana.eu\/nb\/redd-sjoen\/om-klimaendringer-og-virkningene-pa-havene-vare\/\",\"url\":\"https:\/\/www.amanprana.eu\/nb\/redd-sjoen\/om-klimaendringer-og-virkningene-pa-havene-vare\/\",\"name\":\"klimaforkjempere protesterer mot klimaendringer - Amanprana\",\"isPartOf\":{\"@id\":\"https:\/\/www.amanprana.eu\/nb\/#website\"},\"primaryImageOfPage\":{\"@id\":\"https:\/\/www.amanprana.eu\/nb\/redd-sjoen\/om-klimaendringer-og-virkningene-pa-havene-vare\/#primaryimage\"},\"image\":{\"@id\":\"https:\/\/www.amanprana.eu\/nb\/redd-sjoen\/om-klimaendringer-og-virkningene-pa-havene-vare\/#primaryimage\"},\"thumbnailUrl\":\"https:\/\/www.amanprana.eu\/wp-content\/uploads\/Geen-planeet-B.jpg\",\"datePublished\":\"2019-05-16T08:45:57+00:00\",\"description\":\"Klimamarsjer med forkynnerne mot klimaendringer. Greta Thunberg og Anuna De Wever \u00f8nsker \u00e5 stoppe klimaendringer.\",\"breadcrumb\":{\"@id\":\"https:\/\/www.amanprana.eu\/nb\/redd-sjoen\/om-klimaendringer-og-virkningene-pa-havene-vare\/#breadcrumb\"},\"inLanguage\":\"nb-NO\",\"potentialAction\":[{\"@type\":\"ReadAction\",\"target\":[\"https:\/\/www.amanprana.eu\/nb\/redd-sjoen\/om-klimaendringer-og-virkningene-pa-havene-vare\/\"]}]},{\"@type\":\"ImageObject\",\"inLanguage\":\"nb-NO\",\"@id\":\"https:\/\/www.amanprana.eu\/nb\/redd-sjoen\/om-klimaendringer-og-virkningene-pa-havene-vare\/#primaryimage\",\"url\":\"https:\/\/www.amanprana.eu\/wp-content\/uploads\/Geen-planeet-B.jpg\",\"contentUrl\":\"https:\/\/www.amanprana.eu\/wp-content\/uploads\/Geen-planeet-B.jpg\",\"width\":1200,\"height\":675,\"caption\":\"Det finnes ingen plan B for planeten v\u00e5r\"},{\"@type\":\"BreadcrumbList\",\"@id\":\"https:\/\/www.amanprana.eu\/nb\/redd-sjoen\/om-klimaendringer-og-virkningene-pa-havene-vare\/#breadcrumb\",\"itemListElement\":[{\"@type\":\"ListItem\",\"position\":1,\"name\":\"Amanprana.eu\",\"item\":\"https:\/\/www.amanprana.eu\/nb\/\"},{\"@type\":\"ListItem\",\"position\":2,\"name\":\"RS - artikler\",\"item\":\"https:\/\/www.amanprana.eu\/nb\/redd-sjoen\/\"},{\"@type\":\"ListItem\",\"position\":3,\"name\":\"Klimaendringer\",\"item\":\"https:\/\/www.amanprana.eu\/nb\/red_de_zee_categorieen\/klimaendringer\/\"},{\"@type\":\"ListItem\",\"position\":4,\"name\":\"Om klimaendringer og virkningene p\u00e5 havene v\u00e5re.\"}]},{\"@type\":\"WebSite\",\"@id\":\"https:\/\/www.amanprana.eu\/nb\/#website\",\"url\":\"https:\/\/www.amanprana.eu\/nb\/\",\"name\":\"Amanprana\",\"description\":\"Serene levenskracht\",\"publisher\":{\"@id\":\"https:\/\/www.amanprana.eu\/nb\/#organization\"},\"potentialAction\":[{\"@type\":\"SearchAction\",\"target\":{\"@type\":\"EntryPoint\",\"urlTemplate\":\"https:\/\/www.amanprana.eu\/nb\/?s={search_term_string}\"},\"query-input\":{\"@type\":\"PropertyValueSpecification\",\"valueRequired\":true,\"valueName\":\"search_term_string\"}}],\"inLanguage\":\"nb-NO\"},{\"@type\":\"Organization\",\"@id\":\"https:\/\/www.amanprana.eu\/nb\/#organization\",\"name\":\"Amanprana\",\"url\":\"https:\/\/www.amanprana.eu\/nb\/\",\"logo\":{\"@type\":\"ImageObject\",\"inLanguage\":\"nb-NO\",\"@id\":\"https:\/\/www.amanprana.eu\/nb\/#\/schema\/logo\/image\/\",\"url\":\"https:\/\/www.amanprana.eu\/wp-content\/uploads\/webres-amanprana-logo.jpg\",\"contentUrl\":\"https:\/\/www.amanprana.eu\/wp-content\/uploads\/webres-amanprana-logo.jpg\",\"width\":300,\"height\":300,\"caption\":\"Amanprana\"},\"image\":{\"@id\":\"https:\/\/www.amanprana.eu\/nb\/#\/schema\/logo\/image\/\"},\"sameAs\":[\"https:\/\/www.facebook.com\/Amanpranaproducts\/\",\"https:\/\/www.instagram.com\/amanprana\/\",\"https:\/\/nl.pinterest.com\/amanprana\/pins\/\"]}]}<\/script>\n<!-- \/ Yoast SEO plugin. -->","yoast_head_json":{"title":"klimaforkjempere protesterer mot klimaendringer - Amanprana","description":"Klimamarsjer med forkynnerne mot klimaendringer. Greta Thunberg og Anuna De Wever \u00f8nsker \u00e5 stoppe klimaendringer.","robots":{"index":"index","follow":"follow","max-snippet":"max-snippet:-1","max-image-preview":"max-image-preview:large","max-video-preview":"max-video-preview:-1"},"canonical":"https:\/\/www.amanprana.eu\/nb\/redd-sjoen\/om-klimaendringer-og-virkningene-pa-havene-vare\/","og_locale":"nb_NO","og_type":"article","og_title":"klimaforkjempere protesterer mot klimaendringer - Amanprana","og_description":"Klimamarsjer med forkynnerne mot klimaendringer. Greta Thunberg og Anuna De Wever \u00f8nsker \u00e5 stoppe klimaendringer.","og_url":"https:\/\/www.amanprana.eu\/nb\/redd-sjoen\/om-klimaendringer-og-virkningene-pa-havene-vare\/","og_site_name":"Amanprana","article_publisher":"https:\/\/www.facebook.com\/Amanpranaproducts\/","og_image":[{"width":1200,"height":675,"url":"https:\/\/www.amanprana.eu\/wp-content\/uploads\/Geen-planeet-B.jpg","type":"image\/jpeg"}],"twitter_card":"summary_large_image","twitter_misc":{"Ansl. lesetid":"3 minutter"},"schema":{"@context":"https:\/\/schema.org","@graph":[{"@type":"WebPage","@id":"https:\/\/www.amanprana.eu\/nb\/redd-sjoen\/om-klimaendringer-og-virkningene-pa-havene-vare\/","url":"https:\/\/www.amanprana.eu\/nb\/redd-sjoen\/om-klimaendringer-og-virkningene-pa-havene-vare\/","name":"klimaforkjempere protesterer mot klimaendringer - Amanprana","isPartOf":{"@id":"https:\/\/www.amanprana.eu\/nb\/#website"},"primaryImageOfPage":{"@id":"https:\/\/www.amanprana.eu\/nb\/redd-sjoen\/om-klimaendringer-og-virkningene-pa-havene-vare\/#primaryimage"},"image":{"@id":"https:\/\/www.amanprana.eu\/nb\/redd-sjoen\/om-klimaendringer-og-virkningene-pa-havene-vare\/#primaryimage"},"thumbnailUrl":"https:\/\/www.amanprana.eu\/wp-content\/uploads\/Geen-planeet-B.jpg","datePublished":"2019-05-16T08:45:57+00:00","description":"Klimamarsjer med forkynnerne mot klimaendringer. Greta Thunberg og Anuna De Wever \u00f8nsker \u00e5 stoppe klimaendringer.","breadcrumb":{"@id":"https:\/\/www.amanprana.eu\/nb\/redd-sjoen\/om-klimaendringer-og-virkningene-pa-havene-vare\/#breadcrumb"},"inLanguage":"nb-NO","potentialAction":[{"@type":"ReadAction","target":["https:\/\/www.amanprana.eu\/nb\/redd-sjoen\/om-klimaendringer-og-virkningene-pa-havene-vare\/"]}]},{"@type":"ImageObject","inLanguage":"nb-NO","@id":"https:\/\/www.amanprana.eu\/nb\/redd-sjoen\/om-klimaendringer-og-virkningene-pa-havene-vare\/#primaryimage","url":"https:\/\/www.amanprana.eu\/wp-content\/uploads\/Geen-planeet-B.jpg","contentUrl":"https:\/\/www.amanprana.eu\/wp-content\/uploads\/Geen-planeet-B.jpg","width":1200,"height":675,"caption":"Det finnes ingen plan B for planeten v\u00e5r"},{"@type":"BreadcrumbList","@id":"https:\/\/www.amanprana.eu\/nb\/redd-sjoen\/om-klimaendringer-og-virkningene-pa-havene-vare\/#breadcrumb","itemListElement":[{"@type":"ListItem","position":1,"name":"Amanprana.eu","item":"https:\/\/www.amanprana.eu\/nb\/"},{"@type":"ListItem","position":2,"name":"RS - artikler","item":"https:\/\/www.amanprana.eu\/nb\/redd-sjoen\/"},{"@type":"ListItem","position":3,"name":"Klimaendringer","item":"https:\/\/www.amanprana.eu\/nb\/red_de_zee_categorieen\/klimaendringer\/"},{"@type":"ListItem","position":4,"name":"Om klimaendringer og virkningene p\u00e5 havene v\u00e5re."}]},{"@type":"WebSite","@id":"https:\/\/www.amanprana.eu\/nb\/#website","url":"https:\/\/www.amanprana.eu\/nb\/","name":"Amanprana","description":"Serene levenskracht","publisher":{"@id":"https:\/\/www.amanprana.eu\/nb\/#organization"},"potentialAction":[{"@type":"SearchAction","target":{"@type":"EntryPoint","urlTemplate":"https:\/\/www.amanprana.eu\/nb\/?s={search_term_string}"},"query-input":{"@type":"PropertyValueSpecification","valueRequired":true,"valueName":"search_term_string"}}],"inLanguage":"nb-NO"},{"@type":"Organization","@id":"https:\/\/www.amanprana.eu\/nb\/#organization","name":"Amanprana","url":"https:\/\/www.amanprana.eu\/nb\/","logo":{"@type":"ImageObject","inLanguage":"nb-NO","@id":"https:\/\/www.amanprana.eu\/nb\/#\/schema\/logo\/image\/","url":"https:\/\/www.amanprana.eu\/wp-content\/uploads\/webres-amanprana-logo.jpg","contentUrl":"https:\/\/www.amanprana.eu\/wp-content\/uploads\/webres-amanprana-logo.jpg","width":300,"height":300,"caption":"Amanprana"},"image":{"@id":"https:\/\/www.amanprana.eu\/nb\/#\/schema\/logo\/image\/"},"sameAs":["https:\/\/www.facebook.com\/Amanpranaproducts\/","https:\/\/www.instagram.com\/amanprana\/","https:\/\/nl.pinterest.com\/amanprana\/pins\/"]}]}},"multi-rating":{"mr_rating_results":[]},"_links":{"self":[{"href":"https:\/\/www.amanprana.eu\/nb\/wp-json\/wp\/v2\/red_de_zee\/47012","targetHints":{"allow":["GET"]}}],"collection":[{"href":"https:\/\/www.amanprana.eu\/nb\/wp-json\/wp\/v2\/red_de_zee"}],"about":[{"href":"https:\/\/www.amanprana.eu\/nb\/wp-json\/wp\/v2\/types\/red_de_zee"}],"version-history":[{"count":0,"href":"https:\/\/www.amanprana.eu\/nb\/wp-json\/wp\/v2\/red_de_zee\/47012\/revisions"}],"wp:featuredmedia":[{"embeddable":true,"href":"https:\/\/www.amanprana.eu\/nb\/wp-json\/wp\/v2\/media\/46834"}],"wp:attachment":[{"href":"https:\/\/www.amanprana.eu\/nb\/wp-json\/wp\/v2\/media?parent=47012"}],"curies":[{"name":"wp","href":"https:\/\/api.w.org\/{rel}","templated":true}]}}