

{"id":47652,"date":"2019-06-06T09:24:32","date_gmt":"2019-06-06T07:24:32","guid":{"rendered":"https:\/\/www.amanprana.eu\/?post_type=red_de_zee&#038;p=47652"},"modified":"2019-10-02T17:31:58","modified_gmt":"2019-10-02T15:31:58","slug":"global-oppvarming-klimaoppvarming-er-et-faktum","status":"publish","type":"red_de_zee","link":"https:\/\/www.amanprana.eu\/nb\/redd-sjoen\/global-oppvarming-klimaoppvarming-er-et-faktum\/","title":{"rendered":"Global oppvarming (klimaoppvarming) er et faktum."},"content":{"rendered":"<div id=\"attachment_47559\" style=\"width: 310px\" class=\"wp-caption alignleft\"><img decoding=\"async\" aria-describedby=\"caption-attachment-47559\" class=\"size-full wp-image-47555\" src=\"https:\/\/www.amanprana.eu\/wp-content\/uploads\/wereldwijde-land-en-oceaan-temperatuurindex-grafiek.png\" alt=\"Graf som viser den globale \u00f8kningen av land- og havtemperaturer\" width=\"300\" height=\"204\" srcset=\"https:\/\/www.amanprana.eu\/wp-content\/uploads\/wereldwijde-land-en-oceaan-temperatuurindex-grafiek.png 300w, https:\/\/www.amanprana.eu\/wp-content\/uploads\/wereldwijde-land-en-oceaan-temperatuurindex-grafiek-100x68.png 100w\" sizes=\"(max-width: 300px) 100vw, 300px\" \/><p id=\"caption-attachment-47559\" class=\"wp-caption-text\">Klimaet akkurat n\u00e5? Se p\u00e5 tabellen.<\/p><\/div>\n<p>&nbsp;<\/p>\n<p>&nbsp;<\/p>\n<p>Klimaoppvarmingen har ogs\u00e5 store konsekvenser for havene. Mellom \u00e5r 1850 og \u00e5r 2015 har verdens overflatetemperatur steget med 0,87 \u00b0C. Klimaforskere mener at den globale oppvarmingen startet i midten av det 20. \u00e5rhundret.<\/p>\n<p>&nbsp;<\/p>\n<p>&nbsp;<\/p>\n<p>&nbsp;<\/p>\n<p>Klimaoppvarmingen hever havniv\u00e5ene, oppvarmer og forsurer sj\u00f8vannet, bleker og tar livet av korallrevene. Alt dette har store konsekvenser for dyrene som lever i havene, hvor blant annet korallrev har en uunnv\u00e6rlig funksjon.<\/p>\n<div id=\"attachment_47565\" style=\"width: 1210px\" class=\"wp-caption aligncenter\"><img decoding=\"async\" aria-describedby=\"caption-attachment-47565\" class=\"size-full wp-image-47561\" src=\"https:\/\/www.amanprana.eu\/wp-content\/uploads\/koraalriffen-hebben-een-onmisbare-functie.jpg\" alt=\"Klimaoppvarmingen f\u00f8rer til at korallrevene d\u00f8r ut.\" width=\"1200\" height=\"675\" srcset=\"https:\/\/www.amanprana.eu\/wp-content\/uploads\/koraalriffen-hebben-een-onmisbare-functie.jpg 1200w, https:\/\/www.amanprana.eu\/wp-content\/uploads\/koraalriffen-hebben-een-onmisbare-functie-300x169.jpg 300w, https:\/\/www.amanprana.eu\/wp-content\/uploads\/koraalriffen-hebben-een-onmisbare-functie-768x432.jpg 768w, https:\/\/www.amanprana.eu\/wp-content\/uploads\/koraalriffen-hebben-een-onmisbare-functie-1024x576.jpg 1024w, https:\/\/www.amanprana.eu\/wp-content\/uploads\/koraalriffen-hebben-een-onmisbare-functie-100x56.jpg 100w, https:\/\/www.amanprana.eu\/wp-content\/uploads\/koraalriffen-hebben-een-onmisbare-functie-862x485.jpg 862w, https:\/\/www.amanprana.eu\/wp-content\/uploads\/koraalriffen-hebben-een-onmisbare-functie-1170x658.jpg 1170w\" sizes=\"(max-width: 1200px) 100vw, 1200px\" \/><p id=\"caption-attachment-47565\" class=\"wp-caption-text\">Klimaoppvarmingen f\u00f8rer til at korallrevene d\u00f8r ut.<\/p><\/div>\n<h2>Den globale oppvarmingen er en trussel for habitatene til mange dyr.<\/h2>\n<p><strong>Klimaendringene er stadig p\u00e5g\u00e5ende og forsuringen av havene er et faktum.<br \/>\n<\/strong>Strendene hvor havskilpaddene legger egg oversv\u00f8mmes av de stigende havniv\u00e5ene. Isbj\u00f8rner finner ikke mat siden jaktomr\u00e5dene deres smelter.<br \/>\nHvis drivhusgassutslippene fortsetter \u00e5 \u00f8ke i samme eksponensielle tempo, vil mye av livet i og rundt havene forsvinne.<\/p>\n<div id=\"attachment_47574\" style=\"width: 1096px\" class=\"wp-caption aligncenter\"><img decoding=\"async\" aria-describedby=\"caption-attachment-47574\" class=\"size-full wp-image-47570\" src=\"https:\/\/www.amanprana.eu\/wp-content\/uploads\/Schilpad-in-het-water.jpg\" alt=\"Strendene oversv\u00f8mmes av de stigende havniv\u00e5ene..\" width=\"1086\" height=\"611\" srcset=\"https:\/\/www.amanprana.eu\/wp-content\/uploads\/Schilpad-in-het-water.jpg 1086w, https:\/\/www.amanprana.eu\/wp-content\/uploads\/Schilpad-in-het-water-300x169.jpg 300w, https:\/\/www.amanprana.eu\/wp-content\/uploads\/Schilpad-in-het-water-768x432.jpg 768w, https:\/\/www.amanprana.eu\/wp-content\/uploads\/Schilpad-in-het-water-1024x576.jpg 1024w, https:\/\/www.amanprana.eu\/wp-content\/uploads\/Schilpad-in-het-water-100x56.jpg 100w, https:\/\/www.amanprana.eu\/wp-content\/uploads\/Schilpad-in-het-water-862x485.jpg 862w\" sizes=\"(max-width: 1086px) 100vw, 1086px\" \/><p id=\"caption-attachment-47574\" class=\"wp-caption-text\">Strendene hvor havskilpaddene legger egg oversv\u00f8mmes av de stigende havniv\u00e5ene.<\/p><\/div>\n<p>Den globale oppvarmingen gir \u00f8kning i t\u00f8rke- og heteperioder, en \u00f8kning i ekstreme nedb\u00f8rsperioder og en definitiv nedgang i biologisk mangfold. Ekstreme v\u00e6rforhold vil oppst\u00e5 hyppigere.<br \/>\nDet er n\u00e5 i gjennomsnitt flere eksepsjonelt varme dager og f\u00e6rre eksepsjonelt kalde dager. I tillegg \u00f8ker b\u00e5de antall heteb\u00f8lger og gjennomsnittlig luftfuktighet, og vi opplever mer kraftig nedb\u00f8r over hele verden, b\u00e5de i hyppighet og intensitet.<\/p>\n<div id=\"attachment_47580\" style=\"width: 1210px\" class=\"wp-caption aligncenter\"><img decoding=\"async\" aria-describedby=\"caption-attachment-47580\" class=\"size-full wp-image-47576\" src=\"https:\/\/www.amanprana.eu\/wp-content\/uploads\/extreme-neerslag.jpg\" alt=\"ekstreme v\u00e6rforhold; regn og torden for\u00e5rsaket av global oppvarming\" width=\"1200\" height=\"675\" srcset=\"https:\/\/www.amanprana.eu\/wp-content\/uploads\/extreme-neerslag.jpg 1200w, https:\/\/www.amanprana.eu\/wp-content\/uploads\/extreme-neerslag-300x169.jpg 300w, https:\/\/www.amanprana.eu\/wp-content\/uploads\/extreme-neerslag-768x432.jpg 768w, https:\/\/www.amanprana.eu\/wp-content\/uploads\/extreme-neerslag-1024x576.jpg 1024w, https:\/\/www.amanprana.eu\/wp-content\/uploads\/extreme-neerslag-100x56.jpg 100w, https:\/\/www.amanprana.eu\/wp-content\/uploads\/extreme-neerslag-862x485.jpg 862w, https:\/\/www.amanprana.eu\/wp-content\/uploads\/extreme-neerslag-1170x658.jpg 1170w\" sizes=\"(max-width: 1200px) 100vw, 1200px\" \/><p id=\"caption-attachment-47580\" class=\"wp-caption-text\">Den globale oppvarmingen f\u00f8rer til ekstreme v\u00e6rforhold.<\/p><\/div>\n<h2>Temperaturen n\u00e5: Global oppvarming gjennom \u00e5rene.<\/h2>\n<div class=\"x-video player\" data-x-element-mejs><div class=\"x-video-inner\"><video class=\"x-mejs x-wp-video-shortcode advanced-controls\" id=\"video-47652-1\" width=\"640\" height=\"360\" preload=\"metadata\" controls=\"controls\"><source type=\"video\/webm\" src=\"https:\/\/upload.wikimedia.org\/wikipedia\/commons\/transcoded\/7\/72\/Global_temperature_changes.webm\/Global_temperature_changes.webm.480p.vp9.webm?_=1\" \/><\/video><\/div><\/div>\n<h2>Klimaendringer?<\/h2>\n<p>Havniv\u00e5ene har steget med 3,2 millimeter per \u00e5r siden 1995.<\/p>\n<p><img decoding=\"async\" class=\"wp-image-47582 size-full alignleft\" src=\"https:\/\/www.amanprana.eu\/wp-content\/uploads\/stijging-van-de-zeespiegel.png\" alt=\"Graf som viser havniv\u00e5enes \u00f8kning gjennom \u00e5rene.\" width=\"300\" height=\"188\" srcset=\"https:\/\/www.amanprana.eu\/wp-content\/uploads\/stijging-van-de-zeespiegel.png 300w, https:\/\/www.amanprana.eu\/wp-content\/uploads\/stijging-van-de-zeespiegel-100x63.png 100w\" sizes=\"(max-width: 300px) 100vw, 300px\" \/><\/p>\n","protected":false},"featured_media":47565,"menu_order":31,"template":"","format":"standard","class_list":["post-47652","red_de_zee","type-red_de_zee","status-publish","format-standard","has-post-thumbnail","hentry","red_de_zee_categorieen-klimaendringer"],"acf":[],"yoast_head":"<!-- This site is optimized with the Yoast SEO plugin v24.7 - https:\/\/yoast.com\/wordpress\/plugins\/seo\/ -->\n<title>Global oppvarming (klimaoppvarming) er et faktum. - Amanprana<\/title>\n<meta name=\"description\" content=\"Forskermilj\u00f8et tviler ikke lenger p\u00e5 klimaoppvarmingen. Forsuring av havene? Se p\u00e5 klimaendringstabellene...\" \/>\n<meta name=\"robots\" content=\"index, follow, max-snippet:-1, max-image-preview:large, max-video-preview:-1\" \/>\n<link rel=\"canonical\" href=\"https:\/\/www.amanprana.eu\/nb\/redd-sjoen\/global-oppvarming-klimaoppvarming-er-et-faktum\/\" \/>\n<meta property=\"og:locale\" content=\"nb_NO\" \/>\n<meta property=\"og:type\" content=\"article\" \/>\n<meta property=\"og:title\" content=\"Global oppvarming (klimaoppvarming) er et faktum. - Amanprana\" \/>\n<meta property=\"og:description\" content=\"Forskermilj\u00f8et tviler ikke lenger p\u00e5 klimaoppvarmingen. Forsuring av havene? Se p\u00e5 klimaendringstabellene...\" \/>\n<meta property=\"og:url\" content=\"https:\/\/www.amanprana.eu\/nb\/redd-sjoen\/global-oppvarming-klimaoppvarming-er-et-faktum\/\" \/>\n<meta property=\"og:site_name\" content=\"Amanprana\" \/>\n<meta property=\"article:publisher\" content=\"https:\/\/www.facebook.com\/Amanpranaproducts\/\" \/>\n<meta property=\"article:modified_time\" content=\"2019-10-02T15:31:58+00:00\" \/>\n<meta property=\"og:image\" content=\"https:\/\/www.amanprana.eu\/wp-content\/uploads\/koraalriffen-hebben-een-onmisbare-functie.jpg\" \/>\n\t<meta property=\"og:image:width\" content=\"1200\" \/>\n\t<meta property=\"og:image:height\" content=\"675\" \/>\n\t<meta property=\"og:image:type\" content=\"image\/jpeg\" \/>\n<meta name=\"twitter:card\" content=\"summary_large_image\" \/>\n<meta name=\"twitter:label1\" content=\"Ansl. lesetid\" \/>\n\t<meta name=\"twitter:data1\" content=\"2 minutter\" \/>\n<script type=\"application\/ld+json\" class=\"yoast-schema-graph\">{\"@context\":\"https:\/\/schema.org\",\"@graph\":[{\"@type\":\"WebPage\",\"@id\":\"https:\/\/www.amanprana.eu\/nb\/redd-sjoen\/global-oppvarming-klimaoppvarming-er-et-faktum\/\",\"url\":\"https:\/\/www.amanprana.eu\/nb\/redd-sjoen\/global-oppvarming-klimaoppvarming-er-et-faktum\/\",\"name\":\"Global oppvarming (klimaoppvarming) er et faktum. - Amanprana\",\"isPartOf\":{\"@id\":\"https:\/\/www.amanprana.eu\/nb\/#website\"},\"primaryImageOfPage\":{\"@id\":\"https:\/\/www.amanprana.eu\/nb\/redd-sjoen\/global-oppvarming-klimaoppvarming-er-et-faktum\/#primaryimage\"},\"image\":{\"@id\":\"https:\/\/www.amanprana.eu\/nb\/redd-sjoen\/global-oppvarming-klimaoppvarming-er-et-faktum\/#primaryimage\"},\"thumbnailUrl\":\"https:\/\/www.amanprana.eu\/wp-content\/uploads\/koraalriffen-hebben-een-onmisbare-functie.jpg\",\"datePublished\":\"2019-06-06T07:24:32+00:00\",\"dateModified\":\"2019-10-02T15:31:58+00:00\",\"description\":\"Forskermilj\u00f8et tviler ikke lenger p\u00e5 klimaoppvarmingen. Forsuring av havene? Se p\u00e5 klimaendringstabellene...\",\"breadcrumb\":{\"@id\":\"https:\/\/www.amanprana.eu\/nb\/redd-sjoen\/global-oppvarming-klimaoppvarming-er-et-faktum\/#breadcrumb\"},\"inLanguage\":\"nb-NO\",\"potentialAction\":[{\"@type\":\"ReadAction\",\"target\":[\"https:\/\/www.amanprana.eu\/nb\/redd-sjoen\/global-oppvarming-klimaoppvarming-er-et-faktum\/\"]}]},{\"@type\":\"ImageObject\",\"inLanguage\":\"nb-NO\",\"@id\":\"https:\/\/www.amanprana.eu\/nb\/redd-sjoen\/global-oppvarming-klimaoppvarming-er-et-faktum\/#primaryimage\",\"url\":\"https:\/\/www.amanprana.eu\/wp-content\/uploads\/koraalriffen-hebben-een-onmisbare-functie.jpg\",\"contentUrl\":\"https:\/\/www.amanprana.eu\/wp-content\/uploads\/koraalriffen-hebben-een-onmisbare-functie.jpg\",\"width\":1200,\"height\":675,\"caption\":\"Klimaoppvarmingen f\u00f8rer til at korallrevene d\u00f8r ut.\"},{\"@type\":\"BreadcrumbList\",\"@id\":\"https:\/\/www.amanprana.eu\/nb\/redd-sjoen\/global-oppvarming-klimaoppvarming-er-et-faktum\/#breadcrumb\",\"itemListElement\":[{\"@type\":\"ListItem\",\"position\":1,\"name\":\"Amanprana.eu\",\"item\":\"https:\/\/www.amanprana.eu\/nb\/\"},{\"@type\":\"ListItem\",\"position\":2,\"name\":\"RS - artikler\",\"item\":\"https:\/\/www.amanprana.eu\/nb\/redd-sjoen\/\"},{\"@type\":\"ListItem\",\"position\":3,\"name\":\"Klimaendringer\",\"item\":\"https:\/\/www.amanprana.eu\/nb\/red_de_zee_categorieen\/klimaendringer\/\"},{\"@type\":\"ListItem\",\"position\":4,\"name\":\"Global oppvarming (klimaoppvarming) er et faktum.\"}]},{\"@type\":\"WebSite\",\"@id\":\"https:\/\/www.amanprana.eu\/nb\/#website\",\"url\":\"https:\/\/www.amanprana.eu\/nb\/\",\"name\":\"Amanprana\",\"description\":\"Serene levenskracht\",\"publisher\":{\"@id\":\"https:\/\/www.amanprana.eu\/nb\/#organization\"},\"potentialAction\":[{\"@type\":\"SearchAction\",\"target\":{\"@type\":\"EntryPoint\",\"urlTemplate\":\"https:\/\/www.amanprana.eu\/nb\/?s={search_term_string}\"},\"query-input\":{\"@type\":\"PropertyValueSpecification\",\"valueRequired\":true,\"valueName\":\"search_term_string\"}}],\"inLanguage\":\"nb-NO\"},{\"@type\":\"Organization\",\"@id\":\"https:\/\/www.amanprana.eu\/nb\/#organization\",\"name\":\"Amanprana\",\"url\":\"https:\/\/www.amanprana.eu\/nb\/\",\"logo\":{\"@type\":\"ImageObject\",\"inLanguage\":\"nb-NO\",\"@id\":\"https:\/\/www.amanprana.eu\/nb\/#\/schema\/logo\/image\/\",\"url\":\"https:\/\/www.amanprana.eu\/wp-content\/uploads\/webres-amanprana-logo.jpg\",\"contentUrl\":\"https:\/\/www.amanprana.eu\/wp-content\/uploads\/webres-amanprana-logo.jpg\",\"width\":300,\"height\":300,\"caption\":\"Amanprana\"},\"image\":{\"@id\":\"https:\/\/www.amanprana.eu\/nb\/#\/schema\/logo\/image\/\"},\"sameAs\":[\"https:\/\/www.facebook.com\/Amanpranaproducts\/\",\"https:\/\/www.instagram.com\/amanprana\/\",\"https:\/\/nl.pinterest.com\/amanprana\/pins\/\"]}]}<\/script>\n<!-- \/ Yoast SEO plugin. -->","yoast_head_json":{"title":"Global oppvarming (klimaoppvarming) er et faktum. - Amanprana","description":"Forskermilj\u00f8et tviler ikke lenger p\u00e5 klimaoppvarmingen. Forsuring av havene? Se p\u00e5 klimaendringstabellene...","robots":{"index":"index","follow":"follow","max-snippet":"max-snippet:-1","max-image-preview":"max-image-preview:large","max-video-preview":"max-video-preview:-1"},"canonical":"https:\/\/www.amanprana.eu\/nb\/redd-sjoen\/global-oppvarming-klimaoppvarming-er-et-faktum\/","og_locale":"nb_NO","og_type":"article","og_title":"Global oppvarming (klimaoppvarming) er et faktum. - Amanprana","og_description":"Forskermilj\u00f8et tviler ikke lenger p\u00e5 klimaoppvarmingen. Forsuring av havene? Se p\u00e5 klimaendringstabellene...","og_url":"https:\/\/www.amanprana.eu\/nb\/redd-sjoen\/global-oppvarming-klimaoppvarming-er-et-faktum\/","og_site_name":"Amanprana","article_publisher":"https:\/\/www.facebook.com\/Amanpranaproducts\/","article_modified_time":"2019-10-02T15:31:58+00:00","og_image":[{"width":1200,"height":675,"url":"https:\/\/www.amanprana.eu\/wp-content\/uploads\/koraalriffen-hebben-een-onmisbare-functie.jpg","type":"image\/jpeg"}],"twitter_card":"summary_large_image","twitter_misc":{"Ansl. lesetid":"2 minutter"},"schema":{"@context":"https:\/\/schema.org","@graph":[{"@type":"WebPage","@id":"https:\/\/www.amanprana.eu\/nb\/redd-sjoen\/global-oppvarming-klimaoppvarming-er-et-faktum\/","url":"https:\/\/www.amanprana.eu\/nb\/redd-sjoen\/global-oppvarming-klimaoppvarming-er-et-faktum\/","name":"Global oppvarming (klimaoppvarming) er et faktum. - Amanprana","isPartOf":{"@id":"https:\/\/www.amanprana.eu\/nb\/#website"},"primaryImageOfPage":{"@id":"https:\/\/www.amanprana.eu\/nb\/redd-sjoen\/global-oppvarming-klimaoppvarming-er-et-faktum\/#primaryimage"},"image":{"@id":"https:\/\/www.amanprana.eu\/nb\/redd-sjoen\/global-oppvarming-klimaoppvarming-er-et-faktum\/#primaryimage"},"thumbnailUrl":"https:\/\/www.amanprana.eu\/wp-content\/uploads\/koraalriffen-hebben-een-onmisbare-functie.jpg","datePublished":"2019-06-06T07:24:32+00:00","dateModified":"2019-10-02T15:31:58+00:00","description":"Forskermilj\u00f8et tviler ikke lenger p\u00e5 klimaoppvarmingen. Forsuring av havene? Se p\u00e5 klimaendringstabellene...","breadcrumb":{"@id":"https:\/\/www.amanprana.eu\/nb\/redd-sjoen\/global-oppvarming-klimaoppvarming-er-et-faktum\/#breadcrumb"},"inLanguage":"nb-NO","potentialAction":[{"@type":"ReadAction","target":["https:\/\/www.amanprana.eu\/nb\/redd-sjoen\/global-oppvarming-klimaoppvarming-er-et-faktum\/"]}]},{"@type":"ImageObject","inLanguage":"nb-NO","@id":"https:\/\/www.amanprana.eu\/nb\/redd-sjoen\/global-oppvarming-klimaoppvarming-er-et-faktum\/#primaryimage","url":"https:\/\/www.amanprana.eu\/wp-content\/uploads\/koraalriffen-hebben-een-onmisbare-functie.jpg","contentUrl":"https:\/\/www.amanprana.eu\/wp-content\/uploads\/koraalriffen-hebben-een-onmisbare-functie.jpg","width":1200,"height":675,"caption":"Klimaoppvarmingen f\u00f8rer til at korallrevene d\u00f8r ut."},{"@type":"BreadcrumbList","@id":"https:\/\/www.amanprana.eu\/nb\/redd-sjoen\/global-oppvarming-klimaoppvarming-er-et-faktum\/#breadcrumb","itemListElement":[{"@type":"ListItem","position":1,"name":"Amanprana.eu","item":"https:\/\/www.amanprana.eu\/nb\/"},{"@type":"ListItem","position":2,"name":"RS - artikler","item":"https:\/\/www.amanprana.eu\/nb\/redd-sjoen\/"},{"@type":"ListItem","position":3,"name":"Klimaendringer","item":"https:\/\/www.amanprana.eu\/nb\/red_de_zee_categorieen\/klimaendringer\/"},{"@type":"ListItem","position":4,"name":"Global oppvarming (klimaoppvarming) er et faktum."}]},{"@type":"WebSite","@id":"https:\/\/www.amanprana.eu\/nb\/#website","url":"https:\/\/www.amanprana.eu\/nb\/","name":"Amanprana","description":"Serene levenskracht","publisher":{"@id":"https:\/\/www.amanprana.eu\/nb\/#organization"},"potentialAction":[{"@type":"SearchAction","target":{"@type":"EntryPoint","urlTemplate":"https:\/\/www.amanprana.eu\/nb\/?s={search_term_string}"},"query-input":{"@type":"PropertyValueSpecification","valueRequired":true,"valueName":"search_term_string"}}],"inLanguage":"nb-NO"},{"@type":"Organization","@id":"https:\/\/www.amanprana.eu\/nb\/#organization","name":"Amanprana","url":"https:\/\/www.amanprana.eu\/nb\/","logo":{"@type":"ImageObject","inLanguage":"nb-NO","@id":"https:\/\/www.amanprana.eu\/nb\/#\/schema\/logo\/image\/","url":"https:\/\/www.amanprana.eu\/wp-content\/uploads\/webres-amanprana-logo.jpg","contentUrl":"https:\/\/www.amanprana.eu\/wp-content\/uploads\/webres-amanprana-logo.jpg","width":300,"height":300,"caption":"Amanprana"},"image":{"@id":"https:\/\/www.amanprana.eu\/nb\/#\/schema\/logo\/image\/"},"sameAs":["https:\/\/www.facebook.com\/Amanpranaproducts\/","https:\/\/www.instagram.com\/amanprana\/","https:\/\/nl.pinterest.com\/amanprana\/pins\/"]}]}},"multi-rating":{"mr_rating_results":[]},"_links":{"self":[{"href":"https:\/\/www.amanprana.eu\/nb\/wp-json\/wp\/v2\/red_de_zee\/47652","targetHints":{"allow":["GET"]}}],"collection":[{"href":"https:\/\/www.amanprana.eu\/nb\/wp-json\/wp\/v2\/red_de_zee"}],"about":[{"href":"https:\/\/www.amanprana.eu\/nb\/wp-json\/wp\/v2\/types\/red_de_zee"}],"version-history":[{"count":1,"href":"https:\/\/www.amanprana.eu\/nb\/wp-json\/wp\/v2\/red_de_zee\/47652\/revisions"}],"predecessor-version":[{"id":50264,"href":"https:\/\/www.amanprana.eu\/nb\/wp-json\/wp\/v2\/red_de_zee\/47652\/revisions\/50264"}],"wp:featuredmedia":[{"embeddable":true,"href":"https:\/\/www.amanprana.eu\/nb\/wp-json\/wp\/v2\/media\/47565"}],"wp:attachment":[{"href":"https:\/\/www.amanprana.eu\/nb\/wp-json\/wp\/v2\/media?parent=47652"}],"curies":[{"name":"wp","href":"https:\/\/api.w.org\/{rel}","templated":true}]}}